{"id":3486,"date":"2021-06-03T14:10:37","date_gmt":"2021-06-03T12:10:37","guid":{"rendered":"https:\/\/cyclemadrid.com\/?page_id=3486"},"modified":"2023-07-17T15:35:41","modified_gmt":"2023-07-17T13:35:41","slug":"destino-sierra-norte","status":"publish","type":"page","link":"https:\/\/cyclemadrid.com\/es\/destino-sierra-norte\/","title":{"rendered":"Destino Sierra Norte"},"content":{"rendered":"<div class=\"vce-row-container\"><div class=\"vce-row vce-row--col-gap-30 vce-row-equal-height vce-row-content--top\" data-vce-full-width=\"true\" id=\"el-c3da2542\" data-vce-do-apply=\"all el-c3da2542\"><div class=\"vce-row-content\" data-vce-element-content=\"true\"><div class=\"vce-col vce-col--md-auto vce-col--xs-1 vce-col--xs-last vce-col--xs-first vce-col--sm-last vce-col--sm-first vce-col--md-last vce-col--lg-last vce-col--xl-last vce-col--md-first vce-col--lg-first vce-col--xl-first\" id=\"el-32d13a47\"><div class=\"vce-col-inner\" data-vce-do-apply=\"border margin background  el-32d13a47\"><div class=\"vce-col-content\" data-vce-element-content=\"true\" data-vce-do-apply=\"padding el-32d13a47\"><div id=\"el-979aa486\" class=\"vce-slider-revolution--align-left\"><div class=\"vce vce-slider-revolution\" data-vce-do-apply=\"all el-979aa486\">\n\t\t\t<!-- START Slider destino Sierra Norte REVOLUTION SLIDER 6.6.8 --><p class=\"rs-p-wp-fix\"><\/p>\n\t\t\t<rs-module-wrap id=\"rev_slider_11_1_wrapper\" data-source=\"gallery\" style=\"visibility:hidden;background:transparent;padding:0;margin:0px auto;margin-top:0;margin-bottom:0;\">\n\t\t\t\t<rs-module id=\"rev_slider_11_1\" style=\"\" data-version=\"6.6.8\">\n\t\t\t\t\t<rs-slides style=\"overflow: hidden; position: absolute;\">\n\t\t\t\t\t\t<rs-slide style=\"position: absolute;\" data-key=\"rs-38\" data-title=\"Intro\" data-anim=\"adpr:false;ms:2000;\" data-in=\"o:-0.5;sx:1.6;sy:1.6;e:power4.inOut;\" data-out=\"o:0;sx:0.6;sy:0.6;e:power4.inOut;\">\n\t\t\t\t\t\t\t<img src=\"\/\/cyclemadrid.com\/wp-content\/plugins\/revslider\/public\/assets\/assets\/dummy.png\" alt=\"\" title=\"comarca-sierra-norte\" width=\"2000\" height=\"600\" class=\"rev-slidebg tp-rs-img rs-lazyload\" data-lazyload=\"\/\/cyclemadrid.com\/wp-content\/uploads\/2021\/06\/comarca-sierra-norte.jpg\" data-parallax=\"10\" data-no-retina>\n<!--\n\t\t\t\t\t\t\t--><rs-layer\n\t\t\t\t\t\t\t\tid=\"slider-11-slide-38-layer-1\" \n\t\t\t\t\t\t\t\tclass=\"NotGeneric-Title\"\n\t\t\t\t\t\t\t\tdata-type=\"text\"\n\t\t\t\t\t\t\t\tdata-color=\"rgba(255,255,255,1)\"\n\t\t\t\t\t\t\t\tdata-rsp_ch=\"on\"\n\t\t\t\t\t\t\t\tdata-xy=\"x:c;y:m;yo:0,0,-22px,-29px;\"\n\t\t\t\t\t\t\t\tdata-text=\"s:60,60,60,40;l:70,70,70,50;fw:800;\"\n\t\t\t\t\t\t\t\tdata-padding=\"t:10;b:10;\"\n\t\t\t\t\t\t\t\tdata-frame_0=\"sX:1.5;sY:1.5;\"\n\t\t\t\t\t\t\t\tdata-frame_0_mask=\"u:t;\"\n\t\t\t\t\t\t\t\tdata-frame_1=\"st:1000;sp:1500;\"\n\t\t\t\t\t\t\t\tdata-frame_1_mask=\"u:t;\"\n\t\t\t\t\t\t\t\tdata-frame_999=\"y:100%;e:power2.inOut;st:w;sp:1000;\"\n\t\t\t\t\t\t\t\tdata-frame_999_mask=\"u:t;\"\n\t\t\t\t\t\t\t\tstyle=\"z-index:7;font-family:'Raleway';\"\n\t\t\t\t\t\t\t>DESTINOS \n\t\t\t\t\t\t\t<\/rs-layer><!--\n\n\t\t\t\t\t\t\t--><rs-layer\n\t\t\t\t\t\t\t\tid=\"slider-11-slide-38-layer-8\" \n\t\t\t\t\t\t\t\tclass=\"NotGeneric-Icon\"\n\t\t\t\t\t\t\t\tdata-type=\"text\"\n\t\t\t\t\t\t\t\tdata-color=\"rgba(255,255,255,1)\"\n\t\t\t\t\t\t\t\tdata-rsp_ch=\"on\"\n\t\t\t\t\t\t\t\tdata-xy=\"x:c;y:m;yo:-66px,-68px,-78px,-78px;\"\n\t\t\t\t\t\t\t\tdata-text=\"s:30;l:30;ls:3px;\"\n\t\t\t\t\t\t\t\tdata-frame_0=\"y:100%;\"\n\t\t\t\t\t\t\t\tdata-frame_0_mask=\"u:t;y:100%;\"\n\t\t\t\t\t\t\t\tdata-frame_1=\"e:power4.inOut;st:1000;sp:1500;\"\n\t\t\t\t\t\t\t\tdata-frame_1_mask=\"u:t;\"\n\t\t\t\t\t\t\t\tdata-frame_999=\"y:100%;e:power2.inOut;st:w;sp:1000;\"\n\t\t\t\t\t\t\t\tdata-frame_999_mask=\"u:t;\"\n\t\t\t\t\t\t\t\tstyle=\"z-index:6;font-family:'Raleway';\"\n\t\t\t\t\t\t\t><i class=\"fa-map\"><\/i> \n\t\t\t\t\t\t\t<\/rs-layer><!--\n\n\t\t\t\t\t\t\t--><rs-layer\n\t\t\t\t\t\t\t\tid=\"slider-11-slide-38-layer-10\" \n\t\t\t\t\t\t\t\tclass=\"tp-shape tp-shapewrapper\"\n\t\t\t\t\t\t\t\tdata-type=\"shape\"\n\t\t\t\t\t\t\t\tdata-xy=\"x:c;y:m;\"\n\t\t\t\t\t\t\t\tdata-text=\"fw:800;\"\n\t\t\t\t\t\t\t\tdata-dim=\"w:100%;h:100%;\"\n\t\t\t\t\t\t\t\tdata-basealign=\"slide\"\n\t\t\t\t\t\t\t\tdata-rsp_bd=\"off\"\n\t\t\t\t\t\t\t\tdata-frame_1=\"st:750;sp:1500;\"\n\t\t\t\t\t\t\t\tdata-frame_999=\"e:nothing;st:w;\"\n\t\t\t\t\t\t\t\tstyle=\"z-index:5;background-color:rgba(0,0,0,0.40);\"\n\t\t\t\t\t\t\t> \n\t\t\t\t\t\t\t<\/rs-layer><!--\n-->\t\t\t\t\t\t<\/rs-slide>\n\t\t\t\t\t<\/rs-slides>\n\t\t\t\t<\/rs-module>\n\t\t\t\t<script>\n\t\t\t\t\tsetREVStartSize({c: 'rev_slider_11_1',rl:[1240,1024,778,480],el:[600,500,400,300],gw:[1240,1024,778,480],gh:[600,500,400,300],type:'hero',justify:'',layout:'fullwidth',mh:\"0\"});if (window.RS_MODULES!==undefined && window.RS_MODULES.modules!==undefined && window.RS_MODULES.modules[\"revslider111\"]!==undefined) {window.RS_MODULES.modules[\"revslider111\"].once = false;window.revapi11 = undefined;if (window.RS_MODULES.checkMinimal!==undefined) window.RS_MODULES.checkMinimal()}\n\t\t\t\t<\/script>\n\t\t\t<\/rs-module-wrap>\n\t\t\t<!-- END REVOLUTION SLIDER -->\n<\/div><\/div><\/div><\/div><\/div><\/div><\/div><\/div><div class=\"vce-row-container\" data-vce-boxed-width=\"true\"><div class=\"vce-row vce-row--col-gap-30 vce-row-equal-height vce-row-content--top\" id=\"el-b808e7fe\" data-vce-do-apply=\"all el-b808e7fe\"><div class=\"vce-content-background-container\"><\/div><div class=\"vce-row-content\" data-vce-element-content=\"true\"><div class=\"vce-col vce-col--md-auto vce-col--xs-1 vce-col--xs-last vce-col--xs-first vce-col--sm-last vce-col--sm-first vce-col--md-last vce-col--lg-last vce-col--xl-last vce-col--md-first vce-col--lg-first vce-col--xl-first\" id=\"el-99de696e\"><div class=\"vce-col-inner\" data-vce-do-apply=\"border margin background  el-99de696e\"><div class=\"vce-col-content\" data-vce-element-content=\"true\" data-vce-do-apply=\"padding el-99de696e\"><div class=\"vce-google-fonts-heading vce-google-fonts-heading--align-center vce-google-fonts-heading--color-empty--45--5C00FF--FF7200 vce-google-fonts-heading--font-family-Montserrat\"><div class=\"vce-google-fonts-heading-wrapper\"><div class=\"vce-google-fonts-heading--background vce\" id=\"el-1cc3c53e\" data-vce-do-apply=\"border background  padding margin el-1cc3c53e\"><h1 class=\"vce-google-fonts-heading-inner\" style=\"line-height: 1.2; font-weight: 600; font-style: normal;\">Sierra Norte<\/h1><\/div><\/div><\/div><div class=\"vce vce-separator-container vce-separator--align-center vce-separator--style-solid\" id=\"el-21b8fcda\" data-vce-do-apply=\"margin el-21b8fcda\"><div class=\"vce-separator vce-separator--color-b-245-232-81 vce-separator--width-9 vce-separator--thickness-5\" data-vce-do-apply=\"border padding background  el-21b8fcda\"><\/div><\/div><\/div><\/div><\/div><\/div><\/div><\/div><div class=\"vce-row-container\" data-vce-boxed-width=\"true\"><div class=\"vce-row vce-row--col-gap-30 vce-row-equal-height vce-row-content--top\" id=\"el-8389f56d\" data-vce-do-apply=\"all el-8389f56d\"><div class=\"vce-row-content\" data-vce-element-content=\"true\"><div class=\"vce-col vce-col--md-auto vce-col--xs-1 vce-col--xs-last vce-col--xs-first vce-col--sm-last vce-col--sm-first vce-col--md-first vce-col--lg-first vce-col--xl-first\" id=\"el-d9de0c1d\"><div class=\"vce-col-inner\" data-vce-do-apply=\"border margin background  el-d9de0c1d\"><div class=\"vce-col-content\" data-vce-element-content=\"true\" data-vce-do-apply=\"padding el-d9de0c1d\"><div class=\"vce-text-block\"><div class=\"vce-text-block-wrapper vce\" id=\"el-e142ce52\" data-vce-do-apply=\"all el-e142ce52\"><p><span style=\"font-size: 12pt;\">Sierra Norte es una de las m\u00faltiples comarcas de la Comunidad de Madrid formada por varios valles: el Valle Alto del Lozoya, Valle Bajo del Lozoya- con el popular Embalse de Atazar, Valle Medio del Lozoya, Sierra de la Cabrera, Sierra del Rinc\u00f3n- declarada Reserva de la Biosfera por la UNESCO- y Valle del Jarama, cerca del famoso Hayedo de Montejo.<\/span><\/p><p><span style=\"font-size: 12pt;\">Por los territorios de la Sierra Norte de Madrid fluye el r\u00edo Lozoya aunque parcialmente tambi\u00e9n lo hace el rio Jarama. El curso del r\u00edo Lozoya se ve interrumpido por los embalses del Valle Bajo del Lozoya interconectados (Pinilla, Riosequillo, Puentes Viejas, El Villar y El Atazar) lo que hace una importante fuente de suministros de agua para la provincia de Madrid.<\/span><\/p><p><span style=\"font-size: 12pt;\">No hay que dejar atr\u00e1s la gastronom\u00eda de esta localidad con platos con sabor a tradici\u00f3n y a productos de la tierra:&nbsp; judiones, migas dulces, jud\u00edas ceroyas, los puches, jud\u00edas blancas con oreja y pata de cerdo, morcillas de cebollas, tortilla dulce, repollo guisado y mantecadas.<\/span><\/p><p><span style=\"font-size: 12pt;\">Haz cicloturismo por los pueblos de la sierra de Madrid: Montejo de la sierra, Torrelaguna, Lozoya, Valdemanco, Braojos de la Sierra, Buitrago de Lozoya, Somosierra, Patones o Rascafr\u00eda. Cualquier \u00e9poca del a\u00f1o es buena para hacer turismo rural.<\/span><\/p><\/div><\/div><\/div><\/div><\/div><div class=\"vce-col vce-col--md-auto vce-col--xs-1 vce-col--xs-last vce-col--xs-first vce-col--sm-last vce-col--sm-first vce-col--md-last vce-col--lg-last vce-col--xl-last\" id=\"el-cf565623\"><div class=\"vce-col-inner\" data-vce-do-apply=\"border margin background  el-cf565623\"><div class=\"vce-col-content\" data-vce-element-content=\"true\" data-vce-do-apply=\"padding el-cf565623\"><div class=\"vce-single-image-container vce-single-image--align-left\"><div class=\"vce vce-single-image-wrapper\" id=\"el-0ec79834\" data-vce-do-apply=\"all el-0ec79834\"><figure><div class=\"vce-single-image-figure-inner\" style=\"width: 1000px;\"><div class=\"vce-single-image-inner vce-single-image--absolute\" style=\"width: 100%; padding-bottom: 71.6%;\"><img loading=\"lazy\" decoding=\"async\" class=\"vce-single-image\"  width=\"1000\" height=\"716\" srcset=\"https:\/\/cyclemadrid.com\/wp-content\/uploads\/2023\/01\/plano_sierra-norte-320x229.jpg 320w, https:\/\/cyclemadrid.com\/wp-content\/uploads\/2023\/01\/plano_sierra-norte-480x344.jpg 480w, https:\/\/cyclemadrid.com\/wp-content\/uploads\/2023\/01\/plano_sierra-norte-800x573.jpg 800w, https:\/\/cyclemadrid.com\/wp-content\/uploads\/2023\/01\/plano_sierra-norte-1000x716.jpg 1000w\" src=\"https:\/\/cyclemadrid.com\/wp-content\/uploads\/2023\/01\/plano_sierra-norte-1000x716.jpg\" data-img-src=\"https:\/\/cyclemadrid.com\/wp-content\/uploads\/2021\/06\/plano_sierra-norte.jpg\" data-attachment-id=\"3488\"  alt=\"\" title=\"plano_sierra-norte\" \/><\/div><\/div><figcaption hidden=\"\"><\/figcaption><\/figure><\/div><\/div><\/div><\/div><\/div><\/div><\/div><\/div><div class=\"vce-row-container\" data-vce-boxed-width=\"true\"><div class=\"vce-row vce-row--col-gap-30 vce-row-equal-height vce-row-content--top\" id=\"el-18ed8ab7\" data-vce-do-apply=\"all el-18ed8ab7\"><div class=\"vce-content-background-container\"><\/div><div class=\"vce-row-content\" data-vce-element-content=\"true\"><div class=\"vce-col vce-col--md-66-66p vce-col--xs-1 vce-col--xs-last vce-col--xs-first vce-col--sm-last vce-col--sm-first vce-col--md-first vce-col--lg-first vce-col--xl-first\" id=\"el-7fe7c98d\"><div class=\"vce-col-inner\" data-vce-do-apply=\"border margin background  el-7fe7c98d\"><div class=\"vce-col-content\" data-vce-element-content=\"true\" data-vce-do-apply=\"padding el-7fe7c98d\"><div class=\"vce-google-fonts-heading vce-google-fonts-heading--align-left vce-google-fonts-heading--color-empty--45--5C00FF--FF7200 vce-google-fonts-heading--font-family-Montserrat\"><div class=\"vce-google-fonts-heading-wrapper\"><div class=\"vce-google-fonts-heading--background vce\" id=\"el-46c0710f\" data-vce-do-apply=\"border background  padding margin el-46c0710f\"><h2 class=\"vce-google-fonts-heading-inner\" style=\"line-height: 1.2; font-weight: 600; font-style: normal;\">Turismo y bicicleta<\/h2><\/div><\/div><\/div><div class=\"vce vce-separator-container vce-separator--align-left vce-separator--style-solid\" id=\"el-3bf5f8ff\" data-vce-do-apply=\"margin el-3bf5f8ff\"><div class=\"vce-separator vce-separator--color-b-245-232-81 vce-separator--width-9 vce-separator--thickness-5\" data-vce-do-apply=\"border padding background  el-3bf5f8ff\"><\/div><\/div><div class=\"vce-posts-grid-container vce-post-grid-with-hover-button-container\" style=\"--gapPx:10px; --columns:3; --paginationColor:rgb(237, 237, 237); --paginationActiveColor:rgb(255, 237, 71); --paginationHoverColor:rgb(225,225,225); --paginationActiveHoverColor:rgb(242,225,67);\"><div class=\"vce vce-posts-grid-wrapper\" id=\"el-875ef9ac\" data-vce-do-apply=\"all el-875ef9ac\"><div class=\"vce-posts-grid-list\"><div class=\"vce-posts-grid-item\"><div class=\"vce-post-description vce-post-description--full\" style=\"--authorColor:#393939;--buttonOverlayPaddingPx:8px;--dateColor:#D7DFE4;--imageOverlayBackground:#00000066;--titleColor:rgb(85, 85, 85);--excerptColor:#6A6A6A\"><a href=\"https:\/\/cyclemadrid.com\/es\/que-es-el-bikepacking-todo-lo-que-necesitas-saber-sobre-tu-ruta\/\" class=\"vce-post-grid-with-hover-button--link\" aria-label=\"Qu\u00e9 es el Bikepacking: todo lo que necesitas saber sobre tu ruta\"><\/a><div class=\"vce-post-grid-with-hover-button--image vce-post-grid-with-hover-button-aspect-ratio--4-3\" style=\"background-image:url(https:\/\/cyclemadrid.com\/wp-content\/uploads\/2026\/03\/que-es-el-bikepacking-todo-lo-que-necesitas-saber-sobre-tu-ruta-scaled.jpg)\"><div class=\"vce-post-grid-with-hover-button--image-overlay vce-post-grid-with-hover-button--image-overlay-position-center-center\"><div class=\"vce-button--style-outline-container vce-button--style-outline-container--align-left\"><span class=\"vce-button--style-outline-wrapper vce\" id=\"el-e5240cce\" data-vce-do-apply=\"margin el-e5240cce\"><button class=\"vce-button vce-button--style-outline-animated vce-button--style-outline--border-square vce-button--style-outline--size-small vce-button--style-outline-animated--color-fff--fff--3d3d3d vce-button--style-outline-animated--border-color-fff--3d3d3d vce-button--style-outline-animated--background-color-3d3d3d\" data-vce-do-apply=\"padding border background  el-e5240cce\"><span class=\"vce-button--style-outline-text\">Ver<\/span><\/button><\/span><\/div><\/div><\/div><div class=\"vce-post-grid-with-hover-button-description vce-post-grid-with-hover-button-description-position--left\"><h3 class=\"vce-post-grid-with-hover-button-title\">Qu\u00e9 es el Bikepacking: todo lo que necesitas saber sobre tu ruta<\/h3><\/div><\/div><\/div><div class=\"vce-posts-grid-item\"><div class=\"vce-post-description vce-post-description--full\" style=\"--authorColor:#393939;--buttonOverlayPaddingPx:8px;--dateColor:#D7DFE4;--imageOverlayBackground:#00000066;--titleColor:rgb(85, 85, 85);--excerptColor:#6A6A6A\"><a href=\"https:\/\/cyclemadrid.com\/es\/cicloturismo-familiar-en-madrid-rutas-faciles-para-ir-con-ninos\/\" class=\"vce-post-grid-with-hover-button--link\" aria-label=\"Cicloturismo familiar en Madrid: rutas f\u00e1ciles para ir con ni\u00f1os\"><\/a><div class=\"vce-post-grid-with-hover-button--image vce-post-grid-with-hover-button-aspect-ratio--4-3\" style=\"background-image:url(https:\/\/cyclemadrid.com\/wp-content\/uploads\/2026\/03\/pexels-mihmanduganli-19342233-scaled.jpg)\"><div class=\"vce-post-grid-with-hover-button--image-overlay vce-post-grid-with-hover-button--image-overlay-position-center-center\"><div class=\"vce-button--style-outline-container vce-button--style-outline-container--align-left\"><span class=\"vce-button--style-outline-wrapper vce\" id=\"el-e5240cce\" data-vce-do-apply=\"margin el-e5240cce\"><button class=\"vce-button vce-button--style-outline-animated vce-button--style-outline--border-square vce-button--style-outline--size-small vce-button--style-outline-animated--color-fff--fff--3d3d3d vce-button--style-outline-animated--border-color-fff--3d3d3d vce-button--style-outline-animated--background-color-3d3d3d\" data-vce-do-apply=\"padding border background  el-e5240cce\"><span class=\"vce-button--style-outline-text\">Ver<\/span><\/button><\/span><\/div><\/div><\/div><div class=\"vce-post-grid-with-hover-button-description vce-post-grid-with-hover-button-description-position--left\"><h3 class=\"vce-post-grid-with-hover-button-title\">Cicloturismo familiar en Madrid: rutas f\u00e1ciles para ir con ni\u00f1os<\/h3><\/div><\/div><\/div><div class=\"vce-posts-grid-item\"><div class=\"vce-post-description vce-post-description--full\" style=\"--authorColor:#393939;--buttonOverlayPaddingPx:8px;--dateColor:#D7DFE4;--imageOverlayBackground:#00000066;--titleColor:rgb(85, 85, 85);--excerptColor:#6A6A6A\"><a href=\"https:\/\/cyclemadrid.com\/es\/10-escapadas-bicicleta-madrid-no-te-puedes-perder\/\" class=\"vce-post-grid-with-hover-button--link\" aria-label=\"10 escapadas en bicicleta por la Comunidad de Madrid que no te puedes perder\"><\/a><div class=\"vce-post-grid-with-hover-button--image vce-post-grid-with-hover-button-aspect-ratio--4-3\" style=\"background-image:url(https:\/\/cyclemadrid.com\/wp-content\/uploads\/2026\/02\/10-escapadas-en-bicicleta-por-la-Comunidad-de-Madrid-que-no-te-puedes-perder.jpg)\"><div class=\"vce-post-grid-with-hover-button--image-overlay vce-post-grid-with-hover-button--image-overlay-position-center-center\"><div class=\"vce-button--style-outline-container vce-button--style-outline-container--align-left\"><span class=\"vce-button--style-outline-wrapper vce\" id=\"el-e5240cce\" data-vce-do-apply=\"margin el-e5240cce\"><button class=\"vce-button vce-button--style-outline-animated vce-button--style-outline--border-square vce-button--style-outline--size-small vce-button--style-outline-animated--color-fff--fff--3d3d3d vce-button--style-outline-animated--border-color-fff--3d3d3d vce-button--style-outline-animated--background-color-3d3d3d\" data-vce-do-apply=\"padding border background  el-e5240cce\"><span class=\"vce-button--style-outline-text\">Ver<\/span><\/button><\/span><\/div><\/div><\/div><div class=\"vce-post-grid-with-hover-button-description vce-post-grid-with-hover-button-description-position--left\"><h3 class=\"vce-post-grid-with-hover-button-title\">10 escapadas en bicicleta por la Comunidad de Madrid que no te puedes perder<\/h3><\/div><\/div><\/div><\/div><div class=\"vce-posts-grid-pagination\">\n    <a href=\"\/es\/wp-json\/wp\/v2\/pages\/3486?vcv-pagination-875ef9ac=1\" class=\"vce-posts-grid-pagination-item vce-state--active\" title=\"Page 1\">1<\/a><a href=\"\/es\/wp-json\/wp\/v2\/pages\/3486?vcv-pagination-875ef9ac=2\" class=\"vce-posts-grid-pagination-item\" title=\"Page 2\">2<\/a><a href=\"\/es\/wp-json\/wp\/v2\/pages\/3486?vcv-pagination-875ef9ac=3\" class=\"vce-posts-grid-pagination-item\" title=\"Page 3\">3<\/a><a href=\"\/es\/wp-json\/wp\/v2\/pages\/3486?vcv-pagination-875ef9ac=4\" class=\"vce-posts-grid-pagination-item\" title=\"Page 4\">4<\/a><a href=\"\/es\/wp-json\/wp\/v2\/pages\/3486?vcv-pagination-875ef9ac=5\" class=\"vce-posts-grid-pagination-item\" title=\"Page 5\">5<\/a><span class=\"vce-posts-grid-pagination-rest-items\">...<\/span><a href=\"\/es\/wp-json\/wp\/v2\/pages\/3486?vcv-pagination-875ef9ac=10\" class=\"vce-posts-grid-pagination-item\" title=\"Page 10\">10<\/a><\/div>\n<\/div><\/div><\/div><\/div><\/div><div class=\"vce-col vce-col--md-33-34p vce-col--xs-1 vce-col--xs-last vce-col--xs-first vce-col--sm-last vce-col--sm-first vce-col--md-last vce-col--lg-last vce-col--xl-last\" id=\"el-b45d041b\"><div class=\"vce-col-inner\" data-vce-do-apply=\"border margin background  el-b45d041b\"><div class=\"vce-col-content\" data-vce-element-content=\"true\" data-vce-do-apply=\"padding el-b45d041b\"><div class=\"vce-google-fonts-heading vce-google-fonts-heading--align-left vce-google-fonts-heading--color-empty--45--5C00FF--FF7200 vce-google-fonts-heading--font-family-Montserrat\"><div class=\"vce-google-fonts-heading-wrapper\"><div class=\"vce-google-fonts-heading--background vce\" id=\"el-f229060b\" data-vce-do-apply=\"border background  padding margin el-f229060b\"><h2 class=\"vce-google-fonts-heading-inner\" style=\"line-height: 1.2; font-weight: 600; font-style: normal;\"><a class=\"vce-google-fonts-heading-link\" href=\"https:\/\/cyclemadrid.com\/es\/servicios-cicloturismo\/\" title=\"\" target=\"_blank\" rel=\"noopener\">Rutas<\/a><\/h2><\/div><\/div><\/div><div class=\"vce vce-separator-container vce-separator--align-left vce-separator--style-solid\" id=\"el-67c71722\" data-vce-do-apply=\"margin el-67c71722\"><div class=\"vce-separator vce-separator--color-b-245-232-81 vce-separator--width-9 vce-separator--thickness-5\" data-vce-do-apply=\"border padding background  el-67c71722\"><\/div><\/div><div class=\"vce-text-block\"><div class=\"vce-text-block-wrapper vce\" id=\"el-f3565b43\" data-vce-do-apply=\"all el-f3565b43\"><p><span style=\"font-size: 12pt;\"><a href=\"https:\/\/cyclemadrid.com\/es\/rutas\/puertos-miticos-madrid-canencia-morcuera\/\">Puertos M\u00edticos Madrid (Canencia\/Morcuera)<\/a><\/span><\/p><p><span style=\"font-size: 12pt;\"><a href=\"https:\/\/cyclemadrid.com\/es\/rutas\/areabtt-ruta-08-ciclamadrid-mtb-tour-montes-carpetanos\/\">Area BTT Ruta 08. CiclaMadrid MTB Tour Montes Carpetanos<\/a><\/span><\/p><p><span style=\"font-size: 12pt;\"><a class=\"row-title\" href=\"https:\/\/cyclemadrid.com\/es\/rutas\/ciclamadrid-gran-tour\/\" aria-label=\"\u00abCiclaMadrid Gran Tour\u00bb (Editar)\">CiclaMadrid Gran Tour<\/a><\/span><\/p><\/div><\/div><\/div><\/div><\/div><\/div><\/div><\/div><div class=\"vce-row-container\"><div class=\"vce-row vce-element--has-background vce-row--col-gap-30 vce-row-equal-height vce-row-content--top\" data-vce-full-width=\"true\" id=\"el-6f4ec34b\" data-vce-do-apply=\"all el-6f4ec34b\"><div class=\"vce-content-background-container\"><\/div><div class=\"vce-row-content\" data-vce-element-content=\"true\"><div class=\"vce-col vce-col--md-auto vce-col--xs-1 vce-col--xs-last vce-col--xs-first vce-col--sm-last vce-col--sm-first vce-col--md-last vce-col--lg-last vce-col--xl-last vce-col--md-first vce-col--lg-first vce-col--xl-first\" id=\"el-4ee71e84\"><div class=\"vce-col-inner\" data-vce-do-apply=\"border margin background  el-4ee71e84\"><div class=\"vce-col-content\" data-vce-element-content=\"true\" data-vce-do-apply=\"padding el-4ee71e84\"><div class=\"vce-google-fonts-heading vce-google-fonts-heading--align-left vce-google-fonts-heading--color-empty--45--5C00FF--FF7200 vce-google-fonts-heading--font-family-Montserrat\"><div class=\"vce-google-fonts-heading-wrapper\"><div class=\"vce-google-fonts-heading--background vce\" id=\"el-8abb4a64\" data-vce-do-apply=\"border background  padding margin el-8abb4a64\"><h2 class=\"vce-google-fonts-heading-inner\" style=\"line-height: 0; font-weight: 600; font-style: normal;\"><a class=\"vce-google-fonts-heading-link\" href=\"https:\/\/cyclemadrid.com\/es\/donde-comer\/\" title=\"\" target=\"_blank\" rel=\"noopener\">Ayuntamientos<\/a><\/h2><\/div><\/div><\/div><div class=\"vce vce-separator-container vce-separator--align-left vce-separator--style-solid\" id=\"el-6d8503e9\" data-vce-do-apply=\"margin el-6d8503e9\"><div class=\"vce-separator vce-separator--color-bfc0c1 vce-separator--width-100 vce-separator--thickness-1\" data-vce-do-apply=\"border padding background  el-6d8503e9\"><\/div><\/div><\/div><\/div><\/div><\/div><\/div><\/div><div class=\"vce-row-container\"><div class=\"vce-row vce-element--has-background vce-row--col-gap-10 view-custom-carrousel vce-row-equal-height vce-row-content--top\" data-vce-full-width=\"true\" id=\"el-ec34ea67\" data-vce-do-apply=\"all el-ec34ea67\"><div class=\"vce-content-background-container\"><\/div><div class=\"vce-row-content\" data-vce-element-content=\"true\"><div class=\"vce-col vce-col--md-auto vce-col--xs-1 vce-col--xs-last vce-col--xs-first vce-col--sm-last vce-col--sm-first vce-col--md-first vce-col--lg-first vce-col--xl-first\" id=\"el-f781a554\"><div class=\"vce-col-inner\" data-vce-do-apply=\"border margin background  el-f781a554\"><div class=\"vce-col-content\" data-vce-element-content=\"true\" data-vce-do-apply=\"padding el-f781a554\"><div class=\"vce-single-image-container vce-single-image--align-center\"><div class=\"vce vce-single-image-wrapper\" id=\"el-98d2b47f\" data-vce-do-apply=\"all el-98d2b47f\"><figure><div class=\"vce-single-image-figure-inner\" style=\"width: 900px;\"><a href=\"http:\/\/cyclemadrid.com\/es\/entidad\/ayuntamiento-de-braojos\/\" title=\"\" class=\"vce-single-image-inner vce-single-image--absolute\" style=\"width: 100%; padding-bottom: 66.6667%;\"><img loading=\"lazy\" decoding=\"async\" class=\"vce-single-image\"  width=\"900\" height=\"600\" srcset=\"https:\/\/cyclemadrid.com\/wp-content\/uploads\/2023\/01\/Ayto-braojos-320x213.jpg 320w, https:\/\/cyclemadrid.com\/wp-content\/uploads\/2023\/01\/Ayto-braojos-480x320.jpg 480w, https:\/\/cyclemadrid.com\/wp-content\/uploads\/2023\/01\/Ayto-braojos-800x533.jpg 800w, https:\/\/cyclemadrid.com\/wp-content\/uploads\/2023\/01\/Ayto-braojos-900x600.jpg 900w\" src=\"https:\/\/cyclemadrid.com\/wp-content\/uploads\/2023\/01\/Ayto-braojos-900x600.jpg\" data-img-src=\"https:\/\/cyclemadrid.com\/wp-content\/uploads\/2021\/06\/Ayto-braojos.jpg\" data-attachment-id=\"3427\"  alt=\"\" title=\"Ayto-braojos\" \/><\/a><\/div><figcaption hidden=\"\"><\/figcaption><\/figure><\/div><\/div><div class=\"vce-google-fonts-heading vce-google-fonts-heading--align-center vce-google-fonts-heading--color-empty--45--5C00FF--FF7200 vce-google-fonts-heading--font-family-Montserrat\"><div class=\"vce-google-fonts-heading-wrapper\"><div class=\"vce-google-fonts-heading--background vce\" id=\"el-2195009c\" data-vce-do-apply=\"border background  padding margin el-2195009c\"><h2 class=\"vce-google-fonts-heading-inner\" style=\"font-size: 13px; line-height: 1.2; font-weight: 600; font-style: normal;\"><a class=\"vce-google-fonts-heading-link\" href=\"http:\/\/cyclemadrid.com\/es\/entidad\/ayuntamiento-de-braojos\/\" title=\"\" target=\"_blank\" rel=\"noopener\">Braojos de la Sierra<\/a><\/h2><\/div><\/div><\/div><\/div><\/div><\/div><div class=\"vce-col vce-col--md-auto vce-col--xs-1 vce-col--xs-last vce-col--xs-first vce-col--sm-last vce-col--sm-first\" id=\"el-04dc2358\"><div class=\"vce-col-inner\" data-vce-do-apply=\"border margin background  el-04dc2358\"><div class=\"vce-col-content\" data-vce-element-content=\"true\" data-vce-do-apply=\"padding el-04dc2358\"><div class=\"vce-single-image-container vce-single-image--align-center\"><div class=\"vce vce-single-image-wrapper\" id=\"el-0be24364\" data-vce-do-apply=\"all el-0be24364\"><figure><div class=\"vce-single-image-figure-inner\" style=\"width: 900px;\"><a href=\"http:\/\/cyclemadrid.com\/es\/entidad\/ayuntamiento-de-lozoya\/\" title=\"\" class=\"vce-single-image-inner vce-single-image--absolute\" style=\"width: 100%; padding-bottom: 66.6667%;\"><img loading=\"lazy\" decoding=\"async\" class=\"vce-single-image\"  width=\"900\" height=\"600\" srcset=\"https:\/\/cyclemadrid.com\/wp-content\/uploads\/2023\/01\/Ayto-lozoya-320x213.jpg 320w, https:\/\/cyclemadrid.com\/wp-content\/uploads\/2023\/01\/Ayto-lozoya-480x320.jpg 480w, https:\/\/cyclemadrid.com\/wp-content\/uploads\/2023\/01\/Ayto-lozoya-800x533.jpg 800w, https:\/\/cyclemadrid.com\/wp-content\/uploads\/2023\/01\/Ayto-lozoya-900x600.jpg 900w\" src=\"https:\/\/cyclemadrid.com\/wp-content\/uploads\/2023\/01\/Ayto-lozoya-900x600.jpg\" data-img-src=\"https:\/\/cyclemadrid.com\/wp-content\/uploads\/2021\/06\/Ayto-lozoya.jpg\" data-attachment-id=\"3407\"  alt=\"\" title=\"Ayto-lozoya\" \/><\/a><\/div><figcaption hidden=\"\"><\/figcaption><\/figure><\/div><\/div><div class=\"vce-google-fonts-heading vce-google-fonts-heading--align-center vce-google-fonts-heading--color-empty--45--5C00FF--FF7200 vce-google-fonts-heading--font-family-Montserrat\"><div class=\"vce-google-fonts-heading-wrapper\"><div class=\"vce-google-fonts-heading--background vce\" id=\"el-acada0b2\" data-vce-do-apply=\"border background  padding margin el-acada0b2\"><h2 class=\"vce-google-fonts-heading-inner\" style=\"font-size: 13px; line-height: 1.2; font-weight: 600; font-style: normal;\"><a class=\"vce-google-fonts-heading-link\" href=\"http:\/\/cyclemadrid.com\/es\/entidad\/ayuntamiento-de-lozoya\/\" title=\"\">Lozoya<\/a><\/h2><\/div><\/div><\/div><\/div><\/div><\/div><div class=\"vce-col vce-col--md-auto vce-col--xs-1 vce-col--xs-last vce-col--xs-first vce-col--sm-last vce-col--sm-first\" id=\"el-8f9cf145\"><div class=\"vce-col-inner\" data-vce-do-apply=\"border margin background  el-8f9cf145\"><div class=\"vce-col-content\" data-vce-element-content=\"true\" data-vce-do-apply=\"padding el-8f9cf145\"><div class=\"vce-single-image-container vce-single-image--align-center\"><div class=\"vce vce-single-image-wrapper\" id=\"el-2a340b6e\" data-vce-do-apply=\"all el-2a340b6e\"><figure><div class=\"vce-single-image-figure-inner\" style=\"width: 900px;\"><a href=\"http:\/\/cyclemadrid.com\/es\/entidad\/ayuntamiento-de-el-molar\/\" title=\"\" class=\"vce-single-image-inner vce-single-image--absolute\" style=\"width: 100%; padding-bottom: 66.6667%;\"><img loading=\"lazy\" decoding=\"async\" class=\"vce-single-image\"  width=\"900\" height=\"600\" srcset=\"https:\/\/cyclemadrid.com\/wp-content\/uploads\/2023\/01\/Ayto-el-molar-320x213.jpg 320w, https:\/\/cyclemadrid.com\/wp-content\/uploads\/2023\/01\/Ayto-el-molar-480x320.jpg 480w, https:\/\/cyclemadrid.com\/wp-content\/uploads\/2023\/01\/Ayto-el-molar-800x533.jpg 800w, https:\/\/cyclemadrid.com\/wp-content\/uploads\/2023\/01\/Ayto-el-molar-900x600.jpg 900w\" src=\"https:\/\/cyclemadrid.com\/wp-content\/uploads\/2023\/01\/Ayto-el-molar-900x600.jpg\" data-img-src=\"https:\/\/cyclemadrid.com\/wp-content\/uploads\/2021\/06\/Ayto-el-molar.jpg\" data-attachment-id=\"3435\"  alt=\"\" title=\"Ayto-el-molar\" \/><\/a><\/div><figcaption hidden=\"\"><\/figcaption><\/figure><\/div><\/div><div class=\"vce-google-fonts-heading vce-google-fonts-heading--align-center vce-google-fonts-heading--color-empty--45--5C00FF--FF7200 vce-google-fonts-heading--font-family-Montserrat\"><div class=\"vce-google-fonts-heading-wrapper\"><div class=\"vce-google-fonts-heading--background vce\" id=\"el-46934fc8\" data-vce-do-apply=\"border background  padding margin el-46934fc8\"><h2 class=\"vce-google-fonts-heading-inner\" style=\"font-size: 13px; line-height: 1.2; font-weight: 600; font-style: normal;\"><a class=\"vce-google-fonts-heading-link\" href=\"http:\/\/cyclemadrid.com\/es\/entidad\/ayuntamiento-de-el-molar\/\" title=\"\">El Molar<\/a><\/h2><\/div><\/div><\/div><\/div><\/div><\/div><div class=\"vce-col vce-col--md-auto vce-col--xs-1 vce-col--xs-last vce-col--xs-first vce-col--sm-last vce-col--sm-first\" id=\"el-5907e517\"><div class=\"vce-col-inner\" data-vce-do-apply=\"border margin background  el-5907e517\"><div class=\"vce-col-content\" data-vce-element-content=\"true\" data-vce-do-apply=\"padding el-5907e517\"><div class=\"vce-single-image-container vce-single-image--align-center\"><div class=\"vce vce-single-image-wrapper\" id=\"el-2a7984f0\" data-vce-do-apply=\"all el-2a7984f0\"><figure><div class=\"vce-single-image-figure-inner\" style=\"width: 900px;\"><a href=\"http:\/\/cyclemadrid.com\/es\/entidad\/ayuntamiento-de-montejo-de-la-sierra\/\" title=\"\" class=\"vce-single-image-inner vce-single-image--absolute\" style=\"width: 100%; padding-bottom: 66.6667%;\"><img loading=\"lazy\" decoding=\"async\" class=\"vce-single-image\"  width=\"900\" height=\"600\" srcset=\"https:\/\/cyclemadrid.com\/wp-content\/uploads\/2023\/01\/Ayto-montejo-320x213.jpg 320w, https:\/\/cyclemadrid.com\/wp-content\/uploads\/2023\/01\/Ayto-montejo-480x320.jpg 480w, https:\/\/cyclemadrid.com\/wp-content\/uploads\/2023\/01\/Ayto-montejo-800x533.jpg 800w, https:\/\/cyclemadrid.com\/wp-content\/uploads\/2023\/01\/Ayto-montejo-900x600.jpg 900w\" src=\"https:\/\/cyclemadrid.com\/wp-content\/uploads\/2023\/01\/Ayto-montejo-900x600.jpg\" data-img-src=\"https:\/\/cyclemadrid.com\/wp-content\/uploads\/2021\/06\/Ayto-montejo.jpg\" data-attachment-id=\"3409\"  alt=\"\" title=\"Ayto-montejo\" \/><\/a><\/div><figcaption hidden=\"\"><\/figcaption><\/figure><\/div><\/div><div class=\"vce-google-fonts-heading vce-google-fonts-heading--align-center vce-google-fonts-heading--color-empty--45--5C00FF--FF7200 vce-google-fonts-heading--font-family-Montserrat\"><div class=\"vce-google-fonts-heading-wrapper\"><div class=\"vce-google-fonts-heading--background vce\" id=\"el-ce6aff1b\" data-vce-do-apply=\"border background  padding margin el-ce6aff1b\"><h2 class=\"vce-google-fonts-heading-inner\" style=\"font-size: 13px; line-height: 1.2; font-weight: 600; font-style: normal;\"><a class=\"vce-google-fonts-heading-link\" href=\"http:\/\/cyclemadrid.com\/es\/entidad\/ayuntamiento-de-montejo-de-la-sierra\/\" title=\"\">Montejo de la Sierra<\/a><\/h2><\/div><\/div><\/div><\/div><\/div><\/div><div class=\"vce-col vce-col--md-auto vce-col--xs-1 vce-col--xs-last vce-col--xs-first vce-col--sm-last vce-col--sm-first\" id=\"el-1f17eb18\"><div class=\"vce-col-inner\" data-vce-do-apply=\"border margin background  el-1f17eb18\"><div class=\"vce-col-content\" data-vce-element-content=\"true\" data-vce-do-apply=\"padding el-1f17eb18\"><div class=\"vce-single-image-container vce-single-image--align-center\"><div class=\"vce vce-single-image-wrapper\" id=\"el-00a01c29\" data-vce-do-apply=\"all el-00a01c29\"><figure><div class=\"vce-single-image-figure-inner\" style=\"width: 900px;\"><a href=\"http:\/\/cyclemadrid.com\/es\/entidad\/ayuntamiento-de-talamanca-del-jarama\/\" title=\"\" class=\"vce-single-image-inner vce-single-image--absolute\" style=\"width: 100%; padding-bottom: 66.6667%;\"><img loading=\"lazy\" decoding=\"async\" class=\"vce-single-image\"  width=\"900\" height=\"600\" srcset=\"https:\/\/cyclemadrid.com\/wp-content\/uploads\/2023\/01\/Ayto-talamanca-320x213.jpg 320w, https:\/\/cyclemadrid.com\/wp-content\/uploads\/2023\/01\/Ayto-talamanca-480x320.jpg 480w, https:\/\/cyclemadrid.com\/wp-content\/uploads\/2023\/01\/Ayto-talamanca-800x533.jpg 800w, https:\/\/cyclemadrid.com\/wp-content\/uploads\/2023\/01\/Ayto-talamanca-900x600.jpg 900w\" src=\"https:\/\/cyclemadrid.com\/wp-content\/uploads\/2023\/01\/Ayto-talamanca-900x600.jpg\" data-img-src=\"https:\/\/cyclemadrid.com\/wp-content\/uploads\/2021\/06\/Ayto-talamanca.jpg\" data-attachment-id=\"3413\"  alt=\"\" title=\"Ayto-talamanca\" \/><\/a><\/div><figcaption hidden=\"\"><\/figcaption><\/figure><\/div><\/div><div class=\"vce-google-fonts-heading vce-google-fonts-heading--align-center vce-google-fonts-heading--color-empty--45--5C00FF--FF7200 vce-google-fonts-heading--font-family-Montserrat\"><div class=\"vce-google-fonts-heading-wrapper\"><div class=\"vce-google-fonts-heading--background vce\" id=\"el-6eaad3b2\" data-vce-do-apply=\"border background  padding margin el-6eaad3b2\"><h2 class=\"vce-google-fonts-heading-inner\" style=\"font-size: 13px; line-height: 1.2; font-weight: 600; font-style: normal;\"><a class=\"vce-google-fonts-heading-link\" href=\"http:\/\/cyclemadrid.com\/es\/entidad\/ayuntamiento-de-talamanca-del-jarama\/\" title=\"\">Talamanca del Jarama<\/a><\/h2><\/div><\/div><\/div><\/div><\/div><\/div><div class=\"vce-col vce-col--md-auto vce-col--xs-1 vce-col--xs-last vce-col--xs-first vce-col--sm-last vce-col--sm-first\" id=\"el-32a677f6\"><div class=\"vce-col-inner\" data-vce-do-apply=\"border margin background  el-32a677f6\"><div class=\"vce-col-content\" data-vce-element-content=\"true\" data-vce-do-apply=\"padding el-32a677f6\"><div class=\"vce-single-image-container vce-single-image--align-center\"><div class=\"vce vce-single-image-wrapper\" id=\"el-cb3d69f5\" data-vce-do-apply=\"all el-cb3d69f5\"><figure><div class=\"vce-single-image-figure-inner\" style=\"width: 900px;\"><a href=\"http:\/\/cyclemadrid.com\/es\/entidad\/ayuntamiento-de-torrelaguna\/\" title=\"\" class=\"vce-single-image-inner vce-single-image--absolute\" style=\"width: 100%; padding-bottom: 66.6667%;\"><img loading=\"lazy\" decoding=\"async\" class=\"vce-single-image\"  width=\"900\" height=\"600\" srcset=\"https:\/\/cyclemadrid.com\/wp-content\/uploads\/2023\/01\/Ayto-torrelaguna-320x213.jpg 320w, https:\/\/cyclemadrid.com\/wp-content\/uploads\/2023\/01\/Ayto-torrelaguna-480x320.jpg 480w, https:\/\/cyclemadrid.com\/wp-content\/uploads\/2023\/01\/Ayto-torrelaguna-800x533.jpg 800w, https:\/\/cyclemadrid.com\/wp-content\/uploads\/2023\/01\/Ayto-torrelaguna-900x600.jpg 900w\" src=\"https:\/\/cyclemadrid.com\/wp-content\/uploads\/2023\/01\/Ayto-torrelaguna-900x600.jpg\" data-img-src=\"https:\/\/cyclemadrid.com\/wp-content\/uploads\/2021\/06\/Ayto-torrelaguna.jpg\" data-attachment-id=\"3445\"  alt=\"\" title=\"Ayto-torrelaguna\" \/><\/a><\/div><figcaption hidden=\"\"><\/figcaption><\/figure><\/div><\/div><div class=\"vce-google-fonts-heading vce-google-fonts-heading--align-center vce-google-fonts-heading--color-empty--45--5C00FF--FF7200 vce-google-fonts-heading--font-family-Montserrat\"><div class=\"vce-google-fonts-heading-wrapper\"><div class=\"vce-google-fonts-heading--background vce\" id=\"el-f04511a9\" data-vce-do-apply=\"border background  padding margin el-f04511a9\"><h2 class=\"vce-google-fonts-heading-inner\" style=\"font-size: 13px; line-height: 1.2; font-weight: 600; font-style: normal;\"><a class=\"vce-google-fonts-heading-link\" href=\"http:\/\/cyclemadrid.com\/es\/entidad\/ayuntamiento-de-torrelaguna\/\" title=\"\">Torrelaguna<\/a><\/h2><\/div><\/div><\/div><\/div><\/div><\/div><div class=\"vce-col vce-col--md-auto vce-col--xs-1 vce-col--xs-last vce-col--xs-first vce-col--sm-last vce-col--sm-first vce-col--md-last vce-col--lg-last vce-col--xl-last\" id=\"el-06855546\"><div class=\"vce-col-inner\" data-vce-do-apply=\"border margin background  el-06855546\"><div class=\"vce-col-content\" data-vce-element-content=\"true\" data-vce-do-apply=\"padding el-06855546\"><div class=\"vce-single-image-container vce-single-image--align-center\"><div class=\"vce vce-single-image-wrapper\" id=\"el-d7177150\" data-vce-do-apply=\"all el-d7177150\"><figure><div class=\"vce-single-image-figure-inner\" style=\"width: 900px;\"><a href=\"http:\/\/cyclemadrid.com\/es\/entidad\/ayuntamiento-de-valdemanco\/\" title=\"\" class=\"vce-single-image-inner vce-single-image--absolute\" style=\"width: 100%; padding-bottom: 66.6667%;\"><img loading=\"lazy\" decoding=\"async\" class=\"vce-single-image\"  width=\"900\" height=\"600\" srcset=\"https:\/\/cyclemadrid.com\/wp-content\/uploads\/2023\/01\/Ayto-valdemanco-320x213.jpg 320w, https:\/\/cyclemadrid.com\/wp-content\/uploads\/2023\/01\/Ayto-valdemanco-480x320.jpg 480w, https:\/\/cyclemadrid.com\/wp-content\/uploads\/2023\/01\/Ayto-valdemanco-800x533.jpg 800w, https:\/\/cyclemadrid.com\/wp-content\/uploads\/2023\/01\/Ayto-valdemanco-900x600.jpg 900w\" src=\"https:\/\/cyclemadrid.com\/wp-content\/uploads\/2023\/01\/Ayto-valdemanco-900x600.jpg\" data-img-src=\"https:\/\/cyclemadrid.com\/wp-content\/uploads\/2021\/06\/Ayto-valdemanco.jpg\" data-attachment-id=\"3417\"  alt=\"\" title=\"Ayto-valdemanco\" \/><\/a><\/div><figcaption hidden=\"\"><\/figcaption><\/figure><\/div><\/div><div class=\"vce-google-fonts-heading vce-google-fonts-heading--align-center vce-google-fonts-heading--color-empty--45--5C00FF--FF7200 vce-google-fonts-heading--font-family-Montserrat\"><div class=\"vce-google-fonts-heading-wrapper\"><div class=\"vce-google-fonts-heading--background vce\" id=\"el-3ebd6a27\" data-vce-do-apply=\"border background  padding margin el-3ebd6a27\"><h2 class=\"vce-google-fonts-heading-inner\" style=\"font-size: 13px; line-height: 1.2; font-weight: 600; font-style: normal;\"><a class=\"vce-google-fonts-heading-link\" href=\"http:\/\/cyclemadrid.com\/es\/entidad\/ayuntamiento-de-valdemanco\/\" title=\"\">Valdemanco<\/a><\/h2><\/div><\/div><\/div><\/div><\/div><\/div><\/div><\/div><\/div><div class=\"vce-row-container\"><div class=\"vce-row vce-row--col-gap-30 vce-row-equal-height vce-row-content--top\" data-vce-full-width=\"true\" id=\"el-f9549fa5\" data-vce-do-apply=\"all el-f9549fa5\"><div class=\"vce-content-background-container\"><\/div><div class=\"vce-row-content\" data-vce-element-content=\"true\"><div class=\"vce-col vce-col--md-auto vce-col--xs-1 vce-col--xs-last vce-col--xs-first vce-col--sm-last vce-col--sm-first vce-col--md-last vce-col--lg-last vce-col--xl-last vce-col--md-first vce-col--lg-first vce-col--xl-first\" id=\"el-ed3b2f9c\"><div class=\"vce-col-inner\" data-vce-do-apply=\"border margin background  el-ed3b2f9c\"><div class=\"vce-col-content\" data-vce-element-content=\"true\" data-vce-do-apply=\"padding el-ed3b2f9c\"><div class=\"vce-google-fonts-heading vce-google-fonts-heading--align-left vce-google-fonts-heading--color-empty--45--5C00FF--FF7200 vce-google-fonts-heading--font-family-Montserrat\"><div class=\"vce-google-fonts-heading-wrapper\"><div class=\"vce-google-fonts-heading--background vce\" id=\"el-a06cf7c7\" data-vce-do-apply=\"border background  padding margin el-a06cf7c7\"><h2 class=\"vce-google-fonts-heading-inner\" style=\"line-height: 1.2; font-weight: 600; font-style: normal;\"><a class=\"vce-google-fonts-heading-link\" href=\"https:\/\/cyclemadrid.com\/es\/donde-comer\/\" title=\"\" target=\"_blank\" rel=\"noopener\">Servicios cicloturismo<\/a><\/h2><\/div><\/div><\/div><div class=\"vce vce-separator-container vce-separator--align-left vce-separator--style-solid\" id=\"el-0c200cc1\" data-vce-do-apply=\"margin el-0c200cc1\"><div class=\"vce-separator vce-separator--color-bfc0c1 vce-separator--width-100 vce-separator--thickness-1\" data-vce-do-apply=\"border padding background  el-0c200cc1\"><\/div><\/div><div class=\"vce-posts-grid-container view-custom-carrousel\" style=\"--gapPx:10px; --columns:6; --paginationColor:#EEE; --paginationActiveColor:#557CBF; --paginationTextColor:#3d3d3d; --paginationActiveTextColor:#FFF; --paginationHoverColor:#e2e2e2; --paginationActiveHoverColor:#5176b5;\"><div class=\"vce vce-posts-grid-wrapper\" id=\"el-d4ded97d\" data-vce-do-apply=\"all el-d4ded97d\"><div class=\"vce-posts-grid-list\"><article class=\"vce-posts-grid-item\"><div class=\"vce-post-description vce-post-description--full vce-post-description--animation\"><a href=\"https:\/\/cyclemadrid.com\/es\/entidad\/solar-cycle\/\" class=\"vce-post-description-link\" aria-label=\"Solar Cycle\"><\/a><div class=\"vce-post-description--background-wrapper-box\">\n    <div class=\"vce-post-description--background-wrapper\">\n        <div class=\"vce-post-description--background\" style=\"background-image: url(https:\/\/cyclemadrid.com\/wp-content\/uploads\/2023\/11\/Solar-Cycle-2.jpg);\"><\/div>\n    <\/div>\n<\/div>\n<div class=\"vce-post-description--content vce-post-description-content--has-title\">\n    <div class=\"vce-post-description--title\">\n    <h3>\n        <a href=\"https:\/\/cyclemadrid.com\/es\/entidad\/solar-cycle\/\">Solar Cycle<\/a>\n    <\/h3>\n<\/div>\n    <\/div>\n<\/div><\/article><article class=\"vce-posts-grid-item\"><div class=\"vce-post-description vce-post-description--full vce-post-description--animation\"><a href=\"https:\/\/cyclemadrid.com\/es\/entidad\/bici-rana\/\" class=\"vce-post-description-link\" aria-label=\"Bici Rana\"><\/a><div class=\"vce-post-description--background-wrapper-box\">\n    <div class=\"vce-post-description--background-wrapper\">\n        <div class=\"vce-post-description--background\" style=\"background-image: url(https:\/\/cyclemadrid.com\/wp-content\/uploads\/2023\/09\/IMG_20230510_115624_009-01.jpeg);\"><\/div>\n    <\/div>\n<\/div>\n<div class=\"vce-post-description--content vce-post-description-content--has-title\">\n    <div class=\"vce-post-description--title\">\n    <h3>\n        <a href=\"https:\/\/cyclemadrid.com\/es\/entidad\/bici-rana\/\">Bici Rana<\/a>\n    <\/h3>\n<\/div>\n    <\/div>\n<\/div><\/article><article class=\"vce-posts-grid-item\"><div class=\"vce-post-description vce-post-description--full vce-post-description--animation\"><a href=\"https:\/\/cyclemadrid.com\/es\/entidad\/sierra-norte-de-madrid-centro-de-innovacion-turistica-villa-san-roque\/\" class=\"vce-post-description-link\" aria-label=\"SIERRA NORTE DE MADRID. Centro de Innovaci\u00f3n Tur\u00edstica Villa San Roque\"><\/a><div class=\"vce-post-description--background-wrapper-box\">\n    <div class=\"vce-post-description--background-wrapper\">\n        <div class=\"vce-post-description--background\" style=\"background-image: url(https:\/\/cyclemadrid.com\/wp-content\/uploads\/2020\/11\/P1080392_cedida-por-SNorte.jpg);\"><\/div>\n    <\/div>\n<\/div>\n<div class=\"vce-post-description--content vce-post-description-content--has-title\">\n    <div class=\"vce-post-description--title\">\n    <h3>\n        <a href=\"https:\/\/cyclemadrid.com\/es\/entidad\/sierra-norte-de-madrid-centro-de-innovacion-turistica-villa-san-roque\/\">SIERRA NORTE DE MADRID. Centro de Innovaci\u00f3n Tur\u00edstica Villa San Roque<\/a>\n    <\/h3>\n<\/div>\n    <\/div>\n<\/div><\/article><article class=\"vce-posts-grid-item\"><div class=\"vce-post-description vce-post-description--full vce-post-description--animation\"><a href=\"https:\/\/cyclemadrid.com\/es\/entidad\/rent-roll-madrid\/\" class=\"vce-post-description-link\" aria-label=\"Rent & Roll Madrid\"><\/a><div class=\"vce-post-description--background-wrapper-box\">\n    <div class=\"vce-post-description--background-wrapper\">\n        <div class=\"vce-post-description--background\" style=\"background-image: url(https:\/\/cyclemadrid.com\/wp-content\/uploads\/2020\/11\/local.jpg);\"><\/div>\n    <\/div>\n<\/div>\n<div class=\"vce-post-description--content vce-post-description-content--has-title\">\n    <div class=\"vce-post-description--title\">\n    <h3>\n        <a href=\"https:\/\/cyclemadrid.com\/es\/entidad\/rent-roll-madrid\/\">Rent & Roll Madrid<\/a>\n    <\/h3>\n<\/div>\n    <\/div>\n<\/div><\/article><article class=\"vce-posts-grid-item\"><div class=\"vce-post-description vce-post-description--full vce-post-description--animation\"><a href=\"https:\/\/cyclemadrid.com\/es\/entidad\/jarama-animacion\/\" class=\"vce-post-description-link\" aria-label=\"Jarama Animaci\u00f3n\"><\/a><div class=\"vce-post-description--background-wrapper-box\">\n    <div class=\"vce-post-description--background-wrapper\">\n        <div class=\"vce-post-description--background\" style=\"background-image: url(https:\/\/cyclemadrid.com\/wp-content\/uploads\/2020\/03\/jarama-animacion.jpg);\"><\/div>\n    <\/div>\n<\/div>\n<div class=\"vce-post-description--content vce-post-description-content--has-title\">\n    <div class=\"vce-post-description--title\">\n    <h3>\n        <a href=\"https:\/\/cyclemadrid.com\/es\/entidad\/jarama-animacion\/\">Jarama Animaci\u00f3n<\/a>\n    <\/h3>\n<\/div>\n    <\/div>\n<\/div><\/article><article class=\"vce-posts-grid-item\"><div class=\"vce-post-description vce-post-description--full vce-post-description--animation\"><a href=\"https:\/\/cyclemadrid.com\/es\/entidad\/meridiano-raid\/\" class=\"vce-post-description-link\" aria-label=\"Meridiano Raid\"><\/a><div class=\"vce-post-description--background-wrapper-box\">\n    <div class=\"vce-post-description--background-wrapper\">\n        <div class=\"vce-post-description--background\" style=\"background-image: url(https:\/\/cyclemadrid.com\/wp-content\/uploads\/2020\/03\/MERIADIANO-RAID.jpg);\"><\/div>\n    <\/div>\n<\/div>\n<div class=\"vce-post-description--content vce-post-description-content--has-title\">\n    <div class=\"vce-post-description--title\">\n    <h3>\n        <a href=\"https:\/\/cyclemadrid.com\/es\/entidad\/meridiano-raid\/\">Meridiano Raid<\/a>\n    <\/h3>\n<\/div>\n    <\/div>\n<\/div><\/article><\/div><\/div><\/div><\/div><\/div><\/div><\/div><\/div><\/div><div class=\"vce-row-container\"><div class=\"vce-row vce-row--col-gap-30 vce-row-equal-height vce-row-content--top\" data-vce-full-width=\"true\" id=\"el-b7341955\" data-vce-do-apply=\"all el-b7341955\"><div class=\"vce-content-background-container\"><\/div><div class=\"vce-row-content\" data-vce-element-content=\"true\"><div class=\"vce-col vce-col--md-auto vce-col--xs-1 vce-col--xs-last vce-col--xs-first vce-col--sm-last vce-col--sm-first vce-col--md-last vce-col--lg-last vce-col--xl-last vce-col--md-first vce-col--lg-first vce-col--xl-first\" id=\"el-75165ac5\"><div class=\"vce-col-inner\" data-vce-do-apply=\"border margin background  el-75165ac5\"><div class=\"vce-col-content\" data-vce-element-content=\"true\" data-vce-do-apply=\"padding el-75165ac5\"><div class=\"vce-google-fonts-heading vce-google-fonts-heading--align-left vce-google-fonts-heading--color-empty--45--5C00FF--FF7200 vce-google-fonts-heading--font-family-Montserrat\"><div class=\"vce-google-fonts-heading-wrapper\"><div class=\"vce-google-fonts-heading--background vce\" id=\"el-25465e4b\" data-vce-do-apply=\"border background  padding margin el-25465e4b\"><h2 class=\"vce-google-fonts-heading-inner\" style=\"line-height: 0; font-weight: 600; font-style: normal;\"><a class=\"vce-google-fonts-heading-link\" href=\"https:\/\/cyclemadrid.com\/es\/donde-comer\/\" title=\"\" target=\"_blank\" rel=\"noopener\">D\u00f3nde comer<\/a><\/h2><\/div><\/div><\/div><div class=\"vce vce-separator-container vce-separator--align-left vce-separator--style-solid\" id=\"el-95955b4f\" data-vce-do-apply=\"margin el-95955b4f\"><div class=\"vce-separator vce-separator--color-bfc0c1 vce-separator--width-100 vce-separator--thickness-1\" data-vce-do-apply=\"border padding background  el-95955b4f\"><\/div><\/div><div class=\"vce-posts-grid-container view-custom-carrousel\" style=\"--gapPx:10px; --columns:6; --paginationColor:#EEE; --paginationActiveColor:#557CBF; --paginationTextColor:#3d3d3d; --paginationActiveTextColor:#FFF; --paginationHoverColor:#e2e2e2; --paginationActiveHoverColor:#5176b5;\"><div class=\"vce vce-posts-grid-wrapper\" id=\"el-1183999b\" data-vce-do-apply=\"all el-1183999b\"><div class=\"vce-posts-grid-list\"><article class=\"vce-posts-grid-item\"><div class=\"vce-post-description vce-post-description--full vce-post-description--animation\"><a href=\"https:\/\/cyclemadrid.com\/es\/entidad\/hotel-hacienda-la-coracera\/\" class=\"vce-post-description-link\" aria-label=\"Hotel Hacienda la Coracera\"><\/a><div class=\"vce-post-description--background-wrapper-box\">\n    <div class=\"vce-post-description--background-wrapper\">\n        <div class=\"vce-post-description--background\" style=\"background-image: url(https:\/\/cyclemadrid.com\/wp-content\/uploads\/2020\/03\/ciclistas-coracera_opt.jpg);\"><\/div>\n    <\/div>\n<\/div>\n<div class=\"vce-post-description--content vce-post-description-content--has-title\">\n    <div class=\"vce-post-description--title\">\n    <h3>\n        <a href=\"https:\/\/cyclemadrid.com\/es\/entidad\/hotel-hacienda-la-coracera\/\">Hotel Hacienda la Coracera<\/a>\n    <\/h3>\n<\/div>\n    <\/div>\n<\/div><\/article><article class=\"vce-posts-grid-item\"><div class=\"vce-post-description vce-post-description--full vce-post-description--animation\"><a href=\"https:\/\/cyclemadrid.com\/es\/entidad\/ciclo-lodge-el-nevero\/\" class=\"vce-post-description-link\" aria-label=\"Ciclo Lodge- El Nevero\"><\/a><div class=\"vce-post-description--background-wrapper-box\">\n    <div class=\"vce-post-description--background-wrapper\">\n        <div class=\"vce-post-description--background\" style=\"background-image: url(https:\/\/cyclemadrid.com\/wp-content\/uploads\/2020\/01\/Fachada-Exterior-1.jpg);\"><\/div>\n    <\/div>\n<\/div>\n<div class=\"vce-post-description--content vce-post-description-content--has-title\">\n    <div class=\"vce-post-description--title\">\n    <h3>\n        <a href=\"https:\/\/cyclemadrid.com\/es\/entidad\/ciclo-lodge-el-nevero\/\">Ciclo Lodge- El Nevero<\/a>\n    <\/h3>\n<\/div>\n    <\/div>\n<\/div><\/article><article class=\"vce-posts-grid-item\"><div class=\"vce-post-description vce-post-description--full vce-post-description--animation\"><a href=\"https:\/\/cyclemadrid.com\/es\/entidad\/1248\/\" class=\"vce-post-description-link\" aria-label=\"Monte Holiday Ecoturismo\"><\/a><div class=\"vce-post-description--background-wrapper-box\">\n    <div class=\"vce-post-description--background-wrapper\">\n        <div class=\"vce-post-description--background\" style=\"background-image: url(https:\/\/cyclemadrid.com\/wp-content\/uploads\/2020\/04\/cabanas-en-arboles-5.jpg);\"><\/div>\n    <\/div>\n<\/div>\n<div class=\"vce-post-description--content vce-post-description-content--has-title\">\n    <div class=\"vce-post-description--title\">\n    <h3>\n        <a href=\"https:\/\/cyclemadrid.com\/es\/entidad\/1248\/\">Monte Holiday Ecoturismo<\/a>\n    <\/h3>\n<\/div>\n    <\/div>\n<\/div><\/article><article class=\"vce-posts-grid-item\"><div class=\"vce-post-description vce-post-description--full vce-post-description--animation\"><a href=\"https:\/\/cyclemadrid.com\/es\/entidad\/casa-rural-vega-del-tielmes\/\" class=\"vce-post-description-link\" aria-label=\"Casa Rural Vega de Tielmes\"><\/a><div class=\"vce-post-description--background-wrapper-box\">\n    <div class=\"vce-post-description--background-wrapper\">\n        <div class=\"vce-post-description--background\" style=\"background-image: url(https:\/\/cyclemadrid.com\/wp-content\/uploads\/2020\/03\/Captura-de-pantalla-2020-03-24-a-las-11.16.55.png);\"><\/div>\n    <\/div>\n<\/div>\n<div class=\"vce-post-description--content vce-post-description-content--has-title\">\n    <div class=\"vce-post-description--title\">\n    <h3>\n        <a href=\"https:\/\/cyclemadrid.com\/es\/entidad\/casa-rural-vega-del-tielmes\/\">Casa Rural Vega de Tielmes<\/a>\n    <\/h3>\n<\/div>\n    <\/div>\n<\/div><\/article><\/div><\/div><\/div><\/div><\/div><\/div><\/div><\/div><\/div><div class=\"vce-row-container\"><div class=\"vce-row vce-row--col-gap-30 vce-row-equal-height vce-row-content--top\" data-vce-full-width=\"true\" id=\"el-1d83c8e5\" data-vce-do-apply=\"all el-1d83c8e5\"><div class=\"vce-content-background-container\"><\/div><div class=\"vce-row-content\" data-vce-element-content=\"true\"><div class=\"vce-col vce-col--md-auto vce-col--xs-1 vce-col--xs-last vce-col--xs-first vce-col--sm-last vce-col--sm-first vce-col--md-last vce-col--lg-last vce-col--xl-last vce-col--md-first vce-col--lg-first vce-col--xl-first\" id=\"el-0cbc41ea\"><div class=\"vce-col-inner\" data-vce-do-apply=\"border margin background  el-0cbc41ea\"><div class=\"vce-col-content\" data-vce-element-content=\"true\" data-vce-do-apply=\"padding el-0cbc41ea\"><div class=\"vce-google-fonts-heading vce-google-fonts-heading--align-left vce-google-fonts-heading--color-empty--45--5C00FF--FF7200 vce-google-fonts-heading--font-family-Montserrat\"><div class=\"vce-google-fonts-heading-wrapper\"><div class=\"vce-google-fonts-heading--background vce\" id=\"el-96181374\" data-vce-do-apply=\"border background  padding margin el-96181374\"><h2 class=\"vce-google-fonts-heading-inner\" style=\"line-height: 0; font-weight: 600; font-style: normal;\"><a class=\"vce-google-fonts-heading-link\" href=\"https:\/\/cyclemadrid.com\/es\/donde-dormir\/\" title=\"\" target=\"_blank\" rel=\"noopener\">D\u00f3nde dormir<\/a><\/h2><\/div><\/div><\/div><div class=\"vce vce-separator-container vce-separator--align-left vce-separator--style-solid\" id=\"el-4541b901\" data-vce-do-apply=\"margin el-4541b901\"><div class=\"vce-separator vce-separator--color-bfc0c1 vce-separator--width-100 vce-separator--thickness-1\" data-vce-do-apply=\"border padding background  el-4541b901\"><\/div><\/div><div class=\"vce-posts-grid-container view-custom-carrousel\" style=\"--gapPx:10px; --columns:6; --paginationColor:#EEE; --paginationActiveColor:#557CBF; --paginationTextColor:#3d3d3d; --paginationActiveTextColor:#FFF; --paginationHoverColor:#e2e2e2; --paginationActiveHoverColor:#5176b5;\"><div class=\"vce vce-posts-grid-wrapper\" id=\"el-3555e693\" data-vce-do-apply=\"all el-3555e693\"><div class=\"vce-posts-grid-list\"><article class=\"vce-posts-grid-item\"><div class=\"vce-post-description vce-post-description--full vce-post-description--animation\"><a href=\"https:\/\/cyclemadrid.com\/es\/entidad\/hotel-el-corzo\/\" class=\"vce-post-description-link\" aria-label=\"Hotel El Corzo\"><\/a><div class=\"vce-post-description--background-wrapper-box\">\n    <div class=\"vce-post-description--background-wrapper\">\n        <div class=\"vce-post-description--background\" style=\"background-image: url(https:\/\/cyclemadrid.com\/wp-content\/uploads\/2020\/03\/Captura-de-pantalla-2020-03-23-a-las-12.14.05.png);\"><\/div>\n    <\/div>\n<\/div>\n<div class=\"vce-post-description--content vce-post-description-content--has-title\">\n    <div class=\"vce-post-description--title\">\n    <h3>\n        <a href=\"https:\/\/cyclemadrid.com\/es\/entidad\/hotel-el-corzo\/\">Hotel El Corzo<\/a>\n    <\/h3>\n<\/div>\n    <\/div>\n<\/div><\/article><article class=\"vce-posts-grid-item\"><div class=\"vce-post-description vce-post-description--full vce-post-description--animation\"><a href=\"https:\/\/cyclemadrid.com\/es\/entidad\/ciclo-lodge-el-nevero\/\" class=\"vce-post-description-link\" aria-label=\"Ciclo Lodge- El Nevero\"><\/a><div class=\"vce-post-description--background-wrapper-box\">\n    <div class=\"vce-post-description--background-wrapper\">\n        <div class=\"vce-post-description--background\" style=\"background-image: url(https:\/\/cyclemadrid.com\/wp-content\/uploads\/2020\/01\/Fachada-Exterior-1.jpg);\"><\/div>\n    <\/div>\n<\/div>\n<div class=\"vce-post-description--content vce-post-description-content--has-title\">\n    <div class=\"vce-post-description--title\">\n    <h3>\n        <a href=\"https:\/\/cyclemadrid.com\/es\/entidad\/ciclo-lodge-el-nevero\/\">Ciclo Lodge- El Nevero<\/a>\n    <\/h3>\n<\/div>\n    <\/div>\n<\/div><\/article><article class=\"vce-posts-grid-item\"><div class=\"vce-post-description vce-post-description--full vce-post-description--animation\"><a href=\"https:\/\/cyclemadrid.com\/es\/entidad\/asdon-multiaventura\/\" class=\"vce-post-description-link\" aria-label=\"Asd\u00f3n Multiaventura\"><\/a><div class=\"vce-post-description--background-wrapper-box\">\n    <div class=\"vce-post-description--background-wrapper\">\n        <div class=\"vce-post-description--background\" style=\"background-image: url(https:\/\/cyclemadrid.com\/wp-content\/uploads\/2020\/03\/rutas-btt-sierra-madrid-niveles-asdon-aventura.jpg);\"><\/div>\n    <\/div>\n<\/div>\n<div class=\"vce-post-description--content vce-post-description-content--has-title\">\n    <div class=\"vce-post-description--title\">\n    <h3>\n        <a href=\"https:\/\/cyclemadrid.com\/es\/entidad\/asdon-multiaventura\/\">Asd\u00f3n Multiaventura<\/a>\n    <\/h3>\n<\/div>\n    <\/div>\n<\/div><\/article><article class=\"vce-posts-grid-item\"><div class=\"vce-post-description vce-post-description--full vce-post-description--animation\"><a href=\"https:\/\/cyclemadrid.com\/es\/entidad\/central-de-reservas-sierra-de-guadarrama\/\" class=\"vce-post-description-link\" aria-label=\"Central de reservas Sierra de Guadarrama\"><\/a><div class=\"vce-post-description--background-wrapper-box\">\n    <div class=\"vce-post-description--background-wrapper\">\n        <div class=\"vce-post-description--background\" style=\"background-image: url(https:\/\/cyclemadrid.com\/wp-content\/uploads\/2020\/03\/CYCLA16.jpg);\"><\/div>\n    <\/div>\n<\/div>\n<div class=\"vce-post-description--content vce-post-description-content--has-title\">\n    <div class=\"vce-post-description--title\">\n    <h3>\n        <a href=\"https:\/\/cyclemadrid.com\/es\/entidad\/central-de-reservas-sierra-de-guadarrama\/\">Central de reservas Sierra de Guadarrama<\/a>\n    <\/h3>\n<\/div>\n    <\/div>\n<\/div><\/article><article class=\"vce-posts-grid-item\"><div class=\"vce-post-description vce-post-description--full vce-post-description--animation\"><a href=\"https:\/\/cyclemadrid.com\/es\/entidad\/casas-rurales-el-bulin\/\" class=\"vce-post-description-link\" aria-label=\"Casas rurales El Bul\u00edn\"><\/a><div class=\"vce-post-description--background-wrapper-box\">\n    <div class=\"vce-post-description--background-wrapper\">\n        <div class=\"vce-post-description--background\" style=\"background-image: url(https:\/\/cyclemadrid.com\/wp-content\/uploads\/2021\/03\/casa-rural-cubillo-casa-mirador_exterior_2.jpg);\"><\/div>\n    <\/div>\n<\/div>\n<div class=\"vce-post-description--content vce-post-description-content--has-title\">\n    <div class=\"vce-post-description--title\">\n    <h3>\n        <a href=\"https:\/\/cyclemadrid.com\/es\/entidad\/casas-rurales-el-bulin\/\">Casas rurales El Bul\u00edn<\/a>\n    <\/h3>\n<\/div>\n    <\/div>\n<\/div><\/article><article class=\"vce-posts-grid-item\"><div class=\"vce-post-description vce-post-description--full vce-post-description--animation\"><a href=\"https:\/\/cyclemadrid.com\/es\/entidad\/hotel-hacienda-la-coracera\/\" class=\"vce-post-description-link\" aria-label=\"Hotel Hacienda la Coracera\"><\/a><div class=\"vce-post-description--background-wrapper-box\">\n    <div class=\"vce-post-description--background-wrapper\">\n        <div class=\"vce-post-description--background\" style=\"background-image: url(https:\/\/cyclemadrid.com\/wp-content\/uploads\/2020\/03\/ciclistas-coracera_opt.jpg);\"><\/div>\n    <\/div>\n<\/div>\n<div class=\"vce-post-description--content vce-post-description-content--has-title\">\n    <div class=\"vce-post-description--title\">\n    <h3>\n        <a href=\"https:\/\/cyclemadrid.com\/es\/entidad\/hotel-hacienda-la-coracera\/\">Hotel Hacienda la Coracera<\/a>\n    <\/h3>\n<\/div>\n    <\/div>\n<\/div><\/article><article class=\"vce-posts-grid-item\"><div class=\"vce-post-description vce-post-description--full vce-post-description--animation\"><a href=\"https:\/\/cyclemadrid.com\/es\/entidad\/alojamientos-estrella-rural\/\" class=\"vce-post-description-link\" aria-label=\"Alojamientos Estrella Rural\"><\/a><div class=\"vce-post-description--background-wrapper-box\">\n    <div class=\"vce-post-description--background-wrapper\">\n        <div class=\"vce-post-description--background\" style=\"background-image: url(https:\/\/cyclemadrid.com\/wp-content\/uploads\/2020\/03\/estrella-rurla-2.png);\"><\/div>\n    <\/div>\n<\/div>\n<div class=\"vce-post-description--content vce-post-description-content--has-title\">\n    <div class=\"vce-post-description--title\">\n    <h3>\n        <a href=\"https:\/\/cyclemadrid.com\/es\/entidad\/alojamientos-estrella-rural\/\">Alojamientos Estrella Rural<\/a>\n    <\/h3>\n<\/div>\n    <\/div>\n<\/div><\/article><article class=\"vce-posts-grid-item\"><div class=\"vce-post-description vce-post-description--full vce-post-description--animation\"><a href=\"https:\/\/cyclemadrid.com\/es\/entidad\/1248\/\" class=\"vce-post-description-link\" aria-label=\"Monte Holiday Ecoturismo\"><\/a><div class=\"vce-post-description--background-wrapper-box\">\n    <div class=\"vce-post-description--background-wrapper\">\n        <div class=\"vce-post-description--background\" style=\"background-image: url(https:\/\/cyclemadrid.com\/wp-content\/uploads\/2020\/04\/cabanas-en-arboles-5.jpg);\"><\/div>\n    <\/div>\n<\/div>\n<div class=\"vce-post-description--content vce-post-description-content--has-title\">\n    <div class=\"vce-post-description--title\">\n    <h3>\n        <a href=\"https:\/\/cyclemadrid.com\/es\/entidad\/1248\/\">Monte Holiday Ecoturismo<\/a>\n    <\/h3>\n<\/div>\n    <\/div>\n<\/div><\/article><article class=\"vce-posts-grid-item\"><div class=\"vce-post-description vce-post-description--full vce-post-description--animation\"><a href=\"https:\/\/cyclemadrid.com\/es\/entidad\/casa-rural-la-tinaja\/\" class=\"vce-post-description-link\" aria-label=\"Casa Rural Los Tinajones\"><\/a><div class=\"vce-post-description--background-wrapper-box\">\n    <div class=\"vce-post-description--background-wrapper\">\n        <div class=\"vce-post-description--background\" style=\"background-image: url(https:\/\/cyclemadrid.com\/wp-content\/uploads\/2020\/03\/Los-tinajones-7.jpg);\"><\/div>\n    <\/div>\n<\/div>\n<div class=\"vce-post-description--content vce-post-description-content--has-title\">\n    <div class=\"vce-post-description--title\">\n    <h3>\n        <a href=\"https:\/\/cyclemadrid.com\/es\/entidad\/casa-rural-la-tinaja\/\">Casa Rural Los Tinajones<\/a>\n    <\/h3>\n<\/div>\n    <\/div>\n<\/div><\/article><article class=\"vce-posts-grid-item\"><div class=\"vce-post-description vce-post-description--full vce-post-description--animation\"><a href=\"https:\/\/cyclemadrid.com\/es\/entidad\/casa-rural-vega-del-tielmes\/\" class=\"vce-post-description-link\" aria-label=\"Casa Rural Vega de Tielmes\"><\/a><div class=\"vce-post-description--background-wrapper-box\">\n    <div class=\"vce-post-description--background-wrapper\">\n        <div class=\"vce-post-description--background\" style=\"background-image: url(https:\/\/cyclemadrid.com\/wp-content\/uploads\/2020\/03\/Captura-de-pantalla-2020-03-24-a-las-11.16.55.png);\"><\/div>\n    <\/div>\n<\/div>\n<div class=\"vce-post-description--content vce-post-description-content--has-title\">\n    <div class=\"vce-post-description--title\">\n    <h3>\n        <a href=\"https:\/\/cyclemadrid.com\/es\/entidad\/casa-rural-vega-del-tielmes\/\">Casa Rural Vega de Tielmes<\/a>\n    <\/h3>\n<\/div>\n    <\/div>\n<\/div><\/article><\/div><\/div><\/div><\/div><\/div><\/div><\/div><\/div><\/div><div class=\"vce-row-container\" data-vce-boxed-width=\"true\"><div class=\"vce-row vce-row--col-gap-30 vce-row-equal-height vce-row-content--top\" id=\"el-94b07f74\" data-vce-do-apply=\"all el-94b07f74\"><div class=\"vce-row-content\" data-vce-element-content=\"true\"><div class=\"vce-col vce-col--md-auto vce-col--xs-1 vce-col--xs-last vce-col--xs-first vce-col--sm-last vce-col--sm-first vce-col--md-last vce-col--lg-last vce-col--xl-last vce-col--md-first vce-col--lg-first vce-col--xl-first\" id=\"el-e061e089\"><div class=\"vce-col-inner\" data-vce-do-apply=\"border margin background  el-e061e089\"><div class=\"vce-col-content\" data-vce-element-content=\"true\" data-vce-do-apply=\"padding el-e061e089\"><div><\/div><\/div><\/div><\/div><\/div><\/div><\/div><div class=\"vce-row-container\" data-vce-boxed-width=\"true\"><div class=\"vce-row vce-row--col-gap-30 vce-row-equal-height vce-row-content--top\" id=\"el-42a6f141\" data-vce-do-apply=\"all el-42a6f141\"><div class=\"vce-row-content\" data-vce-element-content=\"true\"><div class=\"vce-col vce-col--md-auto vce-col--xs-1 vce-col--xs-last vce-col--xs-first vce-col--sm-last vce-col--sm-first vce-col--md-last vce-col--lg-last vce-col--xl-last vce-col--md-first vce-col--lg-first vce-col--xl-first\" id=\"el-ec93bc5c\"><div class=\"vce-col-inner\" data-vce-do-apply=\"border margin background  el-ec93bc5c\"><div class=\"vce-col-content\" data-vce-element-content=\"true\" data-vce-do-apply=\"padding el-ec93bc5c\"><div><\/div><\/div><\/div><\/div><\/div><\/div><\/div>\n","protected":false},"excerpt":{"rendered":"<p>Sierra NorteSierra Norte es una de las m\u00faltiples comarcas de la Comunidad de Madrid formada por varios valles: el Valle Alto del Lozoya, Valle Bajo del Lozoya- con el popular Embalse de Atazar, Valle Medio del Lozoya, Sierra de la Cabrera, Sierra del Rinc\u00f3n- declarada Reserva de la Biosfera por la UNESCO- y Valle del&hellip;<\/p>\n","protected":false},"author":3,"featured_media":0,"parent":0,"menu_order":0,"comment_status":"closed","ping_status":"closed","template":"page-templates\/template-full-width.php","meta":{"footnotes":""},"class_list":["post-3486","page","type-page","status-publish","hentry"],"yoast_head":"<!-- This site is optimized with the Yoast SEO plugin v23.9 - https:\/\/yoast.com\/wordpress\/plugins\/seo\/ -->\n<title>Destino Sierra Norte | CycleMadrid P\u00e1gina Oficial<\/title>\n<meta name=\"description\" content=\"Sierra Norte es una de las m\u00faltiples comarcas de la Comunidad de Madrid formada por varios valles perfectas para disfrutar el turismo en bicicleta.\" \/>\n<meta name=\"robots\" content=\"index, follow, max-snippet:-1, max-image-preview:large, max-video-preview:-1\" \/>\n<link rel=\"canonical\" href=\"https:\/\/cyclemadrid.com\/es\/destino-sierra-norte\/\" \/>\n<meta property=\"og:locale\" content=\"es_ES\" \/>\n<meta property=\"og:type\" content=\"article\" \/>\n<meta property=\"og:title\" content=\"Destino Sierra Norte | CycleMadrid P\u00e1gina Oficial\" \/>\n<meta property=\"og:description\" content=\"Sierra Norte es una de las m\u00faltiples comarcas de la Comunidad de Madrid formada por varios valles perfectas para disfrutar el turismo en bicicleta.\" \/>\n<meta property=\"og:url\" content=\"https:\/\/cyclemadrid.com\/es\/destino-sierra-norte\/\" \/>\n<meta property=\"og:site_name\" content=\"CycleMadrid P\u00e1gina Oficial\" \/>\n<meta property=\"article:modified_time\" content=\"2023-07-17T13:35:41+00:00\" \/>\n<meta name=\"twitter:card\" content=\"summary_large_image\" \/>\n<meta name=\"twitter:label1\" content=\"Tiempo de lectura\" \/>\n\t<meta name=\"twitter:data1\" content=\"3 minutos\" \/>\n<script type=\"application\/ld+json\" class=\"yoast-schema-graph\">{\"@context\":\"https:\/\/schema.org\",\"@graph\":[{\"@type\":\"WebPage\",\"@id\":\"https:\/\/cyclemadrid.com\/es\/destino-sierra-norte\/\",\"url\":\"https:\/\/cyclemadrid.com\/es\/destino-sierra-norte\/\",\"name\":\"Destino Sierra Norte | CycleMadrid P\u00e1gina Oficial\",\"isPartOf\":{\"@id\":\"https:\/\/cyclemadrid.com\/es\/#website\"},\"datePublished\":\"2021-06-03T12:10:37+00:00\",\"dateModified\":\"2023-07-17T13:35:41+00:00\",\"description\":\"Sierra Norte es una de las m\u00faltiples comarcas de la Comunidad de Madrid formada por varios valles perfectas para disfrutar el turismo en bicicleta.\",\"breadcrumb\":{\"@id\":\"https:\/\/cyclemadrid.com\/es\/destino-sierra-norte\/#breadcrumb\"},\"inLanguage\":\"es\",\"potentialAction\":[{\"@type\":\"ReadAction\",\"target\":[\"https:\/\/cyclemadrid.com\/es\/destino-sierra-norte\/\"]}]},{\"@type\":\"BreadcrumbList\",\"@id\":\"https:\/\/cyclemadrid.com\/es\/destino-sierra-norte\/#breadcrumb\",\"itemListElement\":[{\"@type\":\"ListItem\",\"position\":1,\"name\":\"Portada\",\"item\":\"https:\/\/cyclemadrid.com\/es\/\"},{\"@type\":\"ListItem\",\"position\":2,\"name\":\"Destino Sierra Norte\"}]},{\"@type\":\"WebSite\",\"@id\":\"https:\/\/cyclemadrid.com\/es\/#website\",\"url\":\"https:\/\/cyclemadrid.com\/es\/\",\"name\":\"CycleMadrid P\u00e1gina Oficial\",\"description\":\"P\u00e1gina Oficial de CycleMadrid | Tus rutas de Cicloturismo en la Comunidad de Madrid\",\"publisher\":{\"@id\":\"https:\/\/cyclemadrid.com\/es\/#organization\"},\"potentialAction\":[{\"@type\":\"SearchAction\",\"target\":{\"@type\":\"EntryPoint\",\"urlTemplate\":\"https:\/\/cyclemadrid.com\/es\/?s={search_term_string}\"},\"query-input\":{\"@type\":\"PropertyValueSpecification\",\"valueRequired\":true,\"valueName\":\"search_term_string\"}}],\"inLanguage\":\"es\"},{\"@type\":\"Organization\",\"@id\":\"https:\/\/cyclemadrid.com\/es\/#organization\",\"name\":\"Cyclemadrid\",\"url\":\"https:\/\/cyclemadrid.com\/es\/\",\"logo\":{\"@type\":\"ImageObject\",\"inLanguage\":\"es\",\"@id\":\"https:\/\/cyclemadrid.com\/es\/#\/schema\/logo\/image\/\",\"url\":\"https:\/\/cyclemadrid.com\/wp-content\/uploads\/2023\/07\/cyclemadrid.png\",\"contentUrl\":\"https:\/\/cyclemadrid.com\/wp-content\/uploads\/2023\/07\/cyclemadrid.png\",\"width\":32,\"height\":32,\"caption\":\"Cyclemadrid\"},\"image\":{\"@id\":\"https:\/\/cyclemadrid.com\/es\/#\/schema\/logo\/image\/\"}}]}<\/script>\n<!-- \/ Yoast SEO plugin. -->","yoast_head_json":{"title":"Destino Sierra Norte | CycleMadrid P\u00e1gina Oficial","description":"Sierra Norte es una de las m\u00faltiples comarcas de la Comunidad de Madrid formada por varios valles perfectas para disfrutar el turismo en bicicleta.","robots":{"index":"index","follow":"follow","max-snippet":"max-snippet:-1","max-image-preview":"max-image-preview:large","max-video-preview":"max-video-preview:-1"},"canonical":"https:\/\/cyclemadrid.com\/es\/destino-sierra-norte\/","og_locale":"es_ES","og_type":"article","og_title":"Destino Sierra Norte | CycleMadrid P\u00e1gina Oficial","og_description":"Sierra Norte es una de las m\u00faltiples comarcas de la Comunidad de Madrid formada por varios valles perfectas para disfrutar el turismo en bicicleta.","og_url":"https:\/\/cyclemadrid.com\/es\/destino-sierra-norte\/","og_site_name":"CycleMadrid P\u00e1gina Oficial","article_modified_time":"2023-07-17T13:35:41+00:00","twitter_card":"summary_large_image","twitter_misc":{"Tiempo de lectura":"3 minutos"},"schema":{"@context":"https:\/\/schema.org","@graph":[{"@type":"WebPage","@id":"https:\/\/cyclemadrid.com\/es\/destino-sierra-norte\/","url":"https:\/\/cyclemadrid.com\/es\/destino-sierra-norte\/","name":"Destino Sierra Norte | CycleMadrid P\u00e1gina Oficial","isPartOf":{"@id":"https:\/\/cyclemadrid.com\/es\/#website"},"datePublished":"2021-06-03T12:10:37+00:00","dateModified":"2023-07-17T13:35:41+00:00","description":"Sierra Norte es una de las m\u00faltiples comarcas de la Comunidad de Madrid formada por varios valles perfectas para disfrutar el turismo en bicicleta.","breadcrumb":{"@id":"https:\/\/cyclemadrid.com\/es\/destino-sierra-norte\/#breadcrumb"},"inLanguage":"es","potentialAction":[{"@type":"ReadAction","target":["https:\/\/cyclemadrid.com\/es\/destino-sierra-norte\/"]}]},{"@type":"BreadcrumbList","@id":"https:\/\/cyclemadrid.com\/es\/destino-sierra-norte\/#breadcrumb","itemListElement":[{"@type":"ListItem","position":1,"name":"Portada","item":"https:\/\/cyclemadrid.com\/es\/"},{"@type":"ListItem","position":2,"name":"Destino Sierra Norte"}]},{"@type":"WebSite","@id":"https:\/\/cyclemadrid.com\/es\/#website","url":"https:\/\/cyclemadrid.com\/es\/","name":"CycleMadrid P\u00e1gina Oficial","description":"P\u00e1gina Oficial de CycleMadrid | Tus rutas de Cicloturismo en la Comunidad de Madrid","publisher":{"@id":"https:\/\/cyclemadrid.com\/es\/#organization"},"potentialAction":[{"@type":"SearchAction","target":{"@type":"EntryPoint","urlTemplate":"https:\/\/cyclemadrid.com\/es\/?s={search_term_string}"},"query-input":{"@type":"PropertyValueSpecification","valueRequired":true,"valueName":"search_term_string"}}],"inLanguage":"es"},{"@type":"Organization","@id":"https:\/\/cyclemadrid.com\/es\/#organization","name":"Cyclemadrid","url":"https:\/\/cyclemadrid.com\/es\/","logo":{"@type":"ImageObject","inLanguage":"es","@id":"https:\/\/cyclemadrid.com\/es\/#\/schema\/logo\/image\/","url":"https:\/\/cyclemadrid.com\/wp-content\/uploads\/2023\/07\/cyclemadrid.png","contentUrl":"https:\/\/cyclemadrid.com\/wp-content\/uploads\/2023\/07\/cyclemadrid.png","width":32,"height":32,"caption":"Cyclemadrid"},"image":{"@id":"https:\/\/cyclemadrid.com\/es\/#\/schema\/logo\/image\/"}}]}},"_links":{"self":[{"href":"https:\/\/cyclemadrid.com\/es\/wp-json\/wp\/v2\/pages\/3486","targetHints":{"allow":["GET"]}}],"collection":[{"href":"https:\/\/cyclemadrid.com\/es\/wp-json\/wp\/v2\/pages"}],"about":[{"href":"https:\/\/cyclemadrid.com\/es\/wp-json\/wp\/v2\/types\/page"}],"author":[{"embeddable":true,"href":"https:\/\/cyclemadrid.com\/es\/wp-json\/wp\/v2\/users\/3"}],"replies":[{"embeddable":true,"href":"https:\/\/cyclemadrid.com\/es\/wp-json\/wp\/v2\/comments?post=3486"}],"version-history":[{"count":22,"href":"https:\/\/cyclemadrid.com\/es\/wp-json\/wp\/v2\/pages\/3486\/revisions"}],"predecessor-version":[{"id":3794,"href":"https:\/\/cyclemadrid.com\/es\/wp-json\/wp\/v2\/pages\/3486\/revisions\/3794"}],"wp:attachment":[{"href":"https:\/\/cyclemadrid.com\/es\/wp-json\/wp\/v2\/media?parent=3486"}],"curies":[{"name":"wp","href":"https:\/\/api.w.org\/{rel}","templated":true}]}}