

{"id":3529,"date":"2021-06-10T16:30:33","date_gmt":"2021-06-10T14:30:33","guid":{"rendered":"https:\/\/cyclemadrid.com\/es\/?post_type=rutas&#038;p=3529"},"modified":"2025-10-07T10:18:16","modified_gmt":"2025-10-07T08:18:16","slug":"puertos-miticos-madrid-canencia-morcuera","status":"publish","type":"rutas","link":"https:\/\/cyclemadrid.com\/es\/rutas\/puertos-miticos-madrid-canencia-morcuera\/","title":{"rendered":"Puertos M\u00edticos Madrid (Canencia\/Morcuera)"},"content":{"rendered":"<div class=\"vce-row-container\"><div class=\"vce-row vce-row--col-gap-30 vce-row-equal-height vce-row-content--top\" data-vce-full-width=\"true\" id=\"el-c3da2542\" data-vce-do-apply=\"all el-c3da2542\"><div class=\"vce-row-content\" data-vce-element-content=\"true\"><div class=\"vce-col vce-col--md-auto vce-col--xs-1 vce-col--xs-last vce-col--xs-first vce-col--sm-last vce-col--sm-first vce-col--md-last vce-col--lg-last vce-col--xl-last vce-col--md-first vce-col--lg-first vce-col--xl-first\" id=\"el-32d13a47\"><div class=\"vce-col-inner\" data-vce-do-apply=\"border margin background  el-32d13a47\"><div class=\"vce-col-content\" data-vce-element-content=\"true\" data-vce-do-apply=\"padding el-32d13a47\"><div class=\"vce-simple-image-slider\" style=\"--backgroundPosition: center center; --pointerColor: #fff; --pointerColorHover: #fd9a00;\"><div class=\"vce-simple-image-slider-wrapper vce\" id=\"el-ecae7ee2\" data-vce-do-apply=\"all el-ecae7ee2\"><div class=\"vce-simple-image-slider-helper vce-simple-image-slider-aspect-ratio--16-9\"><div class=\"vce-simple-image-slider-list\" data-slick-autoplay=\"on\" data-slick-autoplay-delay=\"5000\" data-slick-effect=\"slideIn\" data-slick-dots=\"on\" data-slick-arrows=\"off\"><div class=\"slick-list\"><div class=\"slick-track\"><div class=\"vce-simple-image-slider-item vc-slick-item\"><div style=\"background-image:url(https:\/\/cyclemadrid.com\/wp-content\/uploads\/2023\/05\/Puertos_Miticos_Madrid_02.webp)\" class=\"vce-simple-image-slider-img vce-simple-image-slider-img--scale\"><img decoding=\"async\" class=\"\" src=\"https:\/\/cyclemadrid.com\/wp-content\/uploads\/2023\/05\/Puertos_Miticos_Madrid_02.webp\" style=\"opacity:0\" alt=\"\"><\/div><\/div><\/div><\/div><\/div><div class=\"vce-simple-image-slider-dots\"><\/div><\/div><\/div><\/div><\/div><\/div><\/div><\/div><\/div><\/div><div class=\"vce-row-container\" data-vce-boxed-width=\"true\"><div class=\"vce-row vce-row--col-gap-30 vce-row-equal-height vce-row-content--top\" id=\"el-18ed8ab7\" data-vce-do-apply=\"all el-18ed8ab7\"><div class=\"vce-content-background-container\"><\/div><div class=\"vce-row-content\" data-vce-element-content=\"true\"><div class=\"vce-col vce-col--md-auto vce-col--xs-1 vce-col--xs-last vce-col--xs-first vce-col--sm-last vce-col--sm-first vce-col--md-last vce-col--lg-last vce-col--xl-last vce-col--md-first vce-col--lg-first vce-col--xl-first\" id=\"el-7fe7c98d\"><div class=\"vce-col-inner\" data-vce-do-apply=\"border margin background  el-7fe7c98d\"><div class=\"vce-col-content\" data-vce-element-content=\"true\" data-vce-do-apply=\"padding el-7fe7c98d\"><div class=\"vce-google-fonts-heading vce-google-fonts-heading--align-left vce-google-fonts-heading--color-empty--45--5C00FF--FF7200 vce-google-fonts-heading--font-family-Montserrat\"><div id=\"el-ec585f5f\" class=\"vce-google-fonts-heading-wrapper\"><div class=\"vce-google-fonts-heading--background vce\" data-vce-do-apply=\"border background  padding margin el-ec585f5f\"><h1 class=\"vce-google-fonts-heading-inner\" style=\"line-height: 1.2; font-weight: 600; font-style: normal;\">Ruta en bicicleta por los Puertos M\u00edticos Madrid (Canencia\/Morcuera)<\/h1><\/div><\/div><\/div><div class=\"vce vce-separator-container vce-separator--align-left vce-separator--style-solid\" id=\"el-3bf5f8ff\" data-vce-do-apply=\"margin el-3bf5f8ff\"><div class=\"vce-separator vce-separator--color-b-245-232-81 vce-separator--width-8 vce-separator--thickness-5\" data-vce-do-apply=\"border padding background  el-3bf5f8ff\"><\/div><\/div><div class=\"vce-google-fonts-heading vce-google-fonts-heading--align-left vce-google-fonts-heading--color-empty--45--5C00FF--FF7200 vce-google-fonts-heading--font-family-Montserrat\"><div id=\"el-edda7914\" class=\"vce-google-fonts-heading-wrapper\"><div class=\"vce-google-fonts-heading--background vce\" data-vce-do-apply=\"border background  padding margin el-edda7914\"><h2 class=\"vce-google-fonts-heading-inner\" style=\"font-size: 18px; line-height: 1.2; font-weight: 400; font-style: normal;\">SOTO DEL REAL - SOTO DEL REAL<\/h2><\/div><\/div><\/div><div class=\"vce-text-block\"><div class=\"vce-text-block-wrapper vce\" id=\"el-56bb3a48\" data-vce-do-apply=\"all el-56bb3a48\"><p><span style=\"font-size: 12pt;\">Un cl\u00e1sico para todos los aficionados de la bicicleta de carretera. Sube los puertos m\u00edticos de Morcuera y Canencia.<\/span><\/p><p><span style=\"font-size: 12pt;\">Esta ruta est\u00e1 pensada para los m\u00e1s deportistas, comienza en Soto del Real donde tomaremos direcci\u00f3n a Miraflores de la Sierra. Cruzaremos este municipio, donde naturaleza y patrimonio art\u00edstico son sus principales atractivos tur\u00edsticos, y que debe su nombre seg\u00fan cuenta la leyenda a que al pasar por la localidad la reina Isabel de Borb\u00f3n qued\u00f3 impresionada por la cantidad de flores y exclam\u00f3: \"\u00a1Mira Flores!\".<\/span><\/p><p><span style=\"font-size: 12pt;\">A partir de aqu\u00ed, comenzamos el ascenso al puerto de Canencia. Se trata de uno de los pasos de monta\u00f1a m\u00e1s bajos de la sierra de Guadarrama y, al mismo tiempo, menos transitados, dado su car\u00e1cter comarcal. Pese a ello, suele ser un lugar muy frecuentado en fines de semana y festivos, por sus valores paisaj\u00edsticos y ambientales. Su entorno est\u00e1 poblado de pinares. Superado el Puerto, el siguiente tramo comienza el descenso en direcci\u00f3n al municipio de Canencia.<\/span><\/p><p><span style=\"font-size: 12pt;\">Bajamos al valle de Lozoya con vistas preciosas al pico de Pe\u00f1alara. La etapa transcurre por los municipios de la sierra, Lozoya, Pinilla del Valle, pasando al lado del Embalse de Lozoya, para alcanzar el municipio de Rascafr\u00eda. No te pierdas el Monasterio El Paular y las piscinas naturales donde te puedes tomar un ba\u00f1o refrescante y reponer fuerzas antes de enfrentarte al Puerto de la Morcuera.<\/span><\/p><p><span style=\"font-size: 12pt;\">El recorrido desde el Norte comienza a 1.150 metros en Rascafr\u00eda, con un ascenso de 13 kilometros con una pendiente media entre el 4,5% al 7%. Desde el puerto puede observarse, hacia el sur, la llanura madrile\u00f1a, y hacia el resto, bellas vistas de las monta\u00f1as, apreci\u00e1ndose cascadas que forman los arroyos que provienen de la alta monta\u00f1a y picos de m\u00e1s de 2000 metros como las Cabezas de Hierro y La Najarra.&nbsp;<\/span><\/p><p><span style=\"font-size: 12pt;\">Tras subir este famoso puerto, desde la cima tenemos cerca de 10 kil\u00f3metros de descenso con una pendiente media entre el 4-6% para llegar a Miraflores de la Sierra, a 1200 metros de altitud. <\/span><\/p><p><span style=\"font-size: 12pt;\">Para terminar la ruta dir\u00edgete de vuelta hacia Soto del Real, lugar desde donde comenz\u00f3 la etapa.<\/span><\/p><\/div><\/div><\/div><\/div><\/div><\/div><\/div><\/div><div class=\"vce-row-container\" data-vce-boxed-width=\"true\"><div class=\"vce-row vce-row--col-gap-30 vce-row-equal-height vce-row-content--top\" id=\"el-fe7fe90a\" data-vce-do-apply=\"all el-fe7fe90a\"><div class=\"vce-content-background-container\"><\/div><div class=\"vce-row-content\" data-vce-element-content=\"true\"><div class=\"vce-col vce-col--md-25p vce-col--xs-1 vce-col--xs-last vce-col--xs-first vce-col--sm-last vce-col--sm-first vce-col--md-first vce-col--lg-first vce-col--xl-first\" id=\"el-ab435080\"><div class=\"vce-col-inner\" data-vce-do-apply=\"border margin background  el-ab435080\"><div class=\"vce-col-content\" data-vce-element-content=\"true\" data-vce-do-apply=\"padding el-ab435080\"><div class=\"vce-google-fonts-heading vce-google-fonts-heading--align-left vce-google-fonts-heading--color-empty--45--5C00FF--FF7200 vce-google-fonts-heading--font-family-Montserrat\"><div id=\"el-c253a83e\" class=\"vce-google-fonts-heading-wrapper\"><div class=\"vce-google-fonts-heading--background vce\" data-vce-do-apply=\"border background  padding margin el-c253a83e\"><h4 class=\"vce-google-fonts-heading-inner\" style=\"line-height: 1.2; font-weight: 600; font-style: normal;\">DATOS T\u00c9CNICOS<\/h4><\/div><\/div><\/div><div class=\"vce vce-separator-container vce-separator--align-left vce-separator--style-solid\" id=\"el-6f9f38d5\" data-vce-do-apply=\"margin el-6f9f38d5\"><div class=\"vce-separator vce-separator--color-b-245-232-81 vce-separator--width-100 vce-separator--thickness-1\" data-vce-do-apply=\"border padding background  el-6f9f38d5\"><\/div><\/div><div class=\"vce-text-block\"><div class=\"vce-text-block-wrapper vce\" id=\"el-5a5e48a5\" data-vce-do-apply=\"all el-5a5e48a5\"><p><span style=\"font-size: 12pt;\"><strong><img loading=\"lazy\" decoding=\"async\" class=\"alignnone wp-image-3380\" src=\"https:\/\/cyclemadrid.com\/wp-content\/uploads\/2021\/04\/iconos-distancia.png\" alt=\"\" width=\"21\" height=\"19\"> Distancia:<\/strong> 80,90 km<\/span><\/p>\n<p><span style=\"font-size: 12pt;\"><strong><img loading=\"lazy\" decoding=\"async\" class=\"alignnone wp-image-3378\" src=\"https:\/\/cyclemadrid.com\/wp-content\/uploads\/2021\/04\/iconos-desnivel-positivo.png\" alt=\"\" width=\"21\" height=\"19\"> Desnivel positivo:<\/strong> 1.481 m<\/span><\/p>\n<p><span style=\"font-size: 12pt;\"><strong><img loading=\"lazy\" decoding=\"async\" class=\"alignnone wp-image-3376\" src=\"https:\/\/cyclemadrid.com\/wp-content\/uploads\/2021\/04\/iconos-desnivel-negativo.png\" alt=\"\" width=\"21\" height=\"19\"> Desnivel negativo:<\/strong> 1.481 m<\/span><\/p>\n<p><span style=\"font-size: 12pt;\"><strong><img loading=\"lazy\" decoding=\"async\" class=\"alignnone wp-image-3383\" src=\"https:\/\/cyclemadrid.com\/wp-content\/uploads\/2021\/04\/iconos-tiempo.png\" alt=\"\" width=\"21\" height=\"19\"> Tiempo:<\/strong>&nbsp; 300 min.<\/span><\/p>\n<p><span style=\"font-size: 12pt;\"><span style=\"font-weight: 400; font-style: normal;\"><strong><img loading=\"lazy\" decoding=\"async\" class=\"alignnone wp-image-3364\" src=\"https:\/\/cyclemadrid.com\/wp-content\/uploads\/2021\/04\/icono-dificultad.png\" alt=\"\" width=\"21\" height=\"19\"> Dificultad:<\/strong><\/span> Dif\u00edcil<\/span><\/p>\n<p><span style=\"font-size: 12pt;\"><span style=\"font-weight: 400; font-style: normal;\"><strong><img loading=\"lazy\" decoding=\"async\" class=\"alignnone wp-image-3372\" src=\"https:\/\/cyclemadrid.com\/wp-content\/uploads\/2021\/04\/iconos-altura-maxima.png\" alt=\"\" width=\"21\" height=\"19\"> Altura m\u00e1xima:<\/strong><\/span> 1.781 m<\/span><\/p>\n<p><span style=\"font-size: 12pt;\"><span style=\"font-weight: 400; font-style: normal;\"><strong><img loading=\"lazy\" decoding=\"async\" class=\"alignnone wp-image-3374\" src=\"https:\/\/cyclemadrid.com\/wp-content\/uploads\/2021\/04\/iconos-altura-minima.png\" alt=\"\" width=\"21\" height=\"19\"> Altura m\u00ednima:<\/strong><\/span> 906 m<\/span><\/p>\n<p><span style=\"font-size: 12pt;\"><span style=\"font-weight: 400; font-style: normal;\"><strong><img loading=\"lazy\" decoding=\"async\" class=\"alignnone wp-image-3370\" src=\"https:\/\/cyclemadrid.com\/wp-content\/uploads\/2021\/04\/icono-ruta-circular.png\" alt=\"\" width=\"21\" height=\"19\"> Ruta circular:<\/strong><\/span> S\u00ed<\/span><\/p>\n<\/div><\/div><div class=\"vce-button--style-basic-container vce-button--style-basic-container--align-left\"><span class=\"vce-button--style-basic-wrapper vce\" id=\"el-ad181e51\" data-vce-do-apply=\"margin el-ad181e51\"><a class=\"vce-button vce-button--style-basic vce-button--style-basic--border-rounded vce-button--style-basic--size-medium vce-button--style-basic--color-b-245-232-81--b-33-33-33\" href=\"https:\/\/cyclemadrid.com\/wp-content\/uploads\/gpx\/puertos-miticos-madrid-canencia-morcuera.gpx.zip\" title=\"\" data-vce-do-apply=\"padding border background  el-ad181e51\">Descargar track<\/a><\/span><\/div><div class=\"vce-google-fonts-heading vce-google-fonts-heading--align-left vce-google-fonts-heading--color-empty--45--5C00FF--FF7200 vce-google-fonts-heading--font-family-Montserrat\"><div id=\"el-483a0d22\" class=\"vce-google-fonts-heading-wrapper\"><div class=\"vce-google-fonts-heading--background vce\" data-vce-do-apply=\"border background  padding margin el-483a0d22\"><h5 class=\"vce-google-fonts-heading-inner\" style=\"line-height: 1.2; font-weight: 600; font-style: normal;\">Compartir<\/h5><\/div><\/div><\/div><div id=\"el-8fea5352\" class=\"\"><div class=\"vce vce-add-to-any-share-buttons\" data-vce-do-apply=\"all el-8fea5352\"><div class=\"addtoany_shortcode\"><div class=\"a2a_kit a2a_kit_size_32 addtoany_list\" data-a2a-url=\"https:\/\/cyclemadrid.com\/es\/rutas\/puertos-miticos-madrid-canencia-morcuera\/\" data-a2a-title=\"Puertos M\u00edticos Madrid (Canencia\/Morcuera)\"><a class=\"a2a_button_facebook\" href=\"https:\/\/www.addtoany.com\/add_to\/facebook?linkurl=https%3A%2F%2Fcyclemadrid.com%2Fes%2Frutas%2Fpuertos-miticos-madrid-canencia-morcuera%2F&amp;linkname=Puertos%20M%C3%ADticos%20Madrid%20%28Canencia%2FMorcuera%29\" title=\"Facebook\" rel=\"nofollow noopener\" target=\"_blank\"><\/a><a class=\"a2a_button_x\" href=\"https:\/\/www.addtoany.com\/add_to\/x?linkurl=https%3A%2F%2Fcyclemadrid.com%2Fes%2Frutas%2Fpuertos-miticos-madrid-canencia-morcuera%2F&amp;linkname=Puertos%20M%C3%ADticos%20Madrid%20%28Canencia%2FMorcuera%29\" title=\"X\" rel=\"nofollow noopener\" target=\"_blank\"><\/a><a class=\"a2a_button_email\" href=\"https:\/\/www.addtoany.com\/add_to\/email?linkurl=https%3A%2F%2Fcyclemadrid.com%2Fes%2Frutas%2Fpuertos-miticos-madrid-canencia-morcuera%2F&amp;linkname=Puertos%20M%C3%ADticos%20Madrid%20%28Canencia%2FMorcuera%29\" title=\"Email\" rel=\"nofollow noopener\" target=\"_blank\"><\/a><a class=\"a2a_dd addtoany_share_save addtoany_share\" href=\"https:\/\/www.addtoany.com\/share\"><\/a><\/div><\/div><\/div><\/div><\/div><\/div><\/div><div class=\"vce-col vce-col--md-75p vce-col--xs-1 vce-col--xs-last vce-col--xs-first vce-col--sm-last vce-col--sm-first vce-col--md-last vce-col--lg-last vce-col--xl-last\" id=\"el-32ca245e\"><div class=\"vce-col-inner\" data-vce-do-apply=\"border margin background  el-32ca245e\"><div class=\"vce-col-content\" data-vce-element-content=\"true\" data-vce-do-apply=\"padding el-32ca245e\"><div class=\"vce-shortcode\"><div class=\"vce-shortcode-wrapper vce\" id=\"el-2ff6e254\" data-vce-do-apply=\"all el-2ff6e254\">\n\n\t\t\t\t<div id=\"map_ol3js_1\" class=\"map undefined\" data-map_name=\"undefined\" data-map=\"map_ol3js_1\" style=\"width:100%; max-width:100%; height:450px; display:block; overflow:hidden;border:thin solid green; background-image: url(https:\/\/cyclemadrid.com\/wp-content\/plugins\/osm\/GDPR_bckgrnd.png); background-repeat: no-repeat; background-position: center; position: relative;\" >\n\t\t\t\t  <div id=\"map_ol3js_1_popup\" class=\"ol-popup\" >\n\t\t\t\t\t<a href=\"#\" id=\"map_ol3js_1_popup-closer\" class=\"ol-popup-closer\"><\/a>\n\t\t\t\t\t<div id=\"map_ol3js_1_popup-content\" ><\/div>\n\t\t\t\t  <\/div>\n\t\t\t\t<\/div>\n\t\t\t\n\n\t\t\t\t<script type=\"text\/javascript\">\n\t\t\t\t\ttranslations['openlayer'] = \"open layer\";\n\t\t\t\t\ttranslations['openlayerAtStartup'] = \"open layer at startup\";\n\t\t\t\t\ttranslations['generateLink'] = \"link to this map with opened layers\";\n\t\t\t\t\ttranslations['shortDescription'] = \"short description\";\n\t\t\t\t\ttranslations['generatedShortCode'] = \"to get a text control link paste this code in your wordpress editor\";\n\t\t\t\t\ttranslations['closeLayer'] = \"close layer\";\n\t\t\t\t\ttranslations['cantGenerateLink'] = \"put this string in the existing map short code to control this map\";\n\t\t\t  <\/script>\n\n\n\t\t\t  <script type=\"text\/javascript\">\n\t\t\t  vectorM['map_ol3js_1'] = [];\n\t        \n        var raster = getTileLayer(\"opentopomap\",\"NoKey\");\t\t\t\n\n\t\t\t  var map_ol3js_1 = new ol.Map({\n\t\t\t\tinteractions: ol.interaction.defaults.defaults({mouseWheelZoom:false}),\n\t\t\t\tlayers: [raster],\n\t\t\t\ttarget: \"map_ol3js_1\",\n\t\t\t\tview: new ol.View({\n\t\t\t\t  center: ol.proj.transform([6.378,58.213], \"EPSG:4326\", \"EPSG:3857\"),\n\t\t\t\t  zoom: 9\n\t\t\t\t})\n\t\t\t  });\n\t\t\t  \n    var style0 = {\n      \"Point\": [new ol.style.Style({\n\n          image: new ol.style.Icon({\n            anchor: [0.5, 41],\n            anchorXUnits: \"fraction\",\n            anchorYUnits: \"pixels\",\n            opacity: 0.75,\n            src: \"https:\/\/cyclemadrid.com\/wp-content\/plugins\/osm\/icons\/mic_green_pinother_02.png\"\n          })\n      })],\n\n      \"LineString\": [new ol.style.Style({\n        stroke: new ol.style.Stroke({\n          color: \"green\",\n          width: 8\n        })\n      })],\n      \"MultiLineString\": [new ol.style.Style({\n        stroke: new ol.style.Stroke({\n          color: \"green\",\n          width: 4\n        })\n      })]\n    };\n\t\t  var vectorL0 = new ol.layer.Vector({\n\t\t\t\tsource: new ol.source.Vector({\n\t\t\t\turl:\"\/wp-content\/uploads\/gpx\/puertos-miticos-madrid-canencia-morcuera.gpx\",\n\t\t\t\tformat: new ol.format.GPX({\n\t\t\t\t\textractStyles: false\n\t\t\t\t})\n\t\t\t}),\n\t\t\tzIndex: 92,\n\t\t\tstyle: function(feature, resolution) {return style0[feature.getGeometry().getType()];}\n\t\t  });\n\t\t  map_ol3js_1.addLayer(vectorL0);\n      var extension1 = ol.extent.createEmpty();\n      var curZoom1 = map_ol3js_1.getView().getZoom();\n\n      map_ol3js_1.getLayers().forEach(function(layer){\n         if(!layer.get(\"id\")) {     \n            layer.once(\"change\", function(e){\n               ol.extent.extend(extension1, (layer.getSource().getExtent()));\n               map_ol3js_1.getView().fit(extension1, {padding: [50, 50, 50, 50]});\n            });\n         }\n      });\n\n    \naddControls2Map(map_ol3js_1,0,0,3,1,5,6,7,0,1);\nosm_addPopupClickhandler(map_ol3js_1,  \"map_ol3js_1\"); \nosm_addMouseHover(map_ol3js_1); <\/script><\/div><\/div><\/div><\/div><\/div><\/div><\/div><\/div><div class=\"vce-row-container\" data-vce-boxed-width=\"true\"><div class=\"vce-row vce-row--col-gap-30 vce-row-equal-height vce-row-content--top\" id=\"el-0f260dc8\" data-vce-do-apply=\"all el-0f260dc8\"><div class=\"vce-content-background-container\"><\/div><div class=\"vce-row-content\" data-vce-element-content=\"true\"><div class=\"vce-col vce-col--md-auto vce-col--xs-1 vce-col--xs-last vce-col--xs-first vce-col--sm-last vce-col--sm-first vce-col--md-last vce-col--lg-last vce-col--xl-last vce-col--md-first vce-col--lg-first vce-col--xl-first\" id=\"el-daa8025a\"><div class=\"vce-col-inner\" data-vce-do-apply=\"border margin background  el-daa8025a\"><div class=\"vce-col-content\" data-vce-element-content=\"true\" data-vce-do-apply=\"padding el-daa8025a\"><div class=\"vce-google-fonts-heading vce-google-fonts-heading--align-left vce-google-fonts-heading--color-empty--45--5C00FF--FF7200 vce-google-fonts-heading--font-family-Montserrat\"><div id=\"el-5fed0a0c\" class=\"vce-google-fonts-heading-wrapper\"><div class=\"vce-google-fonts-heading--background vce\" data-vce-do-apply=\"border background  padding margin el-5fed0a0c\"><h2 class=\"vce-google-fonts-heading-inner\" style=\"line-height: 1.2; font-weight: 600; font-style: normal;\">Im\u00e1genes de la ruta de Puertos M\u00edticos Madrid<\/h2><\/div><\/div><\/div><div class=\"vce vce-separator-container vce-separator--align-left vce-separator--style-solid\" id=\"el-1818bff8\" data-vce-do-apply=\"margin el-1818bff8\"><div class=\"vce-separator vce-separator--color-b-245-232-81 vce-separator--width-8 vce-separator--thickness-5\" data-vce-do-apply=\"border padding background  el-1818bff8\"><\/div><\/div><div class=\"vce-image-gallery vce-image-gallery--gap-10 vce-image-gallery--columns-6\" data-photoswipe-gallery=\"d572534d\"><div class=\"vce-image-gallery-wrapper vce\" id=\"el-d572534d\" data-vce-do-apply=\"all el-d572534d\"><div class=\"vce-image-gallery-list\"><div class=\"vce-image-gallery-item\" data-photoswipe-item=\"photoswipe-d572534d\"><figure class=\"vce-image-gallery-item-inner-wrapper\"><a href=\"https:\/\/cyclemadrid.com\/wp-content\/uploads\/2023\/05\/Puertos_Miticos_Madrid_06.webp\" data-photoswipe-image=\"d572534d\" data-photoswipe-index=\"0\" class=\"vce-image-gallery-item-inner\" data-pswp-uid=\"1\"><img decoding=\"async\" class=\"vce-image-gallery-img\" src=\"https:\/\/cyclemadrid.com\/wp-content\/uploads\/2023\/05\/Puertos_Miticos_Madrid_06-1024x575.webp\" alt=\"\" title=\"Puertos Miticos Madrid 06\"><\/a><\/figure><\/div><div class=\"vce-image-gallery-item\" data-photoswipe-item=\"photoswipe-d572534d\"><figure class=\"vce-image-gallery-item-inner-wrapper\"><a href=\"https:\/\/cyclemadrid.com\/wp-content\/uploads\/2023\/05\/Puertos_Miticos_Madrid_05.webp\" data-photoswipe-image=\"d572534d\" data-photoswipe-index=\"1\" class=\"vce-image-gallery-item-inner\" data-pswp-uid=\"2\"><img decoding=\"async\" class=\"vce-image-gallery-img\" src=\"https:\/\/cyclemadrid.com\/wp-content\/uploads\/2023\/05\/Puertos_Miticos_Madrid_05-1024x575.webp\" alt=\"\" title=\"Puertos Miticos Madrid 05\"><\/a><\/figure><\/div><div class=\"vce-image-gallery-item\" data-photoswipe-item=\"photoswipe-d572534d\"><figure class=\"vce-image-gallery-item-inner-wrapper\"><a href=\"https:\/\/cyclemadrid.com\/wp-content\/uploads\/2023\/05\/Puertos_Miticos_Madrid_04.webp\" data-photoswipe-image=\"d572534d\" data-photoswipe-index=\"2\" class=\"vce-image-gallery-item-inner\" data-pswp-uid=\"3\"><img decoding=\"async\" class=\"vce-image-gallery-img\" src=\"https:\/\/cyclemadrid.com\/wp-content\/uploads\/2023\/05\/Puertos_Miticos_Madrid_04-1024x575.webp\" alt=\"\" title=\"Puertos Miticos Madrid 04\"><\/a><\/figure><\/div><div class=\"vce-image-gallery-item\" data-photoswipe-item=\"photoswipe-d572534d\"><figure class=\"vce-image-gallery-item-inner-wrapper\"><a href=\"https:\/\/cyclemadrid.com\/wp-content\/uploads\/2023\/05\/Puertos_Miticos_Madrid_03.webp\" data-photoswipe-image=\"d572534d\" data-photoswipe-index=\"3\" class=\"vce-image-gallery-item-inner\" data-pswp-uid=\"4\"><img decoding=\"async\" class=\"vce-image-gallery-img\" src=\"https:\/\/cyclemadrid.com\/wp-content\/uploads\/2023\/05\/Puertos_Miticos_Madrid_03-1024x575.webp\" alt=\"\" title=\"Puertos Miticos Madrid 03\"><\/a><\/figure><\/div><div class=\"vce-image-gallery-item\" data-photoswipe-item=\"photoswipe-d572534d\"><figure class=\"vce-image-gallery-item-inner-wrapper\"><a href=\"https:\/\/cyclemadrid.com\/wp-content\/uploads\/2023\/05\/Puertos_Miticos_Madrid_02.webp\" data-photoswipe-image=\"d572534d\" data-photoswipe-index=\"4\" class=\"vce-image-gallery-item-inner\" data-pswp-uid=\"5\"><img decoding=\"async\" class=\"vce-image-gallery-img\" src=\"https:\/\/cyclemadrid.com\/wp-content\/uploads\/2023\/05\/Puertos_Miticos_Madrid_02-1024x575.webp\" alt=\"\" title=\"Puertos Miticos Madrid 02\"><\/a><\/figure><\/div><div class=\"vce-image-gallery-item\" data-photoswipe-item=\"photoswipe-d572534d\"><figure class=\"vce-image-gallery-item-inner-wrapper\"><a href=\"https:\/\/cyclemadrid.com\/wp-content\/uploads\/2023\/05\/Puertos_Miticos_Madrid_01.webp\" data-photoswipe-image=\"d572534d\" data-photoswipe-index=\"5\" class=\"vce-image-gallery-item-inner\" data-pswp-uid=\"6\"><img decoding=\"async\" class=\"vce-image-gallery-img\" src=\"https:\/\/cyclemadrid.com\/wp-content\/uploads\/2023\/05\/Puertos_Miticos_Madrid_01-1024x575.webp\" alt=\"\" title=\"Puertos Miticos Madrid 01\"><\/a><\/figure><\/div><\/div><\/div><\/div><div class=\"vce-text-block\"><div class=\"vce-text-block-wrapper vce\" id=\"el-a51b761f\" data-vce-do-apply=\"all el-a51b761f\"><\/div><\/div><\/div><\/div><\/div><\/div><\/div><\/div><div class=\"vce-row-container\"><div class=\"vce-row vce-element--has-background vce-row--col-gap-30 vce-row-equal-height vce-row-content--top\" data-vce-full-width=\"true\" id=\"el-6f4ec34b\" data-vce-do-apply=\"all el-6f4ec34b\"><div class=\"vce-content-background-container\"><\/div><div class=\"vce-row-content\" data-vce-element-content=\"true\"><div class=\"vce-col vce-col--md-auto vce-col--xs-1 vce-col--xs-last vce-col--xs-first vce-col--sm-last vce-col--sm-first vce-col--md-last vce-col--lg-last vce-col--xl-last vce-col--md-first vce-col--lg-first vce-col--xl-first\" id=\"el-4ee71e84\"><div class=\"vce-col-inner\" data-vce-do-apply=\"border margin background  el-4ee71e84\"><div class=\"vce-col-content\" data-vce-element-content=\"true\" data-vce-do-apply=\"padding el-4ee71e84\"><div class=\"vce-google-fonts-heading vce-google-fonts-heading--align-left vce-google-fonts-heading--color-empty--45--5C00FF--FF7200 vce-google-fonts-heading--font-family-Montserrat\"><div id=\"el-8abb4a64\" class=\"vce-google-fonts-heading-wrapper\"><div class=\"vce-google-fonts-heading--background vce\" data-vce-do-apply=\"border background  padding margin el-8abb4a64\"><h2 class=\"vce-google-fonts-heading-inner\" style=\"line-height: 1.2; font-weight: 600; font-style: normal;\">Servicios de cicloturismo<\/h2><\/div><\/div><\/div><div class=\"vce vce-separator-container vce-separator--align-left vce-separator--style-solid\" id=\"el-6d8503e9\" data-vce-do-apply=\"margin el-6d8503e9\"><div class=\"vce-separator vce-separator--color-bfc0c1 vce-separator--width-100 vce-separator--thickness-1\" data-vce-do-apply=\"border padding background  el-6d8503e9\"><\/div><\/div><div class=\"vce-posts-grid-container view-custom-carrousel\" style=\"--gapPx: 10px; --columns: 6; --paginationColor: #EEE; --paginationActiveColor: #557CBF; --paginationTextColor: #3d3d3d; --paginationActiveTextColor: #FFF; --paginationHoverColor: #e2e2e2; --paginationActiveHoverColor: #5176b5;\"><div class=\"vce vce-posts-grid-wrapper\" id=\"el-1d9a63f8\" data-vce-do-apply=\"all el-1d9a63f8\"><div class=\"vce-posts-grid-list\"><article class=\"vce-posts-grid-item\"><div class=\"vce-post-description vce-post-description--full vce-post-description--animation\"><a href=\"https:\/\/cyclemadrid.com\/es\/entidad\/solar-cycle\/\" class=\"vce-post-description-link\" aria-label=\"Solar Cycle\"><\/a><div class=\"vce-post-description--background-wrapper-box\">\n    <div class=\"vce-post-description--background-wrapper\">\n        <div class=\"vce-post-description--background\" style=\"background-image: url(https:\/\/cyclemadrid.com\/wp-content\/uploads\/2023\/11\/Solar-Cycle-2.jpg);\"><\/div>\n    <\/div>\n<\/div>\n<div class=\"vce-post-description--content vce-post-description-content--has-title\">\n    <div class=\"vce-post-description--title\">\n    <h3>\n        <a href=\"https:\/\/cyclemadrid.com\/es\/entidad\/solar-cycle\/\">Solar Cycle<\/a>\n    <\/h3>\n<\/div>\n    <\/div>\n<\/div><\/article><article class=\"vce-posts-grid-item\"><div class=\"vce-post-description vce-post-description--full vce-post-description--animation\"><a href=\"https:\/\/cyclemadrid.com\/es\/entidad\/bici-rana\/\" class=\"vce-post-description-link\" aria-label=\"Bici Rana\"><\/a><div class=\"vce-post-description--background-wrapper-box\">\n    <div class=\"vce-post-description--background-wrapper\">\n        <div class=\"vce-post-description--background\" style=\"background-image: url(https:\/\/cyclemadrid.com\/wp-content\/uploads\/2023\/09\/IMG_20230510_115624_009-01.jpeg);\"><\/div>\n    <\/div>\n<\/div>\n<div class=\"vce-post-description--content vce-post-description-content--has-title\">\n    <div class=\"vce-post-description--title\">\n    <h3>\n        <a href=\"https:\/\/cyclemadrid.com\/es\/entidad\/bici-rana\/\">Bici Rana<\/a>\n    <\/h3>\n<\/div>\n    <\/div>\n<\/div><\/article><article class=\"vce-posts-grid-item\"><div class=\"vce-post-description vce-post-description--full vce-post-description--animation\"><a href=\"https:\/\/cyclemadrid.com\/es\/entidad\/sierra-norte-de-madrid-centro-de-innovacion-turistica-villa-san-roque\/\" class=\"vce-post-description-link\" aria-label=\"SIERRA NORTE DE MADRID. Centro de Innovaci\u00f3n Tur\u00edstica Villa San Roque\"><\/a><div class=\"vce-post-description--background-wrapper-box\">\n    <div class=\"vce-post-description--background-wrapper\">\n        <div class=\"vce-post-description--background\" style=\"background-image: url(https:\/\/cyclemadrid.com\/wp-content\/uploads\/2020\/11\/P1080392_cedida-por-SNorte.jpg);\"><\/div>\n    <\/div>\n<\/div>\n<div class=\"vce-post-description--content vce-post-description-content--has-title\">\n    <div class=\"vce-post-description--title\">\n    <h3>\n        <a href=\"https:\/\/cyclemadrid.com\/es\/entidad\/sierra-norte-de-madrid-centro-de-innovacion-turistica-villa-san-roque\/\">SIERRA NORTE DE MADRID. Centro de Innovaci\u00f3n Tur\u00edstica Villa San Roque<\/a>\n    <\/h3>\n<\/div>\n    <\/div>\n<\/div><\/article><article class=\"vce-posts-grid-item\"><div class=\"vce-post-description vce-post-description--full vce-post-description--animation\"><a href=\"https:\/\/cyclemadrid.com\/es\/entidad\/rent-roll-madrid\/\" class=\"vce-post-description-link\" aria-label=\"Rent & Roll Madrid\"><\/a><div class=\"vce-post-description--background-wrapper-box\">\n    <div class=\"vce-post-description--background-wrapper\">\n        <div class=\"vce-post-description--background\" style=\"background-image: url(https:\/\/cyclemadrid.com\/wp-content\/uploads\/2020\/11\/local.jpg);\"><\/div>\n    <\/div>\n<\/div>\n<div class=\"vce-post-description--content vce-post-description-content--has-title\">\n    <div class=\"vce-post-description--title\">\n    <h3>\n        <a href=\"https:\/\/cyclemadrid.com\/es\/entidad\/rent-roll-madrid\/\">Rent & Roll Madrid<\/a>\n    <\/h3>\n<\/div>\n    <\/div>\n<\/div><\/article><article class=\"vce-posts-grid-item\"><div class=\"vce-post-description vce-post-description--full vce-post-description--animation\"><a href=\"https:\/\/cyclemadrid.com\/es\/entidad\/jarama-animacion\/\" class=\"vce-post-description-link\" aria-label=\"Jarama Animaci\u00f3n\"><\/a><div class=\"vce-post-description--background-wrapper-box\">\n    <div class=\"vce-post-description--background-wrapper\">\n        <div class=\"vce-post-description--background\" style=\"background-image: url(https:\/\/cyclemadrid.com\/wp-content\/uploads\/2020\/03\/jarama-animacion.jpg);\"><\/div>\n    <\/div>\n<\/div>\n<div class=\"vce-post-description--content vce-post-description-content--has-title\">\n    <div class=\"vce-post-description--title\">\n    <h3>\n        <a href=\"https:\/\/cyclemadrid.com\/es\/entidad\/jarama-animacion\/\">Jarama Animaci\u00f3n<\/a>\n    <\/h3>\n<\/div>\n    <\/div>\n<\/div><\/article><article class=\"vce-posts-grid-item\"><div class=\"vce-post-description vce-post-description--full vce-post-description--animation\"><a href=\"https:\/\/cyclemadrid.com\/es\/entidad\/meridiano-raid\/\" class=\"vce-post-description-link\" aria-label=\"Meridiano Raid\"><\/a><div class=\"vce-post-description--background-wrapper-box\">\n    <div class=\"vce-post-description--background-wrapper\">\n        <div class=\"vce-post-description--background\" style=\"background-image: url(https:\/\/cyclemadrid.com\/wp-content\/uploads\/2020\/03\/MERIADIANO-RAID.jpg);\"><\/div>\n    <\/div>\n<\/div>\n<div class=\"vce-post-description--content vce-post-description-content--has-title\">\n    <div class=\"vce-post-description--title\">\n    <h3>\n        <a href=\"https:\/\/cyclemadrid.com\/es\/entidad\/meridiano-raid\/\">Meridiano Raid<\/a>\n    <\/h3>\n<\/div>\n    <\/div>\n<\/div><\/article><\/div><\/div><\/div><\/div><\/div><\/div><\/div><\/div><\/div><div class=\"vce-row-container\"><div class=\"vce-row vce-element--has-background vce-row--col-gap-30 vce-row-equal-height vce-row-content--top\" data-vce-full-width=\"true\" id=\"el-c88f610d\" data-vce-do-apply=\"all el-c88f610d\"><div class=\"vce-content-background-container\"><\/div><div class=\"vce-row-content\" data-vce-element-content=\"true\"><div class=\"vce-col vce-col--md-auto vce-col--xs-1 vce-col--xs-last vce-col--xs-first vce-col--sm-last vce-col--sm-first vce-col--md-last vce-col--lg-last vce-col--xl-last vce-col--md-first vce-col--lg-first vce-col--xl-first\" id=\"el-78922121\"><div class=\"vce-col-inner\" data-vce-do-apply=\"border margin background  el-78922121\"><div class=\"vce-col-content\" data-vce-element-content=\"true\" data-vce-do-apply=\"padding el-78922121\"><div class=\"vce-google-fonts-heading vce-google-fonts-heading--align-left vce-google-fonts-heading--color-empty--45--5C00FF--FF7200 vce-google-fonts-heading--font-family-Montserrat\"><div id=\"el-6a7e1861\" class=\"vce-google-fonts-heading-wrapper\"><div class=\"vce-google-fonts-heading--background vce\" data-vce-do-apply=\"border background  padding margin el-6a7e1861\"><h2 class=\"vce-google-fonts-heading-inner\" style=\"line-height: 1.2; font-weight: 600; font-style: normal;\">D\u00f3nde comer<\/h2><\/div><\/div><\/div><div class=\"vce vce-separator-container vce-separator--align-left vce-separator--style-solid\" id=\"el-41b81e93\" data-vce-do-apply=\"margin el-41b81e93\"><div class=\"vce-separator vce-separator--color-bfc0c1 vce-separator--width-100 vce-separator--thickness-1\" data-vce-do-apply=\"border padding background  el-41b81e93\"><\/div><\/div><div class=\"vce-posts-grid-container view-custom-carrousel\" style=\"--gapPx: 10px; --columns: 6; --paginationColor: #EEE; --paginationActiveColor: #557CBF; --paginationTextColor: #3d3d3d; --paginationActiveTextColor: #FFF; --paginationHoverColor: #e2e2e2; --paginationActiveHoverColor: #5176b5;\"><div class=\"vce vce-posts-grid-wrapper\" id=\"el-3ccc5fb9\" data-vce-do-apply=\"all el-3ccc5fb9\"><div class=\"vce-posts-grid-list\"><article class=\"vce-posts-grid-item\"><div class=\"vce-post-description vce-post-description--full vce-post-description--animation\"><a href=\"https:\/\/cyclemadrid.com\/es\/entidad\/ciclo-lodge-el-nevero\/\" class=\"vce-post-description-link\" aria-label=\"Ciclo Lodge- El Nevero\"><\/a><div class=\"vce-post-description--background-wrapper-box\">\n    <div class=\"vce-post-description--background-wrapper\">\n        <div class=\"vce-post-description--background\" style=\"background-image: url(https:\/\/cyclemadrid.com\/wp-content\/uploads\/2020\/01\/Fachada-Exterior-1.jpg);\"><\/div>\n    <\/div>\n<\/div>\n<div class=\"vce-post-description--content vce-post-description-content--has-title\">\n    <div class=\"vce-post-description--title\">\n    <h3>\n        <a href=\"https:\/\/cyclemadrid.com\/es\/entidad\/ciclo-lodge-el-nevero\/\">Ciclo Lodge- El Nevero<\/a>\n    <\/h3>\n<\/div>\n    <\/div>\n<\/div><\/article><article class=\"vce-posts-grid-item\"><div class=\"vce-post-description vce-post-description--full vce-post-description--animation\"><a href=\"https:\/\/cyclemadrid.com\/es\/entidad\/hotel-hacienda-la-coracera\/\" class=\"vce-post-description-link\" aria-label=\"Hotel Hacienda la Coracera\"><\/a><div class=\"vce-post-description--background-wrapper-box\">\n    <div class=\"vce-post-description--background-wrapper\">\n        <div class=\"vce-post-description--background\" style=\"background-image: url(https:\/\/cyclemadrid.com\/wp-content\/uploads\/2020\/03\/ciclistas-coracera_opt.jpg);\"><\/div>\n    <\/div>\n<\/div>\n<div class=\"vce-post-description--content vce-post-description-content--has-title\">\n    <div class=\"vce-post-description--title\">\n    <h3>\n        <a href=\"https:\/\/cyclemadrid.com\/es\/entidad\/hotel-hacienda-la-coracera\/\">Hotel Hacienda la Coracera<\/a>\n    <\/h3>\n<\/div>\n    <\/div>\n<\/div><\/article><article class=\"vce-posts-grid-item\"><div class=\"vce-post-description vce-post-description--full vce-post-description--animation\"><a href=\"https:\/\/cyclemadrid.com\/es\/entidad\/1248\/\" class=\"vce-post-description-link\" aria-label=\"Monte Holiday Ecoturismo\"><\/a><div class=\"vce-post-description--background-wrapper-box\">\n    <div class=\"vce-post-description--background-wrapper\">\n        <div class=\"vce-post-description--background\" style=\"background-image: url(https:\/\/cyclemadrid.com\/wp-content\/uploads\/2020\/04\/cabanas-en-arboles-5.jpg);\"><\/div>\n    <\/div>\n<\/div>\n<div class=\"vce-post-description--content vce-post-description-content--has-title\">\n    <div class=\"vce-post-description--title\">\n    <h3>\n        <a href=\"https:\/\/cyclemadrid.com\/es\/entidad\/1248\/\">Monte Holiday Ecoturismo<\/a>\n    <\/h3>\n<\/div>\n    <\/div>\n<\/div><\/article><article class=\"vce-posts-grid-item\"><div class=\"vce-post-description vce-post-description--full vce-post-description--animation\"><a href=\"https:\/\/cyclemadrid.com\/es\/entidad\/casa-rural-vega-del-tielmes\/\" class=\"vce-post-description-link\" aria-label=\"Casa Rural Vega de Tielmes\"><\/a><div class=\"vce-post-description--background-wrapper-box\">\n    <div class=\"vce-post-description--background-wrapper\">\n        <div class=\"vce-post-description--background\" style=\"background-image: url(https:\/\/cyclemadrid.com\/wp-content\/uploads\/2020\/03\/Captura-de-pantalla-2020-03-24-a-las-11.16.55.png);\"><\/div>\n    <\/div>\n<\/div>\n<div class=\"vce-post-description--content vce-post-description-content--has-title\">\n    <div class=\"vce-post-description--title\">\n    <h3>\n        <a href=\"https:\/\/cyclemadrid.com\/es\/entidad\/casa-rural-vega-del-tielmes\/\">Casa Rural Vega de Tielmes<\/a>\n    <\/h3>\n<\/div>\n    <\/div>\n<\/div><\/article><\/div><\/div><\/div><\/div><\/div><\/div><\/div><\/div><\/div><div class=\"vce-row-container\"><div class=\"vce-row vce-element--has-background vce-row--col-gap-30 vce-row-equal-height vce-row-content--top\" data-vce-full-width=\"true\" id=\"el-1d83c8e5\" data-vce-do-apply=\"all el-1d83c8e5\"><div class=\"vce-content-background-container\"><\/div><div class=\"vce-row-content\" data-vce-element-content=\"true\"><div class=\"vce-col vce-col--md-auto vce-col--xs-1 vce-col--xs-last vce-col--xs-first vce-col--sm-last vce-col--sm-first vce-col--md-last vce-col--lg-last vce-col--xl-last vce-col--md-first vce-col--lg-first vce-col--xl-first\" id=\"el-0cbc41ea\"><div class=\"vce-col-inner\" data-vce-do-apply=\"border margin background  el-0cbc41ea\"><div class=\"vce-col-content\" data-vce-element-content=\"true\" data-vce-do-apply=\"padding el-0cbc41ea\"><div class=\"vce-google-fonts-heading vce-google-fonts-heading--align-left vce-google-fonts-heading--color-empty--45--5C00FF--FF7200 vce-google-fonts-heading--font-family-Montserrat\"><div id=\"el-96181374\" class=\"vce-google-fonts-heading-wrapper\"><div class=\"vce-google-fonts-heading--background vce\" data-vce-do-apply=\"border background  padding margin el-96181374\"><h2 class=\"vce-google-fonts-heading-inner\" style=\"line-height: 1.2; font-weight: 600; font-style: normal;\">D\u00f3nde dormir<\/h2><\/div><\/div><\/div><div class=\"vce vce-separator-container vce-separator--align-left vce-separator--style-solid\" id=\"el-4541b901\" data-vce-do-apply=\"margin el-4541b901\"><div class=\"vce-separator vce-separator--color-bfc0c1 vce-separator--width-100 vce-separator--thickness-1\" data-vce-do-apply=\"border padding background  el-4541b901\"><\/div><\/div><div class=\"vce-posts-grid-container view-custom-carrousel\" style=\"--gapPx: 10px; --columns: 6; --paginationColor: #EEE; --paginationActiveColor: #557CBF; --paginationTextColor: #3d3d3d; --paginationActiveTextColor: #FFF; --paginationHoverColor: #e2e2e2; --paginationActiveHoverColor: #5176b5;\"><div class=\"vce vce-posts-grid-wrapper\" id=\"el-3555e693\" data-vce-do-apply=\"all el-3555e693\"><div class=\"vce-posts-grid-list\"><article class=\"vce-posts-grid-item\"><div class=\"vce-post-description vce-post-description--full vce-post-description--animation\"><a href=\"https:\/\/cyclemadrid.com\/es\/entidad\/hotel-el-corzo\/\" class=\"vce-post-description-link\" aria-label=\"Hotel El Corzo\"><\/a><div class=\"vce-post-description--background-wrapper-box\">\n    <div class=\"vce-post-description--background-wrapper\">\n        <div class=\"vce-post-description--background\" style=\"background-image: url(https:\/\/cyclemadrid.com\/wp-content\/uploads\/2020\/03\/Captura-de-pantalla-2020-03-23-a-las-12.14.05.png);\"><\/div>\n    <\/div>\n<\/div>\n<div class=\"vce-post-description--content vce-post-description-content--has-title\">\n    <div class=\"vce-post-description--title\">\n    <h3>\n        <a href=\"https:\/\/cyclemadrid.com\/es\/entidad\/hotel-el-corzo\/\">Hotel El Corzo<\/a>\n    <\/h3>\n<\/div>\n    <\/div>\n<\/div><\/article><article class=\"vce-posts-grid-item\"><div class=\"vce-post-description vce-post-description--full vce-post-description--animation\"><a href=\"https:\/\/cyclemadrid.com\/es\/entidad\/casas-rurales-el-bulin\/\" class=\"vce-post-description-link\" aria-label=\"Casas rurales El Bul\u00edn\"><\/a><div class=\"vce-post-description--background-wrapper-box\">\n    <div class=\"vce-post-description--background-wrapper\">\n        <div class=\"vce-post-description--background\" style=\"background-image: url(https:\/\/cyclemadrid.com\/wp-content\/uploads\/2021\/03\/casa-rural-cubillo-casa-mirador_exterior_2.jpg);\"><\/div>\n    <\/div>\n<\/div>\n<div class=\"vce-post-description--content vce-post-description-content--has-title\">\n    <div class=\"vce-post-description--title\">\n    <h3>\n        <a href=\"https:\/\/cyclemadrid.com\/es\/entidad\/casas-rurales-el-bulin\/\">Casas rurales El Bul\u00edn<\/a>\n    <\/h3>\n<\/div>\n    <\/div>\n<\/div><\/article><article class=\"vce-posts-grid-item\"><div class=\"vce-post-description vce-post-description--full vce-post-description--animation\"><a href=\"https:\/\/cyclemadrid.com\/es\/entidad\/hotel-hacienda-la-coracera\/\" class=\"vce-post-description-link\" aria-label=\"Hotel Hacienda la Coracera\"><\/a><div class=\"vce-post-description--background-wrapper-box\">\n    <div class=\"vce-post-description--background-wrapper\">\n        <div class=\"vce-post-description--background\" style=\"background-image: url(https:\/\/cyclemadrid.com\/wp-content\/uploads\/2020\/03\/ciclistas-coracera_opt.jpg);\"><\/div>\n    <\/div>\n<\/div>\n<div class=\"vce-post-description--content vce-post-description-content--has-title\">\n    <div class=\"vce-post-description--title\">\n    <h3>\n        <a href=\"https:\/\/cyclemadrid.com\/es\/entidad\/hotel-hacienda-la-coracera\/\">Hotel Hacienda la Coracera<\/a>\n    <\/h3>\n<\/div>\n    <\/div>\n<\/div><\/article><article class=\"vce-posts-grid-item\"><div class=\"vce-post-description vce-post-description--full vce-post-description--animation\"><a href=\"https:\/\/cyclemadrid.com\/es\/entidad\/alojamientos-estrella-rural\/\" class=\"vce-post-description-link\" aria-label=\"Alojamientos Estrella Rural\"><\/a><div class=\"vce-post-description--background-wrapper-box\">\n    <div class=\"vce-post-description--background-wrapper\">\n        <div class=\"vce-post-description--background\" style=\"background-image: url(https:\/\/cyclemadrid.com\/wp-content\/uploads\/2020\/03\/estrella-rurla-2.png);\"><\/div>\n    <\/div>\n<\/div>\n<div class=\"vce-post-description--content vce-post-description-content--has-title\">\n    <div class=\"vce-post-description--title\">\n    <h3>\n        <a href=\"https:\/\/cyclemadrid.com\/es\/entidad\/alojamientos-estrella-rural\/\">Alojamientos Estrella Rural<\/a>\n    <\/h3>\n<\/div>\n    <\/div>\n<\/div><\/article><article class=\"vce-posts-grid-item\"><div class=\"vce-post-description vce-post-description--full vce-post-description--animation\"><a href=\"https:\/\/cyclemadrid.com\/es\/entidad\/ciclo-lodge-el-nevero\/\" class=\"vce-post-description-link\" aria-label=\"Ciclo Lodge- El Nevero\"><\/a><div class=\"vce-post-description--background-wrapper-box\">\n    <div class=\"vce-post-description--background-wrapper\">\n        <div class=\"vce-post-description--background\" style=\"background-image: url(https:\/\/cyclemadrid.com\/wp-content\/uploads\/2020\/01\/Fachada-Exterior-1.jpg);\"><\/div>\n    <\/div>\n<\/div>\n<div class=\"vce-post-description--content vce-post-description-content--has-title\">\n    <div class=\"vce-post-description--title\">\n    <h3>\n        <a href=\"https:\/\/cyclemadrid.com\/es\/entidad\/ciclo-lodge-el-nevero\/\">Ciclo Lodge- El Nevero<\/a>\n    <\/h3>\n<\/div>\n    <\/div>\n<\/div><\/article><article class=\"vce-posts-grid-item\"><div class=\"vce-post-description vce-post-description--full vce-post-description--animation\"><a href=\"https:\/\/cyclemadrid.com\/es\/entidad\/asdon-multiaventura\/\" class=\"vce-post-description-link\" aria-label=\"Asd\u00f3n Multiaventura\"><\/a><div class=\"vce-post-description--background-wrapper-box\">\n    <div class=\"vce-post-description--background-wrapper\">\n        <div class=\"vce-post-description--background\" style=\"background-image: url(https:\/\/cyclemadrid.com\/wp-content\/uploads\/2020\/03\/rutas-btt-sierra-madrid-niveles-asdon-aventura.jpg);\"><\/div>\n    <\/div>\n<\/div>\n<div class=\"vce-post-description--content vce-post-description-content--has-title\">\n    <div class=\"vce-post-description--title\">\n    <h3>\n        <a href=\"https:\/\/cyclemadrid.com\/es\/entidad\/asdon-multiaventura\/\">Asd\u00f3n Multiaventura<\/a>\n    <\/h3>\n<\/div>\n    <\/div>\n<\/div><\/article><article class=\"vce-posts-grid-item\"><div class=\"vce-post-description vce-post-description--full vce-post-description--animation\"><a href=\"https:\/\/cyclemadrid.com\/es\/entidad\/central-de-reservas-sierra-de-guadarrama\/\" class=\"vce-post-description-link\" aria-label=\"Central de reservas Sierra de Guadarrama\"><\/a><div class=\"vce-post-description--background-wrapper-box\">\n    <div class=\"vce-post-description--background-wrapper\">\n        <div class=\"vce-post-description--background\" style=\"background-image: url(https:\/\/cyclemadrid.com\/wp-content\/uploads\/2020\/03\/CYCLA16.jpg);\"><\/div>\n    <\/div>\n<\/div>\n<div class=\"vce-post-description--content vce-post-description-content--has-title\">\n    <div class=\"vce-post-description--title\">\n    <h3>\n        <a href=\"https:\/\/cyclemadrid.com\/es\/entidad\/central-de-reservas-sierra-de-guadarrama\/\">Central de reservas Sierra de Guadarrama<\/a>\n    <\/h3>\n<\/div>\n    <\/div>\n<\/div><\/article><article class=\"vce-posts-grid-item\"><div class=\"vce-post-description vce-post-description--full vce-post-description--animation\"><a href=\"https:\/\/cyclemadrid.com\/es\/entidad\/1248\/\" class=\"vce-post-description-link\" aria-label=\"Monte Holiday Ecoturismo\"><\/a><div class=\"vce-post-description--background-wrapper-box\">\n    <div class=\"vce-post-description--background-wrapper\">\n        <div class=\"vce-post-description--background\" style=\"background-image: url(https:\/\/cyclemadrid.com\/wp-content\/uploads\/2020\/04\/cabanas-en-arboles-5.jpg);\"><\/div>\n    <\/div>\n<\/div>\n<div class=\"vce-post-description--content vce-post-description-content--has-title\">\n    <div class=\"vce-post-description--title\">\n    <h3>\n        <a href=\"https:\/\/cyclemadrid.com\/es\/entidad\/1248\/\">Monte Holiday Ecoturismo<\/a>\n    <\/h3>\n<\/div>\n    <\/div>\n<\/div><\/article><article class=\"vce-posts-grid-item\"><div class=\"vce-post-description vce-post-description--full vce-post-description--animation\"><a href=\"https:\/\/cyclemadrid.com\/es\/entidad\/casa-rural-la-tinaja\/\" class=\"vce-post-description-link\" aria-label=\"Casa Rural Los Tinajones\"><\/a><div class=\"vce-post-description--background-wrapper-box\">\n    <div class=\"vce-post-description--background-wrapper\">\n        <div class=\"vce-post-description--background\" style=\"background-image: url(https:\/\/cyclemadrid.com\/wp-content\/uploads\/2020\/03\/Los-tinajones-7.jpg);\"><\/div>\n    <\/div>\n<\/div>\n<div class=\"vce-post-description--content vce-post-description-content--has-title\">\n    <div class=\"vce-post-description--title\">\n    <h3>\n        <a href=\"https:\/\/cyclemadrid.com\/es\/entidad\/casa-rural-la-tinaja\/\">Casa Rural Los Tinajones<\/a>\n    <\/h3>\n<\/div>\n    <\/div>\n<\/div><\/article><article class=\"vce-posts-grid-item\"><div class=\"vce-post-description vce-post-description--full vce-post-description--animation\"><a href=\"https:\/\/cyclemadrid.com\/es\/entidad\/casa-rural-vega-del-tielmes\/\" class=\"vce-post-description-link\" aria-label=\"Casa Rural Vega de Tielmes\"><\/a><div class=\"vce-post-description--background-wrapper-box\">\n    <div class=\"vce-post-description--background-wrapper\">\n        <div class=\"vce-post-description--background\" style=\"background-image: url(https:\/\/cyclemadrid.com\/wp-content\/uploads\/2020\/03\/Captura-de-pantalla-2020-03-24-a-las-11.16.55.png);\"><\/div>\n    <\/div>\n<\/div>\n<div class=\"vce-post-description--content vce-post-description-content--has-title\">\n    <div class=\"vce-post-description--title\">\n    <h3>\n        <a href=\"https:\/\/cyclemadrid.com\/es\/entidad\/casa-rural-vega-del-tielmes\/\">Casa Rural Vega de Tielmes<\/a>\n    <\/h3>\n<\/div>\n    <\/div>\n<\/div><\/article><\/div><\/div><\/div><\/div><\/div><\/div><\/div><\/div><\/div><div class=\"vce-row-container\" data-vce-boxed-width=\"true\"><div class=\"vce-row vce-row--col-gap-30 vce-row-equal-height vce-row-content--top\" id=\"el-6f390848\" data-vce-do-apply=\"all el-6f390848\"><div class=\"vce-content-background-container\"><\/div><div class=\"vce-row-content\" data-vce-element-content=\"true\"><div class=\"vce-col vce-col--md-auto vce-col--xs-1 vce-col--xs-last vce-col--xs-first vce-col--sm-last vce-col--sm-first vce-col--md-last vce-col--lg-last vce-col--xl-last vce-col--md-first vce-col--lg-first vce-col--xl-first\" id=\"el-14e3d8ec\"><div class=\"vce-col-inner\" data-vce-do-apply=\"border margin background  el-14e3d8ec\"><div class=\"vce-col-content\" data-vce-element-content=\"true\" data-vce-do-apply=\"padding el-14e3d8ec\"><div class=\"vce-google-fonts-heading vce-google-fonts-heading--align-left vce-google-fonts-heading--color-empty--45--5C00FF--FF7200 vce-google-fonts-heading--font-family-Montserrat\"><div id=\"el-2f36b10d\" class=\"vce-google-fonts-heading-wrapper\"><div class=\"vce-google-fonts-heading--background vce\" data-vce-do-apply=\"border background  padding margin el-2f36b10d\"><h2 class=\"vce-google-fonts-heading-inner\" style=\"line-height: 0; font-weight: 600; font-style: normal;\">Otras Rutas<\/h2><\/div><\/div><\/div><div class=\"vce vce-separator-container vce-separator--align-left vce-separator--style-solid\" id=\"el-e299c67c\" data-vce-do-apply=\"margin el-e299c67c\"><div class=\"vce-separator vce-separator--color-bfc0c1 vce-separator--width-100 vce-separator--thickness-1\" data-vce-do-apply=\"border padding background  el-e299c67c\"><\/div><\/div><\/div><\/div><\/div><\/div><\/div><\/div><div class=\"vce-row-container\" data-vce-boxed-width=\"true\"><div class=\"vce-row vce-row--col-gap-30 vce-row-equal-height vce-row-content--top\" id=\"el-347c7413\" data-vce-do-apply=\"all el-347c7413\"><div class=\"vce-row-content\" data-vce-element-content=\"true\"><div class=\"vce-col vce-col--md-auto vce-col--xs-1 vce-col--xs-last vce-col--xs-first vce-col--sm-last vce-col--sm-first vce-col--md-last vce-col--lg-last vce-col--xl-last vce-col--md-first vce-col--lg-first vce-col--xl-first\" id=\"el-371dbe5f\"><div class=\"vce-col-inner\" data-vce-do-apply=\"border margin background  el-371dbe5f\"><div class=\"vce-col-content\" data-vce-element-content=\"true\" data-vce-do-apply=\"padding el-371dbe5f\"><div class=\"vce-posts-grid-container view-custom-carrousel carrusel-no-excerpt\" style=\"--gapPx: 10px; --columns: 6; --paginationColor: #EEE; --paginationActiveColor: #557CBF; --paginationTextColor: #3d3d3d; --paginationActiveTextColor: #FFF; --paginationHoverColor: #e2e2e2; --paginationActiveHoverColor: #5176b5;\"><div class=\"vce vce-posts-grid-wrapper\" id=\"el-ad5f2bfb\" data-vce-do-apply=\"all el-ad5f2bfb\"><div class=\"vce-posts-grid-list\"><article class=\"vce-posts-grid-item\"><div class=\"vce-post-description vce-post-description--full vce-post-description--animation\"><a href=\"https:\/\/cyclemadrid.com\/es\/rutas\/via-verde-del-tajuna\/\" class=\"vce-post-description-link\" aria-label=\"Via Verde del Taju\u00f1a\"><\/a><div class=\"vce-post-description--background-wrapper-box\">\n    <div class=\"vce-post-description--background-wrapper\">\n        <div class=\"vce-post-description--background\" style=\"background-image: url(https:\/\/cyclemadrid.com\/wp-content\/uploads\/2025\/09\/Via-verde-del-tajuna-imagen-tunel.jpg);\"><\/div>\n    <\/div>\n<\/div>\n<div class=\"vce-post-description--content vce-post-description-content--has-title vce-post-description-content--has-excerpt\">\n    <div class=\"vce-post-description--title\">\n    <h3>\n        <a href=\"https:\/\/cyclemadrid.com\/es\/rutas\/via-verde-del-tajuna\/\">Via Verde del Taju\u00f1a<\/a>\n    <\/h3>\n<\/div>\n    <div class=\"vce-post-description--excerpt\"><p>Ruta en bicicleta de la V\u00eda verde del Taju\u00f1aA Arganda del Rey puedes llegar perfectamente en Metro desde la ciudad de Madrid (l\u00ednea 9).Para abandonar el casco urbano, la V\u00eda Verde discurre por el l\u00edmite entre la zona industrial de Arganda y unas suaves laderas donde apenas quedan rastros de alg\u00fan olivo. La ruta cruza&hellip;<\/p>\n<\/div>\n<\/div>\n<\/div><\/article><article class=\"vce-posts-grid-item\"><div class=\"vce-post-description vce-post-description--full vce-post-description--animation\"><a href=\"https:\/\/cyclemadrid.com\/es\/rutas\/ruta-en-bicicleta-de-torrelaguna-torremocha-presa-de-el-atazar\/\" class=\"vce-post-description-link\" aria-label=\"Ruta en bicicleta de Torrelaguna-Torremocha-Presa de El Atazar\"><\/a><div class=\"vce-post-description--background-wrapper-box\">\n    <div class=\"vce-post-description--background-wrapper\">\n        <div class=\"vce-post-description--background\" style=\"background-image: url(https:\/\/cyclemadrid.com\/wp-content\/uploads\/2025\/08\/Ruta_Ponton-de-La-Oliva-2.jpg);\"><\/div>\n    <\/div>\n<\/div>\n<div class=\"vce-post-description--content vce-post-description-content--has-title vce-post-description-content--has-excerpt\">\n    <div class=\"vce-post-description--title\">\n    <h3>\n        <a href=\"https:\/\/cyclemadrid.com\/es\/rutas\/ruta-en-bicicleta-de-torrelaguna-torremocha-presa-de-el-atazar\/\">Ruta en bicicleta de Torrelaguna-Torremocha-Presa de El Atazar<\/a>\n    <\/h3>\n<\/div>\n    <div class=\"vce-post-description--excerpt\"><p>Ruta en bicicleta Torrelaguna &#8211; Torremocha &#8211; Presa de El AtazarMIRAFLORES A TORRELAGUNADescubre la ruta de Torrelaguna a la Presa de El Atazar, un recorrido ideal para senderismo y naturaleza en la Comunidad de Madrid.A Torrelaguna puedes llegar en transporte p\u00fablico desde la ciudad de Madrid, a trav\u00e9s de la l\u00ednea interurbana de autob\u00fas o&hellip;<\/p>\n<\/div>\n<\/div>\n<\/div><\/article><article class=\"vce-posts-grid-item\"><div class=\"vce-post-description vce-post-description--full vce-post-description--animation\"><a href=\"https:\/\/cyclemadrid.com\/es\/rutas\/ruta-en-bicicleta-de-loeches-a-pozuelo-del-rey\/\" class=\"vce-post-description-link\" aria-label=\"Ruta en bicicleta de Loeches a Pozuelo del Rey\"><\/a><div class=\"vce-post-description--background-wrapper-box\">\n    <div class=\"vce-post-description--background-wrapper\">\n        <div class=\"vce-post-description--background\" style=\"background-image: url(https:\/\/cyclemadrid.com\/wp-content\/uploads\/2023\/07\/ayuntamiento-loeches-8.jpg);\"><\/div>\n    <\/div>\n<\/div>\n<div class=\"vce-post-description--content vce-post-description-content--has-title vce-post-description-content--has-excerpt\">\n    <div class=\"vce-post-description--title\">\n    <h3>\n        <a href=\"https:\/\/cyclemadrid.com\/es\/rutas\/ruta-en-bicicleta-de-loeches-a-pozuelo-del-rey\/\">Ruta en bicicleta de Loeches a Pozuelo del Rey<\/a>\n    <\/h3>\n<\/div>\n    <div class=\"vce-post-description--excerpt\"><p>Ruta en bicicleta de Loeches a Pozuelo del ReyLOECHES A POZUELO DEL REYDescubre una emocionante ruta en bicicleta desde Loeches hasta Pozuelo del Rey.Comenzaremos nuestro recorrido en la carretera de circunvalaci\u00f3n de Loeches M-300, en direcci\u00f3n a Campo Real.A medio camino, tomaremos una pista que sale en direcci\u00f3n Este.Aqu\u00ed da comienzo esta ruta, seguiremos durante&hellip;<\/p>\n<\/div>\n<\/div>\n<\/div><\/article><article class=\"vce-posts-grid-item\"><div class=\"vce-post-description vce-post-description--full vce-post-description--animation\"><a href=\"https:\/\/cyclemadrid.com\/es\/rutas\/ruta-en-bicicleta-de-miraflores-a-torrelaguna\/\" class=\"vce-post-description-link\" aria-label=\"Ruta en bicicleta de Miraflores a Torrelaguna\"><\/a><div class=\"vce-post-description--background-wrapper-box\">\n    <div class=\"vce-post-description--background-wrapper\">\n        <div class=\"vce-post-description--background\" style=\"background-image: url(https:\/\/cyclemadrid.com\/wp-content\/uploads\/2023\/05\/Miraflores-Torrelaguna_03.webp);\"><\/div>\n    <\/div>\n<\/div>\n<div class=\"vce-post-description--content vce-post-description-content--has-title vce-post-description-content--has-excerpt\">\n    <div class=\"vce-post-description--title\">\n    <h3>\n        <a href=\"https:\/\/cyclemadrid.com\/es\/rutas\/ruta-en-bicicleta-de-miraflores-a-torrelaguna\/\">Ruta en bicicleta de Miraflores a Torrelaguna<\/a>\n    <\/h3>\n<\/div>\n    <div class=\"vce-post-description--excerpt\"><p>Ruta en bicicleta de Miraflores de la Sierra a TorrelagunaMIRAFLORES A TORRELAGUNASi te apasiona la bicicleta y quieres explorar los hermosos paisajes de la Comunidad de Madrid, la ruta desde Miraflores de la Sierra a Torrelaguna es la opci\u00f3n perfecta para ti. Con una distancia total de 29,53 kil\u00f3metros y un desnivel positivo de 253&hellip;<\/p>\n<\/div>\n<\/div>\n<\/div><\/article><article class=\"vce-posts-grid-item\"><div class=\"vce-post-description vce-post-description--full vce-post-description--animation\"><a href=\"https:\/\/cyclemadrid.com\/es\/rutas\/ruta-en-bicicleta-de-algete-a-torrelaguna\/\" class=\"vce-post-description-link\" aria-label=\"Ruta en bicicleta de Algete a Torrelaguna - Etapa 6 Gran Tour\"><\/a><div class=\"vce-post-description--background-wrapper-box\">\n    <div class=\"vce-post-description--background-wrapper\">\n        <div class=\"vce-post-description--background\" style=\"background-image: url(https:\/\/cyclemadrid.com\/wp-content\/uploads\/2023\/05\/Torrelaguna-Algete_01.webp);\"><\/div>\n    <\/div>\n<\/div>\n<div class=\"vce-post-description--content vce-post-description-content--has-title vce-post-description-content--has-excerpt\">\n    <div class=\"vce-post-description--title\">\n    <h3>\n        <a href=\"https:\/\/cyclemadrid.com\/es\/rutas\/ruta-en-bicicleta-de-algete-a-torrelaguna\/\">Ruta en bicicleta de Algete a Torrelaguna - Etapa 6 Gran Tour<\/a>\n    <\/h3>\n<\/div>\n    <div class=\"vce-post-description--excerpt\"><p>Ruta en bicicleta de Algete a Torrelaguna &#8211; Etapa 6 Gran TourALGETE A TORRELAGUNADisfruta de la estepa de Madrid, mientras asciendes hacia la sierra. Si te gusta la observaci\u00f3n de aves esta es tu ruta.Sal de Algete en direcci\u00f3n a Fuente El Saz de Jarama. Est\u00e1s muy cerca de las estepas cerealistas de la Alcarria&hellip;<\/p>\n<\/div>\n<\/div>\n<\/div><\/article><article class=\"vce-posts-grid-item\"><div class=\"vce-post-description vce-post-description--full vce-post-description--animation\"><a href=\"https:\/\/cyclemadrid.com\/es\/rutas\/ruta-en-bicicleta-de-san-lorenzo-de-el-escorial-a-san-martin-de-valdeiglesias\/\" class=\"vce-post-description-link\" aria-label=\"Ruta en bicicleta de San Lorenzo de El Escorial a San Mart\u00edn de Valdeiglesias\"><\/a><div class=\"vce-post-description--background-wrapper-box\">\n    <div class=\"vce-post-description--background-wrapper\">\n        <div class=\"vce-post-description--background\" style=\"background-image: url(https:\/\/cyclemadrid.com\/wp-content\/uploads\/2023\/05\/San_Lorenzo_El-Escorial-San_Martin_de_Valdeiglesias_01.webp);\"><\/div>\n    <\/div>\n<\/div>\n<div class=\"vce-post-description--content vce-post-description-content--has-title vce-post-description-content--has-excerpt\">\n    <div class=\"vce-post-description--title\">\n    <h3>\n        <a href=\"https:\/\/cyclemadrid.com\/es\/rutas\/ruta-en-bicicleta-de-san-lorenzo-de-el-escorial-a-san-martin-de-valdeiglesias\/\">Ruta en bicicleta de San Lorenzo de El Escorial a San Mart\u00edn de Valdeiglesias<\/a>\n    <\/h3>\n<\/div>\n    <div class=\"vce-post-description--excerpt\"><p>Ruta en bicicleta de San Lorenzo de El Escorial a San Mart\u00edn de ValdeiglesiasSAN LORENZO DE EL ESCORIAL A SAN MART\u00cdN DE VALDEIGLESIASDe monasterios y pantanos: una ruta cultural en un entorno natural espectacular.Para llegar al inicio de la ruta desde Madrid puedes optar por usar tu propio transporte, el tren de Cercan\u00edas Renfe (l\u00ednea&hellip;<\/p>\n<\/div>\n<\/div>\n<\/div><\/article><\/div><\/div><\/div><div class=\"vce-single-image-container vce-single-image--align-left\"><div class=\"vce vce-single-image-wrapper\" id=\"el-1aa6827a\" data-vce-do-apply=\"all el-1aa6827a\"><figure><div class=\"vce-single-image-figure-inner\" style=\"width: 129px;\"><a href=\"http:\/\/www.wikiloc.com\/wikiloc\/user.do?id=7459913\" title=\"\" target=\"_blank\" class=\"vce-single-image-inner vce-single-image--absolute\" style=\"width: 100%; padding-bottom: 27.1318%;\"><img decoding=\"async\" class=\"vce-single-image\" src=\"https:\/\/cyclemadrid.com\/wp-content\/uploads\/2025\/09\/logo-wikilock-pequeno.jpg\" data-img-src=\"https:\/\/cyclemadrid.com\/wp-content\/uploads\/2025\/09\/logo-wikilock-pequeno.jpg\" data-attachment-id=\"7191\" alt=\"\" title=\"Logo Wikilock Pequeno\"><\/a><\/div><figcaption hidden=\"\"><\/figcaption><\/figure><\/div><\/div><div class=\"vce-text-block\"><div class=\"vce-text-block-wrapper vce\" id=\"el-2b5c02a4\" data-vce-do-apply=\"all el-2b5c02a4\"><p><span style=\"font-size: 12pt;\">Si quieres consultar la ruta en Wikiloc puedes verla en este <a href=\"https:\/\/es.wikiloc.com\/rutas-ciclismo\/puertos-miticos-madrid-canencia-morcuera-69836422\">enlace.<\/a><\/span><\/p>\n<\/div><\/div><\/div><\/div><\/div><\/div><\/div><\/div>\n","protected":false},"excerpt":{"rendered":"<p>Ruta en bicicleta por los Puertos M\u00edticos Madrid (Canencia\/Morcuera)SOTO DEL REAL &#8211; SOTO DEL REALUn cl\u00e1sico para todos los aficionados de la bicicleta de carretera. Sube los puertos m\u00edticos de Morcuera y Canencia.Esta ruta est\u00e1 pensada para los m\u00e1s deportistas, comienza en Soto del Real donde tomaremos direcci\u00f3n a Miraflores de la Sierra. Cruzaremos este&hellip;<\/p>\n","protected":false},"featured_media":4719,"template":"","dificutad":[133],"zonas":[129],"class_list":["post-3529","rutas","type-rutas","status-publish","has-post-thumbnail","hentry","dificutad-rutas-en-bicicleta-dificiles","zonas-rutas-en-bicicleta-sierra-norte"],"yoast_head":"<!-- This site is optimized with the Yoast SEO plugin v23.9 - https:\/\/yoast.com\/wordpress\/plugins\/seo\/ -->\n<title>Puertos M\u00edticos Madrid (Canencia\/Morcuera) | CycleMadrid P\u00e1gina Oficial<\/title>\n<meta name=\"robots\" content=\"index, follow, max-snippet:-1, max-image-preview:large, max-video-preview:-1\" \/>\n<link rel=\"canonical\" href=\"https:\/\/cyclemadrid.com\/es\/rutas\/puertos-miticos-madrid-canencia-morcuera\/\" \/>\n<meta property=\"og:locale\" content=\"es_ES\" \/>\n<meta property=\"og:type\" content=\"article\" \/>\n<meta property=\"og:title\" content=\"Puertos M\u00edticos Madrid (Canencia\/Morcuera) | CycleMadrid P\u00e1gina Oficial\" \/>\n<meta property=\"og:description\" content=\"Ruta en bicicleta por los Puertos M\u00edticos Madrid (Canencia\/Morcuera)SOTO DEL REAL - SOTO DEL REALUn cl\u00e1sico para todos los aficionados de la bicicleta de carretera. Sube los puertos m\u00edticos de Morcuera y Canencia.Esta ruta est\u00e1 pensada para los m\u00e1s deportistas, comienza en Soto del Real donde tomaremos direcci\u00f3n a Miraflores de la Sierra. Cruzaremos este&hellip;\" \/>\n<meta property=\"og:url\" content=\"https:\/\/cyclemadrid.com\/es\/rutas\/puertos-miticos-madrid-canencia-morcuera\/\" \/>\n<meta property=\"og:site_name\" content=\"CycleMadrid P\u00e1gina Oficial\" \/>\n<meta property=\"article:modified_time\" content=\"2025-10-07T08:18:16+00:00\" \/>\n<meta property=\"og:image\" content=\"https:\/\/cyclemadrid.com\/wp-content\/uploads\/2023\/05\/Puertos_Miticos_Madrid_02.webp\" \/>\n\t<meta property=\"og:image:width\" content=\"1400\" \/>\n\t<meta property=\"og:image:height\" content=\"786\" \/>\n\t<meta property=\"og:image:type\" content=\"image\/webp\" \/>\n<meta name=\"twitter:card\" content=\"summary_large_image\" \/>\n<meta name=\"twitter:label1\" content=\"Tiempo de lectura\" \/>\n\t<meta name=\"twitter:data1\" content=\"5 minutos\" \/>\n<script type=\"application\/ld+json\" class=\"yoast-schema-graph\">{\"@context\":\"https:\/\/schema.org\",\"@graph\":[{\"@type\":\"WebPage\",\"@id\":\"https:\/\/cyclemadrid.com\/es\/rutas\/puertos-miticos-madrid-canencia-morcuera\/\",\"url\":\"https:\/\/cyclemadrid.com\/es\/rutas\/puertos-miticos-madrid-canencia-morcuera\/\",\"name\":\"Puertos M\u00edticos Madrid (Canencia\/Morcuera) | CycleMadrid P\u00e1gina Oficial\",\"isPartOf\":{\"@id\":\"https:\/\/cyclemadrid.com\/es\/#website\"},\"primaryImageOfPage\":{\"@id\":\"https:\/\/cyclemadrid.com\/es\/rutas\/puertos-miticos-madrid-canencia-morcuera\/#primaryimage\"},\"image\":{\"@id\":\"https:\/\/cyclemadrid.com\/es\/rutas\/puertos-miticos-madrid-canencia-morcuera\/#primaryimage\"},\"thumbnailUrl\":\"https:\/\/cyclemadrid.com\/wp-content\/uploads\/2023\/05\/Puertos_Miticos_Madrid_02.webp\",\"datePublished\":\"2021-06-10T14:30:33+00:00\",\"dateModified\":\"2025-10-07T08:18:16+00:00\",\"breadcrumb\":{\"@id\":\"https:\/\/cyclemadrid.com\/es\/rutas\/puertos-miticos-madrid-canencia-morcuera\/#breadcrumb\"},\"inLanguage\":\"es\",\"potentialAction\":[{\"@type\":\"ReadAction\",\"target\":[\"https:\/\/cyclemadrid.com\/es\/rutas\/puertos-miticos-madrid-canencia-morcuera\/\"]}]},{\"@type\":\"ImageObject\",\"inLanguage\":\"es\",\"@id\":\"https:\/\/cyclemadrid.com\/es\/rutas\/puertos-miticos-madrid-canencia-morcuera\/#primaryimage\",\"url\":\"https:\/\/cyclemadrid.com\/wp-content\/uploads\/2023\/05\/Puertos_Miticos_Madrid_02.webp\",\"contentUrl\":\"https:\/\/cyclemadrid.com\/wp-content\/uploads\/2023\/05\/Puertos_Miticos_Madrid_02.webp\",\"width\":1400,\"height\":786},{\"@type\":\"BreadcrumbList\",\"@id\":\"https:\/\/cyclemadrid.com\/es\/rutas\/puertos-miticos-madrid-canencia-morcuera\/#breadcrumb\",\"itemListElement\":[{\"@type\":\"ListItem\",\"position\":1,\"name\":\"Portada\",\"item\":\"https:\/\/cyclemadrid.com\/es\/\"},{\"@type\":\"ListItem\",\"position\":2,\"name\":\"Puertos M\u00edticos Madrid (Canencia\/Morcuera)\"}]},{\"@type\":\"WebSite\",\"@id\":\"https:\/\/cyclemadrid.com\/es\/#website\",\"url\":\"https:\/\/cyclemadrid.com\/es\/\",\"name\":\"CycleMadrid P\u00e1gina Oficial\",\"description\":\"P\u00e1gina Oficial de CycleMadrid | Tus rutas de Cicloturismo en la Comunidad de Madrid\",\"publisher\":{\"@id\":\"https:\/\/cyclemadrid.com\/es\/#organization\"},\"potentialAction\":[{\"@type\":\"SearchAction\",\"target\":{\"@type\":\"EntryPoint\",\"urlTemplate\":\"https:\/\/cyclemadrid.com\/es\/?s={search_term_string}\"},\"query-input\":{\"@type\":\"PropertyValueSpecification\",\"valueRequired\":true,\"valueName\":\"search_term_string\"}}],\"inLanguage\":\"es\"},{\"@type\":\"Organization\",\"@id\":\"https:\/\/cyclemadrid.com\/es\/#organization\",\"name\":\"Cyclemadrid\",\"url\":\"https:\/\/cyclemadrid.com\/es\/\",\"logo\":{\"@type\":\"ImageObject\",\"inLanguage\":\"es\",\"@id\":\"https:\/\/cyclemadrid.com\/es\/#\/schema\/logo\/image\/\",\"url\":\"https:\/\/cyclemadrid.com\/wp-content\/uploads\/2023\/07\/cyclemadrid.png\",\"contentUrl\":\"https:\/\/cyclemadrid.com\/wp-content\/uploads\/2023\/07\/cyclemadrid.png\",\"width\":32,\"height\":32,\"caption\":\"Cyclemadrid\"},\"image\":{\"@id\":\"https:\/\/cyclemadrid.com\/es\/#\/schema\/logo\/image\/\"}}]}<\/script>\n<!-- \/ Yoast SEO plugin. -->","yoast_head_json":{"title":"Puertos M\u00edticos Madrid (Canencia\/Morcuera) | CycleMadrid P\u00e1gina Oficial","robots":{"index":"index","follow":"follow","max-snippet":"max-snippet:-1","max-image-preview":"max-image-preview:large","max-video-preview":"max-video-preview:-1"},"canonical":"https:\/\/cyclemadrid.com\/es\/rutas\/puertos-miticos-madrid-canencia-morcuera\/","og_locale":"es_ES","og_type":"article","og_title":"Puertos M\u00edticos Madrid (Canencia\/Morcuera) | CycleMadrid P\u00e1gina Oficial","og_description":"Ruta en bicicleta por los Puertos M\u00edticos Madrid (Canencia\/Morcuera)SOTO DEL REAL - SOTO DEL REALUn cl\u00e1sico para todos los aficionados de la bicicleta de carretera. Sube los puertos m\u00edticos de Morcuera y Canencia.Esta ruta est\u00e1 pensada para los m\u00e1s deportistas, comienza en Soto del Real donde tomaremos direcci\u00f3n a Miraflores de la Sierra. Cruzaremos este&hellip;","og_url":"https:\/\/cyclemadrid.com\/es\/rutas\/puertos-miticos-madrid-canencia-morcuera\/","og_site_name":"CycleMadrid P\u00e1gina Oficial","article_modified_time":"2025-10-07T08:18:16+00:00","og_image":[{"width":1400,"height":786,"url":"https:\/\/cyclemadrid.com\/wp-content\/uploads\/2023\/05\/Puertos_Miticos_Madrid_02.webp","type":"image\/webp"}],"twitter_card":"summary_large_image","twitter_misc":{"Tiempo de lectura":"5 minutos"},"schema":{"@context":"https:\/\/schema.org","@graph":[{"@type":"WebPage","@id":"https:\/\/cyclemadrid.com\/es\/rutas\/puertos-miticos-madrid-canencia-morcuera\/","url":"https:\/\/cyclemadrid.com\/es\/rutas\/puertos-miticos-madrid-canencia-morcuera\/","name":"Puertos M\u00edticos Madrid (Canencia\/Morcuera) | CycleMadrid P\u00e1gina Oficial","isPartOf":{"@id":"https:\/\/cyclemadrid.com\/es\/#website"},"primaryImageOfPage":{"@id":"https:\/\/cyclemadrid.com\/es\/rutas\/puertos-miticos-madrid-canencia-morcuera\/#primaryimage"},"image":{"@id":"https:\/\/cyclemadrid.com\/es\/rutas\/puertos-miticos-madrid-canencia-morcuera\/#primaryimage"},"thumbnailUrl":"https:\/\/cyclemadrid.com\/wp-content\/uploads\/2023\/05\/Puertos_Miticos_Madrid_02.webp","datePublished":"2021-06-10T14:30:33+00:00","dateModified":"2025-10-07T08:18:16+00:00","breadcrumb":{"@id":"https:\/\/cyclemadrid.com\/es\/rutas\/puertos-miticos-madrid-canencia-morcuera\/#breadcrumb"},"inLanguage":"es","potentialAction":[{"@type":"ReadAction","target":["https:\/\/cyclemadrid.com\/es\/rutas\/puertos-miticos-madrid-canencia-morcuera\/"]}]},{"@type":"ImageObject","inLanguage":"es","@id":"https:\/\/cyclemadrid.com\/es\/rutas\/puertos-miticos-madrid-canencia-morcuera\/#primaryimage","url":"https:\/\/cyclemadrid.com\/wp-content\/uploads\/2023\/05\/Puertos_Miticos_Madrid_02.webp","contentUrl":"https:\/\/cyclemadrid.com\/wp-content\/uploads\/2023\/05\/Puertos_Miticos_Madrid_02.webp","width":1400,"height":786},{"@type":"BreadcrumbList","@id":"https:\/\/cyclemadrid.com\/es\/rutas\/puertos-miticos-madrid-canencia-morcuera\/#breadcrumb","itemListElement":[{"@type":"ListItem","position":1,"name":"Portada","item":"https:\/\/cyclemadrid.com\/es\/"},{"@type":"ListItem","position":2,"name":"Puertos M\u00edticos Madrid (Canencia\/Morcuera)"}]},{"@type":"WebSite","@id":"https:\/\/cyclemadrid.com\/es\/#website","url":"https:\/\/cyclemadrid.com\/es\/","name":"CycleMadrid P\u00e1gina Oficial","description":"P\u00e1gina Oficial de CycleMadrid | Tus rutas de Cicloturismo en la Comunidad de Madrid","publisher":{"@id":"https:\/\/cyclemadrid.com\/es\/#organization"},"potentialAction":[{"@type":"SearchAction","target":{"@type":"EntryPoint","urlTemplate":"https:\/\/cyclemadrid.com\/es\/?s={search_term_string}"},"query-input":{"@type":"PropertyValueSpecification","valueRequired":true,"valueName":"search_term_string"}}],"inLanguage":"es"},{"@type":"Organization","@id":"https:\/\/cyclemadrid.com\/es\/#organization","name":"Cyclemadrid","url":"https:\/\/cyclemadrid.com\/es\/","logo":{"@type":"ImageObject","inLanguage":"es","@id":"https:\/\/cyclemadrid.com\/es\/#\/schema\/logo\/image\/","url":"https:\/\/cyclemadrid.com\/wp-content\/uploads\/2023\/07\/cyclemadrid.png","contentUrl":"https:\/\/cyclemadrid.com\/wp-content\/uploads\/2023\/07\/cyclemadrid.png","width":32,"height":32,"caption":"Cyclemadrid"},"image":{"@id":"https:\/\/cyclemadrid.com\/es\/#\/schema\/logo\/image\/"}}]}},"_links":{"self":[{"href":"https:\/\/cyclemadrid.com\/es\/wp-json\/wp\/v2\/rutas\/3529","targetHints":{"allow":["GET"]}}],"collection":[{"href":"https:\/\/cyclemadrid.com\/es\/wp-json\/wp\/v2\/rutas"}],"about":[{"href":"https:\/\/cyclemadrid.com\/es\/wp-json\/wp\/v2\/types\/rutas"}],"wp:featuredmedia":[{"embeddable":true,"href":"https:\/\/cyclemadrid.com\/es\/wp-json\/wp\/v2\/media\/4719"}],"wp:attachment":[{"href":"https:\/\/cyclemadrid.com\/es\/wp-json\/wp\/v2\/media?parent=3529"}],"wp:term":[{"taxonomy":"dificutad","embeddable":true,"href":"https:\/\/cyclemadrid.com\/es\/wp-json\/wp\/v2\/dificutad?post=3529"},{"taxonomy":"zonas","embeddable":true,"href":"https:\/\/cyclemadrid.com\/es\/wp-json\/wp\/v2\/zonas?post=3529"}],"curies":[{"name":"wp","href":"https:\/\/api.w.org\/{rel}","templated":true}]}}