

{"id":4224,"date":"2023-04-10T10:50:50","date_gmt":"2023-04-10T08:50:50","guid":{"rendered":"https:\/\/cyclemadrid.com\/es\/?post_type=rutas&#038;p=4224"},"modified":"2025-10-04T20:38:45","modified_gmt":"2025-10-04T18:38:45","slug":"ruta-en-bicicleta-urbana-aranjuez","status":"publish","type":"rutas","link":"https:\/\/cyclemadrid.com\/es\/rutas\/ruta-en-bicicleta-urbana-aranjuez\/","title":{"rendered":"Ruta en bicicleta Urbana &#8211; Aranjuez"},"content":{"rendered":"<div class=\"vce-row-container\"><div class=\"vce-row vce-row--col-gap-30 vce-row-equal-height vce-row-content--top\" data-vce-full-width=\"true\" id=\"el-c3da2542\" data-vce-do-apply=\"all el-c3da2542\"><div class=\"vce-row-content\" data-vce-element-content=\"true\"><div class=\"vce-col vce-col--md-auto vce-col--xs-1 vce-col--xs-last vce-col--xs-first vce-col--sm-last vce-col--sm-first vce-col--md-last vce-col--lg-last vce-col--xl-last vce-col--md-first vce-col--lg-first vce-col--xl-first\" id=\"el-32d13a47\"><div class=\"vce-col-inner\" data-vce-do-apply=\"border margin background  el-32d13a47\"><div class=\"vce-col-content\" data-vce-element-content=\"true\" data-vce-do-apply=\"padding el-32d13a47\"><div class=\"vce-simple-image-slider\" style=\"--backgroundPosition: center center; --pointerColor: #fff; --pointerColorHover: #fd9a00;\"><div class=\"vce-simple-image-slider-wrapper vce\" id=\"el-fe460bd7\" data-vce-do-apply=\"all el-fe460bd7\"><div class=\"vce-simple-image-slider-helper vce-simple-image-slider-aspect-ratio--16-9\"><div class=\"vce-simple-image-slider-list\" data-slick-autoplay=\"on\" data-slick-autoplay-delay=\"5000\" data-slick-effect=\"slideIn\" data-slick-dots=\"on\" data-slick-arrows=\"off\"><div class=\"slick-list\"><div class=\"slick-track\"><div class=\"vce-simple-image-slider-item vc-slick-item\"><div style=\"background-image:url(https:\/\/cyclemadrid.com\/wp-content\/uploads\/2023\/05\/Ruta_Urbana-Aranjuez_02.webp)\" class=\"vce-simple-image-slider-img vce-simple-image-slider-img--scale\"><img decoding=\"async\" class=\"\" src=\"https:\/\/cyclemadrid.com\/wp-content\/uploads\/2023\/05\/Ruta_Urbana-Aranjuez_02.webp\" style=\"opacity:0\" alt=\"\"><\/div><\/div><\/div><\/div><\/div><div class=\"vce-simple-image-slider-dots\"><\/div><\/div><\/div><\/div><\/div><\/div><\/div><\/div><\/div><\/div><div class=\"vce-row-container\" data-vce-boxed-width=\"true\"><div class=\"vce-row vce-row--col-gap-30 vce-row-equal-height vce-row-content--top\" id=\"el-18ed8ab7\" data-vce-do-apply=\"all el-18ed8ab7\"><div class=\"vce-content-background-container\"><\/div><div class=\"vce-row-content\" data-vce-element-content=\"true\"><div class=\"vce-col vce-col--md-auto vce-col--xs-1 vce-col--xs-last vce-col--xs-first vce-col--sm-last vce-col--sm-first vce-col--md-last vce-col--lg-last vce-col--xl-last vce-col--md-first vce-col--lg-first vce-col--xl-first\" id=\"el-7fe7c98d\"><div class=\"vce-col-inner\" data-vce-do-apply=\"border margin background  el-7fe7c98d\"><div class=\"vce-col-content\" data-vce-element-content=\"true\" data-vce-do-apply=\"padding el-7fe7c98d\"><div class=\"vce-google-fonts-heading vce-google-fonts-heading--align-left vce-google-fonts-heading--color-empty--45--5C00FF--FF7200 vce-google-fonts-heading--font-family-Montserrat\"><div id=\"el-ec585f5f\" class=\"vce-google-fonts-heading-wrapper\"><div class=\"vce-google-fonts-heading--background vce\" data-vce-do-apply=\"border background  padding margin el-ec585f5f\"><h1 class=\"vce-google-fonts-heading-inner\" style=\"line-height: 1.2; font-weight: 600; font-style: normal;\">Ruta en bicicleta Urbana - Aranjuez<\/h1><\/div><\/div><\/div><div class=\"vce vce-separator-container vce-separator--align-left vce-separator--style-solid\" id=\"el-3bf5f8ff\" data-vce-do-apply=\"margin el-3bf5f8ff\"><div class=\"vce-separator vce-separator--color-b-245-232-81 vce-separator--width-8 vce-separator--thickness-5\" data-vce-do-apply=\"border padding background  el-3bf5f8ff\"><\/div><\/div><div class=\"vce-google-fonts-heading vce-google-fonts-heading--align-left vce-google-fonts-heading--color-empty--45--5C00FF--FF7200 vce-google-fonts-heading--font-family-Montserrat\"><div id=\"el-edda7914\" class=\"vce-google-fonts-heading-wrapper\"><div class=\"vce-google-fonts-heading--background vce\" data-vce-do-apply=\"border background  padding margin el-edda7914\"><h2 class=\"vce-google-fonts-heading-inner\" style=\"font-size: 18px; line-height: 1.2; font-weight: 400; font-style: normal;\">ARANJUEZ<\/h2><\/div><\/div><\/div><div class=\"vce-text-block\"><div class=\"vce-text-block-wrapper vce\" id=\"el-56bb3a48\" data-vce-do-apply=\"all el-56bb3a48\"><p>Esta experiencia te lleva a conocer la Ciudad Patrimonio Mundial de Aranjuez, sus monumentos principales y sus vinos.<\/p><p><strong>Una ruta f\u00e1cil y accesible para todos los niveles<\/strong><\/p><p>A Aranjuez puedes llegar perfectamente en tren desde la ciudad de Madrid o bien pernoctar la noche anterior en alguno de los m\u00faltiples y variados alojamientos que ofrece la ciudad. Se trata de una ruta urbana sugerida para descubrir Aranjuez y toda su riqueza tur\u00edstica. Aranjuez, cuyo paisaje cultural es uno de los elementos inscritos en la Lista Patrimonio Mundial de la UNESCO, ocupa un lugar privilegiado entre los destinos tur\u00edsticos de la Comunidad de Madrid. En Aranjuez, no puedes perderte el Palacio Real, los Jardines, el Museo de Fal\u00faas Reales o la Casa del Labrador entre otros recursos. La primera parada de esta ruta nos lleva al Palacio Real, que fue elegido por los Borbones para establecer su residencia en primavera. Visitarlo nos permite hacernos una idea de c\u00f3mo era la vida cotidiana de las familias reales. Seguimos disfrutando de Aranjuez y nos dirigimos hacia la siguiente parada, La Casa de Caballeros y Oficios, que fue proyectada por Juan Herrera (1584) y G\u00f3mez Mora (1767). Ocupa el lateral occidental de la plaza de la Mariblanca, a la que abre sus bellos soportales.<\/p><p>Te invitamos a conocer el vino de la zona, despl\u00e1zate hacia la Bodega el Regajal donde poder relajarte. El Regajal ofrece la oportunidad de visitar este enclave \u00fanico y conocer en su integridad los procesos de cultivo y elaboraci\u00f3n de sus vinos.<\/p><p>La siguiente parada nos lleva a cuatro Km de Aranjuez, donde se levanta el Real Cortijo de San Isidro, un poblado neocl\u00e1sico con dependencias reales y un vasto terreno de cultivo que Carlos III mand\u00f3 construir para poder explotar agr\u00edcolamente el terreno, y activar la zona. Puedes aprovechar para catar los vinos de la bodega que lleva el nombre del Cortijo.<\/p><p>Contin\u00faa pedaleando, ya de vuelta hacia Aranjuez para llegar al final de la etapa, por el camino no dejes escapar la oportunidad de visitar la Casa de Marinos o Museo de F\u00e1luas Reales situado dentro del Jard\u00edn del Pr\u00edncipe.<\/p><\/div><\/div><\/div><\/div><\/div><\/div><\/div><\/div><div class=\"vce-row-container\" data-vce-boxed-width=\"true\"><div class=\"vce-row vce-row--col-gap-30 vce-row-equal-height vce-row-content--top\" id=\"el-fe7fe90a\" data-vce-do-apply=\"all el-fe7fe90a\"><div class=\"vce-content-background-container\"><\/div><div class=\"vce-row-content\" data-vce-element-content=\"true\"><div class=\"vce-col vce-col--md-25p vce-col--xs-1 vce-col--xs-last vce-col--xs-first vce-col--sm-last vce-col--sm-first vce-col--md-first vce-col--lg-first vce-col--xl-first\" id=\"el-ab435080\"><div class=\"vce-col-inner\" data-vce-do-apply=\"border margin background  el-ab435080\"><div class=\"vce-col-content\" data-vce-element-content=\"true\" data-vce-do-apply=\"padding el-ab435080\"><div class=\"vce-google-fonts-heading vce-google-fonts-heading--align-left vce-google-fonts-heading--color-empty--45--5C00FF--FF7200 vce-google-fonts-heading--font-family-Montserrat\"><div id=\"el-c253a83e\" class=\"vce-google-fonts-heading-wrapper\"><div class=\"vce-google-fonts-heading--background vce\" data-vce-do-apply=\"border background  padding margin el-c253a83e\"><h4 class=\"vce-google-fonts-heading-inner\" style=\"line-height: 1.2; font-weight: 600; font-style: normal;\">DATOS T\u00c9CNICOS<\/h4><\/div><\/div><\/div><div class=\"vce vce-separator-container vce-separator--align-left vce-separator--style-solid\" id=\"el-6f9f38d5\" data-vce-do-apply=\"margin el-6f9f38d5\"><div class=\"vce-separator vce-separator--color-b-245-232-81 vce-separator--width-100 vce-separator--thickness-1\" data-vce-do-apply=\"border padding background  el-6f9f38d5\"><\/div><\/div><div class=\"vce-text-block\"><div class=\"vce-text-block-wrapper vce\" id=\"el-5a5e48a5\" data-vce-do-apply=\"all el-5a5e48a5\"><p><span style=\"font-size: 12pt;\"><strong><img loading=\"lazy\" decoding=\"async\" class=\"alignnone wp-image-3380\" src=\"https:\/\/cyclemadrid.com\/wp-content\/uploads\/2021\/04\/iconos-distancia.png\" alt=\"\" width=\"21\" height=\"19\"> Distancia:<\/strong> 16 km<\/span><\/p><p><span style=\"font-size: 12pt;\"><strong><img loading=\"lazy\" decoding=\"async\" class=\"alignnone wp-image-3378\" src=\"https:\/\/cyclemadrid.com\/wp-content\/uploads\/2021\/04\/iconos-desnivel-positivo.png\" alt=\"\" width=\"21\" height=\"19\"> Desnivel positivo:<\/strong> 161 m<\/span><\/p><p><span style=\"font-size: 12pt;\"><strong><img loading=\"lazy\" decoding=\"async\" class=\"alignnone wp-image-3376\" src=\"https:\/\/cyclemadrid.com\/wp-content\/uploads\/2021\/04\/iconos-desnivel-negativo.png\" alt=\"\" width=\"21\" height=\"19\"> Desnivel negativo:<\/strong> 164 m<\/span><\/p><p><span style=\"font-size: 12pt;\"><strong><img loading=\"lazy\" decoding=\"async\" class=\"alignnone wp-image-3383\" src=\"https:\/\/cyclemadrid.com\/wp-content\/uploads\/2021\/04\/iconos-tiempo.png\" alt=\"\" width=\"21\" height=\"19\"> Tiempo:<\/strong>&nbsp; 90 min.<\/span><\/p><p><span style=\"font-size: 12pt;\"><span style=\"font-weight: 400; font-style: normal;\"><strong><img loading=\"lazy\" decoding=\"async\" class=\"alignnone wp-image-3364\" src=\"https:\/\/cyclemadrid.com\/wp-content\/uploads\/2021\/04\/icono-dificultad.png\" alt=\"\" width=\"21\" height=\"19\"> Dificultad:<\/strong><\/span> F\u00e1cil<\/span><\/p><p><span style=\"font-size: 12pt;\"><span style=\"font-weight: 400; font-style: normal;\"><strong><img loading=\"lazy\" decoding=\"async\" class=\"alignnone wp-image-3372\" src=\"https:\/\/cyclemadrid.com\/wp-content\/uploads\/2021\/04\/iconos-altura-maxima.png\" alt=\"\" width=\"21\" height=\"19\"> Altura m\u00e1xima:<\/strong><\/span> 637 m<\/span><\/p><p><span style=\"font-size: 12pt;\"><span style=\"font-weight: 400; font-style: normal;\"><strong><img loading=\"lazy\" decoding=\"async\" class=\"alignnone wp-image-3374\" src=\"https:\/\/cyclemadrid.com\/wp-content\/uploads\/2021\/04\/iconos-altura-minima.png\" alt=\"\" width=\"21\" height=\"19\"> Altura m\u00ednima:<\/strong><\/span> 488 m<\/span><\/p><p><span style=\"font-size: 12pt;\"><span style=\"font-weight: 400; font-style: normal;\"><strong><img loading=\"lazy\" decoding=\"async\" class=\"alignnone wp-image-3370\" src=\"https:\/\/cyclemadrid.com\/wp-content\/uploads\/2021\/04\/icono-ruta-circular.png\" alt=\"\" width=\"21\" height=\"19\"> Ruta circular:<\/strong><\/span> No<\/span><\/p><\/div><\/div><div class=\"vce-button--style-basic-container vce-button--style-basic-container--align-left\"><span class=\"vce-button--style-basic-wrapper vce\" id=\"el-ad181e51\" data-vce-do-apply=\"margin el-ad181e51\"><a class=\"vce-button vce-button--style-basic vce-button--style-basic--border-rounded vce-button--style-basic--size-medium vce-button--style-basic--color-b-245-232-81--b-33-33-33\" href=\"https:\/\/cyclemadrid.com\/wp-content\/uploads\/gpx\/ruta-urbana-aranjuez.gpx\" title=\"\" data-vce-do-apply=\"padding border background  el-ad181e51\">Descargar track<\/a><\/span><\/div><div class=\"vce-google-fonts-heading vce-google-fonts-heading--align-left vce-google-fonts-heading--color-empty--45--5C00FF--FF7200 vce-google-fonts-heading--font-family-Montserrat\"><div id=\"el-483a0d22\" class=\"vce-google-fonts-heading-wrapper\"><div class=\"vce-google-fonts-heading--background vce\" data-vce-do-apply=\"border background  padding margin el-483a0d22\"><h5 class=\"vce-google-fonts-heading-inner\" style=\"line-height: 1.2; font-weight: 600; font-style: normal;\">Compartir<\/h5><\/div><\/div><\/div><div id=\"el-8fea5352\" class=\"\"><div class=\"vce vce-add-to-any-share-buttons\" data-vce-do-apply=\"all el-8fea5352\"><div class=\"addtoany_shortcode\"><div class=\"a2a_kit a2a_kit_size_32 addtoany_list\" data-a2a-url=\"https:\/\/cyclemadrid.com\/es\/rutas\/ruta-en-bicicleta-urbana-aranjuez\/\" data-a2a-title=\"Ruta en bicicleta Urbana \u2013 Aranjuez\"><a class=\"a2a_button_facebook\" href=\"https:\/\/www.addtoany.com\/add_to\/facebook?linkurl=https%3A%2F%2Fcyclemadrid.com%2Fes%2Frutas%2Fruta-en-bicicleta-urbana-aranjuez%2F&amp;linkname=Ruta%20en%20bicicleta%20Urbana%20%E2%80%93%20Aranjuez\" title=\"Facebook\" rel=\"nofollow noopener\" target=\"_blank\"><\/a><a class=\"a2a_button_x\" href=\"https:\/\/www.addtoany.com\/add_to\/x?linkurl=https%3A%2F%2Fcyclemadrid.com%2Fes%2Frutas%2Fruta-en-bicicleta-urbana-aranjuez%2F&amp;linkname=Ruta%20en%20bicicleta%20Urbana%20%E2%80%93%20Aranjuez\" title=\"X\" rel=\"nofollow noopener\" target=\"_blank\"><\/a><a class=\"a2a_button_email\" href=\"https:\/\/www.addtoany.com\/add_to\/email?linkurl=https%3A%2F%2Fcyclemadrid.com%2Fes%2Frutas%2Fruta-en-bicicleta-urbana-aranjuez%2F&amp;linkname=Ruta%20en%20bicicleta%20Urbana%20%E2%80%93%20Aranjuez\" title=\"Email\" rel=\"nofollow noopener\" target=\"_blank\"><\/a><a class=\"a2a_dd addtoany_share_save addtoany_share\" href=\"https:\/\/www.addtoany.com\/share\"><\/a><\/div><\/div><\/div><\/div><\/div><\/div><\/div><div class=\"vce-col vce-col--md-75p vce-col--xs-1 vce-col--xs-last vce-col--xs-first vce-col--sm-last vce-col--sm-first vce-col--md-last vce-col--lg-last vce-col--xl-last\" id=\"el-32ca245e\"><div class=\"vce-col-inner\" data-vce-do-apply=\"border margin background  el-32ca245e\"><div class=\"vce-col-content\" data-vce-element-content=\"true\" data-vce-do-apply=\"padding el-32ca245e\"><div class=\"vce-shortcode\"><div class=\"vce-shortcode-wrapper vce\" id=\"el-3db6bbf4\" data-vce-do-apply=\"all el-3db6bbf4\">\n\n\t\t\t\t<div id=\"map_ol3js_1\" class=\"map undefined\" data-map_name=\"undefined\" data-map=\"map_ol3js_1\" style=\"width:100%; max-width:100%; height:450px; display:block; overflow:hidden;border:thin solid green; background-image: url(https:\/\/cyclemadrid.com\/wp-content\/plugins\/osm\/GDPR_bckgrnd.png); background-repeat: no-repeat; background-position: center; position: relative;\" >\n\t\t\t\t  <div id=\"map_ol3js_1_popup\" class=\"ol-popup\" >\n\t\t\t\t\t<a href=\"#\" id=\"map_ol3js_1_popup-closer\" class=\"ol-popup-closer\"><\/a>\n\t\t\t\t\t<div id=\"map_ol3js_1_popup-content\" ><\/div>\n\t\t\t\t  <\/div>\n\t\t\t\t<\/div>\n\t\t\t\n\n\t\t\t\t<script type=\"text\/javascript\">\n\t\t\t\t\ttranslations['openlayer'] = \"open layer\";\n\t\t\t\t\ttranslations['openlayerAtStartup'] = \"open layer at startup\";\n\t\t\t\t\ttranslations['generateLink'] = \"link to this map with opened layers\";\n\t\t\t\t\ttranslations['shortDescription'] = \"short description\";\n\t\t\t\t\ttranslations['generatedShortCode'] = \"to get a text control link paste this code in your wordpress editor\";\n\t\t\t\t\ttranslations['closeLayer'] = \"close layer\";\n\t\t\t\t\ttranslations['cantGenerateLink'] = \"put this string in the existing map short code to control this map\";\n\t\t\t  <\/script>\n\n\n\t\t\t  <script type=\"text\/javascript\">\n\t\t\t  vectorM['map_ol3js_1'] = [];\n\t        \n        var raster = getTileLayer(\"opentopomap\",\"NoKey\");\t\t\t\n\n\t\t\t  var map_ol3js_1 = new ol.Map({\n\t\t\t\tinteractions: ol.interaction.defaults.defaults({mouseWheelZoom:false}),\n\t\t\t\tlayers: [raster],\n\t\t\t\ttarget: \"map_ol3js_1\",\n\t\t\t\tview: new ol.View({\n\t\t\t\t  center: ol.proj.transform([6.378,58.213], \"EPSG:4326\", \"EPSG:3857\"),\n\t\t\t\t  zoom: 9\n\t\t\t\t})\n\t\t\t  });\n\t\t\t  \n    var style0 = {\n      \"Point\": [new ol.style.Style({\n\n          image: new ol.style.Icon({\n            anchor: [0.5, 41],\n            anchorXUnits: \"fraction\",\n            anchorYUnits: \"pixels\",\n            opacity: 0.75,\n            src: \"https:\/\/cyclemadrid.com\/wp-content\/plugins\/osm\/icons\/mic_green_pinother_02.png\"\n          })\n      })],\n\n      \"LineString\": [new ol.style.Style({\n        stroke: new ol.style.Stroke({\n          color: \"green\",\n          width: 8\n        })\n      })],\n      \"MultiLineString\": [new ol.style.Style({\n        stroke: new ol.style.Stroke({\n          color: \"green\",\n          width: 4\n        })\n      })]\n    };\n\t\t  var vectorL0 = new ol.layer.Vector({\n\t\t\t\tsource: new ol.source.Vector({\n\t\t\t\turl:\"\/wp-content\/uploads\/gpx\/ruta-urbana-aranjuez.gpx\",\n\t\t\t\tformat: new ol.format.GPX({\n\t\t\t\t\textractStyles: false\n\t\t\t\t})\n\t\t\t}),\n\t\t\tzIndex: 92,\n\t\t\tstyle: function(feature, resolution) {return style0[feature.getGeometry().getType()];}\n\t\t  });\n\t\t  map_ol3js_1.addLayer(vectorL0);\n      var extension1 = ol.extent.createEmpty();\n      var curZoom1 = map_ol3js_1.getView().getZoom();\n\n      map_ol3js_1.getLayers().forEach(function(layer){\n         if(!layer.get(\"id\")) {     \n            layer.once(\"change\", function(e){\n               ol.extent.extend(extension1, (layer.getSource().getExtent()));\n               map_ol3js_1.getView().fit(extension1, {padding: [50, 50, 50, 50]});\n            });\n         }\n      });\n\n    \naddControls2Map(map_ol3js_1,0,0,3,1,5,6,7,0,1);\nosm_addPopupClickhandler(map_ol3js_1,  \"map_ol3js_1\"); \nosm_addMouseHover(map_ol3js_1); <\/script><\/div><\/div><\/div><\/div><\/div><\/div><\/div><\/div><div class=\"vce-row-container\" data-vce-boxed-width=\"true\"><div class=\"vce-row vce-row--col-gap-30 vce-row-equal-height vce-row-content--top\" id=\"el-b8ec1e35\" data-vce-do-apply=\"all el-b8ec1e35\"><div class=\"vce-content-background-container\"><\/div><div class=\"vce-row-content\" data-vce-element-content=\"true\"><div class=\"vce-col vce-col--md-auto vce-col--xs-1 vce-col--xs-last vce-col--xs-first vce-col--sm-last vce-col--sm-first vce-col--md-last vce-col--lg-last vce-col--xl-last vce-col--md-first vce-col--lg-first vce-col--xl-first\" id=\"el-4fdfb3df\"><div class=\"vce-col-inner\" data-vce-do-apply=\"border margin background  el-4fdfb3df\"><div class=\"vce-col-content\" data-vce-element-content=\"true\" data-vce-do-apply=\"padding el-4fdfb3df\"><div class=\"vce-google-fonts-heading vce-google-fonts-heading--align-left vce-google-fonts-heading--color-empty--45--5C00FF--FF7200 vce-google-fonts-heading--font-family-Montserrat\"><div id=\"el-3c9c0cdb\" class=\"vce-google-fonts-heading-wrapper\"><div class=\"vce-google-fonts-heading--background vce\" data-vce-do-apply=\"border background  padding margin el-3c9c0cdb\"><h2 class=\"vce-google-fonts-heading-inner\" style=\"line-height: 1.2; font-weight: 600; font-style: normal;\">Im\u00e1genes de la ruta en bici urbana de Aranjuez<\/h2><\/div><\/div><\/div><div class=\"vce vce-separator-container vce-separator--align-left vce-separator--style-solid\" id=\"el-a9b7bc84\" data-vce-do-apply=\"margin el-a9b7bc84\"><div class=\"vce-separator vce-separator--color-b-245-232-81 vce-separator--width-8 vce-separator--thickness-5\" data-vce-do-apply=\"border padding background  el-a9b7bc84\"><\/div><\/div><div class=\"vce-image-gallery vce-image-gallery--gap-10 vce-image-gallery--columns-6\" data-photoswipe-gallery=\"6ee38a25\"><div class=\"vce-image-gallery-wrapper vce\" id=\"el-6ee38a25\" data-vce-do-apply=\"all el-6ee38a25\"><div class=\"vce-image-gallery-list\"><div class=\"vce-image-gallery-item\" data-photoswipe-item=\"photoswipe-6ee38a25\"><figure class=\"vce-image-gallery-item-inner-wrapper\"><a href=\"https:\/\/cyclemadrid.com\/wp-content\/uploads\/2023\/05\/Ruta_Urbana-Aranjuez_04.webp\" data-photoswipe-image=\"6ee38a25\" data-photoswipe-index=\"0\" class=\"vce-image-gallery-item-inner\" data-pswp-uid=\"1\"><img decoding=\"async\" class=\"vce-image-gallery-img vce-image-gallery-img--orientation-portrait\" src=\"https:\/\/cyclemadrid.com\/wp-content\/uploads\/2023\/05\/Ruta_Urbana-Aranjuez_04.webp\" alt=\"\" title=\"Ruta Urbana Aranjuez 04\"><\/a><\/figure><\/div><div class=\"vce-image-gallery-item\" data-photoswipe-item=\"photoswipe-6ee38a25\"><figure class=\"vce-image-gallery-item-inner-wrapper\"><a href=\"https:\/\/cyclemadrid.com\/wp-content\/uploads\/2023\/05\/Ruta_Urbana-Aranjuez_03.webp\" data-photoswipe-image=\"6ee38a25\" data-photoswipe-index=\"1\" class=\"vce-image-gallery-item-inner\" data-pswp-uid=\"2\"><img decoding=\"async\" class=\"vce-image-gallery-img vce-image-gallery-img--orientation-portrait\" src=\"https:\/\/cyclemadrid.com\/wp-content\/uploads\/2023\/05\/Ruta_Urbana-Aranjuez_03.webp\" alt=\"\" title=\"Ruta Urbana Aranjuez 03\"><\/a><\/figure><\/div><div class=\"vce-image-gallery-item\" data-photoswipe-item=\"photoswipe-6ee38a25\"><figure class=\"vce-image-gallery-item-inner-wrapper\"><a href=\"https:\/\/cyclemadrid.com\/wp-content\/uploads\/2023\/05\/Ruta_Urbana-Aranjuez_02.webp\" data-photoswipe-image=\"6ee38a25\" data-photoswipe-index=\"2\" class=\"vce-image-gallery-item-inner\" data-pswp-uid=\"3\"><img decoding=\"async\" class=\"vce-image-gallery-img\" src=\"https:\/\/cyclemadrid.com\/wp-content\/uploads\/2023\/05\/Ruta_Urbana-Aranjuez_02-1024x575.webp\" alt=\"\" title=\"Ruta Urbana Aranjuez 02\"><\/a><\/figure><\/div><div class=\"vce-image-gallery-item\" data-photoswipe-item=\"photoswipe-6ee38a25\"><figure class=\"vce-image-gallery-item-inner-wrapper\"><a href=\"https:\/\/cyclemadrid.com\/wp-content\/uploads\/2023\/05\/Ruta_Urbana-Aranjuez_01.webp\" data-photoswipe-image=\"6ee38a25\" data-photoswipe-index=\"3\" class=\"vce-image-gallery-item-inner\" data-pswp-uid=\"4\"><img decoding=\"async\" class=\"vce-image-gallery-img\" src=\"https:\/\/cyclemadrid.com\/wp-content\/uploads\/2023\/05\/Ruta_Urbana-Aranjuez_01-1024x575.webp\" alt=\"\" title=\"Ruta Urbana Aranjuez 01\"><\/a><\/figure><\/div><\/div><\/div><\/div><div class=\"vce-text-block\"><div class=\"vce-text-block-wrapper vce\" id=\"el-5e78d5c7\" data-vce-do-apply=\"all el-5e78d5c7\"><\/div><\/div><\/div><\/div><\/div><\/div><\/div><\/div><div class=\"vce-row-container\" data-vce-boxed-width=\"true\"><div class=\"vce-row vce-row--col-gap-30 vce-row-equal-height vce-row-content--top\" id=\"el-a6463aa7\" data-vce-do-apply=\"all el-a6463aa7\"><div class=\"vce-row-content\" data-vce-element-content=\"true\"><div class=\"vce-col vce-col--md-auto vce-col--xs-1 vce-col--xs-last vce-col--xs-first vce-col--sm-last vce-col--sm-first vce-col--md-last vce-col--lg-last vce-col--xl-last vce-col--md-first vce-col--lg-first vce-col--xl-first\" id=\"el-ff38b6ec\"><div class=\"vce-col-inner\" data-vce-do-apply=\"border margin background  el-ff38b6ec\"><div class=\"vce-col-content\" data-vce-element-content=\"true\" data-vce-do-apply=\"padding el-ff38b6ec\"><div class=\"vce-single-image-container vce-single-image--align-left\"><div class=\"vce vce-single-image-wrapper\" id=\"el-668a18de\" data-vce-do-apply=\"all el-668a18de\"><figure><div class=\"vce-single-image-figure-inner\" style=\"width: 129px;\"><a href=\"http:\/\/www.wikiloc.com\/wikiloc\/user.do?id=7459913\" title=\"\" target=\"_blank\" class=\"vce-single-image-inner vce-single-image--absolute\" style=\"width: 100%; padding-bottom: 27.1318%;\"><img decoding=\"async\" class=\"vce-single-image\" src=\"https:\/\/cyclemadrid.com\/wp-content\/uploads\/2025\/09\/logo-wikilock-pequeno.jpg\" data-img-src=\"https:\/\/cyclemadrid.com\/wp-content\/uploads\/2025\/09\/logo-wikilock-pequeno.jpg\" data-attachment-id=\"7191\" alt=\"\" title=\"Logo Wikilock Pequeno\"><\/a><\/div><figcaption hidden=\"\"><\/figcaption><\/figure><\/div><\/div><div class=\"vce-text-block\"><div class=\"vce-text-block-wrapper vce\" id=\"el-b6f7ddbb\" data-vce-do-apply=\"all el-b6f7ddbb\"><p><span style=\"font-size: 12pt;\">Si quieres consultar la ruta en Wikiloc puedes verla en este <a href=\"https:\/\/es.wikiloc.com\/rutas-cicloturismo\/ruta-urbana-aranjuez-69841354\">enlace.<\/a><\/span><\/p>\n<\/div><\/div><\/div><\/div><\/div><\/div><\/div><\/div><div class=\"vce-row-container\"><div class=\"vce-row vce-element--has-background vce-row--col-gap-30 vce-row-equal-height vce-row-content--top\" data-vce-full-width=\"true\" id=\"el-6f4ec34b\" data-vce-do-apply=\"all el-6f4ec34b\"><div class=\"vce-content-background-container\"><\/div><div class=\"vce-row-content\" data-vce-element-content=\"true\"><div class=\"vce-col vce-col--md-auto vce-col--xs-1 vce-col--xs-last vce-col--xs-first vce-col--sm-last vce-col--sm-first vce-col--md-last vce-col--lg-last vce-col--xl-last vce-col--md-first vce-col--lg-first vce-col--xl-first\" id=\"el-4ee71e84\"><div class=\"vce-col-inner\" data-vce-do-apply=\"border margin background  el-4ee71e84\"><div class=\"vce-col-content\" data-vce-element-content=\"true\" data-vce-do-apply=\"padding el-4ee71e84\"><div class=\"vce-google-fonts-heading vce-google-fonts-heading--align-left vce-google-fonts-heading--color-empty--45--5C00FF--FF7200 vce-google-fonts-heading--font-family-Montserrat\"><div id=\"el-8abb4a64\" class=\"vce-google-fonts-heading-wrapper\"><div class=\"vce-google-fonts-heading--background vce\" data-vce-do-apply=\"border background  padding margin el-8abb4a64\"><h2 class=\"vce-google-fonts-heading-inner\" style=\"line-height: 1.2; font-weight: 600; font-style: normal;\">Servicios de cicloturismo<\/h2><\/div><\/div><\/div><div class=\"vce vce-separator-container vce-separator--align-left vce-separator--style-solid\" id=\"el-6d8503e9\" data-vce-do-apply=\"margin el-6d8503e9\"><div class=\"vce-separator vce-separator--color-bfc0c1 vce-separator--width-100 vce-separator--thickness-1\" data-vce-do-apply=\"border padding background  el-6d8503e9\"><\/div><\/div><div class=\"vce-posts-grid-container view-custom-carrousel\" style=\"--gapPx: 10px; --columns: 6; --paginationColor: #EEE; --paginationActiveColor: #557CBF; --paginationTextColor: #3d3d3d; --paginationActiveTextColor: #FFF; --paginationHoverColor: #e2e2e2; --paginationActiveHoverColor: #5176b5;\"><div class=\"vce vce-posts-grid-wrapper\" id=\"el-c580e550\" data-vce-do-apply=\"all el-c580e550\"><div class=\"vce-posts-grid-list\"><article class=\"vce-posts-grid-item\"><div class=\"vce-post-description vce-post-description--full vce-post-description--animation\"><a href=\"https:\/\/cyclemadrid.com\/es\/entidad\/solar-cycle\/\" class=\"vce-post-description-link\" aria-label=\"Solar Cycle\"><\/a><div class=\"vce-post-description--background-wrapper-box\">\n    <div class=\"vce-post-description--background-wrapper\">\n        <div class=\"vce-post-description--background\" style=\"background-image: url(https:\/\/cyclemadrid.com\/wp-content\/uploads\/2023\/11\/Solar-Cycle-2.jpg);\"><\/div>\n    <\/div>\n<\/div>\n<div class=\"vce-post-description--content vce-post-description-content--has-title\">\n    <div class=\"vce-post-description--title\">\n    <h3>\n        <a href=\"https:\/\/cyclemadrid.com\/es\/entidad\/solar-cycle\/\">Solar Cycle<\/a>\n    <\/h3>\n<\/div>\n    <\/div>\n<\/div><\/article><article class=\"vce-posts-grid-item\"><div class=\"vce-post-description vce-post-description--full vce-post-description--animation\"><a href=\"https:\/\/cyclemadrid.com\/es\/entidad\/bici-rana\/\" class=\"vce-post-description-link\" aria-label=\"Bici Rana\"><\/a><div class=\"vce-post-description--background-wrapper-box\">\n    <div class=\"vce-post-description--background-wrapper\">\n        <div class=\"vce-post-description--background\" style=\"background-image: url(https:\/\/cyclemadrid.com\/wp-content\/uploads\/2023\/09\/IMG_20230510_115624_009-01.jpeg);\"><\/div>\n    <\/div>\n<\/div>\n<div class=\"vce-post-description--content vce-post-description-content--has-title\">\n    <div class=\"vce-post-description--title\">\n    <h3>\n        <a href=\"https:\/\/cyclemadrid.com\/es\/entidad\/bici-rana\/\">Bici Rana<\/a>\n    <\/h3>\n<\/div>\n    <\/div>\n<\/div><\/article><article class=\"vce-posts-grid-item\"><div class=\"vce-post-description vce-post-description--full vce-post-description--animation\"><a href=\"https:\/\/cyclemadrid.com\/es\/entidad\/sierra-norte-de-madrid-centro-de-innovacion-turistica-villa-san-roque\/\" class=\"vce-post-description-link\" aria-label=\"SIERRA NORTE DE MADRID. Centro de Innovaci\u00f3n Tur\u00edstica Villa San Roque\"><\/a><div class=\"vce-post-description--background-wrapper-box\">\n    <div class=\"vce-post-description--background-wrapper\">\n        <div class=\"vce-post-description--background\" style=\"background-image: url(https:\/\/cyclemadrid.com\/wp-content\/uploads\/2020\/11\/P1080392_cedida-por-SNorte.jpg);\"><\/div>\n    <\/div>\n<\/div>\n<div class=\"vce-post-description--content vce-post-description-content--has-title\">\n    <div class=\"vce-post-description--title\">\n    <h3>\n        <a href=\"https:\/\/cyclemadrid.com\/es\/entidad\/sierra-norte-de-madrid-centro-de-innovacion-turistica-villa-san-roque\/\">SIERRA NORTE DE MADRID. Centro de Innovaci\u00f3n Tur\u00edstica Villa San Roque<\/a>\n    <\/h3>\n<\/div>\n    <\/div>\n<\/div><\/article><article class=\"vce-posts-grid-item\"><div class=\"vce-post-description vce-post-description--full vce-post-description--animation\"><a href=\"https:\/\/cyclemadrid.com\/es\/entidad\/rent-roll-madrid\/\" class=\"vce-post-description-link\" aria-label=\"Rent & Roll Madrid\"><\/a><div class=\"vce-post-description--background-wrapper-box\">\n    <div class=\"vce-post-description--background-wrapper\">\n        <div class=\"vce-post-description--background\" style=\"background-image: url(https:\/\/cyclemadrid.com\/wp-content\/uploads\/2020\/11\/local.jpg);\"><\/div>\n    <\/div>\n<\/div>\n<div class=\"vce-post-description--content vce-post-description-content--has-title\">\n    <div class=\"vce-post-description--title\">\n    <h3>\n        <a href=\"https:\/\/cyclemadrid.com\/es\/entidad\/rent-roll-madrid\/\">Rent & Roll Madrid<\/a>\n    <\/h3>\n<\/div>\n    <\/div>\n<\/div><\/article><article class=\"vce-posts-grid-item\"><div class=\"vce-post-description vce-post-description--full vce-post-description--animation\"><a href=\"https:\/\/cyclemadrid.com\/es\/entidad\/jarama-animacion\/\" class=\"vce-post-description-link\" aria-label=\"Jarama Animaci\u00f3n\"><\/a><div class=\"vce-post-description--background-wrapper-box\">\n    <div class=\"vce-post-description--background-wrapper\">\n        <div class=\"vce-post-description--background\" style=\"background-image: url(https:\/\/cyclemadrid.com\/wp-content\/uploads\/2020\/03\/jarama-animacion.jpg);\"><\/div>\n    <\/div>\n<\/div>\n<div class=\"vce-post-description--content vce-post-description-content--has-title\">\n    <div class=\"vce-post-description--title\">\n    <h3>\n        <a href=\"https:\/\/cyclemadrid.com\/es\/entidad\/jarama-animacion\/\">Jarama Animaci\u00f3n<\/a>\n    <\/h3>\n<\/div>\n    <\/div>\n<\/div><\/article><article class=\"vce-posts-grid-item\"><div class=\"vce-post-description vce-post-description--full vce-post-description--animation\"><a href=\"https:\/\/cyclemadrid.com\/es\/entidad\/meridiano-raid\/\" class=\"vce-post-description-link\" aria-label=\"Meridiano Raid\"><\/a><div class=\"vce-post-description--background-wrapper-box\">\n    <div class=\"vce-post-description--background-wrapper\">\n        <div class=\"vce-post-description--background\" style=\"background-image: url(https:\/\/cyclemadrid.com\/wp-content\/uploads\/2020\/03\/MERIADIANO-RAID.jpg);\"><\/div>\n    <\/div>\n<\/div>\n<div class=\"vce-post-description--content vce-post-description-content--has-title\">\n    <div class=\"vce-post-description--title\">\n    <h3>\n        <a href=\"https:\/\/cyclemadrid.com\/es\/entidad\/meridiano-raid\/\">Meridiano Raid<\/a>\n    <\/h3>\n<\/div>\n    <\/div>\n<\/div><\/article><\/div><\/div><\/div><\/div><\/div><\/div><\/div><\/div><\/div><div class=\"vce-row-container\"><div class=\"vce-row vce-element--has-background vce-row--col-gap-30 vce-row-equal-height vce-row-content--top\" data-vce-full-width=\"true\" id=\"el-c88f610d\" data-vce-do-apply=\"all el-c88f610d\"><div class=\"vce-content-background-container\"><\/div><div class=\"vce-row-content\" data-vce-element-content=\"true\"><div class=\"vce-col vce-col--md-auto vce-col--xs-1 vce-col--xs-last vce-col--xs-first vce-col--sm-last vce-col--sm-first vce-col--md-last vce-col--lg-last vce-col--xl-last vce-col--md-first vce-col--lg-first vce-col--xl-first\" id=\"el-78922121\"><div class=\"vce-col-inner\" data-vce-do-apply=\"border margin background  el-78922121\"><div class=\"vce-col-content\" data-vce-element-content=\"true\" data-vce-do-apply=\"padding el-78922121\"><div class=\"vce-google-fonts-heading vce-google-fonts-heading--align-left vce-google-fonts-heading--color-empty--45--5C00FF--FF7200 vce-google-fonts-heading--font-family-Montserrat\"><div id=\"el-6a7e1861\" class=\"vce-google-fonts-heading-wrapper\"><div class=\"vce-google-fonts-heading--background vce\" data-vce-do-apply=\"border background  padding margin el-6a7e1861\"><h2 class=\"vce-google-fonts-heading-inner\" style=\"line-height: 1.2; font-weight: 600; font-style: normal;\">D\u00f3nde comer<\/h2><\/div><\/div><\/div><div class=\"vce vce-separator-container vce-separator--align-left vce-separator--style-solid\" id=\"el-41b81e93\" data-vce-do-apply=\"margin el-41b81e93\"><div class=\"vce-separator vce-separator--color-bfc0c1 vce-separator--width-100 vce-separator--thickness-1\" data-vce-do-apply=\"border padding background  el-41b81e93\"><\/div><\/div><div class=\"vce-posts-grid-container view-custom-carrousel\" style=\"--gapPx: 10px; --columns: 6; --paginationColor: #EEE; --paginationActiveColor: #557CBF; --paginationTextColor: #3d3d3d; --paginationActiveTextColor: #FFF; --paginationHoverColor: #e2e2e2; --paginationActiveHoverColor: #5176b5;\"><div class=\"vce vce-posts-grid-wrapper\" id=\"el-3ccc5fb9\" data-vce-do-apply=\"all el-3ccc5fb9\"><div class=\"vce-posts-grid-list\"><article class=\"vce-posts-grid-item\"><div class=\"vce-post-description vce-post-description--full vce-post-description--animation\"><a href=\"https:\/\/cyclemadrid.com\/es\/entidad\/ciclo-lodge-el-nevero\/\" class=\"vce-post-description-link\" aria-label=\"Ciclo Lodge- El Nevero\"><\/a><div class=\"vce-post-description--background-wrapper-box\">\n    <div class=\"vce-post-description--background-wrapper\">\n        <div class=\"vce-post-description--background\" style=\"background-image: url(https:\/\/cyclemadrid.com\/wp-content\/uploads\/2020\/01\/Fachada-Exterior-1.jpg);\"><\/div>\n    <\/div>\n<\/div>\n<div class=\"vce-post-description--content vce-post-description-content--has-title\">\n    <div class=\"vce-post-description--title\">\n    <h3>\n        <a href=\"https:\/\/cyclemadrid.com\/es\/entidad\/ciclo-lodge-el-nevero\/\">Ciclo Lodge- El Nevero<\/a>\n    <\/h3>\n<\/div>\n    <\/div>\n<\/div><\/article><article class=\"vce-posts-grid-item\"><div class=\"vce-post-description vce-post-description--full vce-post-description--animation\"><a href=\"https:\/\/cyclemadrid.com\/es\/entidad\/hotel-hacienda-la-coracera\/\" class=\"vce-post-description-link\" aria-label=\"Hotel Hacienda la Coracera\"><\/a><div class=\"vce-post-description--background-wrapper-box\">\n    <div class=\"vce-post-description--background-wrapper\">\n        <div class=\"vce-post-description--background\" style=\"background-image: url(https:\/\/cyclemadrid.com\/wp-content\/uploads\/2020\/03\/ciclistas-coracera_opt.jpg);\"><\/div>\n    <\/div>\n<\/div>\n<div class=\"vce-post-description--content vce-post-description-content--has-title\">\n    <div class=\"vce-post-description--title\">\n    <h3>\n        <a href=\"https:\/\/cyclemadrid.com\/es\/entidad\/hotel-hacienda-la-coracera\/\">Hotel Hacienda la Coracera<\/a>\n    <\/h3>\n<\/div>\n    <\/div>\n<\/div><\/article><article class=\"vce-posts-grid-item\"><div class=\"vce-post-description vce-post-description--full vce-post-description--animation\"><a href=\"https:\/\/cyclemadrid.com\/es\/entidad\/1248\/\" class=\"vce-post-description-link\" aria-label=\"Monte Holiday Ecoturismo\"><\/a><div class=\"vce-post-description--background-wrapper-box\">\n    <div class=\"vce-post-description--background-wrapper\">\n        <div class=\"vce-post-description--background\" style=\"background-image: url(https:\/\/cyclemadrid.com\/wp-content\/uploads\/2020\/04\/cabanas-en-arboles-5.jpg);\"><\/div>\n    <\/div>\n<\/div>\n<div class=\"vce-post-description--content vce-post-description-content--has-title\">\n    <div class=\"vce-post-description--title\">\n    <h3>\n        <a href=\"https:\/\/cyclemadrid.com\/es\/entidad\/1248\/\">Monte Holiday Ecoturismo<\/a>\n    <\/h3>\n<\/div>\n    <\/div>\n<\/div><\/article><article class=\"vce-posts-grid-item\"><div class=\"vce-post-description vce-post-description--full vce-post-description--animation\"><a href=\"https:\/\/cyclemadrid.com\/es\/entidad\/casa-rural-vega-del-tielmes\/\" class=\"vce-post-description-link\" aria-label=\"Casa Rural Vega de Tielmes\"><\/a><div class=\"vce-post-description--background-wrapper-box\">\n    <div class=\"vce-post-description--background-wrapper\">\n        <div class=\"vce-post-description--background\" style=\"background-image: url(https:\/\/cyclemadrid.com\/wp-content\/uploads\/2020\/03\/Captura-de-pantalla-2020-03-24-a-las-11.16.55.png);\"><\/div>\n    <\/div>\n<\/div>\n<div class=\"vce-post-description--content vce-post-description-content--has-title\">\n    <div class=\"vce-post-description--title\">\n    <h3>\n        <a href=\"https:\/\/cyclemadrid.com\/es\/entidad\/casa-rural-vega-del-tielmes\/\">Casa Rural Vega de Tielmes<\/a>\n    <\/h3>\n<\/div>\n    <\/div>\n<\/div><\/article><\/div><\/div><\/div><\/div><\/div><\/div><\/div><\/div><\/div><div class=\"vce-row-container\"><div class=\"vce-row vce-element--has-background vce-row--col-gap-30 vce-row-equal-height vce-row-content--top\" data-vce-full-width=\"true\" id=\"el-1d83c8e5\" data-vce-do-apply=\"all el-1d83c8e5\"><div class=\"vce-content-background-container\"><\/div><div class=\"vce-row-content\" data-vce-element-content=\"true\"><div class=\"vce-col vce-col--md-auto vce-col--xs-1 vce-col--xs-last vce-col--xs-first vce-col--sm-last vce-col--sm-first vce-col--md-last vce-col--lg-last vce-col--xl-last vce-col--md-first vce-col--lg-first vce-col--xl-first\" id=\"el-0cbc41ea\"><div class=\"vce-col-inner\" data-vce-do-apply=\"border margin background  el-0cbc41ea\"><div class=\"vce-col-content\" data-vce-element-content=\"true\" data-vce-do-apply=\"padding el-0cbc41ea\"><div class=\"vce-google-fonts-heading vce-google-fonts-heading--align-left vce-google-fonts-heading--color-empty--45--5C00FF--FF7200 vce-google-fonts-heading--font-family-Montserrat\"><div id=\"el-96181374\" class=\"vce-google-fonts-heading-wrapper\"><div class=\"vce-google-fonts-heading--background vce\" data-vce-do-apply=\"border background  padding margin el-96181374\"><h2 class=\"vce-google-fonts-heading-inner\" style=\"line-height: 1.2; font-weight: 600; font-style: normal;\">D\u00f3nde dormir<\/h2><\/div><\/div><\/div><div class=\"vce vce-separator-container vce-separator--align-left vce-separator--style-solid\" id=\"el-4541b901\" data-vce-do-apply=\"margin el-4541b901\"><div class=\"vce-separator vce-separator--color-bfc0c1 vce-separator--width-100 vce-separator--thickness-1\" data-vce-do-apply=\"border padding background  el-4541b901\"><\/div><\/div><div class=\"vce-posts-grid-container view-custom-carrousel\" style=\"--gapPx: 10px; --columns: 6; --paginationColor: #EEE; --paginationActiveColor: #557CBF; --paginationTextColor: #3d3d3d; --paginationActiveTextColor: #FFF; --paginationHoverColor: #e2e2e2; --paginationActiveHoverColor: #5176b5;\"><div class=\"vce vce-posts-grid-wrapper\" id=\"el-3555e693\" data-vce-do-apply=\"all el-3555e693\"><div class=\"vce-posts-grid-list\"><article class=\"vce-posts-grid-item\"><div class=\"vce-post-description vce-post-description--full vce-post-description--animation\"><a href=\"https:\/\/cyclemadrid.com\/es\/entidad\/hotel-el-corzo\/\" class=\"vce-post-description-link\" aria-label=\"Hotel El Corzo\"><\/a><div class=\"vce-post-description--background-wrapper-box\">\n    <div class=\"vce-post-description--background-wrapper\">\n        <div class=\"vce-post-description--background\" style=\"background-image: url(https:\/\/cyclemadrid.com\/wp-content\/uploads\/2020\/03\/Captura-de-pantalla-2020-03-23-a-las-12.14.05.png);\"><\/div>\n    <\/div>\n<\/div>\n<div class=\"vce-post-description--content vce-post-description-content--has-title\">\n    <div class=\"vce-post-description--title\">\n    <h3>\n        <a href=\"https:\/\/cyclemadrid.com\/es\/entidad\/hotel-el-corzo\/\">Hotel El Corzo<\/a>\n    <\/h3>\n<\/div>\n    <\/div>\n<\/div><\/article><article class=\"vce-posts-grid-item\"><div class=\"vce-post-description vce-post-description--full vce-post-description--animation\"><a href=\"https:\/\/cyclemadrid.com\/es\/entidad\/alojamientos-estrella-rural\/\" class=\"vce-post-description-link\" aria-label=\"Alojamientos Estrella Rural\"><\/a><div class=\"vce-post-description--background-wrapper-box\">\n    <div class=\"vce-post-description--background-wrapper\">\n        <div class=\"vce-post-description--background\" style=\"background-image: url(https:\/\/cyclemadrid.com\/wp-content\/uploads\/2020\/03\/estrella-rurla-2.png);\"><\/div>\n    <\/div>\n<\/div>\n<div class=\"vce-post-description--content vce-post-description-content--has-title\">\n    <div class=\"vce-post-description--title\">\n    <h3>\n        <a href=\"https:\/\/cyclemadrid.com\/es\/entidad\/alojamientos-estrella-rural\/\">Alojamientos Estrella Rural<\/a>\n    <\/h3>\n<\/div>\n    <\/div>\n<\/div><\/article><article class=\"vce-posts-grid-item\"><div class=\"vce-post-description vce-post-description--full vce-post-description--animation\"><a href=\"https:\/\/cyclemadrid.com\/es\/entidad\/ciclo-lodge-el-nevero\/\" class=\"vce-post-description-link\" aria-label=\"Ciclo Lodge- El Nevero\"><\/a><div class=\"vce-post-description--background-wrapper-box\">\n    <div class=\"vce-post-description--background-wrapper\">\n        <div class=\"vce-post-description--background\" style=\"background-image: url(https:\/\/cyclemadrid.com\/wp-content\/uploads\/2020\/01\/Fachada-Exterior-1.jpg);\"><\/div>\n    <\/div>\n<\/div>\n<div class=\"vce-post-description--content vce-post-description-content--has-title\">\n    <div class=\"vce-post-description--title\">\n    <h3>\n        <a href=\"https:\/\/cyclemadrid.com\/es\/entidad\/ciclo-lodge-el-nevero\/\">Ciclo Lodge- El Nevero<\/a>\n    <\/h3>\n<\/div>\n    <\/div>\n<\/div><\/article><article class=\"vce-posts-grid-item\"><div class=\"vce-post-description vce-post-description--full vce-post-description--animation\"><a href=\"https:\/\/cyclemadrid.com\/es\/entidad\/asdon-multiaventura\/\" class=\"vce-post-description-link\" aria-label=\"Asd\u00f3n Multiaventura\"><\/a><div class=\"vce-post-description--background-wrapper-box\">\n    <div class=\"vce-post-description--background-wrapper\">\n        <div class=\"vce-post-description--background\" style=\"background-image: url(https:\/\/cyclemadrid.com\/wp-content\/uploads\/2020\/03\/rutas-btt-sierra-madrid-niveles-asdon-aventura.jpg);\"><\/div>\n    <\/div>\n<\/div>\n<div class=\"vce-post-description--content vce-post-description-content--has-title\">\n    <div class=\"vce-post-description--title\">\n    <h3>\n        <a href=\"https:\/\/cyclemadrid.com\/es\/entidad\/asdon-multiaventura\/\">Asd\u00f3n Multiaventura<\/a>\n    <\/h3>\n<\/div>\n    <\/div>\n<\/div><\/article><article class=\"vce-posts-grid-item\"><div class=\"vce-post-description vce-post-description--full vce-post-description--animation\"><a href=\"https:\/\/cyclemadrid.com\/es\/entidad\/central-de-reservas-sierra-de-guadarrama\/\" class=\"vce-post-description-link\" aria-label=\"Central de reservas Sierra de Guadarrama\"><\/a><div class=\"vce-post-description--background-wrapper-box\">\n    <div class=\"vce-post-description--background-wrapper\">\n        <div class=\"vce-post-description--background\" style=\"background-image: url(https:\/\/cyclemadrid.com\/wp-content\/uploads\/2020\/03\/CYCLA16.jpg);\"><\/div>\n    <\/div>\n<\/div>\n<div class=\"vce-post-description--content vce-post-description-content--has-title\">\n    <div class=\"vce-post-description--title\">\n    <h3>\n        <a href=\"https:\/\/cyclemadrid.com\/es\/entidad\/central-de-reservas-sierra-de-guadarrama\/\">Central de reservas Sierra de Guadarrama<\/a>\n    <\/h3>\n<\/div>\n    <\/div>\n<\/div><\/article><article class=\"vce-posts-grid-item\"><div class=\"vce-post-description vce-post-description--full vce-post-description--animation\"><a href=\"https:\/\/cyclemadrid.com\/es\/entidad\/casas-rurales-el-bulin\/\" class=\"vce-post-description-link\" aria-label=\"Casas rurales El Bul\u00edn\"><\/a><div class=\"vce-post-description--background-wrapper-box\">\n    <div class=\"vce-post-description--background-wrapper\">\n        <div class=\"vce-post-description--background\" style=\"background-image: url(https:\/\/cyclemadrid.com\/wp-content\/uploads\/2021\/03\/casa-rural-cubillo-casa-mirador_exterior_2.jpg);\"><\/div>\n    <\/div>\n<\/div>\n<div class=\"vce-post-description--content vce-post-description-content--has-title\">\n    <div class=\"vce-post-description--title\">\n    <h3>\n        <a href=\"https:\/\/cyclemadrid.com\/es\/entidad\/casas-rurales-el-bulin\/\">Casas rurales El Bul\u00edn<\/a>\n    <\/h3>\n<\/div>\n    <\/div>\n<\/div><\/article><article class=\"vce-posts-grid-item\"><div class=\"vce-post-description vce-post-description--full vce-post-description--animation\"><a href=\"https:\/\/cyclemadrid.com\/es\/entidad\/hotel-hacienda-la-coracera\/\" class=\"vce-post-description-link\" aria-label=\"Hotel Hacienda la Coracera\"><\/a><div class=\"vce-post-description--background-wrapper-box\">\n    <div class=\"vce-post-description--background-wrapper\">\n        <div class=\"vce-post-description--background\" style=\"background-image: url(https:\/\/cyclemadrid.com\/wp-content\/uploads\/2020\/03\/ciclistas-coracera_opt.jpg);\"><\/div>\n    <\/div>\n<\/div>\n<div class=\"vce-post-description--content vce-post-description-content--has-title\">\n    <div class=\"vce-post-description--title\">\n    <h3>\n        <a href=\"https:\/\/cyclemadrid.com\/es\/entidad\/hotel-hacienda-la-coracera\/\">Hotel Hacienda la Coracera<\/a>\n    <\/h3>\n<\/div>\n    <\/div>\n<\/div><\/article><article class=\"vce-posts-grid-item\"><div class=\"vce-post-description vce-post-description--full vce-post-description--animation\"><a href=\"https:\/\/cyclemadrid.com\/es\/entidad\/1248\/\" class=\"vce-post-description-link\" aria-label=\"Monte Holiday Ecoturismo\"><\/a><div class=\"vce-post-description--background-wrapper-box\">\n    <div class=\"vce-post-description--background-wrapper\">\n        <div class=\"vce-post-description--background\" style=\"background-image: url(https:\/\/cyclemadrid.com\/wp-content\/uploads\/2020\/04\/cabanas-en-arboles-5.jpg);\"><\/div>\n    <\/div>\n<\/div>\n<div class=\"vce-post-description--content vce-post-description-content--has-title\">\n    <div class=\"vce-post-description--title\">\n    <h3>\n        <a href=\"https:\/\/cyclemadrid.com\/es\/entidad\/1248\/\">Monte Holiday Ecoturismo<\/a>\n    <\/h3>\n<\/div>\n    <\/div>\n<\/div><\/article><article class=\"vce-posts-grid-item\"><div class=\"vce-post-description vce-post-description--full vce-post-description--animation\"><a href=\"https:\/\/cyclemadrid.com\/es\/entidad\/casa-rural-la-tinaja\/\" class=\"vce-post-description-link\" aria-label=\"Casa Rural Los Tinajones\"><\/a><div class=\"vce-post-description--background-wrapper-box\">\n    <div class=\"vce-post-description--background-wrapper\">\n        <div class=\"vce-post-description--background\" style=\"background-image: url(https:\/\/cyclemadrid.com\/wp-content\/uploads\/2020\/03\/Los-tinajones-7.jpg);\"><\/div>\n    <\/div>\n<\/div>\n<div class=\"vce-post-description--content vce-post-description-content--has-title\">\n    <div class=\"vce-post-description--title\">\n    <h3>\n        <a href=\"https:\/\/cyclemadrid.com\/es\/entidad\/casa-rural-la-tinaja\/\">Casa Rural Los Tinajones<\/a>\n    <\/h3>\n<\/div>\n    <\/div>\n<\/div><\/article><article class=\"vce-posts-grid-item\"><div class=\"vce-post-description vce-post-description--full vce-post-description--animation\"><a href=\"https:\/\/cyclemadrid.com\/es\/entidad\/casa-rural-vega-del-tielmes\/\" class=\"vce-post-description-link\" aria-label=\"Casa Rural Vega de Tielmes\"><\/a><div class=\"vce-post-description--background-wrapper-box\">\n    <div class=\"vce-post-description--background-wrapper\">\n        <div class=\"vce-post-description--background\" style=\"background-image: url(https:\/\/cyclemadrid.com\/wp-content\/uploads\/2020\/03\/Captura-de-pantalla-2020-03-24-a-las-11.16.55.png);\"><\/div>\n    <\/div>\n<\/div>\n<div class=\"vce-post-description--content vce-post-description-content--has-title\">\n    <div class=\"vce-post-description--title\">\n    <h3>\n        <a href=\"https:\/\/cyclemadrid.com\/es\/entidad\/casa-rural-vega-del-tielmes\/\">Casa Rural Vega de Tielmes<\/a>\n    <\/h3>\n<\/div>\n    <\/div>\n<\/div><\/article><\/div><\/div><\/div><\/div><\/div><\/div><\/div><\/div><\/div><div class=\"vce-row-container\" data-vce-boxed-width=\"true\"><div class=\"vce-row vce-row--col-gap-30 vce-row-equal-height vce-row-content--top\" id=\"el-6f390848\" data-vce-do-apply=\"all el-6f390848\"><div class=\"vce-content-background-container\"><\/div><div class=\"vce-row-content\" data-vce-element-content=\"true\"><div class=\"vce-col vce-col--md-auto vce-col--xs-1 vce-col--xs-last vce-col--xs-first vce-col--sm-last vce-col--sm-first vce-col--md-last vce-col--lg-last vce-col--xl-last vce-col--md-first vce-col--lg-first vce-col--xl-first\" id=\"el-14e3d8ec\"><div class=\"vce-col-inner\" data-vce-do-apply=\"border margin background  el-14e3d8ec\"><div class=\"vce-col-content\" data-vce-element-content=\"true\" data-vce-do-apply=\"padding el-14e3d8ec\"><div class=\"vce-google-fonts-heading vce-google-fonts-heading--align-left vce-google-fonts-heading--color-empty--45--5C00FF--FF7200 vce-google-fonts-heading--font-family-Montserrat\"><div id=\"el-2f36b10d\" class=\"vce-google-fonts-heading-wrapper\"><div class=\"vce-google-fonts-heading--background vce\" data-vce-do-apply=\"border background  padding margin el-2f36b10d\"><h2 class=\"vce-google-fonts-heading-inner\" style=\"line-height: 0; font-weight: 600; font-style: normal;\">Otras Rutas<\/h2><\/div><\/div><\/div><div class=\"vce vce-separator-container vce-separator--align-left vce-separator--style-solid\" id=\"el-e299c67c\" data-vce-do-apply=\"margin el-e299c67c\"><div class=\"vce-separator vce-separator--color-bfc0c1 vce-separator--width-100 vce-separator--thickness-1\" data-vce-do-apply=\"border padding background  el-e299c67c\"><\/div><\/div><\/div><\/div><\/div><\/div><\/div><\/div><div class=\"vce-row-container\" data-vce-boxed-width=\"true\"><div class=\"vce-row vce-row--col-gap-30 vce-row-equal-height vce-row-content--top\" id=\"el-b3916f4c\" data-vce-do-apply=\"all el-b3916f4c\"><div class=\"vce-row-content\" data-vce-element-content=\"true\"><div class=\"vce-col vce-col--md-auto vce-col--xs-1 vce-col--xs-last vce-col--xs-first vce-col--sm-last vce-col--sm-first vce-col--md-last vce-col--lg-last vce-col--xl-last vce-col--md-first vce-col--lg-first vce-col--xl-first\" id=\"el-ea67e8dc\"><div class=\"vce-col-inner\" data-vce-do-apply=\"border margin background  el-ea67e8dc\"><div class=\"vce-col-content\" data-vce-element-content=\"true\" data-vce-do-apply=\"padding el-ea67e8dc\"><div class=\"vce-posts-grid-container view-custom-carrousel carrusel-no-excerpt\" style=\"--gapPx: 10px; --columns: 6; --paginationColor: #EEE; --paginationActiveColor: #557CBF; --paginationTextColor: #3d3d3d; --paginationActiveTextColor: #FFF; --paginationHoverColor: #e2e2e2; --paginationActiveHoverColor: #5176b5;\"><div class=\"vce vce-posts-grid-wrapper\" id=\"el-1717170c\" data-vce-do-apply=\"all el-1717170c\"><div class=\"vce-posts-grid-list\"><article class=\"vce-posts-grid-item\"><div class=\"vce-post-description vce-post-description--full vce-post-description--animation\"><a href=\"https:\/\/cyclemadrid.com\/es\/rutas\/via-verde-del-tajuna\/\" class=\"vce-post-description-link\" aria-label=\"Via Verde del Taju\u00f1a\"><\/a><div class=\"vce-post-description--background-wrapper-box\">\n    <div class=\"vce-post-description--background-wrapper\">\n        <div class=\"vce-post-description--background\" style=\"background-image: url(https:\/\/cyclemadrid.com\/wp-content\/uploads\/2025\/09\/Via-verde-del-tajuna-imagen-tunel.jpg);\"><\/div>\n    <\/div>\n<\/div>\n<div class=\"vce-post-description--content vce-post-description-content--has-title vce-post-description-content--has-excerpt\">\n    <div class=\"vce-post-description--title\">\n    <h3>\n        <a href=\"https:\/\/cyclemadrid.com\/es\/rutas\/via-verde-del-tajuna\/\">Via Verde del Taju\u00f1a<\/a>\n    <\/h3>\n<\/div>\n    <div class=\"vce-post-description--excerpt\"><p>Ruta en bicicleta de la V\u00eda verde del Taju\u00f1aA Arganda del Rey puedes llegar perfectamente en Metro desde la ciudad de Madrid (l\u00ednea 9).Para abandonar el casco urbano, la V\u00eda Verde discurre por el l\u00edmite entre la zona industrial de Arganda y unas suaves laderas donde apenas quedan rastros de alg\u00fan olivo. La ruta cruza&hellip;<\/p>\n<\/div>\n<\/div>\n<\/div><\/article><article class=\"vce-posts-grid-item\"><div class=\"vce-post-description vce-post-description--full vce-post-description--animation\"><a href=\"https:\/\/cyclemadrid.com\/es\/rutas\/ruta-en-bicicleta-de-torrelaguna-torremocha-presa-de-el-atazar\/\" class=\"vce-post-description-link\" aria-label=\"Ruta en bicicleta de Torrelaguna-Torremocha-Presa de El Atazar\"><\/a><div class=\"vce-post-description--background-wrapper-box\">\n    <div class=\"vce-post-description--background-wrapper\">\n        <div class=\"vce-post-description--background\" style=\"background-image: url(https:\/\/cyclemadrid.com\/wp-content\/uploads\/2025\/08\/Ruta_Ponton-de-La-Oliva-2.jpg);\"><\/div>\n    <\/div>\n<\/div>\n<div class=\"vce-post-description--content vce-post-description-content--has-title vce-post-description-content--has-excerpt\">\n    <div class=\"vce-post-description--title\">\n    <h3>\n        <a href=\"https:\/\/cyclemadrid.com\/es\/rutas\/ruta-en-bicicleta-de-torrelaguna-torremocha-presa-de-el-atazar\/\">Ruta en bicicleta de Torrelaguna-Torremocha-Presa de El Atazar<\/a>\n    <\/h3>\n<\/div>\n    <div class=\"vce-post-description--excerpt\"><p>Ruta en bicicleta Torrelaguna &#8211; Torremocha &#8211; Presa de El AtazarMIRAFLORES A TORRELAGUNADescubre la ruta de Torrelaguna a la Presa de El Atazar, un recorrido ideal para senderismo y naturaleza en la Comunidad de Madrid.A Torrelaguna puedes llegar en transporte p\u00fablico desde la ciudad de Madrid, a trav\u00e9s de la l\u00ednea interurbana de autob\u00fas o&hellip;<\/p>\n<\/div>\n<\/div>\n<\/div><\/article><article class=\"vce-posts-grid-item\"><div class=\"vce-post-description vce-post-description--full vce-post-description--animation\"><a href=\"https:\/\/cyclemadrid.com\/es\/rutas\/ruta-en-bicicleta-de-loeches-a-pozuelo-del-rey\/\" class=\"vce-post-description-link\" aria-label=\"Ruta en bicicleta de Loeches a Pozuelo del Rey\"><\/a><div class=\"vce-post-description--background-wrapper-box\">\n    <div class=\"vce-post-description--background-wrapper\">\n        <div class=\"vce-post-description--background\" style=\"background-image: url(https:\/\/cyclemadrid.com\/wp-content\/uploads\/2023\/07\/ayuntamiento-loeches-8.jpg);\"><\/div>\n    <\/div>\n<\/div>\n<div class=\"vce-post-description--content vce-post-description-content--has-title vce-post-description-content--has-excerpt\">\n    <div class=\"vce-post-description--title\">\n    <h3>\n        <a href=\"https:\/\/cyclemadrid.com\/es\/rutas\/ruta-en-bicicleta-de-loeches-a-pozuelo-del-rey\/\">Ruta en bicicleta de Loeches a Pozuelo del Rey<\/a>\n    <\/h3>\n<\/div>\n    <div class=\"vce-post-description--excerpt\"><p>Ruta en bicicleta de Loeches a Pozuelo del ReyLOECHES A POZUELO DEL REYDescubre una emocionante ruta en bicicleta desde Loeches hasta Pozuelo del Rey.Comenzaremos nuestro recorrido en la carretera de circunvalaci\u00f3n de Loeches M-300, en direcci\u00f3n a Campo Real.A medio camino, tomaremos una pista que sale en direcci\u00f3n Este.Aqu\u00ed da comienzo esta ruta, seguiremos durante&hellip;<\/p>\n<\/div>\n<\/div>\n<\/div><\/article><article class=\"vce-posts-grid-item\"><div class=\"vce-post-description vce-post-description--full vce-post-description--animation\"><a href=\"https:\/\/cyclemadrid.com\/es\/rutas\/ruta-en-bicicleta-de-miraflores-a-torrelaguna\/\" class=\"vce-post-description-link\" aria-label=\"Ruta en bicicleta de Miraflores a Torrelaguna\"><\/a><div class=\"vce-post-description--background-wrapper-box\">\n    <div class=\"vce-post-description--background-wrapper\">\n        <div class=\"vce-post-description--background\" style=\"background-image: url(https:\/\/cyclemadrid.com\/wp-content\/uploads\/2023\/05\/Miraflores-Torrelaguna_03.webp);\"><\/div>\n    <\/div>\n<\/div>\n<div class=\"vce-post-description--content vce-post-description-content--has-title vce-post-description-content--has-excerpt\">\n    <div class=\"vce-post-description--title\">\n    <h3>\n        <a href=\"https:\/\/cyclemadrid.com\/es\/rutas\/ruta-en-bicicleta-de-miraflores-a-torrelaguna\/\">Ruta en bicicleta de Miraflores a Torrelaguna<\/a>\n    <\/h3>\n<\/div>\n    <div class=\"vce-post-description--excerpt\"><p>Ruta en bicicleta de Miraflores de la Sierra a TorrelagunaMIRAFLORES A TORRELAGUNASi te apasiona la bicicleta y quieres explorar los hermosos paisajes de la Comunidad de Madrid, la ruta desde Miraflores de la Sierra a Torrelaguna es la opci\u00f3n perfecta para ti. Con una distancia total de 29,53 kil\u00f3metros y un desnivel positivo de 253&hellip;<\/p>\n<\/div>\n<\/div>\n<\/div><\/article><article class=\"vce-posts-grid-item\"><div class=\"vce-post-description vce-post-description--full vce-post-description--animation\"><a href=\"https:\/\/cyclemadrid.com\/es\/rutas\/ruta-en-bicicleta-de-algete-a-torrelaguna\/\" class=\"vce-post-description-link\" aria-label=\"Ruta en bicicleta de Algete a Torrelaguna - Etapa 6 Gran Tour\"><\/a><div class=\"vce-post-description--background-wrapper-box\">\n    <div class=\"vce-post-description--background-wrapper\">\n        <div class=\"vce-post-description--background\" style=\"background-image: url(https:\/\/cyclemadrid.com\/wp-content\/uploads\/2023\/05\/Torrelaguna-Algete_01.webp);\"><\/div>\n    <\/div>\n<\/div>\n<div class=\"vce-post-description--content vce-post-description-content--has-title vce-post-description-content--has-excerpt\">\n    <div class=\"vce-post-description--title\">\n    <h3>\n        <a href=\"https:\/\/cyclemadrid.com\/es\/rutas\/ruta-en-bicicleta-de-algete-a-torrelaguna\/\">Ruta en bicicleta de Algete a Torrelaguna - Etapa 6 Gran Tour<\/a>\n    <\/h3>\n<\/div>\n    <div class=\"vce-post-description--excerpt\"><p>Ruta en bicicleta de Algete a Torrelaguna &#8211; Etapa 6 Gran TourALGETE A TORRELAGUNADisfruta de la estepa de Madrid, mientras asciendes hacia la sierra. Si te gusta la observaci\u00f3n de aves esta es tu ruta.Sal de Algete en direcci\u00f3n a Fuente El Saz de Jarama. Est\u00e1s muy cerca de las estepas cerealistas de la Alcarria&hellip;<\/p>\n<\/div>\n<\/div>\n<\/div><\/article><article class=\"vce-posts-grid-item\"><div class=\"vce-post-description vce-post-description--full vce-post-description--animation\"><a href=\"https:\/\/cyclemadrid.com\/es\/rutas\/ruta-en-bicicleta-de-san-lorenzo-de-el-escorial-a-san-martin-de-valdeiglesias\/\" class=\"vce-post-description-link\" aria-label=\"Ruta en bicicleta de San Lorenzo de El Escorial a San Mart\u00edn de Valdeiglesias\"><\/a><div class=\"vce-post-description--background-wrapper-box\">\n    <div class=\"vce-post-description--background-wrapper\">\n        <div class=\"vce-post-description--background\" style=\"background-image: url(https:\/\/cyclemadrid.com\/wp-content\/uploads\/2023\/05\/San_Lorenzo_El-Escorial-San_Martin_de_Valdeiglesias_01.webp);\"><\/div>\n    <\/div>\n<\/div>\n<div class=\"vce-post-description--content vce-post-description-content--has-title vce-post-description-content--has-excerpt\">\n    <div class=\"vce-post-description--title\">\n    <h3>\n        <a href=\"https:\/\/cyclemadrid.com\/es\/rutas\/ruta-en-bicicleta-de-san-lorenzo-de-el-escorial-a-san-martin-de-valdeiglesias\/\">Ruta en bicicleta de San Lorenzo de El Escorial a San Mart\u00edn de Valdeiglesias<\/a>\n    <\/h3>\n<\/div>\n    <div class=\"vce-post-description--excerpt\"><p>Ruta en bicicleta de San Lorenzo de El Escorial a San Mart\u00edn de ValdeiglesiasSAN LORENZO DE EL ESCORIAL A SAN MART\u00cdN DE VALDEIGLESIASDe monasterios y pantanos: una ruta cultural en un entorno natural espectacular.Para llegar al inicio de la ruta desde Madrid puedes optar por usar tu propio transporte, el tren de Cercan\u00edas Renfe (l\u00ednea&hellip;<\/p>\n<\/div>\n<\/div>\n<\/div><\/article><\/div><\/div><\/div><\/div><\/div><\/div><\/div><\/div><\/div>\n","protected":false},"excerpt":{"rendered":"<p>Ruta en bicicleta Urbana &#8211; AranjuezARANJUEZEsta experiencia te lleva a conocer la Ciudad Patrimonio Mundial de Aranjuez, sus monumentos principales y sus vinos.Una ruta f\u00e1cil y accesible para todos los nivelesA Aranjuez puedes llegar perfectamente en tren desde la ciudad de Madrid o bien pernoctar la noche anterior en alguno de los m\u00faltiples y variados&hellip;<\/p>\n","protected":false},"featured_media":4757,"template":"","dificutad":[131],"zonas":[127,275],"class_list":["post-4224","rutas","type-rutas","status-publish","has-post-thumbnail","hentry","dificutad-rutas-en-bicicleta-faciles","zonas-rutas-en-bicicleta-vegas-del-tajo-y-tajuna","zonas-vegas-y-alcarria-madrilena"],"yoast_head":"<!-- This site is optimized with the Yoast SEO plugin v23.9 - https:\/\/yoast.com\/wordpress\/plugins\/seo\/ -->\n<title>Ruta en bicicleta Urbana - Aranjuez | CycleMadrid P\u00e1gina Oficial<\/title>\n<meta name=\"robots\" content=\"index, follow, max-snippet:-1, max-image-preview:large, max-video-preview:-1\" \/>\n<link rel=\"canonical\" href=\"https:\/\/cyclemadrid.com\/es\/rutas\/ruta-en-bicicleta-urbana-aranjuez\/\" \/>\n<meta property=\"og:locale\" content=\"es_ES\" \/>\n<meta property=\"og:type\" content=\"article\" \/>\n<meta property=\"og:title\" content=\"Ruta en bicicleta Urbana - Aranjuez | CycleMadrid P\u00e1gina Oficial\" \/>\n<meta property=\"og:description\" content=\"Ruta en bicicleta Urbana - AranjuezARANJUEZEsta experiencia te lleva a conocer la Ciudad Patrimonio Mundial de Aranjuez, sus monumentos principales y sus vinos.Una ruta f\u00e1cil y accesible para todos los nivelesA Aranjuez puedes llegar perfectamente en tren desde la ciudad de Madrid o bien pernoctar la noche anterior en alguno de los m\u00faltiples y variados&hellip;\" \/>\n<meta property=\"og:url\" content=\"https:\/\/cyclemadrid.com\/es\/rutas\/ruta-en-bicicleta-urbana-aranjuez\/\" \/>\n<meta property=\"og:site_name\" content=\"CycleMadrid P\u00e1gina Oficial\" \/>\n<meta property=\"article:modified_time\" content=\"2025-10-04T18:38:45+00:00\" \/>\n<meta property=\"og:image\" content=\"https:\/\/cyclemadrid.com\/wp-content\/uploads\/2023\/05\/Ruta_Urbana-Aranjuez_02.webp\" \/>\n\t<meta property=\"og:image:width\" content=\"1400\" \/>\n\t<meta property=\"og:image:height\" content=\"786\" \/>\n\t<meta property=\"og:image:type\" content=\"image\/webp\" \/>\n<meta name=\"twitter:card\" content=\"summary_large_image\" \/>\n<meta name=\"twitter:label1\" content=\"Tiempo de lectura\" \/>\n\t<meta name=\"twitter:data1\" content=\"5 minutos\" \/>\n<script type=\"application\/ld+json\" class=\"yoast-schema-graph\">{\"@context\":\"https:\/\/schema.org\",\"@graph\":[{\"@type\":\"WebPage\",\"@id\":\"https:\/\/cyclemadrid.com\/es\/rutas\/ruta-en-bicicleta-urbana-aranjuez\/\",\"url\":\"https:\/\/cyclemadrid.com\/es\/rutas\/ruta-en-bicicleta-urbana-aranjuez\/\",\"name\":\"Ruta en bicicleta Urbana - Aranjuez | CycleMadrid P\u00e1gina Oficial\",\"isPartOf\":{\"@id\":\"https:\/\/cyclemadrid.com\/es\/#website\"},\"primaryImageOfPage\":{\"@id\":\"https:\/\/cyclemadrid.com\/es\/rutas\/ruta-en-bicicleta-urbana-aranjuez\/#primaryimage\"},\"image\":{\"@id\":\"https:\/\/cyclemadrid.com\/es\/rutas\/ruta-en-bicicleta-urbana-aranjuez\/#primaryimage\"},\"thumbnailUrl\":\"https:\/\/cyclemadrid.com\/wp-content\/uploads\/2023\/05\/Ruta_Urbana-Aranjuez_02.webp\",\"datePublished\":\"2023-04-10T08:50:50+00:00\",\"dateModified\":\"2025-10-04T18:38:45+00:00\",\"breadcrumb\":{\"@id\":\"https:\/\/cyclemadrid.com\/es\/rutas\/ruta-en-bicicleta-urbana-aranjuez\/#breadcrumb\"},\"inLanguage\":\"es\",\"potentialAction\":[{\"@type\":\"ReadAction\",\"target\":[\"https:\/\/cyclemadrid.com\/es\/rutas\/ruta-en-bicicleta-urbana-aranjuez\/\"]}]},{\"@type\":\"ImageObject\",\"inLanguage\":\"es\",\"@id\":\"https:\/\/cyclemadrid.com\/es\/rutas\/ruta-en-bicicleta-urbana-aranjuez\/#primaryimage\",\"url\":\"https:\/\/cyclemadrid.com\/wp-content\/uploads\/2023\/05\/Ruta_Urbana-Aranjuez_02.webp\",\"contentUrl\":\"https:\/\/cyclemadrid.com\/wp-content\/uploads\/2023\/05\/Ruta_Urbana-Aranjuez_02.webp\",\"width\":1400,\"height\":786},{\"@type\":\"BreadcrumbList\",\"@id\":\"https:\/\/cyclemadrid.com\/es\/rutas\/ruta-en-bicicleta-urbana-aranjuez\/#breadcrumb\",\"itemListElement\":[{\"@type\":\"ListItem\",\"position\":1,\"name\":\"Portada\",\"item\":\"https:\/\/cyclemadrid.com\/es\/\"},{\"@type\":\"ListItem\",\"position\":2,\"name\":\"Ruta en bicicleta Urbana &#8211; Aranjuez\"}]},{\"@type\":\"WebSite\",\"@id\":\"https:\/\/cyclemadrid.com\/es\/#website\",\"url\":\"https:\/\/cyclemadrid.com\/es\/\",\"name\":\"CycleMadrid P\u00e1gina Oficial\",\"description\":\"P\u00e1gina Oficial de CycleMadrid | Tus rutas de Cicloturismo en la Comunidad de Madrid\",\"publisher\":{\"@id\":\"https:\/\/cyclemadrid.com\/es\/#organization\"},\"potentialAction\":[{\"@type\":\"SearchAction\",\"target\":{\"@type\":\"EntryPoint\",\"urlTemplate\":\"https:\/\/cyclemadrid.com\/es\/?s={search_term_string}\"},\"query-input\":{\"@type\":\"PropertyValueSpecification\",\"valueRequired\":true,\"valueName\":\"search_term_string\"}}],\"inLanguage\":\"es\"},{\"@type\":\"Organization\",\"@id\":\"https:\/\/cyclemadrid.com\/es\/#organization\",\"name\":\"Cyclemadrid\",\"url\":\"https:\/\/cyclemadrid.com\/es\/\",\"logo\":{\"@type\":\"ImageObject\",\"inLanguage\":\"es\",\"@id\":\"https:\/\/cyclemadrid.com\/es\/#\/schema\/logo\/image\/\",\"url\":\"https:\/\/cyclemadrid.com\/wp-content\/uploads\/2023\/07\/cyclemadrid.png\",\"contentUrl\":\"https:\/\/cyclemadrid.com\/wp-content\/uploads\/2023\/07\/cyclemadrid.png\",\"width\":32,\"height\":32,\"caption\":\"Cyclemadrid\"},\"image\":{\"@id\":\"https:\/\/cyclemadrid.com\/es\/#\/schema\/logo\/image\/\"}}]}<\/script>\n<!-- \/ Yoast SEO plugin. -->","yoast_head_json":{"title":"Ruta en bicicleta Urbana - Aranjuez | CycleMadrid P\u00e1gina Oficial","robots":{"index":"index","follow":"follow","max-snippet":"max-snippet:-1","max-image-preview":"max-image-preview:large","max-video-preview":"max-video-preview:-1"},"canonical":"https:\/\/cyclemadrid.com\/es\/rutas\/ruta-en-bicicleta-urbana-aranjuez\/","og_locale":"es_ES","og_type":"article","og_title":"Ruta en bicicleta Urbana - Aranjuez | CycleMadrid P\u00e1gina Oficial","og_description":"Ruta en bicicleta Urbana - AranjuezARANJUEZEsta experiencia te lleva a conocer la Ciudad Patrimonio Mundial de Aranjuez, sus monumentos principales y sus vinos.Una ruta f\u00e1cil y accesible para todos los nivelesA Aranjuez puedes llegar perfectamente en tren desde la ciudad de Madrid o bien pernoctar la noche anterior en alguno de los m\u00faltiples y variados&hellip;","og_url":"https:\/\/cyclemadrid.com\/es\/rutas\/ruta-en-bicicleta-urbana-aranjuez\/","og_site_name":"CycleMadrid P\u00e1gina Oficial","article_modified_time":"2025-10-04T18:38:45+00:00","og_image":[{"width":1400,"height":786,"url":"https:\/\/cyclemadrid.com\/wp-content\/uploads\/2023\/05\/Ruta_Urbana-Aranjuez_02.webp","type":"image\/webp"}],"twitter_card":"summary_large_image","twitter_misc":{"Tiempo de lectura":"5 minutos"},"schema":{"@context":"https:\/\/schema.org","@graph":[{"@type":"WebPage","@id":"https:\/\/cyclemadrid.com\/es\/rutas\/ruta-en-bicicleta-urbana-aranjuez\/","url":"https:\/\/cyclemadrid.com\/es\/rutas\/ruta-en-bicicleta-urbana-aranjuez\/","name":"Ruta en bicicleta Urbana - Aranjuez | CycleMadrid P\u00e1gina Oficial","isPartOf":{"@id":"https:\/\/cyclemadrid.com\/es\/#website"},"primaryImageOfPage":{"@id":"https:\/\/cyclemadrid.com\/es\/rutas\/ruta-en-bicicleta-urbana-aranjuez\/#primaryimage"},"image":{"@id":"https:\/\/cyclemadrid.com\/es\/rutas\/ruta-en-bicicleta-urbana-aranjuez\/#primaryimage"},"thumbnailUrl":"https:\/\/cyclemadrid.com\/wp-content\/uploads\/2023\/05\/Ruta_Urbana-Aranjuez_02.webp","datePublished":"2023-04-10T08:50:50+00:00","dateModified":"2025-10-04T18:38:45+00:00","breadcrumb":{"@id":"https:\/\/cyclemadrid.com\/es\/rutas\/ruta-en-bicicleta-urbana-aranjuez\/#breadcrumb"},"inLanguage":"es","potentialAction":[{"@type":"ReadAction","target":["https:\/\/cyclemadrid.com\/es\/rutas\/ruta-en-bicicleta-urbana-aranjuez\/"]}]},{"@type":"ImageObject","inLanguage":"es","@id":"https:\/\/cyclemadrid.com\/es\/rutas\/ruta-en-bicicleta-urbana-aranjuez\/#primaryimage","url":"https:\/\/cyclemadrid.com\/wp-content\/uploads\/2023\/05\/Ruta_Urbana-Aranjuez_02.webp","contentUrl":"https:\/\/cyclemadrid.com\/wp-content\/uploads\/2023\/05\/Ruta_Urbana-Aranjuez_02.webp","width":1400,"height":786},{"@type":"BreadcrumbList","@id":"https:\/\/cyclemadrid.com\/es\/rutas\/ruta-en-bicicleta-urbana-aranjuez\/#breadcrumb","itemListElement":[{"@type":"ListItem","position":1,"name":"Portada","item":"https:\/\/cyclemadrid.com\/es\/"},{"@type":"ListItem","position":2,"name":"Ruta en bicicleta Urbana &#8211; Aranjuez"}]},{"@type":"WebSite","@id":"https:\/\/cyclemadrid.com\/es\/#website","url":"https:\/\/cyclemadrid.com\/es\/","name":"CycleMadrid P\u00e1gina Oficial","description":"P\u00e1gina Oficial de CycleMadrid | Tus rutas de Cicloturismo en la Comunidad de Madrid","publisher":{"@id":"https:\/\/cyclemadrid.com\/es\/#organization"},"potentialAction":[{"@type":"SearchAction","target":{"@type":"EntryPoint","urlTemplate":"https:\/\/cyclemadrid.com\/es\/?s={search_term_string}"},"query-input":{"@type":"PropertyValueSpecification","valueRequired":true,"valueName":"search_term_string"}}],"inLanguage":"es"},{"@type":"Organization","@id":"https:\/\/cyclemadrid.com\/es\/#organization","name":"Cyclemadrid","url":"https:\/\/cyclemadrid.com\/es\/","logo":{"@type":"ImageObject","inLanguage":"es","@id":"https:\/\/cyclemadrid.com\/es\/#\/schema\/logo\/image\/","url":"https:\/\/cyclemadrid.com\/wp-content\/uploads\/2023\/07\/cyclemadrid.png","contentUrl":"https:\/\/cyclemadrid.com\/wp-content\/uploads\/2023\/07\/cyclemadrid.png","width":32,"height":32,"caption":"Cyclemadrid"},"image":{"@id":"https:\/\/cyclemadrid.com\/es\/#\/schema\/logo\/image\/"}}]}},"_links":{"self":[{"href":"https:\/\/cyclemadrid.com\/es\/wp-json\/wp\/v2\/rutas\/4224","targetHints":{"allow":["GET"]}}],"collection":[{"href":"https:\/\/cyclemadrid.com\/es\/wp-json\/wp\/v2\/rutas"}],"about":[{"href":"https:\/\/cyclemadrid.com\/es\/wp-json\/wp\/v2\/types\/rutas"}],"wp:featuredmedia":[{"embeddable":true,"href":"https:\/\/cyclemadrid.com\/es\/wp-json\/wp\/v2\/media\/4757"}],"wp:attachment":[{"href":"https:\/\/cyclemadrid.com\/es\/wp-json\/wp\/v2\/media?parent=4224"}],"wp:term":[{"taxonomy":"dificutad","embeddable":true,"href":"https:\/\/cyclemadrid.com\/es\/wp-json\/wp\/v2\/dificutad?post=4224"},{"taxonomy":"zonas","embeddable":true,"href":"https:\/\/cyclemadrid.com\/es\/wp-json\/wp\/v2\/zonas?post=4224"}],"curies":[{"name":"wp","href":"https:\/\/api.w.org\/{rel}","templated":true}]}}