{"id":7407,"date":"2025-12-26T12:35:08","date_gmt":"2025-12-26T11:35:08","guid":{"rendered":"https:\/\/cyclemadrid.com\/?page_id=7407"},"modified":"2026-03-02T14:05:07","modified_gmt":"2026-03-02T13:05:07","slug":"rutas-en-bicicleta","status":"publish","type":"page","link":"https:\/\/cyclemadrid.com\/fr\/rutas-en-bicicleta\/","title":{"rendered":"Rutas en Bicicleta"},"content":{"rendered":"<div class=\"vce-row-container\"><div class=\"vce-row vce-row--col-gap-30 vce-row-equal-height vce-row-content--top\" data-vce-full-width=\"true\" id=\"el-c3da2542\" data-vce-do-apply=\"all el-c3da2542\"><div class=\"vce-row-content\" data-vce-element-content=\"true\"><div class=\"vce-col vce-col--md-auto vce-col--xs-1 vce-col--xs-last vce-col--xs-first vce-col--sm-last vce-col--sm-first vce-col--md-last vce-col--lg-last vce-col--xl-last vce-col--md-first vce-col--lg-first vce-col--xl-first\" id=\"el-32d13a47\"><div class=\"vce-col-inner\" data-vce-do-apply=\"border margin background  el-32d13a47\"><div class=\"vce-col-content\" data-vce-element-content=\"true\" data-vce-do-apply=\"padding el-32d13a47\"><div id=\"el-979aa486\" class=\"vce-slider-revolution--align-left\"><div class=\"vce vce-slider-revolution\" data-vce-do-apply=\"all el-979aa486\">\n\t\t\t<!-- START Slider Rutas REVOLUTION SLIDER 6.6.8 --><p class=\"rs-p-wp-fix\"><\/p>\n\t\t\t<rs-module-wrap id=\"rev_slider_28_1_wrapper\" data-source=\"gallery\" style=\"visibility:hidden;background:transparent;padding:0;margin:0px auto;margin-top:0;margin-bottom:0;\">\n\t\t\t\t<rs-module id=\"rev_slider_28_1\" style=\"\" data-version=\"6.6.8\">\n\t\t\t\t\t<rs-slides style=\"overflow: hidden; position: absolute;\">\n\t\t\t\t\t\t<rs-slide style=\"position: absolute;\" data-key=\"rs-79\" data-title=\"Intro\" data-anim=\"adpr:false;ms:2000;\" data-in=\"o:-0.5;sx:1.6;sy:1.6;e:power4.inOut;\" data-out=\"o:0;sx:0.6;sy:0.6;e:power4.inOut;\">\n\t\t\t\t\t\t\t<img src=\"\/\/cyclemadrid.com\/wp-content\/plugins\/revslider\/public\/assets\/assets\/dummy.png\" alt=\"\" title=\"rutas\" width=\"2000\" height=\"600\" class=\"rev-slidebg tp-rs-img rs-lazyload\" data-lazyload=\"\/\/cyclemadrid.com\/wp-content\/uploads\/2021\/06\/rutas-1.jpg\" data-parallax=\"10\" data-no-retina>\n<!--\n\t\t\t\t\t\t\t--><rs-layer\n\t\t\t\t\t\t\t\tid=\"slider-28-slide-79-layer-1\" \n\t\t\t\t\t\t\t\tclass=\"NotGeneric-Title\"\n\t\t\t\t\t\t\t\tdata-type=\"text\"\n\t\t\t\t\t\t\t\tdata-color=\"rgba(255,255,255,1)\"\n\t\t\t\t\t\t\t\tdata-rsp_ch=\"on\"\n\t\t\t\t\t\t\t\tdata-xy=\"x:c;y:m;yo:0,0,-22px,-29px;\"\n\t\t\t\t\t\t\t\tdata-text=\"s:60,60,60,40;l:70,70,70,50;fw:800;\"\n\t\t\t\t\t\t\t\tdata-padding=\"t:10;b:10;\"\n\t\t\t\t\t\t\t\tdata-frame_0=\"sX:1.5;sY:1.5;\"\n\t\t\t\t\t\t\t\tdata-frame_0_mask=\"u:t;\"\n\t\t\t\t\t\t\t\tdata-frame_1=\"st:1000;sp:1500;\"\n\t\t\t\t\t\t\t\tdata-frame_1_mask=\"u:t;\"\n\t\t\t\t\t\t\t\tdata-frame_999=\"y:100%;e:power2.inOut;st:w;sp:1000;\"\n\t\t\t\t\t\t\t\tdata-frame_999_mask=\"u:t;\"\n\t\t\t\t\t\t\t\tstyle=\"z-index:7;font-family:'Raleway';\"\n\t\t\t\t\t\t\t>RUTAS \n\t\t\t\t\t\t\t<\/rs-layer><!--\n\n\t\t\t\t\t\t\t--><rs-layer\n\t\t\t\t\t\t\t\tid=\"slider-28-slide-79-layer-8\" \n\t\t\t\t\t\t\t\tclass=\"NotGeneric-Icon\"\n\t\t\t\t\t\t\t\tdata-type=\"text\"\n\t\t\t\t\t\t\t\tdata-color=\"rgba(255,255,255,1)\"\n\t\t\t\t\t\t\t\tdata-rsp_ch=\"on\"\n\t\t\t\t\t\t\t\tdata-xy=\"x:c;y:m;yo:-66px,-68px,-78px,-78px;\"\n\t\t\t\t\t\t\t\tdata-text=\"s:30;l:30;ls:3px;\"\n\t\t\t\t\t\t\t\tdata-frame_0=\"y:100%;\"\n\t\t\t\t\t\t\t\tdata-frame_0_mask=\"u:t;y:100%;\"\n\t\t\t\t\t\t\t\tdata-frame_1=\"e:power4.inOut;st:1000;sp:1500;\"\n\t\t\t\t\t\t\t\tdata-frame_1_mask=\"u:t;\"\n\t\t\t\t\t\t\t\tdata-frame_999=\"y:100%;e:power2.inOut;st:w;sp:1000;\"\n\t\t\t\t\t\t\t\tdata-frame_999_mask=\"u:t;\"\n\t\t\t\t\t\t\t\tstyle=\"z-index:6;font-family:'Raleway';\"\n\t\t\t\t\t\t\t><i class=\"fa-bicycle\"><\/i> \n\t\t\t\t\t\t\t<\/rs-layer><!--\n\n\t\t\t\t\t\t\t--><rs-layer\n\t\t\t\t\t\t\t\tid=\"slider-28-slide-79-layer-10\" \n\t\t\t\t\t\t\t\tclass=\"tp-shape tp-shapewrapper\"\n\t\t\t\t\t\t\t\tdata-type=\"shape\"\n\t\t\t\t\t\t\t\tdata-xy=\"x:c;y:m;\"\n\t\t\t\t\t\t\t\tdata-text=\"fw:800;\"\n\t\t\t\t\t\t\t\tdata-dim=\"w:100%;h:100%;\"\n\t\t\t\t\t\t\t\tdata-basealign=\"slide\"\n\t\t\t\t\t\t\t\tdata-rsp_bd=\"off\"\n\t\t\t\t\t\t\t\tdata-frame_1=\"st:750;sp:1500;\"\n\t\t\t\t\t\t\t\tdata-frame_999=\"e:nothing;st:w;\"\n\t\t\t\t\t\t\t\tstyle=\"z-index:5;background-color:rgba(0,0,0,0.40);\"\n\t\t\t\t\t\t\t> \n\t\t\t\t\t\t\t<\/rs-layer><!--\n-->\t\t\t\t\t\t<\/rs-slide>\n\t\t\t\t\t<\/rs-slides>\n\t\t\t\t<\/rs-module>\n\t\t\t\t<script>\n\t\t\t\t\tsetREVStartSize({c: 'rev_slider_28_1',rl:[1240,1024,778,480],el:[600,500,400,300],gw:[1240,1024,778,480],gh:[600,500,400,300],type:'hero',justify:'',layout:'fullwidth',mh:\"0\"});if (window.RS_MODULES!==undefined && window.RS_MODULES.modules!==undefined && window.RS_MODULES.modules[\"revslider281\"]!==undefined) {window.RS_MODULES.modules[\"revslider281\"].once = false;window.revapi28 = undefined;if (window.RS_MODULES.checkMinimal!==undefined) window.RS_MODULES.checkMinimal()}\n\t\t\t\t<\/script>\n\t\t\t<\/rs-module-wrap>\n\t\t\t<!-- END REVOLUTION SLIDER -->\n<\/div><\/div><\/div><\/div><\/div><\/div><\/div><\/div><div class=\"vce-row-container\" data-vce-boxed-width=\"true\"><div class=\"vce-row vce-row--col-gap-30 vce-row-equal-height vce-row-content--top\" id=\"el-f83b792f\" data-vce-do-apply=\"all el-f83b792f\"><div class=\"vce-content-background-container\"><\/div><div class=\"vce-row-content\" data-vce-element-content=\"true\"><div class=\"vce-col vce-col--md-auto vce-col--xs-1 vce-col--xs-last vce-col--xs-first vce-col--sm-last vce-col--sm-first vce-col--md-last vce-col--lg-last vce-col--xl-last vce-col--md-first vce-col--lg-first vce-col--xl-first\" id=\"el-142513cc\"><div class=\"vce-col-inner\" data-vce-do-apply=\"border margin background  el-142513cc\"><div class=\"vce-col-content\" data-vce-element-content=\"true\" data-vce-do-apply=\"padding el-142513cc\"><div class=\"vce-google-fonts-heading vce-google-fonts-heading--align-center vce-google-fonts-heading--color-empty--45--5C00FF--FF7200 vce-google-fonts-heading--font-family-Montserrat\"><div id=\"el-66771a31\" class=\"vce-google-fonts-heading-wrapper\"><div class=\"vce-google-fonts-heading--background vce\" data-vce-do-apply=\"border background  padding margin el-66771a31\"><h1 class=\"vce-google-fonts-heading-inner\" style=\"line-height: 1.2; font-weight: 600; font-style: normal;\">Rutas en Bicicleta por Madrid<\/h1><\/div><\/div><\/div><div class=\"vce vce-separator-container vce-separator--align-center vce-separator--style-solid\" id=\"el-71cde3b3\" data-vce-do-apply=\"margin el-71cde3b3\"><div class=\"vce-separator vce-separator--color-b-245-232-81 vce-separator--width-9 vce-separator--thickness-5\" data-vce-do-apply=\"border padding background  el-71cde3b3\"><\/div><\/div><div class=\"vce-text-block\"><div class=\"vce-text-block-wrapper vce\" id=\"el-ed2dc221\" data-vce-do-apply=\"all el-ed2dc221\"><p style=\"text-align: center;\"><span style=\"font-size: 12pt;\">La Comunidad de Madrid re\u00fane todas las condiciones para ofrecer una experiencia cicloturista dise\u00f1ada para satisfacer al p\u00fablico m\u00e1s exigente en la pr\u00e1ctica del turismo en bicicleta.<\/span><\/p><p style=\"text-align: center;\"><span style=\"font-size: 12pt;\">Hay rutas en bicicleta para todo tipo de usuarios (desde rutas por carretera, rutas de Gravel o rutas con bicicleta de monta\u00f1a y tambi\u00e9n rutas f\u00e1ciles para disfrutar en familia y con ni\u00f1os), y un amplio conjunto de destinos tur\u00edsticos que destacan por su patrimonio hist\u00f3rico y parques naturales, su cultura, su gastronom\u00eda, sus vinos\u2026 Estas rutas hacen posible recorrer en bicicleta sus diferentes comarcas y pueblos, sus villas hist\u00f3ricas, o los 3 sitios declarados Patrimonio Mundial por la UNESCO.<\/span><\/p><p style=\"text-align: center;\"><span style=\"font-size: 12pt;\">Practica el Cicloturismo en Madrid con los mejores servicios gracias a nuestros asociados. La asociaci\u00f3n est\u00e1 formada por m\u00e1s de 50 socios que incluyen alojamientos, restaurantes, empresas de servicios relacionados con la bicicleta, bodegas, ayuntamientos y asociaciones territoriales. M\u00e1s de 1.200 kil\u00f3metros de recorridos por la Regi\u00f3n te esperan.<\/span><\/p><p style=\"text-align: center;\"><span style=\"font-size: 12pt;\">Madrid es mucho m\u00e1s que la ciudad de Madrid. <a href=\"https:\/\/cyclemadrid.com\/es\/rutas\/ciclamadrid-gran-tour\/\">Desc\u00fabrela en bici<\/a> \u00bfpor qu\u00e9 no?<\/span><\/p><\/div><\/div><div class=\"vce-google-fonts-heading vce-google-fonts-heading--align-center vce-google-fonts-heading--color-empty--45--5C00FF--FF7200 vce-google-fonts-heading--font-family-Montserrat\"><div id=\"el-d9d5a8de\" class=\"vce-google-fonts-heading-wrapper\"><div class=\"vce-google-fonts-heading--background vce\" data-vce-do-apply=\"border background  padding margin el-d9d5a8de\"><h2 class=\"vce-google-fonts-heading-inner\" style=\"line-height: 1.2; font-weight: 700; font-style: normal;\">Encuentra tu ruta por nivel de dificultad<\/h2><\/div><\/div><\/div><div class=\"vce vce-separator-container vce-separator--align-left vce-separator--style-solid\" id=\"el-03382322\" data-vce-do-apply=\"margin el-03382322\"><div class=\"vce-separator vce-separator--color-bfc0c1 vce-separator--width-100 vce-separator--thickness-1\" data-vce-do-apply=\"border padding background  el-03382322\"><\/div><\/div><\/div><\/div><\/div><\/div><\/div><\/div><div class=\"vce-row-container\" data-vce-boxed-width=\"true\"><div class=\"vce-row vce-row--col-gap-30 vce-row-equal-height vce-row-content--top\" id=\"el-6dd82578\" data-vce-do-apply=\"all el-6dd82578\"><div class=\"vce-row-content\" data-vce-element-content=\"true\"><div class=\"vce-col vce-col--md-auto vce-col--xs-1 vce-col--xs-last vce-col--xs-first vce-col--sm-last vce-col--sm-first vce-col--md-first vce-col--lg-first vce-col--xl-first\" id=\"el-1b4dd9a7\"><div class=\"vce-col-inner\" data-vce-do-apply=\"border margin background  el-1b4dd9a7\"><div class=\"vce-col-content\" data-vce-element-content=\"true\" data-vce-do-apply=\"padding el-1b4dd9a7\"><div class=\"vce-single-image-container vce-single-image--align-left\"><div class=\"vce vce-single-image-wrapper\" id=\"el-4cc49030\" data-vce-do-apply=\"all el-4cc49030\"><figure><div class=\"vce-single-image-figure-inner\" style=\"width: 1024px;\"><div class=\"vce-single-image-inner vce-single-image--absolute\" style=\"width: 100%; padding-bottom: 56.0547%;\"><img loading=\"lazy\" decoding=\"async\" class=\"vce-single-image\"  width=\"1024\" height=\"574\" srcset=\"https:\/\/cyclemadrid.com\/wp-content\/uploads\/2023\/05\/San_Lorenzo_El-Escorial-Moralzarzal_01-1024x575.webp 1024w, https:\/\/cyclemadrid.com\/wp-content\/uploads\/2023\/05\/San_Lorenzo_El-Escorial-Moralzarzal_01-320x180.webp 320w, https:\/\/cyclemadrid.com\/wp-content\/uploads\/2023\/05\/San_Lorenzo_El-Escorial-Moralzarzal_01-480x269.webp 480w, https:\/\/cyclemadrid.com\/wp-content\/uploads\/2023\/05\/San_Lorenzo_El-Escorial-Moralzarzal_01-800x449.webp 800w\" src=\"https:\/\/cyclemadrid.com\/wp-content\/uploads\/2023\/05\/San_Lorenzo_El-Escorial-Moralzarzal_01-1024x575.webp\" data-img-src=\"https:\/\/cyclemadrid.com\/wp-content\/uploads\/2023\/05\/San_Lorenzo_El-Escorial-Moralzarzal_01.webp\" data-attachment-id=\"4795\"  alt=\"\" title=\"San Lorenzo El Escorial Moralzarzal 01\" \/><\/div><\/div><figcaption hidden=\"\"><\/figcaption><\/figure><\/div><\/div><div class=\"vce-google-fonts-heading vce-google-fonts-heading--align-center vce-google-fonts-heading--color-empty--45--5C00FF--FF7200 vce-google-fonts-heading--font-family-Montserrat\"><div id=\"el-4a1914be\" class=\"vce-google-fonts-heading-wrapper\"><div class=\"vce-google-fonts-heading--background vce\" data-vce-do-apply=\"border background  padding margin el-4a1914be\"><h2 class=\"vce-google-fonts-heading-inner\" style=\"line-height: 1.2; font-weight: 700; font-style: normal;\"><a class=\"vce-google-fonts-heading-link\" href=\"https:\/\/cyclemadrid.com\/es\/dificutad\/rutas-en-bicicleta-faciles\/\" title=\"\" target=\"_blank\">F\u00e1cil<\/a><\/h2><\/div><\/div><\/div><div class=\"vce-text-block\"><div class=\"vce-text-block-wrapper vce\" id=\"el-51195689\" data-vce-do-apply=\"all el-51195689\"><p style=\"text-align: center;\">Rutas sencillas para realizar con ni\u00f1os o para pasear disfrutando del entorno.<\/p><\/div><\/div><div class=\"vce-button--style-basic-container cycle_button vce-button--style-basic-container--align-center\"><span class=\"vce-button--style-basic-wrapper vce\" id=\"el-ac321d58\" data-vce-do-apply=\"margin el-ac321d58\"><a class=\"vce-button vce-button--style-basic vce-button--style-basic--border-rounded vce-button--style-basic--size-medium vce-button--style-basic--color-b-248-232-22--b-33-43-54\" href=\"https:\/\/cyclemadrid.com\/es\/dificutad\/rutas-en-bicicleta-faciles\/\" title=\"Ver m\u00e1s\" data-vce-do-apply=\"padding border background  el-ac321d58\">Ver m\u00e1s<\/a><\/span><\/div><\/div><\/div><\/div><div class=\"vce-col vce-col--md-auto vce-col--xs-1 vce-col--xs-last vce-col--xs-first vce-col--sm-last vce-col--sm-first\" id=\"el-92de0483\"><div class=\"vce-col-inner\" data-vce-do-apply=\"border margin background  el-92de0483\"><div class=\"vce-col-content\" data-vce-element-content=\"true\" data-vce-do-apply=\"padding el-92de0483\"><div class=\"vce-single-image-container vce-single-image--align-left\"><div class=\"vce vce-single-image-wrapper\" id=\"el-6376768e\" data-vce-do-apply=\"all el-6376768e\"><figure><div class=\"vce-single-image-figure-inner\" style=\"width: 1024px;\"><div class=\"vce-single-image-inner vce-single-image--absolute\" style=\"width: 100%; padding-bottom: 56.0547%;\"><img loading=\"lazy\" decoding=\"async\" class=\"vce-single-image\"  width=\"1024\" height=\"574\" srcset=\"https:\/\/cyclemadrid.com\/wp-content\/uploads\/2023\/05\/Navalcarnero-Aranjuez_01-1024x575.webp 1024w, https:\/\/cyclemadrid.com\/wp-content\/uploads\/2023\/05\/Navalcarnero-Aranjuez_01-320x180.webp 320w, https:\/\/cyclemadrid.com\/wp-content\/uploads\/2023\/05\/Navalcarnero-Aranjuez_01-480x269.webp 480w, https:\/\/cyclemadrid.com\/wp-content\/uploads\/2023\/05\/Navalcarnero-Aranjuez_01-800x449.webp 800w\" src=\"https:\/\/cyclemadrid.com\/wp-content\/uploads\/2023\/05\/Navalcarnero-Aranjuez_01-1024x575.webp\" data-img-src=\"https:\/\/cyclemadrid.com\/wp-content\/uploads\/2023\/05\/Navalcarnero-Aranjuez_01.webp\" data-attachment-id=\"4681\"  alt=\"\" title=\"Navalcarnero Aranjuez 01\" \/><\/div><\/div><figcaption hidden=\"\"><\/figcaption><\/figure><\/div><\/div><div class=\"vce-google-fonts-heading vce-google-fonts-heading--align-center vce-google-fonts-heading--color-empty--45--5C00FF--FF7200 vce-google-fonts-heading--font-family-Montserrat\"><div id=\"el-9c7c075e\" class=\"vce-google-fonts-heading-wrapper\"><div class=\"vce-google-fonts-heading--background vce\" data-vce-do-apply=\"border background  padding margin el-9c7c075e\"><h2 class=\"vce-google-fonts-heading-inner\" style=\"line-height: 1.2; font-weight: 700; font-style: normal;\"><a class=\"vce-google-fonts-heading-link\" href=\"https:\/\/cyclemadrid.com\/es\/dificutad\/rutas-en-bicicleta-nivel-medio\/\" title=\"\" target=\"_blank\">Moderada<\/a><\/h2><\/div><\/div><\/div><div class=\"vce-text-block\"><div class=\"vce-text-block-wrapper vce\" id=\"el-553e8ea2\" data-vce-do-apply=\"all el-553e8ea2\"><p style=\"text-align: center;\">Rutas sin gran dificultad para <br>pasar la ma\u00f1ana descubriendo pueblos y lugares con encanto.<\/p><\/div><\/div><div class=\"vce-button--style-basic-container cycle_button vce-button--style-basic-container--align-center\"><span class=\"vce-button--style-basic-wrapper vce\" id=\"el-ac39d03b\" data-vce-do-apply=\"margin el-ac39d03b\"><a class=\"vce-button vce-button--style-basic vce-button--style-basic--border-rounded vce-button--style-basic--size-medium vce-button--style-basic--color-b-248-232-22--b-33-43-54\" href=\"https:\/\/cyclemadrid.com\/es\/dificutad\/rutas-en-bicicleta-nivel-medio\/\" title=\"Ver m\u00e1s\" data-vce-do-apply=\"padding border background  el-ac39d03b\">Ver m\u00e1s<\/a><\/span><\/div><\/div><\/div><\/div><div class=\"vce-col vce-col--md-auto vce-col--xs-1 vce-col--xs-last vce-col--xs-first vce-col--sm-last vce-col--sm-first vce-col--md-last vce-col--lg-last vce-col--xl-last\" id=\"el-ddb61353\"><div class=\"vce-col-inner\" data-vce-do-apply=\"border margin background  el-ddb61353\"><div class=\"vce-col-content\" data-vce-element-content=\"true\" data-vce-do-apply=\"padding el-ddb61353\"><div class=\"vce-single-image-container vce-single-image--align-left\"><div class=\"vce vce-single-image-wrapper\" id=\"el-976e3a49\" data-vce-do-apply=\"all el-976e3a49\"><figure><div class=\"vce-single-image-figure-inner\" style=\"width: 1024px;\"><div class=\"vce-single-image-inner vce-single-image--absolute\" style=\"width: 100%; padding-bottom: 56.0547%;\"><img loading=\"lazy\" decoding=\"async\" class=\"vce-single-image\"  width=\"1024\" height=\"574\" srcset=\"https:\/\/cyclemadrid.com\/wp-content\/uploads\/2023\/05\/Puertos_Miticos_Madrid_02-1024x575.webp 1024w, https:\/\/cyclemadrid.com\/wp-content\/uploads\/2023\/05\/Puertos_Miticos_Madrid_02-320x180.webp 320w, https:\/\/cyclemadrid.com\/wp-content\/uploads\/2023\/05\/Puertos_Miticos_Madrid_02-480x269.webp 480w, https:\/\/cyclemadrid.com\/wp-content\/uploads\/2023\/05\/Puertos_Miticos_Madrid_02-800x449.webp 800w\" src=\"https:\/\/cyclemadrid.com\/wp-content\/uploads\/2023\/05\/Puertos_Miticos_Madrid_02-1024x575.webp\" data-img-src=\"https:\/\/cyclemadrid.com\/wp-content\/uploads\/2023\/05\/Puertos_Miticos_Madrid_02.webp\" data-attachment-id=\"4719\"  alt=\"\" title=\"Puertos Miticos Madrid 02\" \/><\/div><\/div><figcaption hidden=\"\"><\/figcaption><\/figure><\/div><\/div><div class=\"vce-google-fonts-heading vce-google-fonts-heading--align-center vce-google-fonts-heading--color-empty--45--5C00FF--FF7200 vce-google-fonts-heading--font-family-Montserrat\"><div id=\"el-2f36b10d\" class=\"vce-google-fonts-heading-wrapper\"><div class=\"vce-google-fonts-heading--background vce\" data-vce-do-apply=\"border background  padding margin el-2f36b10d\"><h2 class=\"vce-google-fonts-heading-inner\" style=\"line-height: 1.2; font-weight: 700; font-style: normal;\"><a class=\"vce-google-fonts-heading-link\" href=\"https:\/\/cyclemadrid.com\/es\/dificutad\/rutas-en-bicicleta-dificiles\/\" title=\"\" target=\"_blank\">Dif\u00edcil<\/a><\/h2><\/div><\/div><\/div><div class=\"vce-text-block\"><div class=\"vce-text-block-wrapper vce\" id=\"el-803a42ff\" data-vce-do-apply=\"all el-803a42ff\"><p style=\"text-align: center;\">Rutas que suponen mayor dificultad y requieren de un mayor nivel t\u00e9cnico.<\/p><\/div><\/div><div class=\"vce-button--style-basic-container cycle_button vce-button--style-basic-container--align-center\"><span class=\"vce-button--style-basic-wrapper vce\" id=\"el-6aaa6283\" data-vce-do-apply=\"margin el-6aaa6283\"><a class=\"vce-button vce-button--style-basic vce-button--style-basic--border-rounded vce-button--style-basic--size-medium vce-button--style-basic--color-b-248-232-22--b-33-43-54\" href=\"https:\/\/cyclemadrid.com\/es\/dificutad\/rutas-en-bicicleta-dificiles\/\" title=\"Ver m\u00e1s\" data-vce-do-apply=\"padding border background  el-6aaa6283\">Ver m\u00e1s<\/a><\/span><\/div><\/div><\/div><\/div><\/div><\/div><\/div><div class=\"vce-row-container\" data-vce-boxed-width=\"true\"><div class=\"vce-row vce-row--col-gap-30 vce-row-equal-height vce-row-content--top\" id=\"el-6f390848\" data-vce-do-apply=\"all el-6f390848\"><div class=\"vce-content-background-container\"><\/div><div class=\"vce-row-content\" data-vce-element-content=\"true\"><div class=\"vce-col vce-col--md-auto vce-col--xs-1 vce-col--xs-last vce-col--xs-first vce-col--sm-last vce-col--sm-first vce-col--md-last vce-col--lg-last vce-col--xl-last vce-col--md-first vce-col--lg-first vce-col--xl-first\" id=\"el-14e3d8ec\"><div class=\"vce-col-inner\" data-vce-do-apply=\"border margin background  el-14e3d8ec\"><div class=\"vce-col-content\" data-vce-element-content=\"true\" data-vce-do-apply=\"padding el-14e3d8ec\"><div class=\"vce-google-fonts-heading vce-google-fonts-heading--align-center vce-google-fonts-heading--color-empty--45--5C00FF--FF7200 vce-google-fonts-heading--font-family-Montserrat\"><div id=\"el-0ae2d7e9\" class=\"vce-google-fonts-heading-wrapper\"><div class=\"vce-google-fonts-heading--background vce\" data-vce-do-apply=\"border background  padding margin el-0ae2d7e9\"><h2 class=\"vce-google-fonts-heading-inner\" style=\"line-height: 1.2; font-weight: 700; font-style: normal;\">Encuentra tu ruta por zonas<\/h2><\/div><\/div><\/div><div class=\"vce vce-separator-container vce-separator--align-left vce-separator--style-solid\" id=\"el-e299c67c\" data-vce-do-apply=\"margin el-e299c67c\"><div class=\"vce-separator vce-separator--color-bfc0c1 vce-separator--width-100 vce-separator--thickness-1\" data-vce-do-apply=\"border padding background  el-e299c67c\"><\/div><\/div><div class=\"vce-google-fonts-heading vce-google-fonts-heading--align-left vce-google-fonts-heading--color-empty--45--5C00FF--FF7200 vce-google-fonts-heading--font-family-Montserrat\"><div id=\"el-a1e61bf3\" class=\"vce-google-fonts-heading-wrapper\"><div class=\"vce-google-fonts-heading--background vce\" data-vce-do-apply=\"border background  padding margin el-a1e61bf3\"><h2 class=\"vce-google-fonts-heading-inner\" style=\"line-height: 1.2; font-weight: 400; font-style: normal;\">Vegas y Alcarria Madrile\u00f1a<\/h2><\/div><\/div><\/div><div class=\"vce vce-separator-container vce-separator--align-left vce-separator--style-solid\" id=\"el-ca0722b3\" data-vce-do-apply=\"margin el-ca0722b3\"><div class=\"vce-separator vce-separator--color-bfc0c1 vce-separator--width-100 vce-separator--thickness-1\" data-vce-do-apply=\"border padding background  el-ca0722b3\"><\/div><\/div><\/div><\/div><\/div><\/div><\/div><\/div><div class=\"vce-row-container\" data-vce-boxed-width=\"true\"><div class=\"vce-row vce-row--col-gap-10 vce-row-equal-height vce-row-content--top\" id=\"el-dfe97963\" data-vce-do-apply=\"all el-dfe97963\"><div class=\"vce-content-background-container\"><\/div><div class=\"vce-row-content\" data-vce-element-content=\"true\"><div class=\"vce-col vce-col--md-auto vce-col--xs-1 vce-col--xs-last vce-col--xs-first vce-col--sm-last vce-col--sm-first vce-col--md-last vce-col--lg-last vce-col--xl-last vce-col--md-first vce-col--lg-first vce-col--xl-first\" id=\"el-a5757163\"><div class=\"vce-col-inner\" data-vce-do-apply=\"border margin background  el-a5757163\"><div class=\"vce-col-content\" data-vce-element-content=\"true\" data-vce-do-apply=\"padding el-a5757163\"><div class=\"vce-posts-grid-container vce-post-list\"><div class=\"vce vce-posts-grid-wrapper vce-posts-grid--gap-10 vce-posts-grid--columns-5 vce-posts-grid-pagination--color-E0BAA0--e2e2e2\" id=\"el-099b03aa\" data-vce-do-apply=\"all el-099b03aa\"><style>\n  .vce-post-grid-filter-wrapper {\n    --size: 17px 20px;\n    --container-border-radius: 5px;\n    --item-border-radius: 5px;\n    --alignment: center;\n    --gap: 20px;\n    --border-color: #dcdcdc;\n    --separator-color: #dcdcdc;\n    --font-color: #515162;\n    --font-active-color: #fff;\n    --background-color: #fdfdfd;\n    --background-active-color: #4c3ab3;\n    display: flex;\n    flex-wrap: wrap;\n    justify-content: var(--alignment);\n  }\n\n  .vce-post-grid-filter-wrapper .vce-post-grid-filter-dropdown {\n    width: 100%;\n    -webkit-appearance: none;\n    border: 2px solid rgba(125,125,125, .5);\n    padding: 8px 33px 8px 15px;\n    color: #515162;\n    background: url(\"data:image\/svg+xml;base64,PHN2ZyB4bWxucz0iaHR0cDovL3d3dy53My5vcmcvMjAwMC9zdmciIHdpZHRoPSIyOTIuNCIgaGVpZ2h0PSIyOTIuNCI+PHBhdGggZmlsbD0iIzdkN2Q3ZCIgZD0iTTI4NyA2OS40YTE3LjYgMTcuNiAwIDAgMC0xMy01LjRIMTguNGMtNSAwLTkuMyAxLjgtMTIuOSA1LjRBMTcuNiAxNy42IDAgMCAwIDAgODIuMmMwIDUgMS44IDkuMyA1LjQgMTIuOWwxMjggMTI3LjljMy42IDMuNiA3LjggNS40IDEyLjggNS40czkuMi0xLjggMTIuOC01LjRMMjg3IDk1YzMuNS0zLjUgNS40LTcuOCA1LjQtMTIuOCAwLTUtMS45LTkuMi01LjUtMTIuOHoiLz48L3N2Zz4K\") no-repeat right 15px center;\n    background-size: 9px;\n  }\n\n  .vce-post-grid-filter-wrapper[data-vce-state=\"items\"] .vce-post-grid-filter-dropdown {\n    visibility: hidden;\n    height: 0;\n    position: absolute;\n  }\n\n  .vce-post-grid-filter-wrapper[data-vce-state=\"items\"] .vce-post-grid-filter-container {\n    visibility: visible;\n    height: initial;\n  }\n\n  .vce-post-grid-filter-wrapper[data-vce-state=\"dropdown\"] .vce-post-grid-filter-container {\n    visibility: hidden;\n    height: 0;\n  }\n\n  .vce-post-grid-filter-wrapper[data-vce-state=\"dropdown\"] .vce-post-grid-filter-dropdown {\n    visibility: visible;\n    height: initial;\n    position: initial;\n  }\n\n  .vce-post-grid-filter-container {\n    display: flex;\n    flex-wrap: wrap;\n    justify-content: var(--alignment);\n    margin-bottom: var(--gap);\n  }\n\n  .vce-post-grid-filter-control {\n    position: relative;\n    padding: var(--size);\n    border: none;\n    border-radius: var(--item-border-radius);\n    background: none;\n    color: var(--font-color);\n    font-size: 15px;\n    line-height: 1;\n    cursor: pointer;\n    transition: background-color .2s ease-in-out,\n    color .2s ease-in-out,\n    border .2s ease-in-out,\n    z-index .2s ease-in-out;\n  }\n\n  .vce-post-grid-filter-control:active,\n  .vce-post-grid-filter-control:focus {\n    color: var(--font-color);\n    text-decoration: none;\n  }\n\n  .vce-post-grid-filter-control--active.vce-post-grid-filter-control,\n  .vce-post-grid-filter-control--active.vce-post-grid-filter-control:focus,\n  .vce-post-grid-filter-control--active.vce-post-grid-filter-control:active,\n  .vce-post-grid-filter-control:hover {\n    color: var(--font-active-color);\n    text-decoration: none;\n  }\n\n  .vce-post-grid-filter-control::before,\n  .vce-post-grid-filter-control::after {\n    content: '';\n    position: absolute;\n    top: -1px;\n    width: 1px;\n    height: calc(100% + 2px);\n    z-index: 1;\n    background-color: transparent;\n    transition: background-color .2s ease-in-out;\n  }\n\n  .vce-post-grid-filter-control::before {\n    right: 100%;\n    z-index: 2;\n  }\n\n  .vce-post-grid-filter-control::after {\n    left: 100%;\n  }\n\n  .vce-post-grid-filter-container:not(.vce-post-grid-filter--shape-none) .vce-post-grid-filter-control {\n    background-color: var(--background-color);\n    border: 1px solid var(--border-color);\n    border-right: none;\n    border-radius: 0;\n  }\n\n  .vce-post-grid-filter-container:not(.vce-post-grid-filter--shape-none) .vce-post-grid-filter-control:last-of-type {\n    border-right: 1px solid var(--border-color);\n  }\n\n  .vce-post-grid-filter-container .vce-post-grid-filter-control--active.vce-post-grid-filter-control,\n  .vce-post-grid-filter-container .vce-post-grid-filter-control.vce-post-grid-filter-control:hover {\n    background-color: var(--background-active-color) !important;\n    border-color: var(--background-active-color) !important;\n  }\n\n  .vce-post-grid-filter-container:not(.vce-post-grid-filter--shape-none) .vce-post-grid-filter-control:not(:last-of-type)::after {\n    background-color: var(--separator-color);\n  }\n\n  .vce-post-grid-filter-container:not(.vce-post-grid-filter--shape-none) .vce-post-grid-filter-control--active.vce-post-grid-filter-control:not(:last-of-type)::after,\n  .vce-post-grid-filter-container:not(.vce-post-grid-filter--shape-none) .vce-post-grid-filter-control:hover:not(:last-of-type)::after,\n  .vce-post-grid-filter-container:not(.vce-post-grid-filter--shape-none) .vce-post-grid-filter-control--active.vce-post-grid-filter-control:not(:first-of-type)::before,\n  .vce-post-grid-filter-container:not(.vce-post-grid-filter--shape-none) .vce-post-grid-filter-control:hover:not(:first-of-type)::before {\n    background-color: var(--background-active-color);\n  }\n\n  .vce-post-grid-filter-container:not(.vce-post-grid-filter--shape-none) .vce-post-grid-filter-control:first-of-type {\n    border-top-left-radius: var(--container-border-radius);\n    border-bottom-left-radius: var(--container-border-radius);\n  }\n\n  .vce-post-grid-filter-container:not(.vce-post-grid-filter--shape-none) .vce-post-grid-filter-control:last-of-type {\n    border-top-right-radius: var(--container-border-radius);\n    border-bottom-right-radius: var(--container-border-radius);\n  }\n\n  .vce-post-grid-filter-helper {\n    scroll-margin-top: 100px;\n  }\n<\/style>\n<div id=\"grid-099b03aa\" class=\"vce-post-grid-filter-helper\"><\/div>\n<div class=\"vce-post-grid-filter-wrapper\" id=\"el-099b03aa-filter\" data-vce-collapsible=\"false\" style=\"\n        --size: 17px 20px;\n        --container-border-radius: nonepx;\n        --item-border-radius: 5px;\n        --alignment: center;\n        --gap: 20px;\n        --border-color: #DCDCDC;\n        --separator-color: #DCDCDC;\n        --font-color: #515162;\n        --font-active-color: #ffffff;\n        --background-color: #FDFDFD;\n        --background-active-color: rgb(87, 105, 63);\" >\n        <div class=\"vce-post-grid-filter-container vce-post-grid-filter--shape-none\">\n        <a href=\"\/fr\/wp-json\/wp\/v2\/pages\/7407?vcv-filter-099b03aa=275#grid-099b03aa\"  class=\"vce-post-grid-filter-control  vce-post-grid-filter-control--active\">Vegas y Alcarria Madrile\u00f1a<\/a>    <\/div>\n<\/div>\n<div class=\"vce-posts-grid-list\"><div class=\"vce-posts-grid-item\"><article class=\"vce-post-list-item vce-post-list-item--image-left\"><div class=\"vce-post-list-image\" style=\"background-image:url(https:\/\/cyclemadrid.com\/wp-content\/uploads\/2025\/09\/Via-verde-del-tajuna-imagen-tunel.jpg)\"><a href=\"https:\/\/cyclemadrid.com\/fr\/rutas\/via-verde-del-tajuna\/\" aria-label=\"Via Verde del Taju\u00f1a\"><\/a><\/div><div class=\"vce-post-list-content\"><p class=\"vce-post-list-meta\"><time datetime=\"2025-09-01 11:08:08\">01-09-2025<\/time><\/p><h2 class=\"vce-post-list-title\"><a href=\"https:\/\/cyclemadrid.com\/fr\/rutas\/via-verde-del-tajuna\/\">Via Verde del Taju\u00f1a<\/a><\/h2><div class=\"vce-post-description--excerpt\"><p>Ruta en bicicleta de la V\u00eda verde del Taju\u00f1aA Arganda del Rey puedes llegar perfectamente en Metro desde la ciudad de Madrid (l\u00ednea 9).Para abandonar el casco urbano, la V\u00eda Verde discurre por el l\u00edmite entre la zona industrial de Arganda y unas suaves laderas donde apenas quedan rastros de alg\u00fan olivo. La ruta cruza<\/p>\n<\/div>\n<p class=\"vce-post-list-author\"><img alt='' src='https:\/\/secure.gravatar.com\/avatar\/f907bdcd98026ecce16b0b616cb29e9d?s=96&#038;d=mm&#038;r=g' srcset='https:\/\/secure.gravatar.com\/avatar\/f907bdcd98026ecce16b0b616cb29e9d?s=192&#038;d=mm&#038;r=g 2x' class='avatar avatar-96 photo' height='96' width='96' \/>Ethinking<\/p><p class=\"vce-post-list-tags\"><\/p><\/div><\/article><\/div><\/div><\/div><\/div><div class=\"vce-button--style-basic-container cycle_button vce-button--style-basic-container--align-center\"><span class=\"vce-button--style-basic-wrapper vce\" id=\"el-a921142d\" data-vce-do-apply=\"margin el-a921142d\"><a class=\"vce-button vce-button--style-basic vce-button--style-basic--border-rounded vce-button--style-basic--size-medium vce-button--style-basic--color-b-248-232-22--b-33-43-54\" href=\"https:\/\/cyclemadrid.com\/es\/zonas\/vegas-y-alcarria-madrilena\/\" title=\"Ver m\u00e1s\" data-vce-do-apply=\"padding border background  el-a921142d\">Ver m\u00e1s<\/a><\/span><\/div><\/div><\/div><\/div><\/div><\/div><\/div><div class=\"vce-row-container\" data-vce-boxed-width=\"true\"><div class=\"vce-row vce-row--col-gap-30 vce-row-equal-height vce-row-content--top\" id=\"el-7edb7554\" data-vce-do-apply=\"all el-7edb7554\"><div class=\"vce-content-background-container\"><\/div><div class=\"vce-row-content\" data-vce-element-content=\"true\"><div class=\"vce-col vce-col--md-auto vce-col--xs-1 vce-col--xs-last vce-col--xs-first vce-col--sm-last vce-col--sm-first vce-col--md-last vce-col--lg-last vce-col--xl-last vce-col--md-first vce-col--lg-first vce-col--xl-first\" id=\"el-d31b0c00\"><div class=\"vce-col-inner\" data-vce-do-apply=\"border margin background  el-d31b0c00\"><div class=\"vce-col-content\" data-vce-element-content=\"true\" data-vce-do-apply=\"padding el-d31b0c00\"><div class=\"vce-google-fonts-heading vce-google-fonts-heading--align-left vce-google-fonts-heading--color-empty--45--5C00FF--FF7200 vce-google-fonts-heading--font-family-Montserrat\"><div id=\"el-6d420b2a\" class=\"vce-google-fonts-heading-wrapper\"><div class=\"vce-google-fonts-heading--background vce\" data-vce-do-apply=\"border background  padding margin el-6d420b2a\"><h2 class=\"vce-google-fonts-heading-inner\" style=\"line-height: 1.2; font-weight: 400; font-style: normal;\">Sierra del Guadarrama<\/h2><\/div><\/div><\/div><div class=\"vce vce-separator-container vce-separator--align-left vce-separator--style-solid\" id=\"el-635e6251\" data-vce-do-apply=\"margin el-635e6251\"><div class=\"vce-separator vce-separator--color-bfc0c1 vce-separator--width-100 vce-separator--thickness-1\" data-vce-do-apply=\"border padding background  el-635e6251\"><\/div><\/div><\/div><\/div><\/div><\/div><\/div><\/div><div class=\"vce-row-container\" data-vce-boxed-width=\"true\"><div class=\"vce-row vce-row--col-gap-10 vce-row-equal-height vce-row-content--top\" id=\"el-bdae043e\" data-vce-do-apply=\"all el-bdae043e\"><div class=\"vce-content-background-container\"><\/div><div class=\"vce-row-content\" data-vce-element-content=\"true\"><div class=\"vce-col vce-col--md-auto vce-col--xs-1 vce-col--xs-last vce-col--xs-first vce-col--sm-last vce-col--sm-first vce-col--md-last vce-col--lg-last vce-col--xl-last vce-col--md-first vce-col--lg-first vce-col--xl-first\" id=\"el-6cde546b\"><div class=\"vce-col-inner\" data-vce-do-apply=\"border margin background  el-6cde546b\"><div class=\"vce-col-content\" data-vce-element-content=\"true\" data-vce-do-apply=\"padding el-6cde546b\"><div class=\"vce-posts-grid-container vce-post-list\"><div class=\"vce vce-posts-grid-wrapper vce-posts-grid--gap-10 vce-posts-grid--columns-5 vce-posts-grid-pagination--color-E0BAA0--e2e2e2\" id=\"el-863f6e00\" data-vce-do-apply=\"all el-863f6e00\"><style>\n  .vce-post-grid-filter-wrapper {\n    --size: 17px 20px;\n    --container-border-radius: 5px;\n    --item-border-radius: 5px;\n    --alignment: center;\n    --gap: 20px;\n    --border-color: #dcdcdc;\n    --separator-color: #dcdcdc;\n    --font-color: #515162;\n    --font-active-color: #fff;\n    --background-color: #fdfdfd;\n    --background-active-color: #4c3ab3;\n    display: flex;\n    flex-wrap: wrap;\n    justify-content: var(--alignment);\n  }\n\n  .vce-post-grid-filter-wrapper .vce-post-grid-filter-dropdown {\n    width: 100%;\n    -webkit-appearance: none;\n    border: 2px solid rgba(125,125,125, .5);\n    padding: 8px 33px 8px 15px;\n    color: #515162;\n    background: url(\"data:image\/svg+xml;base64,PHN2ZyB4bWxucz0iaHR0cDovL3d3dy53My5vcmcvMjAwMC9zdmciIHdpZHRoPSIyOTIuNCIgaGVpZ2h0PSIyOTIuNCI+PHBhdGggZmlsbD0iIzdkN2Q3ZCIgZD0iTTI4NyA2OS40YTE3LjYgMTcuNiAwIDAgMC0xMy01LjRIMTguNGMtNSAwLTkuMyAxLjgtMTIuOSA1LjRBMTcuNiAxNy42IDAgMCAwIDAgODIuMmMwIDUgMS44IDkuMyA1LjQgMTIuOWwxMjggMTI3LjljMy42IDMuNiA3LjggNS40IDEyLjggNS40czkuMi0xLjggMTIuOC01LjRMMjg3IDk1YzMuNS0zLjUgNS40LTcuOCA1LjQtMTIuOCAwLTUtMS45LTkuMi01LjUtMTIuOHoiLz48L3N2Zz4K\") no-repeat right 15px center;\n    background-size: 9px;\n  }\n\n  .vce-post-grid-filter-wrapper[data-vce-state=\"items\"] .vce-post-grid-filter-dropdown {\n    visibility: hidden;\n    height: 0;\n    position: absolute;\n  }\n\n  .vce-post-grid-filter-wrapper[data-vce-state=\"items\"] .vce-post-grid-filter-container {\n    visibility: visible;\n    height: initial;\n  }\n\n  .vce-post-grid-filter-wrapper[data-vce-state=\"dropdown\"] .vce-post-grid-filter-container {\n    visibility: hidden;\n    height: 0;\n  }\n\n  .vce-post-grid-filter-wrapper[data-vce-state=\"dropdown\"] .vce-post-grid-filter-dropdown {\n    visibility: visible;\n    height: initial;\n    position: initial;\n  }\n\n  .vce-post-grid-filter-container {\n    display: flex;\n    flex-wrap: wrap;\n    justify-content: var(--alignment);\n    margin-bottom: var(--gap);\n  }\n\n  .vce-post-grid-filter-control {\n    position: relative;\n    padding: var(--size);\n    border: none;\n    border-radius: var(--item-border-radius);\n    background: none;\n    color: var(--font-color);\n    font-size: 15px;\n    line-height: 1;\n    cursor: pointer;\n    transition: background-color .2s ease-in-out,\n    color .2s ease-in-out,\n    border .2s ease-in-out,\n    z-index .2s ease-in-out;\n  }\n\n  .vce-post-grid-filter-control:active,\n  .vce-post-grid-filter-control:focus {\n    color: var(--font-color);\n    text-decoration: none;\n  }\n\n  .vce-post-grid-filter-control--active.vce-post-grid-filter-control,\n  .vce-post-grid-filter-control--active.vce-post-grid-filter-control:focus,\n  .vce-post-grid-filter-control--active.vce-post-grid-filter-control:active,\n  .vce-post-grid-filter-control:hover {\n    color: var(--font-active-color);\n    text-decoration: none;\n  }\n\n  .vce-post-grid-filter-control::before,\n  .vce-post-grid-filter-control::after {\n    content: '';\n    position: absolute;\n    top: -1px;\n    width: 1px;\n    height: calc(100% + 2px);\n    z-index: 1;\n    background-color: transparent;\n    transition: background-color .2s ease-in-out;\n  }\n\n  .vce-post-grid-filter-control::before {\n    right: 100%;\n    z-index: 2;\n  }\n\n  .vce-post-grid-filter-control::after {\n    left: 100%;\n  }\n\n  .vce-post-grid-filter-container:not(.vce-post-grid-filter--shape-none) .vce-post-grid-filter-control {\n    background-color: var(--background-color);\n    border: 1px solid var(--border-color);\n    border-right: none;\n    border-radius: 0;\n  }\n\n  .vce-post-grid-filter-container:not(.vce-post-grid-filter--shape-none) .vce-post-grid-filter-control:last-of-type {\n    border-right: 1px solid var(--border-color);\n  }\n\n  .vce-post-grid-filter-container .vce-post-grid-filter-control--active.vce-post-grid-filter-control,\n  .vce-post-grid-filter-container .vce-post-grid-filter-control.vce-post-grid-filter-control:hover {\n    background-color: var(--background-active-color) !important;\n    border-color: var(--background-active-color) !important;\n  }\n\n  .vce-post-grid-filter-container:not(.vce-post-grid-filter--shape-none) .vce-post-grid-filter-control:not(:last-of-type)::after {\n    background-color: var(--separator-color);\n  }\n\n  .vce-post-grid-filter-container:not(.vce-post-grid-filter--shape-none) .vce-post-grid-filter-control--active.vce-post-grid-filter-control:not(:last-of-type)::after,\n  .vce-post-grid-filter-container:not(.vce-post-grid-filter--shape-none) .vce-post-grid-filter-control:hover:not(:last-of-type)::after,\n  .vce-post-grid-filter-container:not(.vce-post-grid-filter--shape-none) .vce-post-grid-filter-control--active.vce-post-grid-filter-control:not(:first-of-type)::before,\n  .vce-post-grid-filter-container:not(.vce-post-grid-filter--shape-none) .vce-post-grid-filter-control:hover:not(:first-of-type)::before {\n    background-color: var(--background-active-color);\n  }\n\n  .vce-post-grid-filter-container:not(.vce-post-grid-filter--shape-none) .vce-post-grid-filter-control:first-of-type {\n    border-top-left-radius: var(--container-border-radius);\n    border-bottom-left-radius: var(--container-border-radius);\n  }\n\n  .vce-post-grid-filter-container:not(.vce-post-grid-filter--shape-none) .vce-post-grid-filter-control:last-of-type {\n    border-top-right-radius: var(--container-border-radius);\n    border-bottom-right-radius: var(--container-border-radius);\n  }\n\n  .vce-post-grid-filter-helper {\n    scroll-margin-top: 100px;\n  }\n<\/style>\n<div id=\"grid-863f6e00\" class=\"vce-post-grid-filter-helper\"><\/div>\n<div class=\"vce-post-grid-filter-wrapper\" id=\"el-863f6e00-filter\" data-vce-collapsible=\"false\" style=\"\n        --size: 17px 20px;\n        --container-border-radius: nonepx;\n        --item-border-radius: 5px;\n        --alignment: center;\n        --gap: 20px;\n        --border-color: #DCDCDC;\n        --separator-color: #DCDCDC;\n        --font-color: #515162;\n        --font-active-color: #ffffff;\n        --background-color: #FDFDFD;\n        --background-active-color: rgb(87, 105, 63);\" >\n        <div class=\"vce-post-grid-filter-container vce-post-grid-filter--shape-none\">\n            <\/div>\n<\/div>\n<div class=\"vce-posts-grid-list\"><div class=\"vce-posts-grid-item\"><article class=\"vce-post-list-item vce-post-list-item--image-left\"><div class=\"vce-post-list-image\" style=\"background-image:url(https:\/\/cyclemadrid.com\/wp-content\/uploads\/2025\/08\/Ruta_Ponton-de-La-Oliva-2.jpg)\"><a href=\"https:\/\/cyclemadrid.com\/fr\/rutas\/veloroute-du-barrage-torrelaguna-torremocha-torremocha-el-atazar\/\" aria-label=\"V\u00e9loroute du barrage Torrelaguna-Torremocha-Torremocha-El Atazar\"><\/a><\/div><div class=\"vce-post-list-content\"><p class=\"vce-post-list-meta\"><time datetime=\"2025-08-29 14:17:46\">29-08-2025<\/time><\/p><h2 class=\"vce-post-list-title\"><a href=\"https:\/\/cyclemadrid.com\/fr\/rutas\/veloroute-du-barrage-torrelaguna-torremocha-torremocha-el-atazar\/\">V\u00e9loroute du barrage Torrelaguna-Torremocha-Torremocha-El Atazar<\/a><\/h2><p class=\"vce-post-list-author\"><img alt='' src='https:\/\/secure.gravatar.com\/avatar\/f907bdcd98026ecce16b0b616cb29e9d?s=96&#038;d=mm&#038;r=g' srcset='https:\/\/secure.gravatar.com\/avatar\/f907bdcd98026ecce16b0b616cb29e9d?s=192&#038;d=mm&#038;r=g 2x' class='avatar avatar-96 photo' height='96' width='96' \/>Ethinking<\/p><p class=\"vce-post-list-tags\"><\/p><\/div><\/article><\/div><div class=\"vce-posts-grid-item\"><article class=\"vce-post-list-item vce-post-list-item--image-left\"><div class=\"vce-post-list-image\" style=\"background-image:url(https:\/\/cyclemadrid.com\/wp-content\/uploads\/2023\/04\/Manzanares_el_Real-Miraflores_de_la_Sierra_01.webp)\"><a href=\"https:\/\/cyclemadrid.com\/fr\/rutas\/veloroute-de-miraflores-de-la-sierra-a-manzanares-el-real\/\" aria-label=\"V\u00e9loroute de Miraflores de la Sierra \u00e0 Manzanares el Real\"><\/a><\/div><div class=\"vce-post-list-content\"><p class=\"vce-post-list-meta\"><time datetime=\"2023-12-18 16:23:03\">18-12-2023<\/time><\/p><h2 class=\"vce-post-list-title\"><a href=\"https:\/\/cyclemadrid.com\/fr\/rutas\/veloroute-de-miraflores-de-la-sierra-a-manzanares-el-real\/\">V\u00e9loroute de Miraflores de la Sierra \u00e0 Manzanares el Real<\/a><\/h2><div class=\"vce-post-description--excerpt\"><p>V\u00e9loroute de Miraflores de la Sierra \u00e0 Manzanares el RealDE MIRAFLORES DE LA SIERRA \u00c0 MANZANARES EL REALCh\u00e2teau de Los Mendoza Route.Descente avec vues panoramiques \u00e0 travers le parc r\u00e9gional du bassin sup\u00e9rieur de Guadarrama jusqu&#8217;au Castillo de los Mendoza.\u00c0 Manzanares, vous aurez l&#8217;occasion de visiter La Pedriza, un endroit unique dans la Sierra de&hellip;<\/p>\n<\/div>\n<p class=\"vce-post-list-author\"><img alt='' src='https:\/\/secure.gravatar.com\/avatar\/f907bdcd98026ecce16b0b616cb29e9d?s=96&#038;d=mm&#038;r=g' srcset='https:\/\/secure.gravatar.com\/avatar\/f907bdcd98026ecce16b0b616cb29e9d?s=192&#038;d=mm&#038;r=g 2x' class='avatar avatar-96 photo' height='96' width='96' \/>Ethinking<\/p><p class=\"vce-post-list-tags\"><\/p><\/div><\/article><\/div><div class=\"vce-posts-grid-item\"><article class=\"vce-post-list-item vce-post-list-item--image-left\"><div class=\"vce-post-list-image\" style=\"background-image:url(https:\/\/cyclemadrid.com\/wp-content\/uploads\/2023\/05\/Moralzarzal-Manzanares_el_Real_04.webp)\"><a href=\"https:\/\/cyclemadrid.com\/fr\/rutas\/itineraire-cycliste-de-manzanares-el-real-a-moralzarzal\/\" aria-label=\"Itin\u00e9raire cycliste de Manzanares el Real \u00e0 Moralzarzal\"><\/a><\/div><div class=\"vce-post-list-content\"><p class=\"vce-post-list-meta\"><time datetime=\"2023-12-18 16:20:29\">18-12-2023<\/time><\/p><h2 class=\"vce-post-list-title\"><a href=\"https:\/\/cyclemadrid.com\/fr\/rutas\/itineraire-cycliste-de-manzanares-el-real-a-moralzarzal\/\">Itin\u00e9raire cycliste de Manzanares el Real \u00e0 Moralzarzal<\/a><\/h2><div class=\"vce-post-description--excerpt\"><p>Itin\u00e9raire cycliste de Manzanares el Real \u00e0 MoralzarzalDE MANZANARES EL REAL \u00c0 MORALZARZALVues du parc national Depuis Manzanares, prenez la direction d&#8217;El Boalo, en suivant le sentier balis\u00e9 que vous trouverez au nord de la route, \u00e0 la limite du parc national de Guadarrama. El Boalo est un village qui conserve un bon exemple d&#8217;architecture&hellip;<\/p>\n<\/div>\n<p class=\"vce-post-list-author\"><img alt='' src='https:\/\/secure.gravatar.com\/avatar\/f907bdcd98026ecce16b0b616cb29e9d?s=96&#038;d=mm&#038;r=g' srcset='https:\/\/secure.gravatar.com\/avatar\/f907bdcd98026ecce16b0b616cb29e9d?s=192&#038;d=mm&#038;r=g 2x' class='avatar avatar-96 photo' height='96' width='96' \/>Ethinking<\/p><p class=\"vce-post-list-tags\"><\/p><\/div><\/article><\/div><div class=\"vce-posts-grid-item\"><article class=\"vce-post-list-item vce-post-list-item--image-left\"><div class=\"vce-post-list-image\" style=\"background-image:url(https:\/\/cyclemadrid.com\/wp-content\/uploads\/2023\/04\/Manzanares_el_Real-San_Lorenzo_Escorial_01.webp)\"><a href=\"https:\/\/cyclemadrid.com\/fr\/rutas\/itineraire-cycliste-de-manzanares-el-real-a-san-lorenzo-de-el-escorial\/\" aria-label=\"Itin\u00e9raire cycliste de Manzanares El Real \u00e0 San Lorenzo de El Escorial\"><\/a><\/div><div class=\"vce-post-list-content\"><p class=\"vce-post-list-meta\"><time datetime=\"2023-12-18 16:16:38\">18-12-2023<\/time><\/p><h2 class=\"vce-post-list-title\"><a href=\"https:\/\/cyclemadrid.com\/fr\/rutas\/itineraire-cycliste-de-manzanares-el-real-a-san-lorenzo-de-el-escorial\/\">Itin\u00e9raire cycliste de Manzanares El Real \u00e0 San Lorenzo de El Escorial<\/a><\/h2><div class=\"vce-post-description--excerpt\"><p>V\u00e9loroute de Manzanares El Real \u00e0 San Lorenzo de El EscorialDE MANZANARES EL REAL \u00c0 SAN LORENZO DE EL ESCORIALRoute spectaculaire du ch\u00e2teau de Manzanares el Real aux monast\u00e8res de l&#8217;Escorial.Pour vous rendre au d\u00e9part de la route depuis Madrid, vous pouvez choisir d&#8217;utiliser votre propre moyen de transport ou d&#8217;arriver par l&#8217;un des couloirs&hellip;<\/p>\n<\/div>\n<p class=\"vce-post-list-author\"><img alt='' src='https:\/\/secure.gravatar.com\/avatar\/f907bdcd98026ecce16b0b616cb29e9d?s=96&#038;d=mm&#038;r=g' srcset='https:\/\/secure.gravatar.com\/avatar\/f907bdcd98026ecce16b0b616cb29e9d?s=192&#038;d=mm&#038;r=g 2x' class='avatar avatar-96 photo' height='96' width='96' \/>Ethinking<\/p><p class=\"vce-post-list-tags\"><\/p><\/div><\/article><\/div><div class=\"vce-posts-grid-item\"><article class=\"vce-post-list-item vce-post-list-item--image-left\"><div class=\"vce-post-list-image\" style=\"background-image:url(https:\/\/cyclemadrid.com\/wp-content\/uploads\/2023\/03\/ruta-con-ninos-via-verde-madrid.jpg)\"><a href=\"https:\/\/cyclemadrid.com\/fr\/rutas\/route-des-coureurs-de-cyclemadrid-collado-villalba-torrelodones\/\" aria-label=\"Route des coureurs de Cyclemadrid : Collado Villalba - Torrelodones\"><\/a><\/div><div class=\"vce-post-list-content\"><p class=\"vce-post-list-meta\"><time datetime=\"2023-12-18 16:06:04\">18-12-2023<\/time><\/p><h2 class=\"vce-post-list-title\"><a href=\"https:\/\/cyclemadrid.com\/fr\/rutas\/route-des-coureurs-de-cyclemadrid-collado-villalba-torrelodones\/\">Route des coureurs de Cyclemadrid : Collado Villalba - Torrelodones<\/a><\/h2><div class=\"vce-post-description--excerpt\"><p>Route des coureurs de Cyclemadrid : Collado Villalba &#8211; TorrelodonesCOUREURS DE CYCLEMADRID : COLLADO VILLALBA &#8211; TORRELODONESDepuis Collado Villalba, vous pouvez facilement rejoindre n&#8217;importe quel coin de la capitale par le train Renfe Cercan\u00edas. C&#8217;est \u00e0 partir de l\u00e0 que vous commencerez \u00e0 parcourir la Sierra. Suivre cet itin\u00e9raire pour revenir des sections nord du&hellip;<\/p>\n<\/div>\n<p class=\"vce-post-list-author\"><img alt='' src='https:\/\/secure.gravatar.com\/avatar\/f907bdcd98026ecce16b0b616cb29e9d?s=96&#038;d=mm&#038;r=g' srcset='https:\/\/secure.gravatar.com\/avatar\/f907bdcd98026ecce16b0b616cb29e9d?s=192&#038;d=mm&#038;r=g 2x' class='avatar avatar-96 photo' height='96' width='96' \/>Ethinking<\/p><p class=\"vce-post-list-tags\"><\/p><\/div><\/article><\/div><div class=\"vce-posts-grid-item\"><article class=\"vce-post-list-item vce-post-list-item--image-left\"><div class=\"vce-post-list-image\" style=\"background-image:url(https:\/\/cyclemadrid.com\/wp-content\/uploads\/2023\/05\/San_Lorenzo_El-Escorial-Moralzarzal_02.webp)\"><a href=\"https:\/\/cyclemadrid.com\/fr\/rutas\/itineraire-cycliste-de-san-lorenzo-del-escorial-a-moralzarzal\/\" aria-label=\"Itin\u00e9raire cycliste de San Lorenzo del Escorial \u00e0 Moralzarzal\"><\/a><\/div><div class=\"vce-post-list-content\"><p class=\"vce-post-list-meta\"><time datetime=\"2023-12-18 16:05:57\">18-12-2023<\/time><\/p><h2 class=\"vce-post-list-title\"><a href=\"https:\/\/cyclemadrid.com\/fr\/rutas\/itineraire-cycliste-de-san-lorenzo-del-escorial-a-moralzarzal\/\">Itin\u00e9raire cycliste de San Lorenzo del Escorial \u00e0 Moralzarzal<\/a><\/h2><div class=\"vce-post-description--excerpt\"><p>Itin\u00e9raire cycliste de San Lorenzo del Escorial \u00e0 MoralzarzalDE SAN LORENZO DEL ESCORIAL \u00c0 MORALZARZALLa v\u00e9loroute de San Lorenzo del Escorial \u00e0 Moralzarzal est l&#8217;une des plus populaires de la Communaut\u00e9 de Madrid. Avec une distance de 22,73 kilom\u00e8tres et un d\u00e9nivel\u00e9 positif de 102 m\u00e8tres, c&#8217;est un choix parfait pour ceux qui recherchent une&hellip;<\/p>\n<\/div>\n<p class=\"vce-post-list-author\"><img alt='' src='https:\/\/secure.gravatar.com\/avatar\/f907bdcd98026ecce16b0b616cb29e9d?s=96&#038;d=mm&#038;r=g' srcset='https:\/\/secure.gravatar.com\/avatar\/f907bdcd98026ecce16b0b616cb29e9d?s=192&#038;d=mm&#038;r=g 2x' class='avatar avatar-96 photo' height='96' width='96' \/>Ethinking<\/p><p class=\"vce-post-list-tags\"><\/p><\/div><\/article><\/div><div class=\"vce-posts-grid-item\"><article class=\"vce-post-list-item vce-post-list-item--image-left\"><div class=\"vce-post-list-image\" style=\"background-image:url(https:\/\/cyclemadrid.com\/wp-content\/uploads\/2023\/04\/Manzanares_el_Real-Torrelaguna_05.webp)\"><a href=\"https:\/\/cyclemadrid.com\/fr\/rutas\/veloroute-de-manzanares-el-real-a-torrelaguna\/\" aria-label=\"V\u00e9loroute de Manzanares El Real \u00e0 Torrelaguna\"><\/a><\/div><div class=\"vce-post-list-content\"><p class=\"vce-post-list-meta\"><time datetime=\"2023-12-18 16:02:51\">18-12-2023<\/time><\/p><h2 class=\"vce-post-list-title\"><a href=\"https:\/\/cyclemadrid.com\/fr\/rutas\/veloroute-de-manzanares-el-real-a-torrelaguna\/\">V\u00e9loroute de Manzanares El Real \u00e0 Torrelaguna<\/a><\/h2><div class=\"vce-post-description--excerpt\"><p>V\u00e9loroute de Manzanares El Real \u00e0 TorrelagunaDE MANZANARES EL REAL \u00c0 TORRELAGUNAPour vous rendre au d\u00e9part de la route depuis Madrid, vous pouvez choisir d&#8217;utiliser votre propre moyen de transport ou d&#8217;arriver par l&#8217;un des couloirs qui relient Madrid au Grand Tour Ciclamadrid. Pour voir la piste correspondante, cherchez dans Wikiloc : CycleMadrid Corredores.Au&nbsp;Manzanares el&hellip;<\/p>\n<\/div>\n<p class=\"vce-post-list-author\"><img alt='' src='https:\/\/secure.gravatar.com\/avatar\/f907bdcd98026ecce16b0b616cb29e9d?s=96&#038;d=mm&#038;r=g' srcset='https:\/\/secure.gravatar.com\/avatar\/f907bdcd98026ecce16b0b616cb29e9d?s=192&#038;d=mm&#038;r=g 2x' class='avatar avatar-96 photo' height='96' width='96' \/>Ethinking<\/p><p class=\"vce-post-list-tags\"><\/p><\/div><\/article><\/div><div class=\"vce-posts-grid-item\"><article class=\"vce-post-list-item vce-post-list-item--image-left\"><div class=\"vce-post-list-image\" style=\"background-image:url(https:\/\/cyclemadrid.com\/wp-content\/uploads\/2023\/05\/Moralzarzal-Manzanares_el_Real_02.webp)\"><a href=\"https:\/\/cyclemadrid.com\/fr\/rutas\/itineraire-cycliste-de-moralzarzal-a-manzanares-el-real\/\" aria-label=\"Itin\u00e9raire cycliste de Moralzarzal \u00e0 Manzanares el Real\"><\/a><\/div><div class=\"vce-post-list-content\"><p class=\"vce-post-list-meta\"><time datetime=\"2023-12-18 16:02:30\">18-12-2023<\/time><\/p><h2 class=\"vce-post-list-title\"><a href=\"https:\/\/cyclemadrid.com\/fr\/rutas\/itineraire-cycliste-de-moralzarzal-a-manzanares-el-real\/\">Itin\u00e9raire cycliste de Moralzarzal \u00e0 Manzanares el Real<\/a><\/h2><div class=\"vce-post-description--excerpt\"><p>Itin\u00e9raire cycliste de Moralzarzal \u00e0 Manzanares el RealDE MORALZARZAL \u00c0 MANZANARES EL REALSi vous \u00eates un amateur de cyclisme et que vous cherchez un itin\u00e9raire facile et attrayant dans la Communaut\u00e9 de Madrid, l&#8217;itin\u00e9raire de Moralzarzal \u00e0 Manzanares el Real est un excellent choix. Ce circuit vous permet d&#8217;appr\u00e9cier de magnifiques paysages naturels en parcourant&hellip;<\/p>\n<\/div>\n<p class=\"vce-post-list-author\"><img alt='' src='https:\/\/secure.gravatar.com\/avatar\/f907bdcd98026ecce16b0b616cb29e9d?s=96&#038;d=mm&#038;r=g' srcset='https:\/\/secure.gravatar.com\/avatar\/f907bdcd98026ecce16b0b616cb29e9d?s=192&#038;d=mm&#038;r=g 2x' class='avatar avatar-96 photo' height='96' width='96' \/>Ethinking<\/p><p class=\"vce-post-list-tags\"><\/p><\/div><\/article><\/div><div class=\"vce-posts-grid-item\"><article class=\"vce-post-list-item vce-post-list-item--image-left\"><div class=\"vce-post-list-image\" style=\"background-image:url(https:\/\/cyclemadrid.com\/wp-content\/uploads\/2023\/04\/turismo-sostenible.jpg)\"><a href=\"https:\/\/cyclemadrid.com\/fr\/rutas\/route-des-coureurs-de-cyclemadrid-torrelodones-collado-villalba\/\" aria-label=\"Route des coureurs de Cyclemadrid : Torrelodones - Collado Villalba\"><\/a><\/div><div class=\"vce-post-list-content\"><p class=\"vce-post-list-meta\"><time datetime=\"2023-12-18 16:02:29\">18-12-2023<\/time><\/p><h2 class=\"vce-post-list-title\"><a href=\"https:\/\/cyclemadrid.com\/fr\/rutas\/route-des-coureurs-de-cyclemadrid-torrelodones-collado-villalba\/\">Route des coureurs de Cyclemadrid : Torrelodones - Collado Villalba<\/a><\/h2><div class=\"vce-post-description--excerpt\"><p>Route des coureurs de Cyclemadrid : Torrelodones &#8211; Collado VillalbaCOUREURS DE CYCLEMADRID : TORRELODONES &#8211; COLLADO VILLALBATorrelodones est facilement accessible par le train Renfe Cercan\u00edas depuis Madrid. C&#8217;est \u00e0 partir de l\u00e0 que vous commencerez \u00e0 parcourir la Sierra. Acc\u00e8s aux sections nord du Gran Recorrido de CiclaMadrid.Ciclamadrid est un projet promu par la Commission&hellip;<\/p>\n<\/div>\n<p class=\"vce-post-list-author\"><img alt='' src='https:\/\/secure.gravatar.com\/avatar\/f907bdcd98026ecce16b0b616cb29e9d?s=96&#038;d=mm&#038;r=g' srcset='https:\/\/secure.gravatar.com\/avatar\/f907bdcd98026ecce16b0b616cb29e9d?s=192&#038;d=mm&#038;r=g 2x' class='avatar avatar-96 photo' height='96' width='96' \/>Ethinking<\/p><p class=\"vce-post-list-tags\"><\/p><\/div><\/article><\/div><div class=\"vce-posts-grid-item\"><article class=\"vce-post-list-item vce-post-list-item--image-left\"><div class=\"vce-post-list-image\" style=\"background-image:url(https:\/\/cyclemadrid.com\/wp-content\/uploads\/2023\/05\/San_Lorenzo_El-Escorial-Moralzarzal_01.webp)\"><a href=\"https:\/\/cyclemadrid.com\/fr\/rutas\/veloroute-de-moralzarzal-a-san-lorenzo-de-el-escorial\/\" aria-label=\"V\u00e9loroute de Moralzarzal \u00e0 San Lorenzo de El Escorial\"><\/a><\/div><div class=\"vce-post-list-content\"><p class=\"vce-post-list-meta\"><time datetime=\"2023-12-18 15:46:32\">18-12-2023<\/time><\/p><h2 class=\"vce-post-list-title\"><a href=\"https:\/\/cyclemadrid.com\/fr\/rutas\/veloroute-de-moralzarzal-a-san-lorenzo-de-el-escorial\/\">V\u00e9loroute de Moralzarzal \u00e0 San Lorenzo de El Escorial<\/a><\/h2><div class=\"vce-post-description--excerpt\"><p>V\u00e9loroute de Moralzarzal \u00e0 San Lorenzo de El EscorialDE MORALZARZAL \u00c0 SAN LORENZO DE EL ESCORIALLe long des contreforts de la Sierra de Guadarrama.Nous descendrons \u00e0 travers les contreforts des montagnes de Guadarrama pour atteindre une ville class\u00e9e au patrimoine mondial, en p\u00e9dalant \u00e0 travers les melojares.Pour quitter Moralzarzal, prendre la route de Cerceda et&hellip;<\/p>\n<\/div>\n<p class=\"vce-post-list-author\"><img alt='' src='https:\/\/secure.gravatar.com\/avatar\/f907bdcd98026ecce16b0b616cb29e9d?s=96&#038;d=mm&#038;r=g' srcset='https:\/\/secure.gravatar.com\/avatar\/f907bdcd98026ecce16b0b616cb29e9d?s=192&#038;d=mm&#038;r=g 2x' class='avatar avatar-96 photo' height='96' width='96' \/>Ethinking<\/p><p class=\"vce-post-list-tags\"><\/p><\/div><\/article><\/div><div class=\"vce-posts-grid-item\"><article class=\"vce-post-list-item vce-post-list-item--image-left\"><div class=\"vce-post-list-image\" style=\"background-image:url(https:\/\/cyclemadrid.com\/wp-content\/uploads\/2023\/04\/Manzanares_el_Real-Miraflores_de_la_Sierra_02.webp)\"><a href=\"https:\/\/cyclemadrid.com\/fr\/rutas\/itineraire-cycliste-de-manzanares-el-real-a-miraflores-de-la-sierra\/\" aria-label=\"Itin\u00e9raire cycliste de Manzanares el Real \u00e0 Miraflores de la Sierra\"><\/a><\/div><div class=\"vce-post-list-content\"><p class=\"vce-post-list-meta\"><time datetime=\"2023-12-18 15:41:15\">18-12-2023<\/time><\/p><h2 class=\"vce-post-list-title\"><a href=\"https:\/\/cyclemadrid.com\/fr\/rutas\/itineraire-cycliste-de-manzanares-el-real-a-miraflores-de-la-sierra\/\">Itin\u00e9raire cycliste de Manzanares el Real \u00e0 Miraflores de la Sierra<\/a><\/h2><div class=\"vce-post-description--excerpt\"><p>Itin\u00e9raire cycliste de Manzanares el Real \u00e0 Miraflores de la SierraDE MANZANARES EL REAL \u00c0 MIRAFLORES DE LA SIERRASi vous aimez le v\u00e9lo et les d\u00e9fis, nous vous invitons \u00e0 d\u00e9couvrir l&#8217;itin\u00e9raire qui va de Manzanares el Real \u00e0 Miraflores de la Sierra. Avec une distance totale de 19,98 kilom\u00e8tres et un d\u00e9nivel\u00e9 total de&hellip;<\/p>\n<\/div>\n<p class=\"vce-post-list-author\"><img alt='' src='https:\/\/secure.gravatar.com\/avatar\/f907bdcd98026ecce16b0b616cb29e9d?s=96&#038;d=mm&#038;r=g' srcset='https:\/\/secure.gravatar.com\/avatar\/f907bdcd98026ecce16b0b616cb29e9d?s=192&#038;d=mm&#038;r=g 2x' class='avatar avatar-96 photo' height='96' width='96' \/>Ethinking<\/p><p class=\"vce-post-list-tags\"><\/p><\/div><\/article><\/div><div class=\"vce-posts-grid-item\"><article class=\"vce-post-list-item vce-post-list-item--image-left\"><div class=\"vce-post-list-image\" style=\"background-image:url(https:\/\/cyclemadrid.com\/wp-content\/uploads\/2023\/05\/Robledo_de_Chavela-San_Lorenzo_de_El_Escorial_04.webp)\"><a href=\"https:\/\/cyclemadrid.com\/fr\/rutas\/bicycle-route-from-san-lorenzo-de-el-escorial-to-robledo-de-chavela\/\" aria-label=\"Bicycle route from San Lorenzo de El Escorial to Robledo de Chavela\"><\/a><\/div><div class=\"vce-post-list-content\"><p class=\"vce-post-list-meta\"><time datetime=\"2023-12-18 15:40:57\">18-12-2023<\/time><\/p><h2 class=\"vce-post-list-title\"><a href=\"https:\/\/cyclemadrid.com\/fr\/rutas\/bicycle-route-from-san-lorenzo-de-el-escorial-to-robledo-de-chavela\/\">Bicycle route from San Lorenzo de El Escorial to Robledo de Chavela<\/a><\/h2><div class=\"vce-post-description--excerpt\"><p>Bicycle route from San Lorenzo de El Escorial to Robledo de ChavelaSAN LORENZO DE EL ESCORIAL TO ROBLEDO DE CHAVELAThrough the pastureland, in the shadow of Mount Abantos and Las Machotas.Enjoy a tour with a strong rural character: The pastures and livestock will be your travel companions.Leave San Lorenzo de El Escorial through La Herrer\u00eda&hellip;<\/p>\n<\/div>\n<p class=\"vce-post-list-author\"><img alt='' src='https:\/\/secure.gravatar.com\/avatar\/f907bdcd98026ecce16b0b616cb29e9d?s=96&#038;d=mm&#038;r=g' srcset='https:\/\/secure.gravatar.com\/avatar\/f907bdcd98026ecce16b0b616cb29e9d?s=192&#038;d=mm&#038;r=g 2x' class='avatar avatar-96 photo' height='96' width='96' \/>Ethinking<\/p><p class=\"vce-post-list-tags\"><\/p><\/div><\/article><\/div><div class=\"vce-posts-grid-item\"><article class=\"vce-post-list-item vce-post-list-item--image-left\"><div class=\"vce-post-list-image\" style=\"background-image:url(https:\/\/cyclemadrid.com\/wp-content\/uploads\/2023\/05\/Ruta_Urbana-San_Lorenzo_02.webp)\"><a href=\"https:\/\/cyclemadrid.com\/fr\/rutas\/urban-bicycle-route-san-lorenzo-de-el-escorial\/\" aria-label=\"Urban Bicycle Route - San Lorenzo de El Escorial\"><\/a><\/div><div class=\"vce-post-list-content\"><p class=\"vce-post-list-meta\"><time datetime=\"2023-12-18 15:39:03\">18-12-2023<\/time><\/p><h2 class=\"vce-post-list-title\"><a href=\"https:\/\/cyclemadrid.com\/fr\/rutas\/urban-bicycle-route-san-lorenzo-de-el-escorial\/\">Urban Bicycle Route - San Lorenzo de El Escorial<\/a><\/h2><div class=\"vce-post-description--excerpt\"><p>Urban Bicycle Route &#8211; San Lorenzo de El EscorialSAN LORENZO DEL ESCORIALA simple urban route suitable for all levels.Discover the corners of this wonderful town, San Lorenzo de El Escorial offers you the possibility to enjoy a multitude of monuments while enjoying a pleasant walk.You can reach El Escorial perfectly by train from the city&hellip;<\/p>\n<\/div>\n<p class=\"vce-post-list-author\"><img alt='' src='https:\/\/secure.gravatar.com\/avatar\/f907bdcd98026ecce16b0b616cb29e9d?s=96&#038;d=mm&#038;r=g' srcset='https:\/\/secure.gravatar.com\/avatar\/f907bdcd98026ecce16b0b616cb29e9d?s=192&#038;d=mm&#038;r=g 2x' class='avatar avatar-96 photo' height='96' width='96' \/>Ethinking<\/p><p class=\"vce-post-list-tags\"><\/p><\/div><\/article><\/div><div class=\"vce-posts-grid-item\"><article class=\"vce-post-list-item vce-post-list-item--image-left\"><div class=\"vce-post-list-image\" style=\"background-image:url(https:\/\/cyclemadrid.com\/wp-content\/uploads\/2023\/05\/San_Lorenzo_El-Escorial-San_Martin_de_Valdeiglesias_01.webp)\"><a href=\"https:\/\/cyclemadrid.com\/fr\/rutas\/bicycle-route-from-algete-to-torrelaguna\/\" aria-label=\"Bicycle route from Algete to Torrelaguna\"><\/a><\/div><div class=\"vce-post-list-content\"><p class=\"vce-post-list-meta\"><time datetime=\"2023-12-18 15:36:05\">18-12-2023<\/time><\/p><h2 class=\"vce-post-list-title\"><a href=\"https:\/\/cyclemadrid.com\/fr\/rutas\/bicycle-route-from-algete-to-torrelaguna\/\">Bicycle route from Algete to Torrelaguna<\/a><\/h2><div class=\"vce-post-description--excerpt\"><p>Bicycle route from Algete to TorrelagunaALGETE TO TORRELAGUNAEnjoy the steppe of Madrid, while ascending towards the mountains. If you like bird watching this is your route.Leave Algete towards Fuente El Saz de Jarama. You are very close to the cereal steppes of the Alcarria region of Madrid, so it will not be difficult to see&hellip;<\/p>\n<\/div>\n<p class=\"vce-post-list-author\"><img alt='' src='https:\/\/secure.gravatar.com\/avatar\/f907bdcd98026ecce16b0b616cb29e9d?s=96&#038;d=mm&#038;r=g' srcset='https:\/\/secure.gravatar.com\/avatar\/f907bdcd98026ecce16b0b616cb29e9d?s=192&#038;d=mm&#038;r=g 2x' class='avatar avatar-96 photo' height='96' width='96' \/>Ethinking<\/p><p class=\"vce-post-list-tags\"><\/p><\/div><\/article><\/div><div class=\"vce-posts-grid-item\"><article class=\"vce-post-list-item vce-post-list-item--image-left\"><div class=\"vce-post-list-image\" style=\"background-image:url(https:\/\/cyclemadrid.com\/wp-content\/uploads\/2023\/05\/Miraflores-Torrelaguna_03.webp)\"><a href=\"https:\/\/cyclemadrid.com\/fr\/rutas\/itineraire-cycliste-de-miraflores-a-torrelaguna\/\" aria-label=\"Itin\u00e9raire cycliste de Miraflores \u00e0 Torrelaguna\"><\/a><\/div><div class=\"vce-post-list-content\"><p class=\"vce-post-list-meta\"><time datetime=\"2023-12-18 15:35:58\">18-12-2023<\/time><\/p><h2 class=\"vce-post-list-title\"><a href=\"https:\/\/cyclemadrid.com\/fr\/rutas\/itineraire-cycliste-de-miraflores-a-torrelaguna\/\">Itin\u00e9raire cycliste de Miraflores \u00e0 Torrelaguna<\/a><\/h2><div class=\"vce-post-description--excerpt\"><p>V\u00e9loroute de Miraflores de la Sierra \u00e0 TorrelagunaDE MIRAFLORES \u00c0 TORRELAGUNASi vous \u00eates passionn\u00e9 de cyclisme et que vous souhaitez d\u00e9couvrir les magnifiques paysages de la Communaut\u00e9 de Madrid, l&#8217;itin\u00e9raire de Miraflores de la Sierra \u00e0 Torrelaguna est l&#8217;option id\u00e9ale pour vous. Avec une distance totale de 29,53 kilom\u00e8tres et un d\u00e9nivel\u00e9 total de 253&hellip;<\/p>\n<\/div>\n<p class=\"vce-post-list-author\"><img alt='' src='https:\/\/secure.gravatar.com\/avatar\/f907bdcd98026ecce16b0b616cb29e9d?s=96&#038;d=mm&#038;r=g' srcset='https:\/\/secure.gravatar.com\/avatar\/f907bdcd98026ecce16b0b616cb29e9d?s=192&#038;d=mm&#038;r=g 2x' class='avatar avatar-96 photo' height='96' width='96' \/>Ethinking<\/p><p class=\"vce-post-list-tags\"><\/p><\/div><\/article><\/div><div class=\"vce-posts-grid-item\"><article class=\"vce-post-list-item vce-post-list-item--image-left\"><div class=\"vce-post-list-image\" style=\"background-image:url(https:\/\/cyclemadrid.com\/wp-content\/uploads\/2023\/05\/San_Lorenzo_El-Escorial-Manzanares_El_Real_04.webp)\"><a href=\"https:\/\/cyclemadrid.com\/fr\/rutas\/bicycle-route-from-carabana-to-estremera-by-the-40-days-train\/\" aria-label=\"Bicycle route from Caraba\u00f1a to Estremera by the 40 Days Train\"><\/a><\/div><div class=\"vce-post-list-content\"><p class=\"vce-post-list-meta\"><time datetime=\"2023-12-15 09:51:47\">15-12-2023<\/time><\/p><h2 class=\"vce-post-list-title\"><a href=\"https:\/\/cyclemadrid.com\/fr\/rutas\/bicycle-route-from-carabana-to-estremera-by-the-40-days-train\/\">Bicycle route from Caraba\u00f1a to Estremera by the 40 Days Train<\/a><\/h2><div class=\"vce-post-description--excerpt\"><p>Bicycle route from Caraba\u00f1a to Estremera by the 40-day TrainCARABA\u00d1A &#8211; CARABA\u00d1AThe Taju\u00f1a River and the 40-day train.Enjoy this experience, where you will discover the Taju\u00f1a River as it passes through Caraba\u00f1a and travel the greenway of the 40-day train.The route begins in Caraba\u00f1a, located on the banks of the river Taju\u00f1a, is known for&hellip;<\/p>\n<\/div>\n<p class=\"vce-post-list-author\"><img alt='' src='https:\/\/secure.gravatar.com\/avatar\/f907bdcd98026ecce16b0b616cb29e9d?s=96&#038;d=mm&#038;r=g' srcset='https:\/\/secure.gravatar.com\/avatar\/f907bdcd98026ecce16b0b616cb29e9d?s=192&#038;d=mm&#038;r=g 2x' class='avatar avatar-96 photo' height='96' width='96' \/>Ethinking<\/p><p class=\"vce-post-list-tags\"><\/p><\/div><\/article><\/div><div class=\"vce-posts-grid-item\"><article class=\"vce-post-list-item vce-post-list-item--image-left\"><div class=\"vce-post-list-image\" style=\"background-image:url(https:\/\/cyclemadrid.com\/wp-content\/uploads\/2021\/06\/ciclamadrid-Gran-Tour_01.jpg)\"><a href=\"https:\/\/cyclemadrid.com\/fr\/rutas\/itineraire-cycliste-ciclamadrid-gran-tour\/\" aria-label=\"Itin\u00e9raire cycliste CiclaMadrid Gran Tour\"><\/a><\/div><div class=\"vce-post-list-content\"><p class=\"vce-post-list-meta\"><time datetime=\"2023-12-15 09:51:47\">15-12-2023<\/time><\/p><h2 class=\"vce-post-list-title\"><a href=\"https:\/\/cyclemadrid.com\/fr\/rutas\/itineraire-cycliste-ciclamadrid-gran-tour\/\">Itin\u00e9raire cycliste CiclaMadrid Gran Tour<\/a><\/h2><div class=\"vce-post-description--excerpt\"><p>CiclaMadrid Grand TourROUTE CIRCULAIRELe Gran Recorrido de Ciclamadrid qui relie les 17 \u00e9tapes.Ciclamadrid est un projet promu par l&#8217;association&nbsp;Asociaci\u00f3n Club de Producto Club de Cicloturismo&nbsp;\u00e0 Madrid.DONN\u00c9ES TECHNIQUES Distance : 432,11 km D\u00e9nivel\u00e9 positif : 4 161 m D\u00e9nivel\u00e9 n\u00e9gatif : 4 161 m Le temps :&nbsp; Difficult\u00e9 : Mod\u00e9r\u00e9e Hauteur maximale : 1.129 m Hauteur&hellip;<\/p>\n<\/div>\n<p class=\"vce-post-list-author\"><img alt='' src='https:\/\/secure.gravatar.com\/avatar\/f907bdcd98026ecce16b0b616cb29e9d?s=96&#038;d=mm&#038;r=g' srcset='https:\/\/secure.gravatar.com\/avatar\/f907bdcd98026ecce16b0b616cb29e9d?s=192&#038;d=mm&#038;r=g 2x' class='avatar avatar-96 photo' height='96' width='96' \/>Ethinking<\/p><p class=\"vce-post-list-tags\"><\/p><\/div><\/article><\/div><div class=\"vce-posts-grid-item\"><article class=\"vce-post-list-item vce-post-list-item--image-left\"><div class=\"vce-post-list-image\" style=\"background-image:url(https:\/\/cyclemadrid.com\/wp-content\/uploads\/2021\/06\/Manzanares_01.jpg)\"><a href=\"https:\/\/cyclemadrid.com\/fr\/rutas\/parcours-des-coureurs-de-cyclamadrid-manzanares-el-real-fuencarral\/\" aria-label=\"Parcours des coureurs de Cyclamadrid : Manzanares el Real - Fuencarral\"><\/a><\/div><div class=\"vce-post-list-content\"><p class=\"vce-post-list-meta\"><time datetime=\"2023-12-15 09:51:39\">15-12-2023<\/time><\/p><h2 class=\"vce-post-list-title\"><a href=\"https:\/\/cyclemadrid.com\/fr\/rutas\/parcours-des-coureurs-de-cyclamadrid-manzanares-el-real-fuencarral\/\">Parcours des coureurs de Cyclamadrid : Manzanares el Real - Fuencarral<\/a><\/h2><div class=\"vce-post-description--excerpt\"><p>Route des coureurs de Cyclemadrid : Manzanares el Real &#8211; FuencarralMANZANARES EL REAL &#8211; FUENCARRALDepuis les contreforts de la Sierra de Guadarrama et La Pedriza, plus pr\u00e9cis\u00e9ment le village de Manzanares el Real, vous pouvez facilement retourner \u00e0 Madrid en suivant cette route. La fin de l&#8217;itin\u00e9raire vous m\u00e8ne \u00e0 la station Renfe Cercan\u00edas de&hellip;<\/p>\n<\/div>\n<p class=\"vce-post-list-author\"><img alt='' src='https:\/\/secure.gravatar.com\/avatar\/f907bdcd98026ecce16b0b616cb29e9d?s=96&#038;d=mm&#038;r=g' srcset='https:\/\/secure.gravatar.com\/avatar\/f907bdcd98026ecce16b0b616cb29e9d?s=192&#038;d=mm&#038;r=g 2x' class='avatar avatar-96 photo' height='96' width='96' \/>Ethinking<\/p><p class=\"vce-post-list-tags\"><\/p><\/div><\/article><\/div><\/div><\/div><\/div><div class=\"vce-button--style-basic-container cycle_button vce-button--style-basic-container--align-center\"><span class=\"vce-button--style-basic-wrapper vce\" id=\"el-f57501f8\" data-vce-do-apply=\"margin el-f57501f8\"><a class=\"vce-button vce-button--style-basic vce-button--style-basic--border-rounded vce-button--style-basic--size-medium vce-button--style-basic--color-b-248-232-22--b-33-43-54\" href=\"\/es\/zonas\/rutas-en-bicicleta-sierra-del-guadarrama\/\" title=\"Ver m\u00e1s\" data-vce-do-apply=\"padding border background  el-f57501f8\">Ver m\u00e1s<\/a><\/span><\/div><\/div><\/div><\/div><\/div><\/div><\/div><div class=\"vce-row-container\" data-vce-boxed-width=\"true\"><div class=\"vce-row vce-row--col-gap-30 vce-row-equal-height vce-row-content--top\" id=\"el-5006e13c\" data-vce-do-apply=\"all el-5006e13c\"><div class=\"vce-content-background-container\"><\/div><div class=\"vce-row-content\" data-vce-element-content=\"true\"><div class=\"vce-col vce-col--md-auto vce-col--xs-1 vce-col--xs-last vce-col--xs-first vce-col--sm-last vce-col--sm-first vce-col--md-last vce-col--lg-last vce-col--xl-last vce-col--md-first vce-col--lg-first vce-col--xl-first\" id=\"el-03c2c339\"><div class=\"vce-col-inner\" data-vce-do-apply=\"border margin background  el-03c2c339\"><div class=\"vce-col-content\" data-vce-element-content=\"true\" data-vce-do-apply=\"padding el-03c2c339\"><div class=\"vce-google-fonts-heading vce-google-fonts-heading--align-left vce-google-fonts-heading--color-empty--45--5C00FF--FF7200 vce-google-fonts-heading--font-family-Montserrat\"><div id=\"el-a02ffd3e\" class=\"vce-google-fonts-heading-wrapper\"><div class=\"vce-google-fonts-heading--background vce\" data-vce-do-apply=\"border background  padding margin el-a02ffd3e\"><h2 class=\"vce-google-fonts-heading-inner\" style=\"line-height: 1.2; font-weight: 400; font-style: normal;\">Sierra Norte<\/h2><\/div><\/div><\/div><div class=\"vce vce-separator-container vce-separator--align-left vce-separator--style-solid\" id=\"el-b27c314d\" data-vce-do-apply=\"margin el-b27c314d\"><div class=\"vce-separator vce-separator--color-bfc0c1 vce-separator--width-100 vce-separator--thickness-1\" data-vce-do-apply=\"border padding background  el-b27c314d\"><\/div><\/div><\/div><\/div><\/div><\/div><\/div><\/div><div class=\"vce-row-container\" data-vce-boxed-width=\"true\"><div class=\"vce-row vce-row--col-gap-10 vce-row-equal-height vce-row-content--top\" id=\"el-c4554d0b\" data-vce-do-apply=\"all el-c4554d0b\"><div class=\"vce-content-background-container\"><\/div><div class=\"vce-row-content\" data-vce-element-content=\"true\"><div class=\"vce-col vce-col--md-auto vce-col--xs-1 vce-col--xs-last vce-col--xs-first vce-col--sm-last vce-col--sm-first vce-col--md-last vce-col--lg-last vce-col--xl-last vce-col--md-first vce-col--lg-first vce-col--xl-first\" id=\"el-7125928d\"><div class=\"vce-col-inner\" data-vce-do-apply=\"border margin background  el-7125928d\"><div class=\"vce-col-content\" data-vce-element-content=\"true\" data-vce-do-apply=\"padding el-7125928d\"><div class=\"vce-posts-grid-container vce-post-list\"><div class=\"vce vce-posts-grid-wrapper vce-posts-grid--gap-10 vce-posts-grid--columns-5 vce-posts-grid-pagination--color-E0BAA0--e2e2e2\" id=\"el-c24ceb8b\" data-vce-do-apply=\"all el-c24ceb8b\"><style>\n  .vce-post-grid-filter-wrapper {\n    --size: 17px 20px;\n    --container-border-radius: 5px;\n    --item-border-radius: 5px;\n    --alignment: center;\n    --gap: 20px;\n    --border-color: #dcdcdc;\n    --separator-color: #dcdcdc;\n    --font-color: #515162;\n    --font-active-color: #fff;\n    --background-color: #fdfdfd;\n    --background-active-color: #4c3ab3;\n    display: flex;\n    flex-wrap: wrap;\n    justify-content: var(--alignment);\n  }\n\n  .vce-post-grid-filter-wrapper .vce-post-grid-filter-dropdown {\n    width: 100%;\n    -webkit-appearance: none;\n    border: 2px solid rgba(125,125,125, .5);\n    padding: 8px 33px 8px 15px;\n    color: #515162;\n    background: url(\"data:image\/svg+xml;base64,PHN2ZyB4bWxucz0iaHR0cDovL3d3dy53My5vcmcvMjAwMC9zdmciIHdpZHRoPSIyOTIuNCIgaGVpZ2h0PSIyOTIuNCI+PHBhdGggZmlsbD0iIzdkN2Q3ZCIgZD0iTTI4NyA2OS40YTE3LjYgMTcuNiAwIDAgMC0xMy01LjRIMTguNGMtNSAwLTkuMyAxLjgtMTIuOSA1LjRBMTcuNiAxNy42IDAgMCAwIDAgODIuMmMwIDUgMS44IDkuMyA1LjQgMTIuOWwxMjggMTI3LjljMy42IDMuNiA3LjggNS40IDEyLjggNS40czkuMi0xLjggMTIuOC01LjRMMjg3IDk1YzMuNS0zLjUgNS40LTcuOCA1LjQtMTIuOCAwLTUtMS45LTkuMi01LjUtMTIuOHoiLz48L3N2Zz4K\") no-repeat right 15px center;\n    background-size: 9px;\n  }\n\n  .vce-post-grid-filter-wrapper[data-vce-state=\"items\"] .vce-post-grid-filter-dropdown {\n    visibility: hidden;\n    height: 0;\n    position: absolute;\n  }\n\n  .vce-post-grid-filter-wrapper[data-vce-state=\"items\"] .vce-post-grid-filter-container {\n    visibility: visible;\n    height: initial;\n  }\n\n  .vce-post-grid-filter-wrapper[data-vce-state=\"dropdown\"] .vce-post-grid-filter-container {\n    visibility: hidden;\n    height: 0;\n  }\n\n  .vce-post-grid-filter-wrapper[data-vce-state=\"dropdown\"] .vce-post-grid-filter-dropdown {\n    visibility: visible;\n    height: initial;\n    position: initial;\n  }\n\n  .vce-post-grid-filter-container {\n    display: flex;\n    flex-wrap: wrap;\n    justify-content: var(--alignment);\n    margin-bottom: var(--gap);\n  }\n\n  .vce-post-grid-filter-control {\n    position: relative;\n    padding: var(--size);\n    border: none;\n    border-radius: var(--item-border-radius);\n    background: none;\n    color: var(--font-color);\n    font-size: 15px;\n    line-height: 1;\n    cursor: pointer;\n    transition: background-color .2s ease-in-out,\n    color .2s ease-in-out,\n    border .2s ease-in-out,\n    z-index .2s ease-in-out;\n  }\n\n  .vce-post-grid-filter-control:active,\n  .vce-post-grid-filter-control:focus {\n    color: var(--font-color);\n    text-decoration: none;\n  }\n\n  .vce-post-grid-filter-control--active.vce-post-grid-filter-control,\n  .vce-post-grid-filter-control--active.vce-post-grid-filter-control:focus,\n  .vce-post-grid-filter-control--active.vce-post-grid-filter-control:active,\n  .vce-post-grid-filter-control:hover {\n    color: var(--font-active-color);\n    text-decoration: none;\n  }\n\n  .vce-post-grid-filter-control::before,\n  .vce-post-grid-filter-control::after {\n    content: '';\n    position: absolute;\n    top: -1px;\n    width: 1px;\n    height: calc(100% + 2px);\n    z-index: 1;\n    background-color: transparent;\n    transition: background-color .2s ease-in-out;\n  }\n\n  .vce-post-grid-filter-control::before {\n    right: 100%;\n    z-index: 2;\n  }\n\n  .vce-post-grid-filter-control::after {\n    left: 100%;\n  }\n\n  .vce-post-grid-filter-container:not(.vce-post-grid-filter--shape-none) .vce-post-grid-filter-control {\n    background-color: var(--background-color);\n    border: 1px solid var(--border-color);\n    border-right: none;\n    border-radius: 0;\n  }\n\n  .vce-post-grid-filter-container:not(.vce-post-grid-filter--shape-none) .vce-post-grid-filter-control:last-of-type {\n    border-right: 1px solid var(--border-color);\n  }\n\n  .vce-post-grid-filter-container .vce-post-grid-filter-control--active.vce-post-grid-filter-control,\n  .vce-post-grid-filter-container .vce-post-grid-filter-control.vce-post-grid-filter-control:hover {\n    background-color: var(--background-active-color) !important;\n    border-color: var(--background-active-color) !important;\n  }\n\n  .vce-post-grid-filter-container:not(.vce-post-grid-filter--shape-none) .vce-post-grid-filter-control:not(:last-of-type)::after {\n    background-color: var(--separator-color);\n  }\n\n  .vce-post-grid-filter-container:not(.vce-post-grid-filter--shape-none) .vce-post-grid-filter-control--active.vce-post-grid-filter-control:not(:last-of-type)::after,\n  .vce-post-grid-filter-container:not(.vce-post-grid-filter--shape-none) .vce-post-grid-filter-control:hover:not(:last-of-type)::after,\n  .vce-post-grid-filter-container:not(.vce-post-grid-filter--shape-none) .vce-post-grid-filter-control--active.vce-post-grid-filter-control:not(:first-of-type)::before,\n  .vce-post-grid-filter-container:not(.vce-post-grid-filter--shape-none) .vce-post-grid-filter-control:hover:not(:first-of-type)::before {\n    background-color: var(--background-active-color);\n  }\n\n  .vce-post-grid-filter-container:not(.vce-post-grid-filter--shape-none) .vce-post-grid-filter-control:first-of-type {\n    border-top-left-radius: var(--container-border-radius);\n    border-bottom-left-radius: var(--container-border-radius);\n  }\n\n  .vce-post-grid-filter-container:not(.vce-post-grid-filter--shape-none) .vce-post-grid-filter-control:last-of-type {\n    border-top-right-radius: var(--container-border-radius);\n    border-bottom-right-radius: var(--container-border-radius);\n  }\n\n  .vce-post-grid-filter-helper {\n    scroll-margin-top: 100px;\n  }\n<\/style>\n<div id=\"grid-c24ceb8b\" class=\"vce-post-grid-filter-helper\"><\/div>\n<div class=\"vce-post-grid-filter-wrapper\" id=\"el-c24ceb8b-filter\" data-vce-collapsible=\"false\" style=\"\n        --size: 17px 20px;\n        --container-border-radius: nonepx;\n        --item-border-radius: 5px;\n        --alignment: center;\n        --gap: 20px;\n        --border-color: #DCDCDC;\n        --separator-color: #DCDCDC;\n        --font-color: #515162;\n        --font-active-color: #ffffff;\n        --background-color: #FDFDFD;\n        --background-active-color: rgb(87, 105, 63);\" >\n        <div class=\"vce-post-grid-filter-container vce-post-grid-filter--shape-none\">\n            <\/div>\n<\/div>\n<div class=\"vce-posts-grid-list\"><div class=\"vce-posts-grid-item\"><article class=\"vce-post-list-item vce-post-list-item--image-left\"><div class=\"vce-post-list-image\" style=\"background-image:url(https:\/\/cyclemadrid.com\/wp-content\/uploads\/2023\/05\/Torrelaguna-Torremocha-Presa_El_Atazar_02.webp)\"><a href=\"https:\/\/cyclemadrid.com\/fr\/rutas\/veloroute-du-barrage-torrelaguna-torremocha-el-atazar\/\" aria-label=\"V\u00e9loroute du barrage Torrelaguna - Torremocha - El Atazar\"><\/a><\/div><div class=\"vce-post-list-content\"><p class=\"vce-post-list-meta\"><time datetime=\"2023-12-18 16:25:06\">18-12-2023<\/time><\/p><h2 class=\"vce-post-list-title\"><a href=\"https:\/\/cyclemadrid.com\/fr\/rutas\/veloroute-du-barrage-torrelaguna-torremocha-el-atazar\/\">V\u00e9loroute du barrage Torrelaguna - Torremocha - El Atazar<\/a><\/h2><div class=\"vce-post-description--excerpt\"><p>V\u00e9loroute du barrage Torrelaguna &#8211; Torremocha &#8211; El AtazarTORRELAGUNA &#8211; TORREMOCHA &#8211; M\u00c8RE DE EL ATAZARProfitez de cette exp\u00e9rience pour d\u00e9couvrir quelques-uns des charmants villages des montagnes madril\u00e8nes.Vous pouvez vous rendre \u00e0 Torrelaguna en transport public depuis la ville de Madrid, sur la ligne de bus interurbaine, ou passer la nuit pr\u00e9c\u00e9dente dans l&#8217;un des&hellip;<\/p>\n<\/div>\n<p class=\"vce-post-list-author\"><img alt='' src='https:\/\/secure.gravatar.com\/avatar\/f907bdcd98026ecce16b0b616cb29e9d?s=96&#038;d=mm&#038;r=g' srcset='https:\/\/secure.gravatar.com\/avatar\/f907bdcd98026ecce16b0b616cb29e9d?s=192&#038;d=mm&#038;r=g 2x' class='avatar avatar-96 photo' height='96' width='96' \/>Ethinking<\/p><p class=\"vce-post-list-tags\"><\/p><\/div><\/article><\/div><div class=\"vce-posts-grid-item\"><article class=\"vce-post-list-item vce-post-list-item--image-left\"><div class=\"vce-post-list-image\" style=\"background-image:url(https:\/\/cyclemadrid.com\/wp-content\/uploads\/2023\/05\/Miraflores-Torrelaguna_02.webp)\"><a href=\"https:\/\/cyclemadrid.com\/fr\/rutas\/itineraire-cycliste-de-torrelaguna-a-miraflores-de-la-sierra\/\" aria-label=\"Itin\u00e9raire cycliste de Torrelaguna \u00e0 Miraflores de la Sierra\"><\/a><\/div><div class=\"vce-post-list-content\"><p class=\"vce-post-list-meta\"><time datetime=\"2023-12-18 16:20:20\">18-12-2023<\/time><\/p><h2 class=\"vce-post-list-title\"><a href=\"https:\/\/cyclemadrid.com\/fr\/rutas\/itineraire-cycliste-de-torrelaguna-a-miraflores-de-la-sierra\/\">Itin\u00e9raire cycliste de Torrelaguna \u00e0 Miraflores de la Sierra<\/a><\/h2><div class=\"vce-post-description--excerpt\"><p>Itin\u00e9raire cycliste de Torrelaguna \u00e0 Miraflores de la SierraDE TORRELAGUNA \u00c0 MIRAFLORES DE LA SIERRAProfitez d&#8217;une ascension \u00e0 travers les montagnes de Madrid. Ne manquez pas les spectaculaires for\u00eats de ch\u00eanes verts et de ch\u00eanes qui dominent le paysage.Avant de partir, faites une visite approfondie de cette ville riche en b\u00e2timents historiques. La premi\u00e8re heure&hellip;<\/p>\n<\/div>\n<p class=\"vce-post-list-author\"><img alt='' src='https:\/\/secure.gravatar.com\/avatar\/f907bdcd98026ecce16b0b616cb29e9d?s=96&#038;d=mm&#038;r=g' srcset='https:\/\/secure.gravatar.com\/avatar\/f907bdcd98026ecce16b0b616cb29e9d?s=192&#038;d=mm&#038;r=g 2x' class='avatar avatar-96 photo' height='96' width='96' \/>Ethinking<\/p><p class=\"vce-post-list-tags\"><\/p><\/div><\/article><\/div><div class=\"vce-posts-grid-item\"><article class=\"vce-post-list-item vce-post-list-item--image-left\"><div class=\"vce-post-list-image\" style=\"background-image:url(https:\/\/cyclemadrid.com\/wp-content\/uploads\/2023\/05\/Torrelaguna-Algete_03.webp)\"><a href=\"https:\/\/cyclemadrid.com\/fr\/rutas\/veloroute-de-torrelaguna-a-algete\/\" aria-label=\"V\u00e9loroute de Torrelaguna \u00e0 Algete\"><\/a><\/div><div class=\"vce-post-list-content\"><p class=\"vce-post-list-meta\"><time datetime=\"2023-12-18 16:06:29\">18-12-2023<\/time><\/p><h2 class=\"vce-post-list-title\"><a href=\"https:\/\/cyclemadrid.com\/fr\/rutas\/veloroute-de-torrelaguna-a-algete\/\">V\u00e9loroute de Torrelaguna \u00e0 Algete<\/a><\/h2><div class=\"vce-post-description--excerpt\"><p>V\u00e9loroute de Torrelaguna \u00e0 AlgeteDE TORRELAGUNA \u00c0 ALGETELa v\u00e9loroute que nous proposons vous conduira de la ville de Torrelaguna \u00e0 la ville d&#8217;Algete, dans la communaut\u00e9 de Madrid.D&#8217;une distance totale de 28,57 km, cet itin\u00e9raire pr\u00e9sente un d\u00e9nivel\u00e9 positif de 119 m et un d\u00e9nivel\u00e9 n\u00e9gatif de 138 m. Le temps n\u00e9cessaire pour le compl\u00e9ter&hellip;<\/p>\n<\/div>\n<p class=\"vce-post-list-author\"><img alt='' src='https:\/\/secure.gravatar.com\/avatar\/f907bdcd98026ecce16b0b616cb29e9d?s=96&#038;d=mm&#038;r=g' srcset='https:\/\/secure.gravatar.com\/avatar\/f907bdcd98026ecce16b0b616cb29e9d?s=192&#038;d=mm&#038;r=g 2x' class='avatar avatar-96 photo' height='96' width='96' \/>Ethinking<\/p><p class=\"vce-post-list-tags\"><\/p><\/div><\/article><\/div><div class=\"vce-posts-grid-item\"><article class=\"vce-post-list-item vce-post-list-item--image-left\"><div class=\"vce-post-list-image\" style=\"background-image:url(https:\/\/cyclemadrid.com\/wp-content\/uploads\/2023\/04\/Cyclemadrid_Corredores_La_Aldehuela-El_Molar_03.webp)\"><a href=\"https:\/\/cyclemadrid.com\/fr\/rutas\/route-des-coureurs-de-cyclemadrid-el-molar-la-aldehuela\/\" aria-label=\"Route des coureurs de Cyclemadrid : El Molar - La Aldehuela\"><\/a><\/div><div class=\"vce-post-list-content\"><p class=\"vce-post-list-meta\"><time datetime=\"2023-12-18 15:57:20\">18-12-2023<\/time><\/p><h2 class=\"vce-post-list-title\"><a href=\"https:\/\/cyclemadrid.com\/fr\/rutas\/route-des-coureurs-de-cyclemadrid-el-molar-la-aldehuela\/\">Route des coureurs de Cyclemadrid : El Molar - La Aldehuela<\/a><\/h2><div class=\"vce-post-description--excerpt\"><p>Route des coureurs de Cyclemadrid : El Molar &#8211; La AldehuelaCOUREURS DE CYCLEMADRID : EL MOLAR &#8211; LA ALDEHUELAPoint d&#8217;acc\u00e8s aux itin\u00e9raires de la section nord du Gran Recorrido de CiclaMadrid.Ciclamadrid est un projet promu par la Commission europ\u00e9enne.&nbsp;Association des clubs de produits de tourisme cycliste&nbsp;\u00e0 Madrid.DONN\u00c9ES TECHNIQUES Distance : 9,24 km D\u00e9nivel\u00e9 positif :&hellip;<\/p>\n<\/div>\n<p class=\"vce-post-list-author\"><img alt='' src='https:\/\/secure.gravatar.com\/avatar\/f907bdcd98026ecce16b0b616cb29e9d?s=96&#038;d=mm&#038;r=g' srcset='https:\/\/secure.gravatar.com\/avatar\/f907bdcd98026ecce16b0b616cb29e9d?s=192&#038;d=mm&#038;r=g 2x' class='avatar avatar-96 photo' height='96' width='96' \/>Ethinking<\/p><p class=\"vce-post-list-tags\"><\/p><\/div><\/article><\/div><div class=\"vce-posts-grid-item\"><article class=\"vce-post-list-item vce-post-list-item--image-left\"><div class=\"vce-post-list-image\" style=\"background-image:url(https:\/\/cyclemadrid.com\/wp-content\/uploads\/2023\/04\/Cyclemadrid_Corredores_La_Aldehuela-El_Molar_01.webp)\"><a href=\"https:\/\/cyclemadrid.com\/fr\/rutas\/route-des-coureurs-de-cyclemadrid-la-aldehuela-el-molar\/\" aria-label=\"Route des coureurs de Cyclemadrid : La Aldehuela - El Molar\"><\/a><\/div><div class=\"vce-post-list-content\"><p class=\"vce-post-list-meta\"><time datetime=\"2023-12-18 15:55:23\">18-12-2023<\/time><\/p><h2 class=\"vce-post-list-title\"><a href=\"https:\/\/cyclemadrid.com\/fr\/rutas\/route-des-coureurs-de-cyclemadrid-la-aldehuela-el-molar\/\">Route des coureurs de Cyclemadrid : La Aldehuela - El Molar<\/a><\/h2><div class=\"vce-post-description--excerpt\"><p>Route des coureurs de Cyclemadrid : La Aldehuela &#8211; El MolarCOUREURS DE CYCLEMADRID : LA ALDEHUELA &#8211; EL MOLARRetour des sections nord du Gran Recorrido de CiclaMadrid.Ciclamadrid est un projet promu par la Commission europ\u00e9enne.&nbsp;Association des clubs de produits de tourisme cycliste&nbsp;\u00e0 Madrid.DONN\u00c9ES TECHNIQUES Distance : 9,3 km D\u00e9nivel\u00e9 positif : 167 m D\u00e9nivel\u00e9 n\u00e9gatif&hellip;<\/p>\n<\/div>\n<p class=\"vce-post-list-author\"><img alt='' src='https:\/\/secure.gravatar.com\/avatar\/f907bdcd98026ecce16b0b616cb29e9d?s=96&#038;d=mm&#038;r=g' srcset='https:\/\/secure.gravatar.com\/avatar\/f907bdcd98026ecce16b0b616cb29e9d?s=192&#038;d=mm&#038;r=g 2x' class='avatar avatar-96 photo' height='96' width='96' \/>Ethinking<\/p><p class=\"vce-post-list-tags\"><\/p><\/div><\/article><\/div><div class=\"vce-posts-grid-item\"><article class=\"vce-post-list-item vce-post-list-item--image-left\"><div class=\"vce-post-list-image\" style=\"background-image:url(https:\/\/cyclemadrid.com\/wp-content\/uploads\/2023\/05\/Torrelaguna-Alcala_de_Henares_02.webp)\"><a href=\"https:\/\/cyclemadrid.com\/fr\/rutas\/veloroute-de-torrelaguna-a-alcala-de-henares\/\" aria-label=\"V\u00e9loroute de Torrelaguna \u00e0 Alcal\u00e1 de Henares\"><\/a><\/div><div class=\"vce-post-list-content\"><p class=\"vce-post-list-meta\"><time datetime=\"2023-12-18 15:50:19\">18-12-2023<\/time><\/p><h2 class=\"vce-post-list-title\"><a href=\"https:\/\/cyclemadrid.com\/fr\/rutas\/veloroute-de-torrelaguna-a-alcala-de-henares\/\">V\u00e9loroute de Torrelaguna \u00e0 Alcal\u00e1 de Henares<\/a><\/h2><div class=\"vce-post-description--excerpt\"><p>V\u00e9loroute de Torrelaguna \u00e0 Alcal\u00e1 de HenaresDE TORRELAGUNA \u00c0 ALCAL\u00c1 DE HENARESPour se rendre au d\u00e9part de l&#8217;itin\u00e9raire, il est recommand\u00e9 d&#8217;utiliser son propre moyen de transport.Prenez le temps de d\u00e9couvrir les rues et les monuments de&nbsp;Torrelaguna, ville situ\u00e9e dans la moyenne vall\u00e9e du Jarama, surprend par son histoire et l&#8217;architecture de son quartier historique.&hellip;<\/p>\n<\/div>\n<p class=\"vce-post-list-author\"><img alt='' src='https:\/\/secure.gravatar.com\/avatar\/f907bdcd98026ecce16b0b616cb29e9d?s=96&#038;d=mm&#038;r=g' srcset='https:\/\/secure.gravatar.com\/avatar\/f907bdcd98026ecce16b0b616cb29e9d?s=192&#038;d=mm&#038;r=g 2x' class='avatar avatar-96 photo' height='96' width='96' \/>Ethinking<\/p><p class=\"vce-post-list-tags\"><\/p><\/div><\/article><\/div><div class=\"vce-posts-grid-item\"><article class=\"vce-post-list-item vce-post-list-item--image-left\"><div class=\"vce-post-list-image\" style=\"background-image:url(https:\/\/cyclemadrid.com\/wp-content\/uploads\/2021\/06\/ciclamadrid-Gran-Tour_01.jpg)\"><a href=\"https:\/\/cyclemadrid.com\/fr\/rutas\/itineraire-cycliste-ciclamadrid-gran-tour\/\" aria-label=\"Itin\u00e9raire cycliste CiclaMadrid Gran Tour\"><\/a><\/div><div class=\"vce-post-list-content\"><p class=\"vce-post-list-meta\"><time datetime=\"2023-12-15 09:51:47\">15-12-2023<\/time><\/p><h2 class=\"vce-post-list-title\"><a href=\"https:\/\/cyclemadrid.com\/fr\/rutas\/itineraire-cycliste-ciclamadrid-gran-tour\/\">Itin\u00e9raire cycliste CiclaMadrid Gran Tour<\/a><\/h2><div class=\"vce-post-description--excerpt\"><p>CiclaMadrid Grand TourROUTE CIRCULAIRELe Gran Recorrido de Ciclamadrid qui relie les 17 \u00e9tapes.Ciclamadrid est un projet promu par l&#8217;association&nbsp;Asociaci\u00f3n Club de Producto Club de Cicloturismo&nbsp;\u00e0 Madrid.DONN\u00c9ES TECHNIQUES Distance : 432,11 km D\u00e9nivel\u00e9 positif : 4 161 m D\u00e9nivel\u00e9 n\u00e9gatif : 4 161 m Le temps :&nbsp; Difficult\u00e9 : Mod\u00e9r\u00e9e Hauteur maximale : 1.129 m Hauteur&hellip;<\/p>\n<\/div>\n<p class=\"vce-post-list-author\"><img alt='' src='https:\/\/secure.gravatar.com\/avatar\/f907bdcd98026ecce16b0b616cb29e9d?s=96&#038;d=mm&#038;r=g' srcset='https:\/\/secure.gravatar.com\/avatar\/f907bdcd98026ecce16b0b616cb29e9d?s=192&#038;d=mm&#038;r=g 2x' class='avatar avatar-96 photo' height='96' width='96' \/>Ethinking<\/p><p class=\"vce-post-list-tags\"><\/p><\/div><\/article><\/div><div class=\"vce-posts-grid-item\"><article class=\"vce-post-list-item vce-post-list-item--image-left\"><div class=\"vce-post-list-image\" style=\"background-image:url(https:\/\/cyclemadrid.com\/wp-content\/uploads\/2023\/05\/Torrelaguna-Manzanares_El_Real_03.webp)\"><a href=\"https:\/\/cyclemadrid.com\/fr\/rutas\/veloroute-de-torrelaguna-a-manzanares-el-real\/\" aria-label=\"V\u00e9loroute de Torrelaguna \u00e0 Manzanares El Real\"><\/a><\/div><div class=\"vce-post-list-content\"><p class=\"vce-post-list-meta\"><time datetime=\"2023-12-15 09:51:25\">15-12-2023<\/time><\/p><h2 class=\"vce-post-list-title\"><a href=\"https:\/\/cyclemadrid.com\/fr\/rutas\/veloroute-de-torrelaguna-a-manzanares-el-real\/\">V\u00e9loroute de Torrelaguna \u00e0 Manzanares El Real<\/a><\/h2><div class=\"vce-post-description--excerpt\"><p>V\u00e9loroute de Torrelaguna \u00e0 Manzanares El RealTORRELAGUNA &#8211; MANZANARES EL REALUn itin\u00e9raire spectaculaire \u00e0 travers des paysages \u00e0 couper le souffle.Pour se rendre au d\u00e9part de l&#8217;itin\u00e9raire, il est recommand\u00e9 d&#8217;utiliser son propre moyen de transport.Prenez le temps de d\u00e9couvrir les rues et les monuments de&nbsp;Torrelaguna, une ville situ\u00e9e dans la moyenne vall\u00e9e du Jarama&hellip;<\/p>\n<\/div>\n<p class=\"vce-post-list-author\"><img alt='' src='https:\/\/secure.gravatar.com\/avatar\/f907bdcd98026ecce16b0b616cb29e9d?s=96&#038;d=mm&#038;r=g' srcset='https:\/\/secure.gravatar.com\/avatar\/f907bdcd98026ecce16b0b616cb29e9d?s=192&#038;d=mm&#038;r=g 2x' class='avatar avatar-96 photo' height='96' width='96' \/>Ethinking<\/p><p class=\"vce-post-list-tags\"><\/p><\/div><\/article><\/div><div class=\"vce-posts-grid-item\"><article class=\"vce-post-list-item vce-post-list-item--image-left\"><div class=\"vce-post-list-image\" style=\"background-image:url(https:\/\/cyclemadrid.com\/wp-content\/uploads\/2021\/06\/Montes-Carpetanos_01.jpg)\"><a href=\"https:\/\/cyclemadrid.com\/fr\/rutas\/areabtt-route-08-ciclamadrid-mtb-tour-montes-carpetanos\/\" aria-label=\"AreaBTT Route 08. CiclaMadrid MTB Tour Montes Carpetanos\"><\/a><\/div><div class=\"vce-post-list-content\"><p class=\"vce-post-list-meta\"><time datetime=\"2023-12-14 17:19:05\">14-12-2023<\/time><\/p><h2 class=\"vce-post-list-title\"><a href=\"https:\/\/cyclemadrid.com\/fr\/rutas\/areabtt-route-08-ciclamadrid-mtb-tour-montes-carpetanos\/\">AreaBTT Route 08. CiclaMadrid MTB Tour Montes Carpetanos<\/a><\/h2><div class=\"vce-post-description--excerpt\"><p>AreaBTT Route 08. CiclaMadrid MTB Tour Montes CarpetanosLOZOYA &#8211; PR\u00c1DENA DEL RINC\u00d3NL&#8217;anneau cycliste de la Sierra Norte de Madrid, dans son \u00e9tape \u00e0 travers les montagnes Carpetanos, se d\u00e9roule sur la piste horizontale, avec un parcours de plus de 20 km \u00e0 1800 m d&#8217;altitude, offrant des vues imprenables sur la vall\u00e9e de Lozoya et&hellip;<\/p>\n<\/div>\n<p class=\"vce-post-list-author\"><img alt='' src='https:\/\/secure.gravatar.com\/avatar\/f907bdcd98026ecce16b0b616cb29e9d?s=96&#038;d=mm&#038;r=g' srcset='https:\/\/secure.gravatar.com\/avatar\/f907bdcd98026ecce16b0b616cb29e9d?s=192&#038;d=mm&#038;r=g 2x' class='avatar avatar-96 photo' height='96' width='96' \/>Ethinking<\/p><p class=\"vce-post-list-tags\"><\/p><\/div><\/article><\/div><div class=\"vce-posts-grid-item\"><article class=\"vce-post-list-item vce-post-list-item--image-left\"><div class=\"vce-post-list-image\" style=\"background-image:url(https:\/\/cyclemadrid.com\/wp-content\/uploads\/2023\/05\/Puertos_Miticos_Madrid_02.webp)\"><a href=\"https:\/\/cyclemadrid.com\/fr\/rutas\/what-to-eat-on-a-bike-ride\/\" aria-label=\"What to eat on a bike ride\"><\/a><\/div><div class=\"vce-post-list-content\"><p class=\"vce-post-list-meta\"><time datetime=\"2023-12-14 17:17:23\">14-12-2023<\/time><\/p><h2 class=\"vce-post-list-title\"><a href=\"https:\/\/cyclemadrid.com\/fr\/rutas\/what-to-eat-on-a-bike-ride\/\">What to eat on a bike ride<\/a><\/h2><p class=\"vce-post-list-author\"><img alt='' src='https:\/\/secure.gravatar.com\/avatar\/f907bdcd98026ecce16b0b616cb29e9d?s=96&#038;d=mm&#038;r=g' srcset='https:\/\/secure.gravatar.com\/avatar\/f907bdcd98026ecce16b0b616cb29e9d?s=192&#038;d=mm&#038;r=g 2x' class='avatar avatar-96 photo' height='96' width='96' \/>Ethinking<\/p><p class=\"vce-post-list-tags\"><\/p><\/div><\/article><\/div><\/div><\/div><\/div><div class=\"vce-button--style-basic-container cycle_button vce-button--style-basic-container--align-center\"><span class=\"vce-button--style-basic-wrapper vce\" id=\"el-aa0e0173\" data-vce-do-apply=\"margin el-aa0e0173\"><a class=\"vce-button vce-button--style-basic vce-button--style-basic--border-rounded vce-button--style-basic--size-medium vce-button--style-basic--color-b-248-232-22--b-33-43-54\" href=\"\/es\/zonas\/rutas-en-bicicleta-sierra-norte\/\" title=\"Ver m\u00e1s\" data-vce-do-apply=\"padding border background  el-aa0e0173\">Ver m\u00e1s<\/a><\/span><\/div><\/div><\/div><\/div><\/div><\/div><\/div><div class=\"vce-row-container\" data-vce-boxed-width=\"true\"><div class=\"vce-row vce-row--col-gap-30 vce-row-equal-height vce-row-content--top\" id=\"el-daf9ac09\" data-vce-do-apply=\"all el-daf9ac09\"><div class=\"vce-content-background-container\"><\/div><div class=\"vce-row-content\" data-vce-element-content=\"true\"><div class=\"vce-col vce-col--md-auto vce-col--xs-1 vce-col--xs-last vce-col--xs-first vce-col--sm-last vce-col--sm-first vce-col--md-last vce-col--lg-last vce-col--xl-last vce-col--md-first vce-col--lg-first vce-col--xl-first\" id=\"el-6a8a018f\"><div class=\"vce-col-inner\" data-vce-do-apply=\"border margin background  el-6a8a018f\"><div class=\"vce-col-content\" data-vce-element-content=\"true\" data-vce-do-apply=\"padding el-6a8a018f\"><div class=\"vce-google-fonts-heading vce-google-fonts-heading--align-left vce-google-fonts-heading--color-empty--45--5C00FF--FF7200 vce-google-fonts-heading--font-family-Montserrat\"><div id=\"el-38f81cf8\" class=\"vce-google-fonts-heading-wrapper\"><div class=\"vce-google-fonts-heading--background vce\" data-vce-do-apply=\"border background  padding margin el-38f81cf8\"><h2 class=\"vce-google-fonts-heading-inner\" style=\"line-height: 1.2; font-weight: 400; font-style: normal;\">Sierra Oeste<\/h2><\/div><\/div><\/div><div class=\"vce vce-separator-container vce-separator--align-left vce-separator--style-solid\" id=\"el-197fc33b\" data-vce-do-apply=\"margin el-197fc33b\"><div class=\"vce-separator vce-separator--color-bfc0c1 vce-separator--width-100 vce-separator--thickness-1\" data-vce-do-apply=\"border padding background  el-197fc33b\"><\/div><\/div><\/div><\/div><\/div><\/div><\/div><\/div><div class=\"vce-row-container\" data-vce-boxed-width=\"true\"><div class=\"vce-row vce-row--col-gap-10 vce-row-equal-height vce-row-content--top\" id=\"el-fce61fca\" data-vce-do-apply=\"all el-fce61fca\"><div class=\"vce-content-background-container\"><\/div><div class=\"vce-row-content\" data-vce-element-content=\"true\"><div class=\"vce-col vce-col--md-auto vce-col--xs-1 vce-col--xs-last vce-col--xs-first vce-col--sm-last vce-col--sm-first vce-col--md-last vce-col--lg-last vce-col--xl-last vce-col--md-first vce-col--lg-first vce-col--xl-first\" id=\"el-0280b03b\"><div class=\"vce-col-inner\" data-vce-do-apply=\"border margin background  el-0280b03b\"><div class=\"vce-col-content\" data-vce-element-content=\"true\" data-vce-do-apply=\"padding el-0280b03b\"><div class=\"vce-posts-grid-container vce-post-list\"><div class=\"vce vce-posts-grid-wrapper vce-posts-grid--gap-10 vce-posts-grid--columns-5 vce-posts-grid-pagination--color-E0BAA0--e2e2e2\" id=\"el-5f2302d9\" data-vce-do-apply=\"all el-5f2302d9\"><style>\n  .vce-post-grid-filter-wrapper {\n    --size: 17px 20px;\n    --container-border-radius: 5px;\n    --item-border-radius: 5px;\n    --alignment: center;\n    --gap: 20px;\n    --border-color: #dcdcdc;\n    --separator-color: #dcdcdc;\n    --font-color: #515162;\n    --font-active-color: #fff;\n    --background-color: #fdfdfd;\n    --background-active-color: #4c3ab3;\n    display: flex;\n    flex-wrap: wrap;\n    justify-content: var(--alignment);\n  }\n\n  .vce-post-grid-filter-wrapper .vce-post-grid-filter-dropdown {\n    width: 100%;\n    -webkit-appearance: none;\n    border: 2px solid rgba(125,125,125, .5);\n    padding: 8px 33px 8px 15px;\n    color: #515162;\n    background: url(\"data:image\/svg+xml;base64,PHN2ZyB4bWxucz0iaHR0cDovL3d3dy53My5vcmcvMjAwMC9zdmciIHdpZHRoPSIyOTIuNCIgaGVpZ2h0PSIyOTIuNCI+PHBhdGggZmlsbD0iIzdkN2Q3ZCIgZD0iTTI4NyA2OS40YTE3LjYgMTcuNiAwIDAgMC0xMy01LjRIMTguNGMtNSAwLTkuMyAxLjgtMTIuOSA1LjRBMTcuNiAxNy42IDAgMCAwIDAgODIuMmMwIDUgMS44IDkuMyA1LjQgMTIuOWwxMjggMTI3LjljMy42IDMuNiA3LjggNS40IDEyLjggNS40czkuMi0xLjggMTIuOC01LjRMMjg3IDk1YzMuNS0zLjUgNS40LTcuOCA1LjQtMTIuOCAwLTUtMS45LTkuMi01LjUtMTIuOHoiLz48L3N2Zz4K\") no-repeat right 15px center;\n    background-size: 9px;\n  }\n\n  .vce-post-grid-filter-wrapper[data-vce-state=\"items\"] .vce-post-grid-filter-dropdown {\n    visibility: hidden;\n    height: 0;\n    position: absolute;\n  }\n\n  .vce-post-grid-filter-wrapper[data-vce-state=\"items\"] .vce-post-grid-filter-container {\n    visibility: visible;\n    height: initial;\n  }\n\n  .vce-post-grid-filter-wrapper[data-vce-state=\"dropdown\"] .vce-post-grid-filter-container {\n    visibility: hidden;\n    height: 0;\n  }\n\n  .vce-post-grid-filter-wrapper[data-vce-state=\"dropdown\"] .vce-post-grid-filter-dropdown {\n    visibility: visible;\n    height: initial;\n    position: initial;\n  }\n\n  .vce-post-grid-filter-container {\n    display: flex;\n    flex-wrap: wrap;\n    justify-content: var(--alignment);\n    margin-bottom: var(--gap);\n  }\n\n  .vce-post-grid-filter-control {\n    position: relative;\n    padding: var(--size);\n    border: none;\n    border-radius: var(--item-border-radius);\n    background: none;\n    color: var(--font-color);\n    font-size: 15px;\n    line-height: 1;\n    cursor: pointer;\n    transition: background-color .2s ease-in-out,\n    color .2s ease-in-out,\n    border .2s ease-in-out,\n    z-index .2s ease-in-out;\n  }\n\n  .vce-post-grid-filter-control:active,\n  .vce-post-grid-filter-control:focus {\n    color: var(--font-color);\n    text-decoration: none;\n  }\n\n  .vce-post-grid-filter-control--active.vce-post-grid-filter-control,\n  .vce-post-grid-filter-control--active.vce-post-grid-filter-control:focus,\n  .vce-post-grid-filter-control--active.vce-post-grid-filter-control:active,\n  .vce-post-grid-filter-control:hover {\n    color: var(--font-active-color);\n    text-decoration: none;\n  }\n\n  .vce-post-grid-filter-control::before,\n  .vce-post-grid-filter-control::after {\n    content: '';\n    position: absolute;\n    top: -1px;\n    width: 1px;\n    height: calc(100% + 2px);\n    z-index: 1;\n    background-color: transparent;\n    transition: background-color .2s ease-in-out;\n  }\n\n  .vce-post-grid-filter-control::before {\n    right: 100%;\n    z-index: 2;\n  }\n\n  .vce-post-grid-filter-control::after {\n    left: 100%;\n  }\n\n  .vce-post-grid-filter-container:not(.vce-post-grid-filter--shape-none) .vce-post-grid-filter-control {\n    background-color: var(--background-color);\n    border: 1px solid var(--border-color);\n    border-right: none;\n    border-radius: 0;\n  }\n\n  .vce-post-grid-filter-container:not(.vce-post-grid-filter--shape-none) .vce-post-grid-filter-control:last-of-type {\n    border-right: 1px solid var(--border-color);\n  }\n\n  .vce-post-grid-filter-container .vce-post-grid-filter-control--active.vce-post-grid-filter-control,\n  .vce-post-grid-filter-container .vce-post-grid-filter-control.vce-post-grid-filter-control:hover {\n    background-color: var(--background-active-color) !important;\n    border-color: var(--background-active-color) !important;\n  }\n\n  .vce-post-grid-filter-container:not(.vce-post-grid-filter--shape-none) .vce-post-grid-filter-control:not(:last-of-type)::after {\n    background-color: var(--separator-color);\n  }\n\n  .vce-post-grid-filter-container:not(.vce-post-grid-filter--shape-none) .vce-post-grid-filter-control--active.vce-post-grid-filter-control:not(:last-of-type)::after,\n  .vce-post-grid-filter-container:not(.vce-post-grid-filter--shape-none) .vce-post-grid-filter-control:hover:not(:last-of-type)::after,\n  .vce-post-grid-filter-container:not(.vce-post-grid-filter--shape-none) .vce-post-grid-filter-control--active.vce-post-grid-filter-control:not(:first-of-type)::before,\n  .vce-post-grid-filter-container:not(.vce-post-grid-filter--shape-none) .vce-post-grid-filter-control:hover:not(:first-of-type)::before {\n    background-color: var(--background-active-color);\n  }\n\n  .vce-post-grid-filter-container:not(.vce-post-grid-filter--shape-none) .vce-post-grid-filter-control:first-of-type {\n    border-top-left-radius: var(--container-border-radius);\n    border-bottom-left-radius: var(--container-border-radius);\n  }\n\n  .vce-post-grid-filter-container:not(.vce-post-grid-filter--shape-none) .vce-post-grid-filter-control:last-of-type {\n    border-top-right-radius: var(--container-border-radius);\n    border-bottom-right-radius: var(--container-border-radius);\n  }\n\n  .vce-post-grid-filter-helper {\n    scroll-margin-top: 100px;\n  }\n<\/style>\n<div id=\"grid-5f2302d9\" class=\"vce-post-grid-filter-helper\"><\/div>\n<div class=\"vce-post-grid-filter-wrapper\" id=\"el-5f2302d9-filter\" data-vce-collapsible=\"false\" style=\"\n        --size: 17px 20px;\n        --container-border-radius: nonepx;\n        --item-border-radius: 5px;\n        --alignment: center;\n        --gap: 20px;\n        --border-color: #DCDCDC;\n        --separator-color: #DCDCDC;\n        --font-color: #515162;\n        --font-active-color: #ffffff;\n        --background-color: #FDFDFD;\n        --background-active-color: rgb(87, 105, 63);\" >\n        <div class=\"vce-post-grid-filter-container vce-post-grid-filter--shape-none\">\n            <\/div>\n<\/div>\n<div class=\"vce-posts-grid-list\"><div class=\"vce-posts-grid-item\"><article class=\"vce-post-list-item vce-post-list-item--image-left\"><div class=\"vce-post-list-image\" style=\"background-image:url(https:\/\/cyclemadrid.com\/wp-content\/uploads\/2023\/05\/San_Martin_Valdeiglesias-Robledo_Chavela_04.webp)\"><a href=\"https:\/\/cyclemadrid.com\/fr\/rutas\/itineraire-cycliste-de-san-martin-de-valdeiglesias-a-robledo-de-chavela\/\" aria-label=\"Itin\u00e9raire cycliste de San Mart\u00edn de Valdeiglesias \u00e0 Robledo de Chavela\"><\/a><\/div><div class=\"vce-post-list-content\"><p class=\"vce-post-list-meta\"><time datetime=\"2023-12-18 16:25:22\">18-12-2023<\/time><\/p><h2 class=\"vce-post-list-title\"><a href=\"https:\/\/cyclemadrid.com\/fr\/rutas\/itineraire-cycliste-de-san-martin-de-valdeiglesias-a-robledo-de-chavela\/\">Itin\u00e9raire cycliste de San Mart\u00edn de Valdeiglesias \u00e0 Robledo de Chavela<\/a><\/h2><div class=\"vce-post-description--excerpt\"><p>V\u00e9loroute de San Mart\u00edn de Valdeiglesias \u00e0 Robledo de ChavelaDE SAN MART\u00cdN DE VALDEIGLESIAS \u00c0 ROBLEDO DE CHAVELALa communaut\u00e9 de Madrid est un endroit id\u00e9al pour les amateurs de cyclisme, et l&#8217;itin\u00e9raire de San Mart\u00edn de Valdeiglesias \u00e0 Robledo de Chavela est l&#8217;un des plus populaires de la r\u00e9gion. Avec une distance de 31,73 km,&hellip;<\/p>\n<\/div>\n<p class=\"vce-post-list-author\"><img alt='' src='https:\/\/secure.gravatar.com\/avatar\/f907bdcd98026ecce16b0b616cb29e9d?s=96&#038;d=mm&#038;r=g' srcset='https:\/\/secure.gravatar.com\/avatar\/f907bdcd98026ecce16b0b616cb29e9d?s=192&#038;d=mm&#038;r=g 2x' class='avatar avatar-96 photo' height='96' width='96' \/>Ethinking<\/p><p class=\"vce-post-list-tags\"><\/p><\/div><\/article><\/div><div class=\"vce-posts-grid-item\"><article class=\"vce-post-list-item vce-post-list-item--image-left\"><div class=\"vce-post-list-image\" style=\"background-image:url(https:\/\/cyclemadrid.com\/wp-content\/uploads\/2023\/04\/Alcala_de_henares-Aldea_fresno_01.webp)\"><a href=\"https:\/\/cyclemadrid.com\/fr\/rutas\/veloroute-de-san-martin-de-valdeiglesias-a-aldea-del-fresno\/\" aria-label=\"V\u00e9loroute de San Mart\u00edn de Valdeiglesias \u00e0 Aldea del Fresno\"><\/a><\/div><div class=\"vce-post-list-content\"><p class=\"vce-post-list-meta\"><time datetime=\"2023-12-18 16:25:11\">18-12-2023<\/time><\/p><h2 class=\"vce-post-list-title\"><a href=\"https:\/\/cyclemadrid.com\/fr\/rutas\/veloroute-de-san-martin-de-valdeiglesias-a-aldea-del-fresno\/\">V\u00e9loroute de San Mart\u00edn de Valdeiglesias \u00e0 Aldea del Fresno<\/a><\/h2><div class=\"vce-post-description--excerpt\"><p>V\u00e9loroute de San Mart\u00edn de Valdeiglesias \u00e0 Aldea del FresnoDE SAN MART\u00cdN DE VALDEIGLESIAS \u00c0 ALDEA DEL FRESNOTerritoire de l&#8217;aigle imp\u00e9rial ib\u00e9rique, montagnes de Garnacha et d&#8217;albillo v\u00e9ritable.25 km \u00e0 travers des for\u00eats de ch\u00eanes verts. Si vous avez de la chance, vous pourrez observer l&#8217;un des animaux les plus menac\u00e9s au monde : l&#8217;aigle&hellip;<\/p>\n<\/div>\n<p class=\"vce-post-list-author\"><img alt='' src='https:\/\/secure.gravatar.com\/avatar\/f907bdcd98026ecce16b0b616cb29e9d?s=96&#038;d=mm&#038;r=g' srcset='https:\/\/secure.gravatar.com\/avatar\/f907bdcd98026ecce16b0b616cb29e9d?s=192&#038;d=mm&#038;r=g 2x' class='avatar avatar-96 photo' height='96' width='96' \/>Ethinking<\/p><p class=\"vce-post-list-tags\"><\/p><\/div><\/article><\/div><div class=\"vce-posts-grid-item\"><article class=\"vce-post-list-item vce-post-list-item--image-left\"><div class=\"vce-post-list-image\" style=\"background-image:url(https:\/\/cyclemadrid.com\/wp-content\/uploads\/2023\/04\/turismo-sostenible-tipos.jpg)\"><a href=\"https:\/\/cyclemadrid.com\/fr\/rutas\/itineraire-cycliste-el-camino-de-villaescusa-zarzalejo-robledo-de-chavela\/\" aria-label=\"Itin\u00e9raire cycliste El camino de Villaescusa (Zarzalejo - Robledo de Chavela)\"><\/a><\/div><div class=\"vce-post-list-content\"><p class=\"vce-post-list-meta\"><time datetime=\"2023-12-18 16:16:36\">18-12-2023<\/time><\/p><h2 class=\"vce-post-list-title\"><a href=\"https:\/\/cyclemadrid.com\/fr\/rutas\/itineraire-cycliste-el-camino-de-villaescusa-zarzalejo-robledo-de-chavela\/\">Itin\u00e9raire cycliste El camino de Villaescusa (Zarzalejo - Robledo de Chavela)<\/a><\/h2><div class=\"vce-post-description--excerpt\"><p>Itin\u00e9raire cycliste El camino de Villaescusa (Zarzalejo &#8211; Robledo de Chavela)LA ROUTE DE VILLAESCUSA (ZARZALEJO &#8211; ROBLEDO DE CHAVELA)Cette exp\u00e9rience vous permettra de parcourir \u00e0 v\u00e9lo certaines des municipalit\u00e9s de la Sierra Oeste de la Communaut\u00e9 de Madrid. Zarzalejo, Robledo de Chavela, Fresnedillas&#8230; des endroits merveilleux qui vous invitent \u00e0 les visiter en v\u00e9lo.Vous pouvez&hellip;<\/p>\n<\/div>\n<p class=\"vce-post-list-author\"><img alt='' src='https:\/\/secure.gravatar.com\/avatar\/f907bdcd98026ecce16b0b616cb29e9d?s=96&#038;d=mm&#038;r=g' srcset='https:\/\/secure.gravatar.com\/avatar\/f907bdcd98026ecce16b0b616cb29e9d?s=192&#038;d=mm&#038;r=g 2x' class='avatar avatar-96 photo' height='96' width='96' \/>Ethinking<\/p><p class=\"vce-post-list-tags\"><\/p><\/div><\/article><\/div><div class=\"vce-posts-grid-item\"><article class=\"vce-post-list-item vce-post-list-item--image-left\"><div class=\"vce-post-list-image\" style=\"background-image:url(https:\/\/cyclemadrid.com\/wp-content\/uploads\/2023\/04\/Cyclemadrid_Corredores_Zarzalejo-Pozuelo-Alarcon_01.webp)\"><a href=\"https:\/\/cyclemadrid.com\/fr\/rutas\/route-des-coureurs-de-cyclemadrid-zarzalejo-pozuelo-alarcon\/\" aria-label=\"Route des coureurs de Cyclemadrid : Zarzalejo - Pozuelo Alarc\u00f3n\"><\/a><\/div><div class=\"vce-post-list-content\"><p class=\"vce-post-list-meta\"><time datetime=\"2023-12-18 16:09:26\">18-12-2023<\/time><\/p><h2 class=\"vce-post-list-title\"><a href=\"https:\/\/cyclemadrid.com\/fr\/rutas\/route-des-coureurs-de-cyclemadrid-zarzalejo-pozuelo-alarcon\/\">Route des coureurs de Cyclemadrid : Zarzalejo - Pozuelo Alarc\u00f3n<\/a><\/h2><div class=\"vce-post-description--excerpt\"><p>Route des coureurs de Cyclemadrid : Zarzalejo &#8211; Pozuelo de Alarc\u00f3nCOUREURS DE CYCLEMADRID : ZARZALEJO &#8211; POZUELO DE ALARC\u00d3NDes montagnes \u00e0 Pozuelo, facilement accessible par les transports publics. Cet itin\u00e9raire vous ram\u00e8ne dans la capitale madril\u00e8ne depuis les sections nord du Gran Recorrido de CiclaMadrid.Ciclamadrid est un projet promu par l&#8217;association des clubs de produits&hellip;<\/p>\n<\/div>\n<p class=\"vce-post-list-author\"><img alt='' src='https:\/\/secure.gravatar.com\/avatar\/f907bdcd98026ecce16b0b616cb29e9d?s=96&#038;d=mm&#038;r=g' srcset='https:\/\/secure.gravatar.com\/avatar\/f907bdcd98026ecce16b0b616cb29e9d?s=192&#038;d=mm&#038;r=g 2x' class='avatar avatar-96 photo' height='96' width='96' \/>Ethinking<\/p><p class=\"vce-post-list-tags\"><\/p><\/div><\/article><\/div><div class=\"vce-posts-grid-item\"><article class=\"vce-post-list-item vce-post-list-item--image-left\"><div class=\"vce-post-list-image\" style=\"background-image:url(https:\/\/cyclemadrid.com\/wp-content\/uploads\/2023\/05\/San_Martin_Valdeiglesias-Navalcarnero_01.webp)\"><a href=\"https:\/\/cyclemadrid.com\/fr\/rutas\/veloroute-de-san-martin-de-valdeiglesias-a-navalcarnero\/\" aria-label=\"V\u00e9loroute de San Mart\u00edn de Valdeiglesias \u00e0 Navalcarnero\"><\/a><\/div><div class=\"vce-post-list-content\"><p class=\"vce-post-list-meta\"><time datetime=\"2023-12-18 15:55:09\">18-12-2023<\/time><\/p><h2 class=\"vce-post-list-title\"><a href=\"https:\/\/cyclemadrid.com\/fr\/rutas\/veloroute-de-san-martin-de-valdeiglesias-a-navalcarnero\/\">V\u00e9loroute de San Mart\u00edn de Valdeiglesias \u00e0 Navalcarnero<\/a><\/h2><div class=\"vce-post-description--excerpt\"><p>V\u00e9loroute de San Mart\u00edn de Valdeiglesias \u00e0 NavalcarneroDE SAN MART\u00cdN DE VALDEIGLESIAS \u00c0 NAVALCARNEROPour vous rendre au d\u00e9part de la route depuis Madrid, vous pouvez choisir d&#8217;utiliser votre propre moyen de transport ou d&#8217;arriver par l&#8217;un des couloirs qui relient Madrid au Grand Tour Ciclamadrid. Pour voir la piste correspondante, cherchez dans Wikiloc : CycleMadrid&hellip;<\/p>\n<\/div>\n<p class=\"vce-post-list-author\"><img alt='' src='https:\/\/secure.gravatar.com\/avatar\/f907bdcd98026ecce16b0b616cb29e9d?s=96&#038;d=mm&#038;r=g' srcset='https:\/\/secure.gravatar.com\/avatar\/f907bdcd98026ecce16b0b616cb29e9d?s=192&#038;d=mm&#038;r=g 2x' class='avatar avatar-96 photo' height='96' width='96' \/>Ethinking<\/p><p class=\"vce-post-list-tags\"><\/p><\/div><\/article><\/div><div class=\"vce-posts-grid-item\"><article class=\"vce-post-list-item vce-post-list-item--image-left\"><div class=\"vce-post-list-image\" style=\"background-image:url(https:\/\/cyclemadrid.com\/wp-content\/uploads\/2023\/05\/Robledo_de_Chavela-San_Lorenzo_de_El_Escorial_01.webp)\"><a href=\"https:\/\/cyclemadrid.com\/fr\/rutas\/veloroute-de-robledo-de-chavela-a-san-lorenzo-de-el-escorial\/\" aria-label=\"V\u00e9loroute de Robledo de Chavela \u00e0 San Lorenzo de El Escorial\"><\/a><\/div><div class=\"vce-post-list-content\"><p class=\"vce-post-list-meta\"><time datetime=\"2023-12-18 15:50:19\">18-12-2023<\/time><\/p><h2 class=\"vce-post-list-title\"><a href=\"https:\/\/cyclemadrid.com\/fr\/rutas\/veloroute-de-robledo-de-chavela-a-san-lorenzo-de-el-escorial\/\">V\u00e9loroute de Robledo de Chavela \u00e0 San Lorenzo de El Escorial<\/a><\/h2><div class=\"vce-post-description--excerpt\"><p>V\u00e9loroute de Robledo de Chavela \u00e0 San Lorenzo de El EscorialROBLEDO DE CHAVELA \u00c0 SAN LORENZO DE EL ESCORIALSi vous \u00eates un amateur de v\u00e9lo \u00e0 la recherche d&#8217;un itin\u00e9raire avec un peu de d\u00e9fi et de belles vues dans la communaut\u00e9 de Madrid, l&#8217;itin\u00e9raire de Robledo de Chavela \u00e0 San Lorenzo de El Escorial&hellip;<\/p>\n<\/div>\n<p class=\"vce-post-list-author\"><img alt='' src='https:\/\/secure.gravatar.com\/avatar\/f907bdcd98026ecce16b0b616cb29e9d?s=96&#038;d=mm&#038;r=g' srcset='https:\/\/secure.gravatar.com\/avatar\/f907bdcd98026ecce16b0b616cb29e9d?s=192&#038;d=mm&#038;r=g 2x' class='avatar avatar-96 photo' height='96' width='96' \/>Ethinking<\/p><p class=\"vce-post-list-tags\"><\/p><\/div><\/article><\/div><div class=\"vce-posts-grid-item\"><article class=\"vce-post-list-item vce-post-list-item--image-left\"><div class=\"vce-post-list-image\" style=\"background-image:url(https:\/\/cyclemadrid.com\/wp-content\/uploads\/2023\/04\/Alcala_de_henares-Aldea_fresno_01.webp)\"><a href=\"https:\/\/cyclemadrid.com\/fr\/rutas\/veloroute-daldea-del-fresno-a-san-martin-de-valdeiglesias\/\" aria-label=\"V\u00e9loroute d&#039;Aldea del Fresno \u00e0 San Martin de Valdeiglesias\"><\/a><\/div><div class=\"vce-post-list-content\"><p class=\"vce-post-list-meta\"><time datetime=\"2023-12-18 15:46:51\">18-12-2023<\/time><\/p><h2 class=\"vce-post-list-title\"><a href=\"https:\/\/cyclemadrid.com\/fr\/rutas\/veloroute-daldea-del-fresno-a-san-martin-de-valdeiglesias\/\">V\u00e9loroute d&#039;Aldea del Fresno \u00e0 San Martin de Valdeiglesias<\/a><\/h2><div class=\"vce-post-description--excerpt\"><p>V\u00e9loroute d&#8217;Aldea del Fresno \u00e0 San Mart\u00edn de ValdeiglesiasALDEA DEL FRESNO A SAN MARTIN DE VALDEIGLESIASDONN\u00c9ES TECHNIQUES Distance : 26,11 km D\u00e9nivel\u00e9 positif : 362 m D\u00e9nivel\u00e9 n\u00e9gatif : 167 m Le temps : Difficult\u00e9 : Facile Hauteur maximale : 696 m Hauteur minimale : 456 m Itin\u00e9raire circulaire : NonT\u00e9l\u00e9charger la pistePartagerPhotos de la&hellip;<\/p>\n<\/div>\n<p class=\"vce-post-list-author\"><img alt='' src='https:\/\/secure.gravatar.com\/avatar\/f907bdcd98026ecce16b0b616cb29e9d?s=96&#038;d=mm&#038;r=g' srcset='https:\/\/secure.gravatar.com\/avatar\/f907bdcd98026ecce16b0b616cb29e9d?s=192&#038;d=mm&#038;r=g 2x' class='avatar avatar-96 photo' height='96' width='96' \/>Ethinking<\/p><p class=\"vce-post-list-tags\"><\/p><\/div><\/article><\/div><div class=\"vce-posts-grid-item\"><article class=\"vce-post-list-item vce-post-list-item--image-left\"><div class=\"vce-post-list-image\" style=\"background-image:url(https:\/\/cyclemadrid.com\/wp-content\/uploads\/2023\/05\/Navalcarnero-Aldea_del_Fresno_03.webp)\"><a href=\"https:\/\/cyclemadrid.com\/fr\/rutas\/veloroute-daldea-del-fresno-a-navalcarnero\/\" aria-label=\"V\u00e9loroute d'Aldea del Fresno \u00e0 Navalcarnero\"><\/a><\/div><div class=\"vce-post-list-content\"><p class=\"vce-post-list-meta\"><time datetime=\"2023-12-18 15:38:53\">18-12-2023<\/time><\/p><h2 class=\"vce-post-list-title\"><a href=\"https:\/\/cyclemadrid.com\/fr\/rutas\/veloroute-daldea-del-fresno-a-navalcarnero\/\">V\u00e9loroute d'Aldea del Fresno \u00e0 Navalcarnero<\/a><\/h2><div class=\"vce-post-description--excerpt\"><p>V\u00e9loroute d&#8217;Aldea del Fresno \u00e0 NavalcarneroDE L&#8217;ALDEA DEL FRESNO AU NAVALCARNERODes p\u00e2turages \u00e0 la plaine, terre des vins Garnacha et Malvar.Une route pleine de vignobles, sans aucun doute une route pour les amateurs de vin. Cette \u00e9tape commence par une pente assez raide, mais ne vous inqui\u00e9tez pas, elle est courte. Pour commencer, il faut&hellip;<\/p>\n<\/div>\n<p class=\"vce-post-list-author\"><img alt='' src='https:\/\/secure.gravatar.com\/avatar\/f907bdcd98026ecce16b0b616cb29e9d?s=96&#038;d=mm&#038;r=g' srcset='https:\/\/secure.gravatar.com\/avatar\/f907bdcd98026ecce16b0b616cb29e9d?s=192&#038;d=mm&#038;r=g 2x' class='avatar avatar-96 photo' height='96' width='96' \/>Ethinking<\/p><p class=\"vce-post-list-tags\"><\/p><\/div><\/article><\/div><div class=\"vce-posts-grid-item\"><article class=\"vce-post-list-item vce-post-list-item--image-left\"><div class=\"vce-post-list-image\" style=\"background-image:url(https:\/\/cyclemadrid.com\/wp-content\/uploads\/2021\/06\/ciclamadrid-Gran-Tour_01.jpg)\"><a href=\"https:\/\/cyclemadrid.com\/fr\/rutas\/itineraire-cycliste-ciclamadrid-gran-tour\/\" aria-label=\"Itin\u00e9raire cycliste CiclaMadrid Gran Tour\"><\/a><\/div><div class=\"vce-post-list-content\"><p class=\"vce-post-list-meta\"><time datetime=\"2023-12-15 09:51:47\">15-12-2023<\/time><\/p><h2 class=\"vce-post-list-title\"><a href=\"https:\/\/cyclemadrid.com\/fr\/rutas\/itineraire-cycliste-ciclamadrid-gran-tour\/\">Itin\u00e9raire cycliste CiclaMadrid Gran Tour<\/a><\/h2><div class=\"vce-post-description--excerpt\"><p>CiclaMadrid Grand TourROUTE CIRCULAIRELe Gran Recorrido de Ciclamadrid qui relie les 17 \u00e9tapes.Ciclamadrid est un projet promu par l&#8217;association&nbsp;Asociaci\u00f3n Club de Producto Club de Cicloturismo&nbsp;\u00e0 Madrid.DONN\u00c9ES TECHNIQUES Distance : 432,11 km D\u00e9nivel\u00e9 positif : 4 161 m D\u00e9nivel\u00e9 n\u00e9gatif : 4 161 m Le temps :&nbsp; Difficult\u00e9 : Mod\u00e9r\u00e9e Hauteur maximale : 1.129 m Hauteur&hellip;<\/p>\n<\/div>\n<p class=\"vce-post-list-author\"><img alt='' src='https:\/\/secure.gravatar.com\/avatar\/f907bdcd98026ecce16b0b616cb29e9d?s=96&#038;d=mm&#038;r=g' srcset='https:\/\/secure.gravatar.com\/avatar\/f907bdcd98026ecce16b0b616cb29e9d?s=192&#038;d=mm&#038;r=g 2x' class='avatar avatar-96 photo' height='96' width='96' \/>Ethinking<\/p><p class=\"vce-post-list-tags\"><\/p><\/div><\/article><\/div><div class=\"vce-posts-grid-item\"><article class=\"vce-post-list-item vce-post-list-item--image-left\"><div class=\"vce-post-list-image\" style=\"background-image:url(https:\/\/cyclemadrid.com\/wp-content\/uploads\/2021\/06\/Enoturismo_01.jpg)\"><a href=\"https:\/\/cyclemadrid.com\/fr\/rutas\/route-cyclable-decotourisme-autour-de-san-martin-de-valdeiglesias\/\" aria-label=\"Route cyclable d'\u00e9cotourisme autour de San Mart\u00edn de Valdeiglesias\"><\/a><\/div><div class=\"vce-post-list-content\"><p class=\"vce-post-list-meta\"><time datetime=\"2023-12-15 09:51:39\">15-12-2023<\/time><\/p><h2 class=\"vce-post-list-title\"><a href=\"https:\/\/cyclemadrid.com\/fr\/rutas\/route-cyclable-decotourisme-autour-de-san-martin-de-valdeiglesias\/\">Route cyclable d'\u00e9cotourisme autour de San Mart\u00edn de Valdeiglesias<\/a><\/h2><div class=\"vce-post-description--excerpt\"><p>Route cyclable d&#8217;\u00e9cotourisme autour de San Mart\u00edn de ValdeiglesiasSAN MART\u00cdN DE VALDEIGLESIAS &#8211; SAN MART\u00cdN DE VALDEIGLESIASSi vous aimez le vin, cet itin\u00e9raire est fait pour vous !Vous pouvez vous rendre \u00e0 San Mart\u00edn de Valdeiglesias en transport public depuis la ville de Madrid, sur la ligne de bus interurbaine, ou passer la nuit pr\u00e9c\u00e9dente&hellip;<\/p>\n<\/div>\n<p class=\"vce-post-list-author\"><img alt='' src='https:\/\/secure.gravatar.com\/avatar\/f907bdcd98026ecce16b0b616cb29e9d?s=96&#038;d=mm&#038;r=g' srcset='https:\/\/secure.gravatar.com\/avatar\/f907bdcd98026ecce16b0b616cb29e9d?s=192&#038;d=mm&#038;r=g 2x' class='avatar avatar-96 photo' height='96' width='96' \/>Ethinking<\/p><p class=\"vce-post-list-tags\"><\/p><\/div><\/article><\/div><div class=\"vce-posts-grid-item\"><article class=\"vce-post-list-item vce-post-list-item--image-left\"><div class=\"vce-post-list-image\" style=\"background-image:url(https:\/\/cyclemadrid.com\/wp-content\/uploads\/2021\/06\/Zarzalejo_01.jpg)\"><a href=\"https:\/\/cyclemadrid.com\/fr\/rutas\/route-des-velos-de-lespace-depuis-zarzalejo\/\" aria-label=\"Route des v\u00e9los de l'espace depuis Zarzalejo\"><\/a><\/div><div class=\"vce-post-list-content\"><p class=\"vce-post-list-meta\"><time datetime=\"2023-12-15 09:51:30\">15-12-2023<\/time><\/p><h2 class=\"vce-post-list-title\"><a href=\"https:\/\/cyclemadrid.com\/fr\/rutas\/route-des-velos-de-lespace-depuis-zarzalejo\/\">Route des v\u00e9los de l'espace depuis Zarzalejo<\/a><\/h2><div class=\"vce-post-description--excerpt\"><p>Route des v\u00e9los de l&#8217;espace depuis ZarzalejoZARZALEJO &#8211; ZARZALEJOCette exp\u00e9rience vous emm\u00e8nera dans quelques-unes des villes les plus curieuses de la Sierra Oeste de Madrid, o\u00f9 se trouve la station spatiale de Madrid, qui appartient \u00e0 la NASA.Vous pouvez vous rendre \u00e0 Zarzalejo en train depuis la ville de Madrid, en passant par sa gare,&hellip;<\/p>\n<\/div>\n<p class=\"vce-post-list-author\"><img alt='' src='https:\/\/secure.gravatar.com\/avatar\/f907bdcd98026ecce16b0b616cb29e9d?s=96&#038;d=mm&#038;r=g' srcset='https:\/\/secure.gravatar.com\/avatar\/f907bdcd98026ecce16b0b616cb29e9d?s=192&#038;d=mm&#038;r=g 2x' class='avatar avatar-96 photo' height='96' width='96' \/>Ethinking<\/p><p class=\"vce-post-list-tags\"><\/p><\/div><\/article><\/div><div class=\"vce-posts-grid-item\"><article class=\"vce-post-list-item vce-post-list-item--image-left\"><div class=\"vce-post-list-image\" style=\"background-image:url(https:\/\/cyclemadrid.com\/wp-content\/uploads\/2023\/05\/Robledo_de_Chavela-San_Lorenzo_de_El_Escorial_04.webp)\"><a href=\"https:\/\/cyclemadrid.com\/fr\/rutas\/bicycle-route-from-san-martin-de-valdeiglesias-to-san-lorenzo-de-el-escorial\/\" aria-label=\"Bicycle route from San Mart\u00edn de Valdeiglesias to San Lorenzo de El Escorial\"><\/a><\/div><div class=\"vce-post-list-content\"><p class=\"vce-post-list-meta\"><time datetime=\"2023-12-15 09:51:30\">15-12-2023<\/time><\/p><h2 class=\"vce-post-list-title\"><a href=\"https:\/\/cyclemadrid.com\/fr\/rutas\/bicycle-route-from-san-martin-de-valdeiglesias-to-san-lorenzo-de-el-escorial\/\">Bicycle route from San Mart\u00edn de Valdeiglesias to San Lorenzo de El Escorial<\/a><\/h2><div class=\"vce-post-description--excerpt\"><p>Bicycle route from San Mart\u00edn de Valdeiglesias to San Lorenzo de El EscorialSAN MART\u00cdN DE VALDEIGLESIAS &#8211; SAN LORENZO DE EL ESCORIALTo get to the start of the route from Madrid you can choose to use your own transport or arrive from one of the corridors that connect Madrid with the Ciclamadrid Grand tour. To&hellip;<\/p>\n<\/div>\n<p class=\"vce-post-list-author\"><img alt='' src='https:\/\/secure.gravatar.com\/avatar\/f907bdcd98026ecce16b0b616cb29e9d?s=96&#038;d=mm&#038;r=g' srcset='https:\/\/secure.gravatar.com\/avatar\/f907bdcd98026ecce16b0b616cb29e9d?s=192&#038;d=mm&#038;r=g 2x' class='avatar avatar-96 photo' height='96' width='96' \/>Ethinking<\/p><p class=\"vce-post-list-tags\"><\/p><\/div><\/article><\/div><div class=\"vce-posts-grid-item\"><article class=\"vce-post-list-item vce-post-list-item--image-left\"><div class=\"vce-post-list-image\" style=\"background-image:url(https:\/\/cyclemadrid.com\/wp-content\/uploads\/2021\/06\/San-Martin-Escorial_01.jpg)\"><a href=\"https:\/\/cyclemadrid.com\/fr\/rutas\/itineraire-cycliste-de-carabana-a-estremera-le-long-de-litineraire-ferroviaire-de-40-jours\/\" aria-label=\"Itin\u00e9raire cycliste de Caraba\u00f1a \u00e0 Estremera le long de l&#039;itin\u00e9raire ferroviaire de 40 jours.\"><\/a><\/div><div class=\"vce-post-list-content\"><p class=\"vce-post-list-meta\"><time datetime=\"2023-12-15 09:50:54\">15-12-2023<\/time><\/p><h2 class=\"vce-post-list-title\"><a href=\"https:\/\/cyclemadrid.com\/fr\/rutas\/itineraire-cycliste-de-carabana-a-estremera-le-long-de-litineraire-ferroviaire-de-40-jours\/\">Itin\u00e9raire cycliste de Caraba\u00f1a \u00e0 Estremera le long de l&#039;itin\u00e9raire ferroviaire de 40 jours.<\/a><\/h2><div class=\"vce-post-description--excerpt\"><p>Itin\u00e9raire cycliste de Caraba\u00f1a \u00e0 Estremera le long de l&#8217;itin\u00e9raire ferroviaire de 40 jours.CARABA\u00d1A &#8211; CARABA\u00d1ALa rivi\u00e8re Taju\u00f1a et le train de 40 jours.Profitez de cette exp\u00e9rience pour d\u00e9couvrir la rivi\u00e8re Taju\u00f1a qui traverse Caraba\u00f1a et parcourez la voie verte du train de 40 jours.L&#8217;itin\u00e9raire commence \u00e0 Caraba\u00f1a, situ\u00e9e sur les rives de la rivi\u00e8re&hellip;<\/p>\n<\/div>\n<p class=\"vce-post-list-author\"><img alt='' src='https:\/\/secure.gravatar.com\/avatar\/f907bdcd98026ecce16b0b616cb29e9d?s=96&#038;d=mm&#038;r=g' srcset='https:\/\/secure.gravatar.com\/avatar\/f907bdcd98026ecce16b0b616cb29e9d?s=192&#038;d=mm&#038;r=g 2x' class='avatar avatar-96 photo' height='96' width='96' \/>Ethinking<\/p><p class=\"vce-post-list-tags\"><\/p><\/div><\/article><\/div><\/div><\/div><\/div><div class=\"vce-button--style-basic-container cycle_button vce-button--style-basic-container--align-center\"><span class=\"vce-button--style-basic-wrapper vce\" id=\"el-d2222dfb\" data-vce-do-apply=\"margin el-d2222dfb\"><a class=\"vce-button vce-button--style-basic vce-button--style-basic--border-rounded vce-button--style-basic--size-medium vce-button--style-basic--color-b-248-232-22--b-33-43-54\" href=\"\/es\/zonas\/rutas-en-bicicleta-sierra-oeste\/\" title=\"Ver m\u00e1s\" data-vce-do-apply=\"padding border background  el-d2222dfb\">Ver m\u00e1s<\/a><\/span><\/div><\/div><\/div><\/div><\/div><\/div><\/div><div class=\"vce-row-container\"><div class=\"vce-row vce-element--has-background vce-row--col-gap-30 vce-row-equal-height vce-row-content--top\" data-vce-full-width=\"true\" id=\"el-85941f14\" data-vce-do-apply=\"all el-85941f14\"><div class=\"vce-content-background-container\"><\/div><div class=\"vce-row-content\" data-vce-element-content=\"true\"><div class=\"vce-col vce-col--md-auto vce-col--xs-1 vce-col--xs-last vce-col--xs-first vce-col--sm-last vce-col--sm-first vce-col--md-last vce-col--lg-last vce-col--xl-last vce-col--md-first vce-col--lg-first vce-col--xl-first\" id=\"el-d19e0ade\"><div class=\"vce-col-inner\" data-vce-do-apply=\"border margin background  el-d19e0ade\"><div class=\"vce-col-content\" data-vce-element-content=\"true\" data-vce-do-apply=\"padding el-d19e0ade\"><div class=\"vce-google-fonts-heading text-mobile vce-google-fonts-heading--align-left vce-google-fonts-heading--color-empty--45--5C00FF--FF7200 vce-google-fonts-heading--font-family-Montserrat\"><div id=\"el-a856b10c\" class=\"vce-google-fonts-heading-wrapper\"><div class=\"vce-google-fonts-heading--background vce\" data-vce-do-apply=\"border background  padding margin el-a856b10c\"><h2 class=\"vce-google-fonts-heading-inner\" style=\"line-height: 0; font-weight: 600; font-style: normal;\"><a class=\"vce-google-fonts-heading-link\" href=\"https:\/\/cyclemadrid.com\/es\/donde-comer\/\" title=\"\" target=\"_blank\">Servicios cicloturismo<\/a><\/h2><\/div><\/div><\/div><div class=\"vce vce-separator-container vce-separator--align-left vce-separator--style-solid\" id=\"el-e2596a83\" data-vce-do-apply=\"margin el-e2596a83\"><div class=\"vce-separator vce-separator--color-bfc0c1 vce-separator--width-100 vce-separator--thickness-1\" data-vce-do-apply=\"border padding background  el-e2596a83\"><\/div><\/div><div class=\"vce-posts-grid-container\" style=\"--gapPx: 10px; --columns: 6; --paginationColor: #EEE; --paginationActiveColor: #557CBF; --paginationTextColor: #3d3d3d; --paginationActiveTextColor: #FFF; --paginationHoverColor: #e2e2e2; --paginationActiveHoverColor: #5176b5;\"><div class=\"vce vce-posts-grid-wrapper\" id=\"el-e45e0f60\" data-vce-do-apply=\"all el-e45e0f60\"><div class=\"vce-posts-grid-list\"><article class=\"vce-posts-grid-item\"><div class=\"vce-post-description vce-post-description--full vce-post-description--animation\"><a href=\"https:\/\/cyclemadrid.com\/fr\/entidad\/solar-cycle\/\" class=\"vce-post-description-link\" aria-label=\"Solar Cycle\"><\/a><div class=\"vce-post-description--background-wrapper-box\">\n    <div class=\"vce-post-description--background-wrapper\">\n        <div class=\"vce-post-description--background\" style=\"background-image: url(https:\/\/cyclemadrid.com\/wp-content\/uploads\/2023\/11\/Solar-Cycle-2.jpg);\"><\/div>\n    <\/div>\n<\/div>\n<div class=\"vce-post-description--content vce-post-description-content--has-title\">\n    <div class=\"vce-post-description--title\">\n    <h3>\n        <a href=\"https:\/\/cyclemadrid.com\/fr\/entidad\/solar-cycle\/\">Solar Cycle<\/a>\n    <\/h3>\n<\/div>\n    <\/div>\n<\/div><\/article><article class=\"vce-posts-grid-item\"><div class=\"vce-post-description vce-post-description--full vce-post-description--animation\"><a href=\"https:\/\/cyclemadrid.com\/fr\/entidad\/bici-rana\/\" class=\"vce-post-description-link\" aria-label=\"Bici Rana\"><\/a><div class=\"vce-post-description--background-wrapper-box\">\n    <div class=\"vce-post-description--background-wrapper\">\n        <div class=\"vce-post-description--background\" style=\"background-image: url(https:\/\/cyclemadrid.com\/wp-content\/uploads\/2023\/09\/IMG_20230510_115624_009-01.jpeg);\"><\/div>\n    <\/div>\n<\/div>\n<div class=\"vce-post-description--content vce-post-description-content--has-title\">\n    <div class=\"vce-post-description--title\">\n    <h3>\n        <a href=\"https:\/\/cyclemadrid.com\/fr\/entidad\/bici-rana\/\">Bici Rana<\/a>\n    <\/h3>\n<\/div>\n    <\/div>\n<\/div><\/article><article class=\"vce-posts-grid-item\"><div class=\"vce-post-description vce-post-description--full vce-post-description--animation\"><a href=\"https:\/\/cyclemadrid.com\/fr\/entidad\/sierra-norte-de-madrid-centro-de-innovacion-turistica-villa-san-roque\/\" class=\"vce-post-description-link\" aria-label=\"SIERRA NORTE DE MADRID. Centro de Innovaci\u00f3n Tur\u00edstica Villa San Roque\"><\/a><div class=\"vce-post-description--background-wrapper-box\">\n    <div class=\"vce-post-description--background-wrapper\">\n        <div class=\"vce-post-description--background\" style=\"background-image: url(https:\/\/cyclemadrid.com\/wp-content\/uploads\/2020\/11\/P1080392_cedida-por-SNorte.jpg);\"><\/div>\n    <\/div>\n<\/div>\n<div class=\"vce-post-description--content vce-post-description-content--has-title\">\n    <div class=\"vce-post-description--title\">\n    <h3>\n        <a href=\"https:\/\/cyclemadrid.com\/fr\/entidad\/sierra-norte-de-madrid-centro-de-innovacion-turistica-villa-san-roque\/\">SIERRA NORTE DE MADRID. Centro de Innovaci\u00f3n Tur\u00edstica Villa San Roque<\/a>\n    <\/h3>\n<\/div>\n    <\/div>\n<\/div><\/article><article class=\"vce-posts-grid-item\"><div class=\"vce-post-description vce-post-description--full vce-post-description--animation\"><a href=\"https:\/\/cyclemadrid.com\/fr\/entidad\/rent-roll-madrid\/\" class=\"vce-post-description-link\" aria-label=\"Rent & Roll Madrid\"><\/a><div class=\"vce-post-description--background-wrapper-box\">\n    <div class=\"vce-post-description--background-wrapper\">\n        <div class=\"vce-post-description--background\" style=\"background-image: url(https:\/\/cyclemadrid.com\/wp-content\/uploads\/2020\/11\/local.jpg);\"><\/div>\n    <\/div>\n<\/div>\n<div class=\"vce-post-description--content vce-post-description-content--has-title\">\n    <div class=\"vce-post-description--title\">\n    <h3>\n        <a href=\"https:\/\/cyclemadrid.com\/fr\/entidad\/rent-roll-madrid\/\">Rent & Roll Madrid<\/a>\n    <\/h3>\n<\/div>\n    <\/div>\n<\/div><\/article><article class=\"vce-posts-grid-item\"><div class=\"vce-post-description vce-post-description--full vce-post-description--animation\"><a href=\"https:\/\/cyclemadrid.com\/fr\/entidad\/jarama-animacion\/\" class=\"vce-post-description-link\" aria-label=\"Jarama Animaci\u00f3n\"><\/a><div class=\"vce-post-description--background-wrapper-box\">\n    <div class=\"vce-post-description--background-wrapper\">\n        <div class=\"vce-post-description--background\" style=\"background-image: url(https:\/\/cyclemadrid.com\/wp-content\/uploads\/2020\/03\/jarama-animacion.jpg);\"><\/div>\n    <\/div>\n<\/div>\n<div class=\"vce-post-description--content vce-post-description-content--has-title\">\n    <div class=\"vce-post-description--title\">\n    <h3>\n        <a href=\"https:\/\/cyclemadrid.com\/fr\/entidad\/jarama-animacion\/\">Jarama Animaci\u00f3n<\/a>\n    <\/h3>\n<\/div>\n    <\/div>\n<\/div><\/article><article class=\"vce-posts-grid-item\"><div class=\"vce-post-description vce-post-description--full vce-post-description--animation\"><a href=\"https:\/\/cyclemadrid.com\/fr\/entidad\/meridiano-raid\/\" class=\"vce-post-description-link\" aria-label=\"Meridiano Raid\"><\/a><div class=\"vce-post-description--background-wrapper-box\">\n    <div class=\"vce-post-description--background-wrapper\">\n        <div class=\"vce-post-description--background\" style=\"background-image: url(https:\/\/cyclemadrid.com\/wp-content\/uploads\/2020\/03\/MERIADIANO-RAID.jpg);\"><\/div>\n    <\/div>\n<\/div>\n<div class=\"vce-post-description--content vce-post-description-content--has-title\">\n    <div class=\"vce-post-description--title\">\n    <h3>\n        <a href=\"https:\/\/cyclemadrid.com\/fr\/entidad\/meridiano-raid\/\">Meridiano Raid<\/a>\n    <\/h3>\n<\/div>\n    <\/div>\n<\/div><\/article><article class=\"vce-posts-grid-item\"><div class=\"vce-post-description vce-post-description--full vce-post-description--animation\"><a href=\"https:\/\/cyclemadrid.com\/fr\/entidad\/navalmedio-naturaleza\/\" class=\"vce-post-description-link\" aria-label=\"Navalmedio Naturaleza\"><\/a><div class=\"vce-post-description--background-wrapper-box\">\n    <div class=\"vce-post-description--background-wrapper\">\n        <div class=\"vce-post-description--background\" style=\"background-image: url(https:\/\/cyclemadrid.com\/wp-content\/uploads\/2020\/11\/bikebirding3.jpg);\"><\/div>\n    <\/div>\n<\/div>\n<div class=\"vce-post-description--content vce-post-description-content--has-title\">\n    <div class=\"vce-post-description--title\">\n    <h3>\n        <a href=\"https:\/\/cyclemadrid.com\/fr\/entidad\/navalmedio-naturaleza\/\">Navalmedio Naturaleza<\/a>\n    <\/h3>\n<\/div>\n    <\/div>\n<\/div><\/article><article class=\"vce-posts-grid-item\"><div class=\"vce-post-description vce-post-description--full vce-post-description--animation\"><a href=\"https:\/\/cyclemadrid.com\/fr\/entidad\/trixi\/\" class=\"vce-post-description-link\" aria-label=\"Trixi\"><\/a><div class=\"vce-post-description--background-wrapper-box\">\n    <div class=\"vce-post-description--background-wrapper\">\n        <div class=\"vce-post-description--background\" style=\"background-image: url(https:\/\/cyclemadrid.com\/wp-content\/uploads\/2020\/03\/image.jpg);\"><\/div>\n    <\/div>\n<\/div>\n<div class=\"vce-post-description--content vce-post-description-content--has-title\">\n    <div class=\"vce-post-description--title\">\n    <h3>\n        <a href=\"https:\/\/cyclemadrid.com\/fr\/entidad\/trixi\/\">Trixi<\/a>\n    <\/h3>\n<\/div>\n    <\/div>\n<\/div><\/article><article class=\"vce-posts-grid-item\"><div class=\"vce-post-description vce-post-description--full vce-post-description--animation\"><a href=\"https:\/\/cyclemadrid.com\/fr\/entidad\/yucalcari-aventura\/\" class=\"vce-post-description-link\" aria-label=\"Yucalcari Aventura\"><\/a><div class=\"vce-post-description--background-wrapper-box\">\n    <div class=\"vce-post-description--background-wrapper\">\n        <div class=\"vce-post-description--background\" style=\"background-image: url(https:\/\/cyclemadrid.com\/wp-content\/uploads\/2020\/03\/bici-3.jpg);\"><\/div>\n    <\/div>\n<\/div>\n<div class=\"vce-post-description--content vce-post-description-content--has-title\">\n    <div class=\"vce-post-description--title\">\n    <h3>\n        <a href=\"https:\/\/cyclemadrid.com\/fr\/entidad\/yucalcari-aventura\/\">Yucalcari Aventura<\/a>\n    <\/h3>\n<\/div>\n    <\/div>\n<\/div><\/article><article class=\"vce-posts-grid-item\"><div class=\"vce-post-description vce-post-description--full vce-post-description--animation\"><a href=\"https:\/\/cyclemadrid.com\/fr\/entidad\/rutas-pangea\/\" class=\"vce-post-description-link\" aria-label=\"Rutas Pangea\"><\/a><div class=\"vce-post-description--background-wrapper-box\">\n    <div class=\"vce-post-description--background-wrapper\">\n        <div class=\"vce-post-description--background\" style=\"background-image: url(https:\/\/cyclemadrid.com\/wp-content\/uploads\/2020\/03\/Concurso-de-fotografia-Rutas-Pangea-2016-47-1.jpg);\"><\/div>\n    <\/div>\n<\/div>\n<div class=\"vce-post-description--content vce-post-description-content--has-title\">\n    <div class=\"vce-post-description--title\">\n    <h3>\n        <a href=\"https:\/\/cyclemadrid.com\/fr\/entidad\/rutas-pangea\/\">Rutas Pangea<\/a>\n    <\/h3>\n<\/div>\n    <\/div>\n<\/div><\/article><article class=\"vce-posts-grid-item\"><div class=\"vce-post-description vce-post-description--full vce-post-description--animation\"><a href=\"https:\/\/cyclemadrid.com\/fr\/entidad\/las-machotas\/\" class=\"vce-post-description-link\" aria-label=\"Las Machotas rutas y alquiler ebikes\"><\/a><div class=\"vce-post-description--background-wrapper-box\">\n    <div class=\"vce-post-description--background-wrapper\">\n        <div class=\"vce-post-description--background\" style=\"background-image: url(https:\/\/cyclemadrid.com\/wp-content\/uploads\/2020\/03\/77128577_2641704192723688_5096535247156150272_o.jpg);\"><\/div>\n    <\/div>\n<\/div>\n<div class=\"vce-post-description--content vce-post-description-content--has-title\">\n    <div class=\"vce-post-description--title\">\n    <h3>\n        <a href=\"https:\/\/cyclemadrid.com\/fr\/entidad\/las-machotas\/\">Las Machotas rutas y alquiler ebikes<\/a>\n    <\/h3>\n<\/div>\n    <\/div>\n<\/div><\/article><article class=\"vce-posts-grid-item\"><div class=\"vce-post-description vce-post-description--full vce-post-description--animation\"><a href=\"https:\/\/cyclemadrid.com\/fr\/entidad\/alojamientos-estrella-rural\/\" class=\"vce-post-description-link\" aria-label=\"Alojamientos Estrella Rural\"><\/a><div class=\"vce-post-description--background-wrapper-box\">\n    <div class=\"vce-post-description--background-wrapper\">\n        <div class=\"vce-post-description--background\" style=\"background-image: url(https:\/\/cyclemadrid.com\/wp-content\/uploads\/2020\/03\/estrella-rurla-2.png);\"><\/div>\n    <\/div>\n<\/div>\n<div class=\"vce-post-description--content vce-post-description-content--has-title\">\n    <div class=\"vce-post-description--title\">\n    <h3>\n        <a href=\"https:\/\/cyclemadrid.com\/fr\/entidad\/alojamientos-estrella-rural\/\">Alojamientos Estrella Rural<\/a>\n    <\/h3>\n<\/div>\n    <\/div>\n<\/div><\/article><article class=\"vce-posts-grid-item\"><div class=\"vce-post-description vce-post-description--full vce-post-description--animation\"><a href=\"https:\/\/cyclemadrid.com\/fr\/entidad\/cumbres-travel\/\" class=\"vce-post-description-link\" aria-label=\"Cumbres Travel\"><\/a><div class=\"vce-post-description--background-wrapper-box\">\n    <div class=\"vce-post-description--background-wrapper\">\n        <div class=\"vce-post-description--background\" style=\"background-image: url(https:\/\/cyclemadrid.com\/wp-content\/uploads\/2020\/03\/Lateral-2-2-min-scaled.jpg);\"><\/div>\n    <\/div>\n<\/div>\n<div class=\"vce-post-description--content vce-post-description-content--has-title\">\n    <div class=\"vce-post-description--title\">\n    <h3>\n        <a href=\"https:\/\/cyclemadrid.com\/fr\/entidad\/cumbres-travel\/\">Cumbres Travel<\/a>\n    <\/h3>\n<\/div>\n    <\/div>\n<\/div><\/article><article class=\"vce-posts-grid-item\"><div class=\"vce-post-description vce-post-description--full vce-post-description--animation\"><a href=\"https:\/\/cyclemadrid.com\/fr\/entidad\/ciclo-lodge-el-nevero\/\" class=\"vce-post-description-link\" aria-label=\"Ciclo Lodge- El Nevero\"><\/a><div class=\"vce-post-description--background-wrapper-box\">\n    <div class=\"vce-post-description--background-wrapper\">\n        <div class=\"vce-post-description--background\" style=\"background-image: url(https:\/\/cyclemadrid.com\/wp-content\/uploads\/2020\/01\/Fachada-Exterior-1.jpg);\"><\/div>\n    <\/div>\n<\/div>\n<div class=\"vce-post-description--content vce-post-description-content--has-title\">\n    <div class=\"vce-post-description--title\">\n    <h3>\n        <a href=\"https:\/\/cyclemadrid.com\/fr\/entidad\/ciclo-lodge-el-nevero\/\">Ciclo Lodge- El Nevero<\/a>\n    <\/h3>\n<\/div>\n    <\/div>\n<\/div><\/article><article class=\"vce-posts-grid-item\"><div class=\"vce-post-description vce-post-description--full vce-post-description--animation\"><a href=\"https:\/\/cyclemadrid.com\/fr\/entidad\/bike-spain-tours\/\" class=\"vce-post-description-link\" aria-label=\"Bike Spain Tours\"><\/a><div class=\"vce-post-description--background-wrapper-box\">\n    <div class=\"vce-post-description--background-wrapper\">\n        <div class=\"vce-post-description--background\" style=\"background-image: url(https:\/\/cyclemadrid.com\/wp-content\/uploads\/2020\/03\/AlrededoresMadrid1.jpg);\"><\/div>\n    <\/div>\n<\/div>\n<div class=\"vce-post-description--content vce-post-description-content--has-title\">\n    <div class=\"vce-post-description--title\">\n    <h3>\n        <a href=\"https:\/\/cyclemadrid.com\/fr\/entidad\/bike-spain-tours\/\">Bike Spain Tours<\/a>\n    <\/h3>\n<\/div>\n    <\/div>\n<\/div><\/article><article class=\"vce-posts-grid-item\"><div class=\"vce-post-description vce-post-description--full vce-post-description--animation\"><a href=\"https:\/\/cyclemadrid.com\/fr\/entidad\/asdon-multiaventura\/\" class=\"vce-post-description-link\" aria-label=\"Asd\u00f3n Multiaventura\"><\/a><div class=\"vce-post-description--background-wrapper-box\">\n    <div class=\"vce-post-description--background-wrapper\">\n        <div class=\"vce-post-description--background\" style=\"background-image: url(https:\/\/cyclemadrid.com\/wp-content\/uploads\/2020\/03\/rutas-btt-sierra-madrid-niveles-asdon-aventura.jpg);\"><\/div>\n    <\/div>\n<\/div>\n<div class=\"vce-post-description--content vce-post-description-content--has-title\">\n    <div class=\"vce-post-description--title\">\n    <h3>\n        <a href=\"https:\/\/cyclemadrid.com\/fr\/entidad\/asdon-multiaventura\/\">Asd\u00f3n Multiaventura<\/a>\n    <\/h3>\n<\/div>\n    <\/div>\n<\/div><\/article><article class=\"vce-posts-grid-item\"><div class=\"vce-post-description vce-post-description--full vce-post-description--animation\"><a href=\"https:\/\/cyclemadrid.com\/fr\/entidad\/adesgam\/\" class=\"vce-post-description-link\" aria-label=\"ADESGAM\"><\/a><div class=\"vce-post-description--background-wrapper-box\">\n    <div class=\"vce-post-description--background-wrapper\">\n        <div class=\"vce-post-description--background\" style=\"background-image: url(https:\/\/cyclemadrid.com\/wp-content\/uploads\/2020\/03\/IMG_0561.jpg);\"><\/div>\n    <\/div>\n<\/div>\n<div class=\"vce-post-description--content vce-post-description-content--has-title\">\n    <div class=\"vce-post-description--title\">\n    <h3>\n        <a href=\"https:\/\/cyclemadrid.com\/fr\/entidad\/adesgam\/\">ADESGAM<\/a>\n    <\/h3>\n<\/div>\n    <\/div>\n<\/div><\/article><article class=\"vce-posts-grid-item\"><div class=\"vce-post-description vce-post-description--full vce-post-description--animation\"><a href=\"https:\/\/cyclemadrid.com\/fr\/entidad\/adina\/\" class=\"vce-post-description-link\" aria-label=\"ADINA\"><\/a><div class=\"vce-post-description--background-wrapper-box\">\n    <div class=\"vce-post-description--background-wrapper\">\n        <div class=\"vce-post-description--background\" style=\"background-image: url(https:\/\/cyclemadrid.com\/wp-content\/uploads\/2020\/03\/ADINA.jpg);\"><\/div>\n    <\/div>\n<\/div>\n<div class=\"vce-post-description--content vce-post-description-content--has-title\">\n    <div class=\"vce-post-description--title\">\n    <h3>\n        <a href=\"https:\/\/cyclemadrid.com\/fr\/entidad\/adina\/\">ADINA<\/a>\n    <\/h3>\n<\/div>\n    <\/div>\n<\/div><\/article><article class=\"vce-posts-grid-item\"><div class=\"vce-post-description vce-post-description--full vce-post-description--animation\"><a href=\"https:\/\/cyclemadrid.com\/fr\/entidad\/amadablan-aventura\/\" class=\"vce-post-description-link\" aria-label=\"Amadablam Viajes Aventura\"><\/a><div class=\"vce-post-description--background-wrapper-box\">\n    <div class=\"vce-post-description--background-wrapper\">\n        <div class=\"vce-post-description--background\" style=\"background-image: url(https:\/\/cyclemadrid.com\/wp-content\/uploads\/2020\/10\/producto-Amadablam.jpg);\"><\/div>\n    <\/div>\n<\/div>\n<div class=\"vce-post-description--content vce-post-description-content--has-title\">\n    <div class=\"vce-post-description--title\">\n    <h3>\n        <a href=\"https:\/\/cyclemadrid.com\/fr\/entidad\/amadablan-aventura\/\">Amadablam Viajes Aventura<\/a>\n    <\/h3>\n<\/div>\n    <\/div>\n<\/div><\/article><article class=\"vce-posts-grid-item\"><div class=\"vce-post-description vce-post-description--full vce-post-description--animation\"><a href=\"https:\/\/cyclemadrid.com\/fr\/entidad\/central-de-reservas-sierra-de-guadarrama\/\" class=\"vce-post-description-link\" aria-label=\"Central de reservas Sierra de Guadarrama\"><\/a><div class=\"vce-post-description--background-wrapper-box\">\n    <div class=\"vce-post-description--background-wrapper\">\n        <div class=\"vce-post-description--background\" style=\"background-image: url(https:\/\/cyclemadrid.com\/wp-content\/uploads\/2020\/03\/CYCLA16.jpg);\"><\/div>\n    <\/div>\n<\/div>\n<div class=\"vce-post-description--content vce-post-description-content--has-title\">\n    <div class=\"vce-post-description--title\">\n    <h3>\n        <a href=\"https:\/\/cyclemadrid.com\/fr\/entidad\/central-de-reservas-sierra-de-guadarrama\/\">Central de reservas Sierra de Guadarrama<\/a>\n    <\/h3>\n<\/div>\n    <\/div>\n<\/div><\/article><article class=\"vce-posts-grid-item\"><div class=\"vce-post-description vce-post-description--full vce-post-description--animation\"><a href=\"https:\/\/cyclemadrid.com\/fr\/entidad\/casas-rurales-el-bulin\/\" class=\"vce-post-description-link\" aria-label=\"Casas rurales El Bul\u00edn\"><\/a><div class=\"vce-post-description--background-wrapper-box\">\n    <div class=\"vce-post-description--background-wrapper\">\n        <div class=\"vce-post-description--background\" style=\"background-image: url(https:\/\/cyclemadrid.com\/wp-content\/uploads\/2021\/03\/casa-rural-cubillo-casa-mirador_exterior_2.jpg);\"><\/div>\n    <\/div>\n<\/div>\n<div class=\"vce-post-description--content vce-post-description-content--has-title\">\n    <div class=\"vce-post-description--title\">\n    <h3>\n        <a href=\"https:\/\/cyclemadrid.com\/fr\/entidad\/casas-rurales-el-bulin\/\">Casas rurales El Bul\u00edn<\/a>\n    <\/h3>\n<\/div>\n    <\/div>\n<\/div><\/article><article class=\"vce-posts-grid-item\"><div class=\"vce-post-description vce-post-description--full vce-post-description--animation\"><a href=\"https:\/\/cyclemadrid.com\/fr\/entidad\/golpe-de-pedal\/\" class=\"vce-post-description-link\" aria-label=\"Golpe de Pedal\"><\/a><div class=\"vce-post-description--background-wrapper-box\">\n    <div class=\"vce-post-description--background-wrapper\">\n        <div class=\"vce-post-description--background\" style=\"background-image: url(https:\/\/cyclemadrid.com\/wp-content\/uploads\/2020\/03\/golpe-de-pedal.jpg);\"><\/div>\n    <\/div>\n<\/div>\n<div class=\"vce-post-description--content vce-post-description-content--has-title\">\n    <div class=\"vce-post-description--title\">\n    <h3>\n        <a href=\"https:\/\/cyclemadrid.com\/fr\/entidad\/golpe-de-pedal\/\">Golpe de Pedal<\/a>\n    <\/h3>\n<\/div>\n    <\/div>\n<\/div><\/article><article class=\"vce-posts-grid-item\"><div class=\"vce-post-description vce-post-description--full vce-post-description--animation\"><a href=\"https:\/\/cyclemadrid.com\/fr\/entidad\/hotel-hacienda-la-coracera\/\" class=\"vce-post-description-link\" aria-label=\"Hotel Hacienda la Coracera\"><\/a><div class=\"vce-post-description--background-wrapper-box\">\n    <div class=\"vce-post-description--background-wrapper\">\n        <div class=\"vce-post-description--background\" style=\"background-image: url(https:\/\/cyclemadrid.com\/wp-content\/uploads\/2020\/03\/ciclistas-coracera_opt.jpg);\"><\/div>\n    <\/div>\n<\/div>\n<div class=\"vce-post-description--content vce-post-description-content--has-title\">\n    <div class=\"vce-post-description--title\">\n    <h3>\n        <a href=\"https:\/\/cyclemadrid.com\/fr\/entidad\/hotel-hacienda-la-coracera\/\">Hotel Hacienda la Coracera<\/a>\n    <\/h3>\n<\/div>\n    <\/div>\n<\/div><\/article><article class=\"vce-posts-grid-item\"><div class=\"vce-post-description vce-post-description--full vce-post-description--animation\"><a href=\"https:\/\/cyclemadrid.com\/fr\/entidad\/casa-rural-la-tinaja\/\" class=\"vce-post-description-link\" aria-label=\"Casa Rural Los Tinajones\"><\/a><div class=\"vce-post-description--background-wrapper-box\">\n    <div class=\"vce-post-description--background-wrapper\">\n        <div class=\"vce-post-description--background\" style=\"background-image: url(https:\/\/cyclemadrid.com\/wp-content\/uploads\/2020\/03\/Los-tinajones-7.jpg);\"><\/div>\n    <\/div>\n<\/div>\n<div class=\"vce-post-description--content vce-post-description-content--has-title\">\n    <div class=\"vce-post-description--title\">\n    <h3>\n        <a href=\"https:\/\/cyclemadrid.com\/fr\/entidad\/casa-rural-la-tinaja\/\">Casa Rural Los Tinajones<\/a>\n    <\/h3>\n<\/div>\n    <\/div>\n<\/div><\/article><article class=\"vce-posts-grid-item\"><div class=\"vce-post-description vce-post-description--full vce-post-description--animation\"><a href=\"https:\/\/cyclemadrid.com\/fr\/entidad\/casa-rural-vega-del-tielmes\/\" class=\"vce-post-description-link\" aria-label=\"Casa Rural Vega de Tielmes\"><\/a><div class=\"vce-post-description--background-wrapper-box\">\n    <div class=\"vce-post-description--background-wrapper\">\n        <div class=\"vce-post-description--background\" style=\"background-image: url(https:\/\/cyclemadrid.com\/wp-content\/uploads\/2020\/03\/Captura-de-pantalla-2020-03-24-a-las-11.16.55.png);\"><\/div>\n    <\/div>\n<\/div>\n<div class=\"vce-post-description--content vce-post-description-content--has-title\">\n    <div class=\"vce-post-description--title\">\n    <h3>\n        <a href=\"https:\/\/cyclemadrid.com\/fr\/entidad\/casa-rural-vega-del-tielmes\/\">Casa Rural Vega de Tielmes<\/a>\n    <\/h3>\n<\/div>\n    <\/div>\n<\/div><\/article><\/div><\/div><\/div><\/div><\/div><\/div><\/div><\/div><\/div>\n","protected":false},"excerpt":{"rendered":"<p>Rutas en Bicicleta por MadridLa Comunidad de Madrid re\u00fane todas las condiciones para ofrecer una experiencia cicloturista dise\u00f1ada para satisfacer al p\u00fablico m\u00e1s exigente en la pr\u00e1ctica del turismo en bicicleta.Hay rutas en bicicleta para todo tipo de usuarios (desde rutas por carretera, rutas de Gravel o rutas con bicicleta de monta\u00f1a y tambi\u00e9n rutas&hellip;<\/p>\n","protected":false},"author":3,"featured_media":0,"parent":0,"menu_order":0,"comment_status":"closed","ping_status":"closed","template":"page-templates\/template-full-width.php","meta":{"footnotes":""},"class_list":["post-7407","page","type-page","status-publish","hentry"],"yoast_head":"<!-- This site is optimized with the Yoast SEO plugin v23.9 - https:\/\/yoast.com\/wordpress\/plugins\/seo\/ -->\n<title>\u2713 Las 84 mejores Rutas en Bicicleta | CycleMadrid P\u00e1gina Oficial<\/title>\n<meta name=\"description\" content=\"Descubre las 83 mejores rutas en bicicleta en Madrid y disfruta de la comunidad de Madrid sobre dos ruedas. \u00a1Explora, pedalea y descubre!\" \/>\n<meta name=\"robots\" content=\"index, follow, max-snippet:-1, max-image-preview:large, max-video-preview:-1\" \/>\n<link rel=\"canonical\" href=\"https:\/\/cyclemadrid.com\/fr\/rutas-en-bicicleta\/\" \/>\n<meta property=\"og:locale\" content=\"fr_FR\" \/>\n<meta property=\"og:type\" content=\"article\" \/>\n<meta property=\"og:title\" content=\"\u2713 Las 84 mejores Rutas en Bicicleta | CycleMadrid P\u00e1gina Oficial\" \/>\n<meta property=\"og:description\" content=\"Descubre las 83 mejores rutas en bicicleta en Madrid y disfruta de la comunidad de Madrid sobre dos ruedas. \u00a1Explora, pedalea y descubre!\" \/>\n<meta property=\"og:url\" content=\"https:\/\/cyclemadrid.com\/fr\/rutas-en-bicicleta\/\" \/>\n<meta property=\"og:site_name\" content=\"CycleMadrid P\u00e1gina Oficial\" \/>\n<meta property=\"article:modified_time\" content=\"2026-03-02T13:05:07+00:00\" \/>\n<meta name=\"twitter:card\" content=\"summary_large_image\" \/>\n<meta name=\"twitter:label1\" content=\"Dur\u00e9e de lecture estim\u00e9e\" \/>\n\t<meta name=\"twitter:data1\" content=\"3 minutes\" \/>\n<script type=\"application\/ld+json\" class=\"yoast-schema-graph\">{\"@context\":\"https:\/\/schema.org\",\"@graph\":[{\"@type\":\"WebPage\",\"@id\":\"https:\/\/cyclemadrid.com\/fr\/rutas-en-bicicleta\/\",\"url\":\"https:\/\/cyclemadrid.com\/fr\/rutas-en-bicicleta\/\",\"name\":\"\u2713 Las 84 mejores Rutas en Bicicleta | CycleMadrid P\u00e1gina Oficial\",\"isPartOf\":{\"@id\":\"https:\/\/cyclemadrid.com\/fr\/#website\"},\"datePublished\":\"2025-12-26T11:35:08+00:00\",\"dateModified\":\"2026-03-02T13:05:07+00:00\",\"description\":\"Descubre las 83 mejores rutas en bicicleta en Madrid y disfruta de la comunidad de Madrid sobre dos ruedas. \u00a1Explora, pedalea y descubre!\",\"breadcrumb\":{\"@id\":\"https:\/\/cyclemadrid.com\/fr\/rutas-en-bicicleta\/#breadcrumb\"},\"inLanguage\":\"fr-FR\",\"potentialAction\":[{\"@type\":\"ReadAction\",\"target\":[\"https:\/\/cyclemadrid.com\/fr\/rutas-en-bicicleta\/\"]}]},{\"@type\":\"BreadcrumbList\",\"@id\":\"https:\/\/cyclemadrid.com\/fr\/rutas-en-bicicleta\/#breadcrumb\",\"itemListElement\":[{\"@type\":\"ListItem\",\"position\":1,\"name\":\"Portada\",\"item\":\"https:\/\/cyclemadrid.com\/fr\/\"},{\"@type\":\"ListItem\",\"position\":2,\"name\":\"Rutas en Bicicleta\"}]},{\"@type\":\"WebSite\",\"@id\":\"https:\/\/cyclemadrid.com\/fr\/#website\",\"url\":\"https:\/\/cyclemadrid.com\/fr\/\",\"name\":\"CycleMadrid P\u00e1gina Oficial\",\"description\":\"P\u00e1gina Oficial de CycleMadrid | Tus rutas de Cicloturismo en la Comunidad de Madrid\",\"publisher\":{\"@id\":\"https:\/\/cyclemadrid.com\/fr\/#organization\"},\"potentialAction\":[{\"@type\":\"SearchAction\",\"target\":{\"@type\":\"EntryPoint\",\"urlTemplate\":\"https:\/\/cyclemadrid.com\/fr\/?s={search_term_string}\"},\"query-input\":{\"@type\":\"PropertyValueSpecification\",\"valueRequired\":true,\"valueName\":\"search_term_string\"}}],\"inLanguage\":\"fr-FR\"},{\"@type\":\"Organization\",\"@id\":\"https:\/\/cyclemadrid.com\/fr\/#organization\",\"name\":\"Cyclemadrid\",\"url\":\"https:\/\/cyclemadrid.com\/fr\/\",\"logo\":{\"@type\":\"ImageObject\",\"inLanguage\":\"fr-FR\",\"@id\":\"https:\/\/cyclemadrid.com\/fr\/#\/schema\/logo\/image\/\",\"url\":\"https:\/\/cyclemadrid.com\/wp-content\/uploads\/2023\/07\/cyclemadrid.png\",\"contentUrl\":\"https:\/\/cyclemadrid.com\/wp-content\/uploads\/2023\/07\/cyclemadrid.png\",\"width\":32,\"height\":32,\"caption\":\"Cyclemadrid\"},\"image\":{\"@id\":\"https:\/\/cyclemadrid.com\/fr\/#\/schema\/logo\/image\/\"}}]}<\/script>\n<!-- \/ Yoast SEO plugin. -->","yoast_head_json":{"title":"\u2713 Las 84 mejores Rutas en Bicicleta | CycleMadrid P\u00e1gina Oficial","description":"Descubre las 83 mejores rutas en bicicleta en Madrid y disfruta de la comunidad de Madrid sobre dos ruedas. \u00a1Explora, pedalea y descubre!","robots":{"index":"index","follow":"follow","max-snippet":"max-snippet:-1","max-image-preview":"max-image-preview:large","max-video-preview":"max-video-preview:-1"},"canonical":"https:\/\/cyclemadrid.com\/fr\/rutas-en-bicicleta\/","og_locale":"fr_FR","og_type":"article","og_title":"\u2713 Las 84 mejores Rutas en Bicicleta | CycleMadrid P\u00e1gina Oficial","og_description":"Descubre las 83 mejores rutas en bicicleta en Madrid y disfruta de la comunidad de Madrid sobre dos ruedas. \u00a1Explora, pedalea y descubre!","og_url":"https:\/\/cyclemadrid.com\/fr\/rutas-en-bicicleta\/","og_site_name":"CycleMadrid P\u00e1gina Oficial","article_modified_time":"2026-03-02T13:05:07+00:00","twitter_card":"summary_large_image","twitter_misc":{"Dur\u00e9e de lecture estim\u00e9e":"3 minutes"},"schema":{"@context":"https:\/\/schema.org","@graph":[{"@type":"WebPage","@id":"https:\/\/cyclemadrid.com\/fr\/rutas-en-bicicleta\/","url":"https:\/\/cyclemadrid.com\/fr\/rutas-en-bicicleta\/","name":"\u2713 Las 84 mejores Rutas en Bicicleta | CycleMadrid P\u00e1gina Oficial","isPartOf":{"@id":"https:\/\/cyclemadrid.com\/fr\/#website"},"datePublished":"2025-12-26T11:35:08+00:00","dateModified":"2026-03-02T13:05:07+00:00","description":"Descubre las 83 mejores rutas en bicicleta en Madrid y disfruta de la comunidad de Madrid sobre dos ruedas. \u00a1Explora, pedalea y descubre!","breadcrumb":{"@id":"https:\/\/cyclemadrid.com\/fr\/rutas-en-bicicleta\/#breadcrumb"},"inLanguage":"fr-FR","potentialAction":[{"@type":"ReadAction","target":["https:\/\/cyclemadrid.com\/fr\/rutas-en-bicicleta\/"]}]},{"@type":"BreadcrumbList","@id":"https:\/\/cyclemadrid.com\/fr\/rutas-en-bicicleta\/#breadcrumb","itemListElement":[{"@type":"ListItem","position":1,"name":"Portada","item":"https:\/\/cyclemadrid.com\/fr\/"},{"@type":"ListItem","position":2,"name":"Rutas en Bicicleta"}]},{"@type":"WebSite","@id":"https:\/\/cyclemadrid.com\/fr\/#website","url":"https:\/\/cyclemadrid.com\/fr\/","name":"CycleMadrid P\u00e1gina Oficial","description":"P\u00e1gina Oficial de CycleMadrid | Tus rutas de Cicloturismo en la Comunidad de Madrid","publisher":{"@id":"https:\/\/cyclemadrid.com\/fr\/#organization"},"potentialAction":[{"@type":"SearchAction","target":{"@type":"EntryPoint","urlTemplate":"https:\/\/cyclemadrid.com\/fr\/?s={search_term_string}"},"query-input":{"@type":"PropertyValueSpecification","valueRequired":true,"valueName":"search_term_string"}}],"inLanguage":"fr-FR"},{"@type":"Organization","@id":"https:\/\/cyclemadrid.com\/fr\/#organization","name":"Cyclemadrid","url":"https:\/\/cyclemadrid.com\/fr\/","logo":{"@type":"ImageObject","inLanguage":"fr-FR","@id":"https:\/\/cyclemadrid.com\/fr\/#\/schema\/logo\/image\/","url":"https:\/\/cyclemadrid.com\/wp-content\/uploads\/2023\/07\/cyclemadrid.png","contentUrl":"https:\/\/cyclemadrid.com\/wp-content\/uploads\/2023\/07\/cyclemadrid.png","width":32,"height":32,"caption":"Cyclemadrid"},"image":{"@id":"https:\/\/cyclemadrid.com\/fr\/#\/schema\/logo\/image\/"}}]}},"_links":{"self":[{"href":"https:\/\/cyclemadrid.com\/fr\/wp-json\/wp\/v2\/pages\/7407","targetHints":{"allow":["GET"]}}],"collection":[{"href":"https:\/\/cyclemadrid.com\/fr\/wp-json\/wp\/v2\/pages"}],"about":[{"href":"https:\/\/cyclemadrid.com\/fr\/wp-json\/wp\/v2\/types\/page"}],"author":[{"embeddable":true,"href":"https:\/\/cyclemadrid.com\/fr\/wp-json\/wp\/v2\/users\/3"}],"replies":[{"embeddable":true,"href":"https:\/\/cyclemadrid.com\/fr\/wp-json\/wp\/v2\/comments?post=7407"}],"version-history":[{"count":10,"href":"https:\/\/cyclemadrid.com\/fr\/wp-json\/wp\/v2\/pages\/7407\/revisions"}],"predecessor-version":[{"id":7601,"href":"https:\/\/cyclemadrid.com\/fr\/wp-json\/wp\/v2\/pages\/7407\/revisions\/7601"}],"wp:attachment":[{"href":"https:\/\/cyclemadrid.com\/fr\/wp-json\/wp\/v2\/media?parent=7407"}],"curies":[{"name":"wp","href":"https:\/\/api.w.org\/{rel}","templated":true}]}}