

{"id":6367,"date":"2023-12-18T16:46:45","date_gmt":"2023-12-18T15:46:45","guid":{"rendered":"https:\/\/cyclemadrid.com\/rutas\/veloroute-de-villarejo-de-salvanes-a-nuevo-baztan\/"},"modified":"2023-12-18T16:46:45","modified_gmt":"2023-12-18T15:46:45","slug":"veloroute-de-villarejo-de-salvanes-a-nuevo-baztan","status":"publish","type":"rutas","link":"https:\/\/cyclemadrid.com\/fr\/rutas\/veloroute-de-villarejo-de-salvanes-a-nuevo-baztan\/","title":{"rendered":"V\u00e9loroute de Villarejo de Salvan\u00e9s \u00e0 Nuevo Bazt\u00e1n"},"content":{"rendered":"<div class=\"vce-row-container\"><div class=\"vce-row vce-row--col-gap-30 vce-row-equal-height vce-row-content--top\" data-vce-full-width=\"true\" id=\"el-c3da2542\" data-vce-do-apply=\"all el-c3da2542\"><div class=\"vce-row-content\" data-vce-element-content=\"true\"><div class=\"vce-col vce-col--md-auto vce-col--xs-1 vce-col--xs-last vce-col--xs-first vce-col--sm-last vce-col--sm-first vce-col--md-last vce-col--lg-last vce-col--xl-last vce-col--md-first vce-col--lg-first vce-col--xl-first\" id=\"el-32d13a47\"><div class=\"vce-col-inner\" data-vce-do-apply=\"border margin background el-32d13a47\"><div class=\"vce-col-content\" data-vce-element-content=\"true\" data-vce-do-apply=\"padding el-32d13a47\"><div class=\"vce-simple-image-slider\" style=\"--backgroundPosition:center center; --pointerColor:#fff; --pointerColorHover:#fd9a00;\"><div class=\"vce-simple-image-slider-wrapper vce\" id=\"el-09d7373e\" data-vce-do-apply=\"all el-09d7373e\"><div class=\"vce-simple-image-slider-helper vce-simple-image-slider-aspect-ratio--16-9\"><div class=\"vce-simple-image-slider-list\" data-slick-autoplay=\"on\" data-slick-autoplay-delay=\"5000\" data-slick-effect=\"slideIn\" data-slick-dots=\"on\" data-slick-arrows=\"off\"><div class=\"slick-list\"><div class=\"slick-track\"><div class=\"vce-simple-image-slider-item vc-slick-item\"><div style=\"background-image:url(https:\/\/cyclemadrid.com\/wp-content\/uploads\/2023\/05\/Nuevo_Baztan-Villarejo_de_Salvanes_02.webp)\" class=\"vce-simple-image-slider-img vce-simple-image-slider-img--scale\"><img decoding=\"async\" class=\"\" src=\"https:\/\/cyclemadrid.com\/wp-content\/uploads\/2023\/05\/Nuevo_Baztan-Villarejo_de_Salvanes_02.webp\" style=\"opacity:0\" alt=\"\"><\/div><\/div><\/div><\/div><\/div><div class=\"vce-simple-image-slider-dots\"><\/div><\/div><\/div><\/div><\/div><\/div><\/div><\/div><\/div><\/div><div class=\"vce-row-container\" data-vce-boxed-width=\"true\"><div class=\"vce-row vce-row--col-gap-30 vce-row-equal-height vce-row-content--top\" id=\"el-18ed8ab7\" data-vce-do-apply=\"all el-18ed8ab7\"><div class=\"vce-content-background-container\"><\/div><div class=\"vce-row-content\" data-vce-element-content=\"true\"><div class=\"vce-col vce-col--md-auto vce-col--xs-1 vce-col--xs-last vce-col--xs-first vce-col--sm-last vce-col--sm-first vce-col--md-last vce-col--lg-last vce-col--xl-last vce-col--md-first vce-col--lg-first vce-col--xl-first\" id=\"el-7fe7c98d\"><div class=\"vce-col-inner\" data-vce-do-apply=\"border margin background el-7fe7c98d\"><div class=\"vce-col-content\" data-vce-element-content=\"true\" data-vce-do-apply=\"padding el-7fe7c98d\"><div class=\"vce-google-fonts-heading vce-google-fonts-heading--align-left vce-google-fonts-heading--color-empty--45--5C00FF--FF7200 vce-google-fonts-heading--font-family-Montserrat\"><div class=\"vce-google-fonts-heading-wrapper\"><div class=\"vce-google-fonts-heading--background vce\" id=\"el-ec585f5f\" data-vce-do-apply=\"border background padding margin el-ec585f5f\"><h1 class=\"vce-google-fonts-heading-inner\" style=\"line-height: 1.2; font-weight: 600; font-style: normal;\">V\u00e9loroute de Villarejo de Salvan\u00e9s \u00e0 Nuevo Bazt\u00e1n<\/h1><\/div><\/div><\/div><div class=\"vce vce-separator-container vce-separator--align-left vce-separator--style-solid\" id=\"el-3bf5f8ff\" data-vce-do-apply=\"margin el-3bf5f8ff\"><div class=\"vce-separator vce-separator--color-b-245-232-81 vce-separator--width-8 vce-separator--thickness-5\" data-vce-do-apply=\"border padding background el-3bf5f8ff\"><\/div><\/div><div class=\"vce-google-fonts-heading vce-google-fonts-heading--align-left vce-google-fonts-heading--color-empty--45--5C00FF--FF7200 vce-google-fonts-heading--font-family-Montserrat\"><div class=\"vce-google-fonts-heading-wrapper\"><div class=\"vce-google-fonts-heading--background vce\" id=\"el-edda7914\" data-vce-do-apply=\"border background padding margin el-edda7914\"><h2 class=\"vce-google-fonts-heading-inner\" style=\"font-size: 18px; line-height: 1.2; font-weight: 400; font-style: normal;\">VILLAREJO DE SALVAN\u00c9S A NUEVO BAZT\u00c1N<\/h2><\/div><\/div><\/div><div class=\"vce-text-block\"><div class=\"vce-text-block-wrapper vce\" id=\"el-56bb3a48\" data-vce-do-apply=\"all el-56bb3a48\"><p><strong>Par La Alcarria \u00e0 Madrid en direction du Palacio de Goyeneche.<\/strong><br><br>Si vous souhaitez d\u00e9couvrir la diversit\u00e9 des paysages de la r\u00e9gion de Madrid, cet itin\u00e9raire est fait pour vous : cultures s\u00e8ches, oliveraies, prairies fluviales et ville monumentale.<br><br>Pour quitter Villarejo de Salvan\u00e9s, prendre la direction de la Calle Mayor. La route qui m\u00e8ne \u00e0 Caraba\u00f1a traverse des oliveraies et des vignobles. Depuis Caraba\u00f1a, elle continue le long des rives du Taju\u00f1a, en passant par Orusco del Taju\u00f1a jusqu'\u00e0 Ambite.<br><br>D'Ambite \u00e0 Olmeda de las Fuentes, il y a une bonne mont\u00e9e. Elle est courte, mais prononc\u00e9e. Ne vous \u00e9nervez pas, surtout lorsqu'il fait chaud. Vous escaladez la lande. Ces landes situ\u00e9es dans le sud-est de la Communaut\u00e9 de Madrid sont des paysages uniques qui abritent des \u00e9cosyst\u00e8mes tr\u00e8s divers, pr\u00e9cieux et int\u00e9ressants. Profitez-en.<br><br>Il se poursuit ensuite jusqu'\u00e0 Nuevo Bazt\u00e1n. Vous serez surpris par la taille et la pr\u00e9sence monumentale du palais Goyeneche.<\/p><\/div><\/div><\/div><\/div><\/div><\/div><\/div><\/div><div class=\"vce-row-container\" data-vce-boxed-width=\"true\"><div class=\"vce-row vce-row--col-gap-30 vce-row-equal-height vce-row-content--top\" id=\"el-fe7fe90a\" data-vce-do-apply=\"all el-fe7fe90a\"><div class=\"vce-content-background-container\"><\/div><div class=\"vce-row-content\" data-vce-element-content=\"true\"><div class=\"vce-col vce-col--md-25p vce-col--xs-1 vce-col--xs-last vce-col--xs-first vce-col--sm-last vce-col--sm-first vce-col--md-first vce-col--lg-first vce-col--xl-first\" id=\"el-ab435080\"><div class=\"vce-col-inner\" data-vce-do-apply=\"border margin background el-ab435080\"><div class=\"vce-col-content\" data-vce-element-content=\"true\" data-vce-do-apply=\"padding el-ab435080\"><div class=\"vce-google-fonts-heading vce-google-fonts-heading--align-left vce-google-fonts-heading--color-empty--45--5C00FF--FF7200 vce-google-fonts-heading--font-family-Montserrat\"><div class=\"vce-google-fonts-heading-wrapper\"><div class=\"vce-google-fonts-heading--background vce\" id=\"el-c253a83e\" data-vce-do-apply=\"border background padding margin el-c253a83e\"><h4 class=\"vce-google-fonts-heading-inner\" style=\"line-height: 1.2; font-weight: 600; font-style: normal;\">DONN\u00c9ES TECHNIQUES<\/h4><\/div><\/div><\/div><div class=\"vce vce-separator-container vce-separator--align-left vce-separator--style-solid\" id=\"el-6f9f38d5\" data-vce-do-apply=\"margin el-6f9f38d5\"><div class=\"vce-separator vce-separator--color-b-245-232-81 vce-separator--width-100 vce-separator--thickness-1\" data-vce-do-apply=\"border padding background el-6f9f38d5\"><\/div><\/div><div class=\"vce-text-block\"><div class=\"vce-text-block-wrapper vce\" id=\"el-5a5e48a5\" data-vce-do-apply=\"all el-5a5e48a5\"><p><span style=\"font-size: 12pt;\"> <strong><img loading=\"lazy\" decoding=\"async\" class=\"alignnone wp-image-3380\" src=\"https:\/\/cyclemadrid.com\/wp-content\/uploads\/2021\/04\/iconos-distancia.png\" alt=\"\" width=\"21\" height=\"19\"> Distance :<\/strong> 38.21 km<\/span><\/p><p><span style=\"font-size: 12pt;\"> <strong><img loading=\"lazy\" decoding=\"async\" class=\"alignnone wp-image-3378\" src=\"https:\/\/cyclemadrid.com\/wp-content\/uploads\/2021\/04\/iconos-desnivel-positivo.png\" alt=\"\" width=\"21\" height=\"19\"> D\u00e9nivel\u00e9 positif :<\/strong> 463 m<\/span><\/p><p><span style=\"font-size: 12pt;\"> <strong><img loading=\"lazy\" decoding=\"async\" class=\"alignnone wp-image-3376\" src=\"https:\/\/cyclemadrid.com\/wp-content\/uploads\/2021\/04\/iconos-desnivel-negativo.png\" alt=\"\" width=\"21\" height=\"19\"> D\u00e9nivel\u00e9 n\u00e9gatif :<\/strong> 391 m<\/span><\/p><p><span style=\"font-size: 12pt;\"><strong><img loading=\"lazy\" decoding=\"async\" class=\"alignnone wp-image-3383\" src=\"https:\/\/cyclemadrid.com\/wp-content\/uploads\/2021\/04\/iconos-tiempo.png\" alt=\"\" width=\"21\" height=\"19\">  Le temps :<\/strong>&nbsp;<\/span><\/p><p><span style=\"font-size: 12pt;\"> <span style=\"font-weight: 400; font-style: normal;\">\n  <strong><img loading=\"lazy\" decoding=\"async\" class=\"alignnone wp-image-3364\" src=\"https:\/\/cyclemadrid.com\/wp-content\/uploads\/2021\/04\/icono-dificultad.png\" alt=\"\" width=\"21\" height=\"19\"> Difficult\u00e9 :<\/strong>\n<\/span> Mod\u00e9r\u00e9e<\/span><\/p><p><span style=\"font-size: 12pt;\"> <span style=\"font-weight: 400; font-style: normal;\">\n  <strong><img loading=\"lazy\" decoding=\"async\" class=\"alignnone wp-image-3372\" src=\"https:\/\/cyclemadrid.com\/wp-content\/uploads\/2021\/04\/iconos-altura-maxima.png\" alt=\"\" width=\"21\" height=\"19\"> Hauteur maximale :<\/strong>\n<\/span> 856 m<\/span><\/p><p><span style=\"font-size: 12pt;\"> <span style=\"font-weight: 400; font-style: normal;\">\n  <strong><img loading=\"lazy\" decoding=\"async\" class=\"alignnone wp-image-3374\" src=\"https:\/\/cyclemadrid.com\/wp-content\/uploads\/2021\/04\/iconos-altura-minima.png\" alt=\"\" width=\"21\" height=\"19\"> Hauteur minimale :<\/strong>\n<\/span> 593 m<\/span><\/p><p><span style=\"font-size: 12pt;\"> <span style=\"font-weight: 400; font-style: normal;\">\n  <strong><img loading=\"lazy\" decoding=\"async\" class=\"alignnone wp-image-3370\" src=\"https:\/\/cyclemadrid.com\/wp-content\/uploads\/2021\/04\/icono-ruta-circular.png\" alt=\"\" width=\"21\" height=\"19\"> Itin\u00e9raire circulaire :<\/strong>\n<\/span> Non<\/span><\/p><\/div><\/div><div class=\"vce-button--style-basic-container vce-button--style-basic-container--align-left\"><span class=\"vce-button--style-basic-wrapper vce\" id=\"el-ad181e51\" data-vce-do-apply=\"margin el-ad181e51\"><a class=\"vce-button vce-button--style-basic vce-button--style-basic--border-rounded vce-button--style-basic--size-medium vce-button--style-basic--color-b-245-232-81--b-33-33-33\" href=\"https:\/\/cyclemadrid.com\/wp-content\/uploads\/gpx\/villarejo-de-salvanes-a-nuevo-baztan.gpx\" title=\"\" data-vce-do-apply=\"padding border background el-ad181e51\">T\u00e9l\u00e9charger la piste<\/a><\/span><\/div><div class=\"vce-google-fonts-heading vce-google-fonts-heading--align-left vce-google-fonts-heading--color-empty--45--5C00FF--FF7200 vce-google-fonts-heading--font-family-Montserrat\"><div class=\"vce-google-fonts-heading-wrapper\"><div class=\"vce-google-fonts-heading--background vce\" id=\"el-483a0d22\" data-vce-do-apply=\"border background padding margin el-483a0d22\"><h5 class=\"vce-google-fonts-heading-inner\" style=\"line-height: 1.2; font-weight: 600; font-style: normal;\">Partager<\/h5><\/div><\/div><\/div><div id=\"el-8fea5352\" class=\"\"><div class=\"vce vce-add-to-any-share-buttons\" data-vce-do-apply=\"all el-8fea5352\"><div class=\"addtoany_shortcode\"><div class=\"a2a_kit a2a_kit_size_32 addtoany_list\" data-a2a-url=\"https:\/\/cyclemadrid.com\/fr\/rutas\/veloroute-de-villarejo-de-salvanes-a-nuevo-baztan\/\" data-a2a-title=\"V\u00e9loroute de Villarejo de Salvan\u00e9s \u00e0 Nuevo Bazt\u00e1n\"><a class=\"a2a_button_facebook\" href=\"https:\/\/www.addtoany.com\/add_to\/facebook?linkurl=https%3A%2F%2Fcyclemadrid.com%2Ffr%2Frutas%2Fveloroute-de-villarejo-de-salvanes-a-nuevo-baztan%2F&amp;linkname=V%C3%A9loroute%20de%20Villarejo%20de%20Salvan%C3%A9s%20%C3%A0%20Nuevo%20Bazt%C3%A1n\" title=\"Facebook\" rel=\"nofollow noopener\" target=\"_blank\"><\/a><a class=\"a2a_button_x\" href=\"https:\/\/www.addtoany.com\/add_to\/x?linkurl=https%3A%2F%2Fcyclemadrid.com%2Ffr%2Frutas%2Fveloroute-de-villarejo-de-salvanes-a-nuevo-baztan%2F&amp;linkname=V%C3%A9loroute%20de%20Villarejo%20de%20Salvan%C3%A9s%20%C3%A0%20Nuevo%20Bazt%C3%A1n\" title=\"X\" rel=\"nofollow noopener\" target=\"_blank\"><\/a><a class=\"a2a_button_email\" href=\"https:\/\/www.addtoany.com\/add_to\/email?linkurl=https%3A%2F%2Fcyclemadrid.com%2Ffr%2Frutas%2Fveloroute-de-villarejo-de-salvanes-a-nuevo-baztan%2F&amp;linkname=V%C3%A9loroute%20de%20Villarejo%20de%20Salvan%C3%A9s%20%C3%A0%20Nuevo%20Bazt%C3%A1n\" title=\"Email\" rel=\"nofollow noopener\" target=\"_blank\"><\/a><a class=\"a2a_dd addtoany_share_save addtoany_share\" href=\"https:\/\/www.addtoany.com\/share\"><\/a><\/div><\/div><\/div><\/div><\/div><\/div><\/div><div class=\"vce-col vce-col--md-75p vce-col--xs-1 vce-col--xs-last vce-col--xs-first vce-col--sm-last vce-col--sm-first vce-col--md-last vce-col--lg-last vce-col--xl-last\" id=\"el-32ca245e\"><div class=\"vce-col-inner\" data-vce-do-apply=\"border margin background el-32ca245e\"><div class=\"vce-col-content\" data-vce-element-content=\"true\" data-vce-do-apply=\"padding el-32ca245e\"><div class=\"vce-shortcode\"><div class=\"vce-shortcode-wrapper vce\" id=\"el-3db6bbf4\" data-vce-do-apply=\"all el-3db6bbf4\">\n\n\t\t\t\t<div id=\"map_ol3js_1\" class=\"map undefined\" data-map_name=\"undefined\" data-map=\"map_ol3js_1\" style=\"width:100%; max-width:100%; height:450px; display:block; overflow:hidden;border:thin solid green; background-image: url(https:\/\/cyclemadrid.com\/wp-content\/plugins\/osm\/GDPR_bckgrnd.png); background-repeat: no-repeat; background-position: center; position: relative;\" >\n\t\t\t\t  <div id=\"map_ol3js_1_popup\" class=\"ol-popup\" >\n\t\t\t\t\t<a href=\"#\" id=\"map_ol3js_1_popup-closer\" class=\"ol-popup-closer\"><\/a>\n\t\t\t\t\t<div id=\"map_ol3js_1_popup-content\" ><\/div>\n\t\t\t\t  <\/div>\n\t\t\t\t<\/div>\n\t\t\t\n\n\t\t\t\t<script type=\"text\/javascript\">\n\t\t\t\t\ttranslations['openlayer'] = \"open layer\";\n\t\t\t\t\ttranslations['openlayerAtStartup'] = \"open layer at startup\";\n\t\t\t\t\ttranslations['generateLink'] = \"link to this map with opened layers\";\n\t\t\t\t\ttranslations['shortDescription'] = \"short description\";\n\t\t\t\t\ttranslations['generatedShortCode'] = \"to get a text control link paste this code in your wordpress editor\";\n\t\t\t\t\ttranslations['closeLayer'] = \"close layer\";\n\t\t\t\t\ttranslations['cantGenerateLink'] = \"put this string in the existing map short code to control this map\";\n\t\t\t  <\/script>\n\n\n\t\t\t  <script type=\"text\/javascript\">\n\t\t\t  vectorM['map_ol3js_1'] = [];\n\t        \n        var raster = getTileLayer(\"opentopomap\",\"NoKey\");\t\t\t\n\n\t\t\t  var map_ol3js_1 = new ol.Map({\n\t\t\t\tinteractions: ol.interaction.defaults.defaults({mouseWheelZoom:false}),\n\t\t\t\tlayers: [raster],\n\t\t\t\ttarget: \"map_ol3js_1\",\n\t\t\t\tview: new ol.View({\n\t\t\t\t  center: ol.proj.transform([6.378,58.213], \"EPSG:4326\", \"EPSG:3857\"),\n\t\t\t\t  zoom: 9\n\t\t\t\t})\n\t\t\t  });\n\t\t\t  \n    var style0 = {\n      \"Point\": [new ol.style.Style({\n\n          image: new ol.style.Icon({\n            anchor: [0.5, 41],\n            anchorXUnits: \"fraction\",\n            anchorYUnits: \"pixels\",\n            opacity: 0.75,\n            src: \"https:\/\/cyclemadrid.com\/wp-content\/plugins\/osm\/icons\/mic_green_pinother_02.png\"\n          })\n      })],\n\n      \"LineString\": [new ol.style.Style({\n        stroke: new ol.style.Stroke({\n          color: \"green\",\n          width: 8\n        })\n      })],\n      \"MultiLineString\": [new ol.style.Style({\n        stroke: new ol.style.Stroke({\n          color: \"green\",\n          width: 4\n        })\n      })]\n    };\n\t\t  var vectorL0 = new ol.layer.Vector({\n\t\t\t\tsource: new ol.source.Vector({\n\t\t\t\turl:\"\/wp-content\/uploads\/gpx\/villarejo-de-salvanes-a-nuevo-baztan.gpx\",\n\t\t\t\tformat: new ol.format.GPX({\n\t\t\t\t\textractStyles: false\n\t\t\t\t})\n\t\t\t}),\n\t\t\tzIndex: 92,\n\t\t\tstyle: function(feature, resolution) {return style0[feature.getGeometry().getType()];}\n\t\t  });\n\t\t  map_ol3js_1.addLayer(vectorL0);\n      var extension1 = ol.extent.createEmpty();\n      var curZoom1 = map_ol3js_1.getView().getZoom();\n\n      map_ol3js_1.getLayers().forEach(function(layer){\n         if(!layer.get(\"id\")) {     \n            layer.once(\"change\", function(e){\n               ol.extent.extend(extension1, (layer.getSource().getExtent()));\n               map_ol3js_1.getView().fit(extension1, {padding: [50, 50, 50, 50]});\n            });\n         }\n      });\n\n    \naddControls2Map(map_ol3js_1,0,0,3,1,5,6,7,0,1);\nosm_addPopupClickhandler(map_ol3js_1,  \"map_ol3js_1\"); \nosm_addMouseHover(map_ol3js_1); <\/script><\/div><\/div><\/div><\/div><\/div><\/div><\/div><\/div><div class=\"vce-row-container\" data-vce-boxed-width=\"true\"><div class=\"vce-row vce-row--col-gap-30 vce-row-equal-height vce-row-content--top\" id=\"el-37b34795\" data-vce-do-apply=\"all el-37b34795\"><div class=\"vce-content-background-container\"><\/div><div class=\"vce-row-content\" data-vce-element-content=\"true\"><div class=\"vce-col vce-col--md-auto vce-col--xs-1 vce-col--xs-last vce-col--xs-first vce-col--sm-last vce-col--sm-first vce-col--md-last vce-col--lg-last vce-col--xl-last vce-col--md-first vce-col--lg-first vce-col--xl-first\" id=\"el-996ac3fd\"><div class=\"vce-col-inner\" data-vce-do-apply=\"border margin background el-996ac3fd\"><div class=\"vce-col-content\" data-vce-element-content=\"true\" data-vce-do-apply=\"padding el-996ac3fd\"><div class=\"vce-google-fonts-heading vce-google-fonts-heading--align-left vce-google-fonts-heading--color-empty--45--5C00FF--FF7200 vce-google-fonts-heading--font-family-Montserrat\"><div class=\"vce-google-fonts-heading-wrapper\"><div class=\"vce-google-fonts-heading--background vce\" id=\"el-4ffde911\" data-vce-do-apply=\"border background padding margin el-4ffde911\"><h2 class=\"vce-google-fonts-heading-inner\" style=\"line-height: 1.2; font-weight: 600; font-style: normal;\">Photos de la piste cyclable de Villarejo de Salvan\u00e9s \u00e0 Nuevo Bazt\u00e1n<\/h2><\/div><\/div><\/div><div class=\"vce vce-separator-container vce-separator--align-left vce-separator--style-solid\" id=\"el-2386d217\" data-vce-do-apply=\"margin el-2386d217\"><div class=\"vce-separator vce-separator--color-b-245-232-81 vce-separator--width-8 vce-separator--thickness-5\" data-vce-do-apply=\"border padding background el-2386d217\"><\/div><\/div><div class=\"vce-image-gallery vce-image-gallery--gap-10 vce-image-gallery--columns-6\" data-photoswipe-gallery=\"35c9e608\"><div class=\"vce-image-gallery-wrapper vce\" id=\"el-35c9e608\" data-vce-do-apply=\"all el-35c9e608\"><div class=\"vce-image-gallery-list\"><div class=\"vce-image-gallery-item\" data-photoswipe-item=\"photoswipe-35c9e608\"><figure class=\"vce-image-gallery-item-inner-wrapper\"><a href=\"https:\/\/cyclemadrid.com\/wp-content\/uploads\/2023\/05\/Nuevo_Baztan-Villarejo_de_Salvanes_05.webp\" data-photoswipe-image=\"35c9e608\" data-photoswipe-index=\"0\" class=\"vce-image-gallery-item-inner\" data-pswp-uid=\"1\"><img decoding=\"async\" class=\"vce-image-gallery-img vce-image-gallery-img--orientation-portrait\" src=\"https:\/\/cyclemadrid.com\/wp-content\/uploads\/2023\/05\/Nuevo_Baztan-Villarejo_de_Salvanes_05.webp\" alt=\"\" title=\"Nuevo Baztan Villarejo De Salvanes 05\"><\/a><\/figure><\/div><div class=\"vce-image-gallery-item\" data-photoswipe-item=\"photoswipe-35c9e608\"><figure class=\"vce-image-gallery-item-inner-wrapper\"><a href=\"https:\/\/cyclemadrid.com\/wp-content\/uploads\/2023\/05\/Nuevo_Baztan-Villarejo_de_Salvanes_04.webp\" data-photoswipe-image=\"35c9e608\" data-photoswipe-index=\"1\" class=\"vce-image-gallery-item-inner\" data-pswp-uid=\"2\"><img decoding=\"async\" class=\"vce-image-gallery-img\" src=\"https:\/\/cyclemadrid.com\/wp-content\/uploads\/2023\/05\/Nuevo_Baztan-Villarejo_de_Salvanes_04-1024x575.webp\" alt=\"\" title=\"Nuevo Baztan Villarejo De Salvanes 04\"><\/a><\/figure><\/div><div class=\"vce-image-gallery-item\" data-photoswipe-item=\"photoswipe-35c9e608\"><figure class=\"vce-image-gallery-item-inner-wrapper\"><a href=\"https:\/\/cyclemadrid.com\/wp-content\/uploads\/2023\/05\/Nuevo_Baztan-Villarejo_de_Salvanes_03.webp\" data-photoswipe-image=\"35c9e608\" data-photoswipe-index=\"2\" class=\"vce-image-gallery-item-inner\" data-pswp-uid=\"3\"><img decoding=\"async\" class=\"vce-image-gallery-img\" src=\"https:\/\/cyclemadrid.com\/wp-content\/uploads\/2023\/05\/Nuevo_Baztan-Villarejo_de_Salvanes_03-1024x575.webp\" alt=\"\" title=\"Nuevo Baztan Villarejo De Salvanes 03\"><\/a><\/figure><\/div><div class=\"vce-image-gallery-item\" data-photoswipe-item=\"photoswipe-35c9e608\"><figure class=\"vce-image-gallery-item-inner-wrapper\"><a href=\"https:\/\/cyclemadrid.com\/wp-content\/uploads\/2023\/05\/Nuevo_Baztan-Villarejo_de_Salvanes_02.webp\" data-photoswipe-image=\"35c9e608\" data-photoswipe-index=\"3\" class=\"vce-image-gallery-item-inner\" data-pswp-uid=\"4\"><img decoding=\"async\" class=\"vce-image-gallery-img\" src=\"https:\/\/cyclemadrid.com\/wp-content\/uploads\/2023\/05\/Nuevo_Baztan-Villarejo_de_Salvanes_02-1024x575.webp\" alt=\"\" title=\"Nuevo Baztan Villarejo De Salvanes 02\"><\/a><\/figure><\/div><div class=\"vce-image-gallery-item\" data-photoswipe-item=\"photoswipe-35c9e608\"><figure class=\"vce-image-gallery-item-inner-wrapper\"><a href=\"https:\/\/cyclemadrid.com\/wp-content\/uploads\/2023\/05\/Nuevo_Baztan-Villarejo_de_Salvanes_01.webp\" data-photoswipe-image=\"35c9e608\" data-photoswipe-index=\"4\" class=\"vce-image-gallery-item-inner\" data-pswp-uid=\"5\"><img decoding=\"async\" class=\"vce-image-gallery-img\" src=\"https:\/\/cyclemadrid.com\/wp-content\/uploads\/2023\/05\/Nuevo_Baztan-Villarejo_de_Salvanes_01-1024x575.webp\" alt=\"\" title=\"Nuevo Baztan Villarejo De Salvanes 01\"><\/a><\/figure><\/div><\/div><\/div><\/div><div class=\"vce-text-block\"><div class=\"vce-text-block-wrapper vce\" id=\"el-c92bcde7\" data-vce-do-apply=\"all el-c92bcde7\"><\/div><\/div><\/div><\/div><\/div><\/div><\/div><\/div><div class=\"vce-row-container\"><div class=\"vce-row vce-element--has-background vce-row--col-gap-30 vce-row-equal-height vce-row-content--top\" data-vce-full-width=\"true\" id=\"el-6f4ec34b\" data-vce-do-apply=\"all el-6f4ec34b\"><div class=\"vce-content-background-container\"><\/div><div class=\"vce-row-content\" data-vce-element-content=\"true\"><div class=\"vce-col vce-col--md-auto vce-col--xs-1 vce-col--xs-last vce-col--xs-first vce-col--sm-last vce-col--sm-first vce-col--md-last vce-col--lg-last vce-col--xl-last vce-col--md-first vce-col--lg-first vce-col--xl-first\" id=\"el-4ee71e84\"><div class=\"vce-col-inner\" data-vce-do-apply=\"border margin background el-4ee71e84\"><div class=\"vce-col-content\" data-vce-element-content=\"true\" data-vce-do-apply=\"padding el-4ee71e84\"><div class=\"vce-google-fonts-heading vce-google-fonts-heading--align-left vce-google-fonts-heading--color-empty--45--5C00FF--FF7200 vce-google-fonts-heading--font-family-Montserrat\"><div class=\"vce-google-fonts-heading-wrapper\"><div class=\"vce-google-fonts-heading--background vce\" id=\"el-8abb4a64\" data-vce-do-apply=\"border background padding margin el-8abb4a64\"><h2 class=\"vce-google-fonts-heading-inner\" style=\"line-height: 1.2; font-weight: 600; font-style: normal;\">Services de cyclotourisme<\/h2><\/div><\/div><\/div><div class=\"vce vce-separator-container vce-separator--align-left vce-separator--style-solid\" id=\"el-6d8503e9\" data-vce-do-apply=\"margin el-6d8503e9\"><div class=\"vce-separator vce-separator--color-bfc0c1 vce-separator--width-100 vce-separator--thickness-1\" data-vce-do-apply=\"border padding background el-6d8503e9\"><\/div><\/div><div class=\"vce-posts-grid-container view-custom-carrousel\" style=\"--gapPx:10px; --columns:6; --paginationColor:#EEE; --paginationActiveColor:#557CBF; --paginationTextColor:#3d3d3d; --paginationActiveTextColor:#FFF; --paginationHoverColor:#e2e2e2; --paginationActiveHoverColor:#5176b5;\"><div class=\"vce vce-posts-grid-wrapper\" id=\"el-c580e550\" data-vce-do-apply=\"all el-c580e550\"><div class=\"vce-posts-grid-list\"><article class=\"vce-posts-grid-item\"><div class=\"vce-post-description vce-post-description--full vce-post-description--animation\"><a href=\"https:\/\/cyclemadrid.com\/fr\/entidad\/solar-cycle\/\" class=\"vce-post-description-link\" aria-label=\"Solar Cycle\"><\/a><div class=\"vce-post-description--background-wrapper-box\">\n    <div class=\"vce-post-description--background-wrapper\">\n        <div class=\"vce-post-description--background\" style=\"background-image: url(https:\/\/cyclemadrid.com\/wp-content\/uploads\/2023\/11\/Solar-Cycle-2.jpg);\"><\/div>\n    <\/div>\n<\/div>\n<div class=\"vce-post-description--content vce-post-description-content--has-title\">\n    <div class=\"vce-post-description--title\">\n    <h3>\n        <a href=\"https:\/\/cyclemadrid.com\/fr\/entidad\/solar-cycle\/\">Solar Cycle<\/a>\n    <\/h3>\n<\/div>\n    <\/div>\n<\/div><\/article><article class=\"vce-posts-grid-item\"><div class=\"vce-post-description vce-post-description--full vce-post-description--animation\"><a href=\"https:\/\/cyclemadrid.com\/fr\/entidad\/bici-rana\/\" class=\"vce-post-description-link\" aria-label=\"Bici Rana\"><\/a><div class=\"vce-post-description--background-wrapper-box\">\n    <div class=\"vce-post-description--background-wrapper\">\n        <div class=\"vce-post-description--background\" style=\"background-image: url(https:\/\/cyclemadrid.com\/wp-content\/uploads\/2023\/09\/IMG_20230510_115624_009-01.jpeg);\"><\/div>\n    <\/div>\n<\/div>\n<div class=\"vce-post-description--content vce-post-description-content--has-title\">\n    <div class=\"vce-post-description--title\">\n    <h3>\n        <a href=\"https:\/\/cyclemadrid.com\/fr\/entidad\/bici-rana\/\">Bici Rana<\/a>\n    <\/h3>\n<\/div>\n    <\/div>\n<\/div><\/article><article class=\"vce-posts-grid-item\"><div class=\"vce-post-description vce-post-description--full vce-post-description--animation\"><a href=\"https:\/\/cyclemadrid.com\/fr\/entidad\/sierra-norte-de-madrid-centro-de-innovacion-turistica-villa-san-roque\/\" class=\"vce-post-description-link\" aria-label=\"SIERRA NORTE DE MADRID. Centro de Innovaci\u00f3n Tur\u00edstica Villa San Roque\"><\/a><div class=\"vce-post-description--background-wrapper-box\">\n    <div class=\"vce-post-description--background-wrapper\">\n        <div class=\"vce-post-description--background\" style=\"background-image: url(https:\/\/cyclemadrid.com\/wp-content\/uploads\/2020\/11\/P1080392_cedida-por-SNorte.jpg);\"><\/div>\n    <\/div>\n<\/div>\n<div class=\"vce-post-description--content vce-post-description-content--has-title\">\n    <div class=\"vce-post-description--title\">\n    <h3>\n        <a href=\"https:\/\/cyclemadrid.com\/fr\/entidad\/sierra-norte-de-madrid-centro-de-innovacion-turistica-villa-san-roque\/\">SIERRA NORTE DE MADRID. Centro de Innovaci\u00f3n Tur\u00edstica Villa San Roque<\/a>\n    <\/h3>\n<\/div>\n    <\/div>\n<\/div><\/article><article class=\"vce-posts-grid-item\"><div class=\"vce-post-description vce-post-description--full vce-post-description--animation\"><a href=\"https:\/\/cyclemadrid.com\/fr\/entidad\/rent-roll-madrid\/\" class=\"vce-post-description-link\" aria-label=\"Rent & Roll Madrid\"><\/a><div class=\"vce-post-description--background-wrapper-box\">\n    <div class=\"vce-post-description--background-wrapper\">\n        <div class=\"vce-post-description--background\" style=\"background-image: url(https:\/\/cyclemadrid.com\/wp-content\/uploads\/2020\/11\/local.jpg);\"><\/div>\n    <\/div>\n<\/div>\n<div class=\"vce-post-description--content vce-post-description-content--has-title\">\n    <div class=\"vce-post-description--title\">\n    <h3>\n        <a href=\"https:\/\/cyclemadrid.com\/fr\/entidad\/rent-roll-madrid\/\">Rent & Roll Madrid<\/a>\n    <\/h3>\n<\/div>\n    <\/div>\n<\/div><\/article><article class=\"vce-posts-grid-item\"><div class=\"vce-post-description vce-post-description--full vce-post-description--animation\"><a href=\"https:\/\/cyclemadrid.com\/fr\/entidad\/jarama-animacion\/\" class=\"vce-post-description-link\" aria-label=\"Jarama Animaci\u00f3n\"><\/a><div class=\"vce-post-description--background-wrapper-box\">\n    <div class=\"vce-post-description--background-wrapper\">\n        <div class=\"vce-post-description--background\" style=\"background-image: url(https:\/\/cyclemadrid.com\/wp-content\/uploads\/2020\/03\/jarama-animacion.jpg);\"><\/div>\n    <\/div>\n<\/div>\n<div class=\"vce-post-description--content vce-post-description-content--has-title\">\n    <div class=\"vce-post-description--title\">\n    <h3>\n        <a href=\"https:\/\/cyclemadrid.com\/fr\/entidad\/jarama-animacion\/\">Jarama Animaci\u00f3n<\/a>\n    <\/h3>\n<\/div>\n    <\/div>\n<\/div><\/article><article class=\"vce-posts-grid-item\"><div class=\"vce-post-description vce-post-description--full vce-post-description--animation\"><a href=\"https:\/\/cyclemadrid.com\/fr\/entidad\/meridiano-raid\/\" class=\"vce-post-description-link\" aria-label=\"Meridiano Raid\"><\/a><div class=\"vce-post-description--background-wrapper-box\">\n    <div class=\"vce-post-description--background-wrapper\">\n        <div class=\"vce-post-description--background\" style=\"background-image: url(https:\/\/cyclemadrid.com\/wp-content\/uploads\/2020\/03\/MERIADIANO-RAID.jpg);\"><\/div>\n    <\/div>\n<\/div>\n<div class=\"vce-post-description--content vce-post-description-content--has-title\">\n    <div class=\"vce-post-description--title\">\n    <h3>\n        <a href=\"https:\/\/cyclemadrid.com\/fr\/entidad\/meridiano-raid\/\">Meridiano Raid<\/a>\n    <\/h3>\n<\/div>\n    <\/div>\n<\/div><\/article><\/div><\/div><\/div><\/div><\/div><\/div><\/div><\/div><\/div><div class=\"vce-row-container\"><div class=\"vce-row vce-element--has-background vce-row--col-gap-30 vce-row-equal-height vce-row-content--top\" data-vce-full-width=\"true\" id=\"el-c88f610d\" data-vce-do-apply=\"all el-c88f610d\"><div class=\"vce-content-background-container\"><\/div><div class=\"vce-row-content\" data-vce-element-content=\"true\"><div class=\"vce-col vce-col--md-auto vce-col--xs-1 vce-col--xs-last vce-col--xs-first vce-col--sm-last vce-col--sm-first vce-col--md-last vce-col--lg-last vce-col--xl-last vce-col--md-first vce-col--lg-first vce-col--xl-first\" id=\"el-78922121\"><div class=\"vce-col-inner\" data-vce-do-apply=\"border margin background el-78922121\"><div class=\"vce-col-content\" data-vce-element-content=\"true\" data-vce-do-apply=\"padding el-78922121\"><div class=\"vce-google-fonts-heading vce-google-fonts-heading--align-left vce-google-fonts-heading--color-empty--45--5C00FF--FF7200 vce-google-fonts-heading--font-family-Montserrat\"><div class=\"vce-google-fonts-heading-wrapper\"><div class=\"vce-google-fonts-heading--background vce\" id=\"el-6a7e1861\" data-vce-do-apply=\"border background padding margin el-6a7e1861\"><h2 class=\"vce-google-fonts-heading-inner\" style=\"line-height: 1.2; font-weight: 600; font-style: normal;\">O\u00f9 manger<\/h2><\/div><\/div><\/div><div class=\"vce vce-separator-container vce-separator--align-left vce-separator--style-solid\" id=\"el-41b81e93\" data-vce-do-apply=\"margin el-41b81e93\"><div class=\"vce-separator vce-separator--color-bfc0c1 vce-separator--width-100 vce-separator--thickness-1\" data-vce-do-apply=\"border padding background el-41b81e93\"><\/div><\/div><div class=\"vce-posts-grid-container view-custom-carrousel\" style=\"--gapPx:10px; --columns:6; --paginationColor:#EEE; --paginationActiveColor:#557CBF; --paginationTextColor:#3d3d3d; --paginationActiveTextColor:#FFF; --paginationHoverColor:#e2e2e2; --paginationActiveHoverColor:#5176b5;\"><div class=\"vce vce-posts-grid-wrapper\" id=\"el-3ccc5fb9\" data-vce-do-apply=\"all el-3ccc5fb9\"><div class=\"vce-posts-grid-list\"><article class=\"vce-posts-grid-item\"><div class=\"vce-post-description vce-post-description--full vce-post-description--animation\"><a href=\"https:\/\/cyclemadrid.com\/fr\/entidad\/ciclo-lodge-el-nevero\/\" class=\"vce-post-description-link\" aria-label=\"Ciclo Lodge- El Nevero\"><\/a><div class=\"vce-post-description--background-wrapper-box\">\n    <div class=\"vce-post-description--background-wrapper\">\n        <div class=\"vce-post-description--background\" style=\"background-image: url(https:\/\/cyclemadrid.com\/wp-content\/uploads\/2020\/01\/Fachada-Exterior-1.jpg);\"><\/div>\n    <\/div>\n<\/div>\n<div class=\"vce-post-description--content vce-post-description-content--has-title\">\n    <div class=\"vce-post-description--title\">\n    <h3>\n        <a href=\"https:\/\/cyclemadrid.com\/fr\/entidad\/ciclo-lodge-el-nevero\/\">Ciclo Lodge- El Nevero<\/a>\n    <\/h3>\n<\/div>\n    <\/div>\n<\/div><\/article><article class=\"vce-posts-grid-item\"><div class=\"vce-post-description vce-post-description--full vce-post-description--animation\"><a href=\"https:\/\/cyclemadrid.com\/fr\/entidad\/hotel-hacienda-la-coracera\/\" class=\"vce-post-description-link\" aria-label=\"Hotel Hacienda la Coracera\"><\/a><div class=\"vce-post-description--background-wrapper-box\">\n    <div class=\"vce-post-description--background-wrapper\">\n        <div class=\"vce-post-description--background\" style=\"background-image: url(https:\/\/cyclemadrid.com\/wp-content\/uploads\/2020\/03\/ciclistas-coracera_opt.jpg);\"><\/div>\n    <\/div>\n<\/div>\n<div class=\"vce-post-description--content vce-post-description-content--has-title\">\n    <div class=\"vce-post-description--title\">\n    <h3>\n        <a href=\"https:\/\/cyclemadrid.com\/fr\/entidad\/hotel-hacienda-la-coracera\/\">Hotel Hacienda la Coracera<\/a>\n    <\/h3>\n<\/div>\n    <\/div>\n<\/div><\/article><article class=\"vce-posts-grid-item\"><div class=\"vce-post-description vce-post-description--full vce-post-description--animation\"><a href=\"https:\/\/cyclemadrid.com\/fr\/entidad\/1248\/\" class=\"vce-post-description-link\" aria-label=\"Monte Holiday Ecoturismo\"><\/a><div class=\"vce-post-description--background-wrapper-box\">\n    <div class=\"vce-post-description--background-wrapper\">\n        <div class=\"vce-post-description--background\" style=\"background-image: url(https:\/\/cyclemadrid.com\/wp-content\/uploads\/2020\/04\/cabanas-en-arboles-5.jpg);\"><\/div>\n    <\/div>\n<\/div>\n<div class=\"vce-post-description--content vce-post-description-content--has-title\">\n    <div class=\"vce-post-description--title\">\n    <h3>\n        <a href=\"https:\/\/cyclemadrid.com\/fr\/entidad\/1248\/\">Monte Holiday Ecoturismo<\/a>\n    <\/h3>\n<\/div>\n    <\/div>\n<\/div><\/article><article class=\"vce-posts-grid-item\"><div class=\"vce-post-description vce-post-description--full vce-post-description--animation\"><a href=\"https:\/\/cyclemadrid.com\/fr\/entidad\/casa-rural-vega-del-tielmes\/\" class=\"vce-post-description-link\" aria-label=\"Casa Rural Vega de Tielmes\"><\/a><div class=\"vce-post-description--background-wrapper-box\">\n    <div class=\"vce-post-description--background-wrapper\">\n        <div class=\"vce-post-description--background\" style=\"background-image: url(https:\/\/cyclemadrid.com\/wp-content\/uploads\/2020\/03\/Captura-de-pantalla-2020-03-24-a-las-11.16.55.png);\"><\/div>\n    <\/div>\n<\/div>\n<div class=\"vce-post-description--content vce-post-description-content--has-title\">\n    <div class=\"vce-post-description--title\">\n    <h3>\n        <a href=\"https:\/\/cyclemadrid.com\/fr\/entidad\/casa-rural-vega-del-tielmes\/\">Casa Rural Vega de Tielmes<\/a>\n    <\/h3>\n<\/div>\n    <\/div>\n<\/div><\/article><\/div><\/div><\/div><\/div><\/div><\/div><\/div><\/div><\/div><div class=\"vce-row-container\"><div class=\"vce-row vce-element--has-background vce-row--col-gap-30 vce-row-equal-height vce-row-content--top\" data-vce-full-width=\"true\" id=\"el-1d83c8e5\" data-vce-do-apply=\"all el-1d83c8e5\"><div class=\"vce-content-background-container\"><\/div><div class=\"vce-row-content\" data-vce-element-content=\"true\"><div class=\"vce-col vce-col--md-auto vce-col--xs-1 vce-col--xs-last vce-col--xs-first vce-col--sm-last vce-col--sm-first vce-col--md-last vce-col--lg-last vce-col--xl-last vce-col--md-first vce-col--lg-first vce-col--xl-first\" id=\"el-0cbc41ea\"><div class=\"vce-col-inner\" data-vce-do-apply=\"border margin background el-0cbc41ea\"><div class=\"vce-col-content\" data-vce-element-content=\"true\" data-vce-do-apply=\"padding el-0cbc41ea\"><div class=\"vce-google-fonts-heading vce-google-fonts-heading--align-left vce-google-fonts-heading--color-empty--45--5C00FF--FF7200 vce-google-fonts-heading--font-family-Montserrat\"><div class=\"vce-google-fonts-heading-wrapper\"><div class=\"vce-google-fonts-heading--background vce\" id=\"el-96181374\" data-vce-do-apply=\"border background padding margin el-96181374\"><h2 class=\"vce-google-fonts-heading-inner\" style=\"line-height: 1.2; font-weight: 600; font-style: normal;\">O\u00f9 dormir ?<\/h2><\/div><\/div><\/div><div class=\"vce vce-separator-container vce-separator--align-left vce-separator--style-solid\" id=\"el-4541b901\" data-vce-do-apply=\"margin el-4541b901\"><div class=\"vce-separator vce-separator--color-bfc0c1 vce-separator--width-100 vce-separator--thickness-1\" data-vce-do-apply=\"border padding background el-4541b901\"><\/div><\/div><div class=\"vce-posts-grid-container view-custom-carrousel\" style=\"--gapPx:10px; --columns:6; --paginationColor:#EEE; --paginationActiveColor:#557CBF; --paginationTextColor:#3d3d3d; --paginationActiveTextColor:#FFF; --paginationHoverColor:#e2e2e2; --paginationActiveHoverColor:#5176b5;\"><div class=\"vce vce-posts-grid-wrapper\" id=\"el-3555e693\" data-vce-do-apply=\"all el-3555e693\"><div class=\"vce-posts-grid-list\"><article class=\"vce-posts-grid-item\"><div class=\"vce-post-description vce-post-description--full vce-post-description--animation\"><a href=\"https:\/\/cyclemadrid.com\/fr\/entidad\/hotel-el-corzo\/\" class=\"vce-post-description-link\" aria-label=\"Hotel El Corzo\"><\/a><div class=\"vce-post-description--background-wrapper-box\">\n    <div class=\"vce-post-description--background-wrapper\">\n        <div class=\"vce-post-description--background\" style=\"background-image: url(https:\/\/cyclemadrid.com\/wp-content\/uploads\/2020\/03\/Captura-de-pantalla-2020-03-23-a-las-12.14.05.png);\"><\/div>\n    <\/div>\n<\/div>\n<div class=\"vce-post-description--content vce-post-description-content--has-title\">\n    <div class=\"vce-post-description--title\">\n    <h3>\n        <a href=\"https:\/\/cyclemadrid.com\/fr\/entidad\/hotel-el-corzo\/\">Hotel El Corzo<\/a>\n    <\/h3>\n<\/div>\n    <\/div>\n<\/div><\/article><article class=\"vce-posts-grid-item\"><div class=\"vce-post-description vce-post-description--full vce-post-description--animation\"><a href=\"https:\/\/cyclemadrid.com\/fr\/entidad\/alojamientos-estrella-rural\/\" class=\"vce-post-description-link\" aria-label=\"Alojamientos Estrella Rural\"><\/a><div class=\"vce-post-description--background-wrapper-box\">\n    <div class=\"vce-post-description--background-wrapper\">\n        <div class=\"vce-post-description--background\" style=\"background-image: url(https:\/\/cyclemadrid.com\/wp-content\/uploads\/2020\/03\/estrella-rurla-2.png);\"><\/div>\n    <\/div>\n<\/div>\n<div class=\"vce-post-description--content vce-post-description-content--has-title\">\n    <div class=\"vce-post-description--title\">\n    <h3>\n        <a href=\"https:\/\/cyclemadrid.com\/fr\/entidad\/alojamientos-estrella-rural\/\">Alojamientos Estrella Rural<\/a>\n    <\/h3>\n<\/div>\n    <\/div>\n<\/div><\/article><article class=\"vce-posts-grid-item\"><div class=\"vce-post-description vce-post-description--full vce-post-description--animation\"><a href=\"https:\/\/cyclemadrid.com\/fr\/entidad\/ciclo-lodge-el-nevero\/\" class=\"vce-post-description-link\" aria-label=\"Ciclo Lodge- El Nevero\"><\/a><div class=\"vce-post-description--background-wrapper-box\">\n    <div class=\"vce-post-description--background-wrapper\">\n        <div class=\"vce-post-description--background\" style=\"background-image: url(https:\/\/cyclemadrid.com\/wp-content\/uploads\/2020\/01\/Fachada-Exterior-1.jpg);\"><\/div>\n    <\/div>\n<\/div>\n<div class=\"vce-post-description--content vce-post-description-content--has-title\">\n    <div class=\"vce-post-description--title\">\n    <h3>\n        <a href=\"https:\/\/cyclemadrid.com\/fr\/entidad\/ciclo-lodge-el-nevero\/\">Ciclo Lodge- El Nevero<\/a>\n    <\/h3>\n<\/div>\n    <\/div>\n<\/div><\/article><article class=\"vce-posts-grid-item\"><div class=\"vce-post-description vce-post-description--full vce-post-description--animation\"><a href=\"https:\/\/cyclemadrid.com\/fr\/entidad\/asdon-multiaventura\/\" class=\"vce-post-description-link\" aria-label=\"Asd\u00f3n Multiaventura\"><\/a><div class=\"vce-post-description--background-wrapper-box\">\n    <div class=\"vce-post-description--background-wrapper\">\n        <div class=\"vce-post-description--background\" style=\"background-image: url(https:\/\/cyclemadrid.com\/wp-content\/uploads\/2020\/03\/rutas-btt-sierra-madrid-niveles-asdon-aventura.jpg);\"><\/div>\n    <\/div>\n<\/div>\n<div class=\"vce-post-description--content vce-post-description-content--has-title\">\n    <div class=\"vce-post-description--title\">\n    <h3>\n        <a href=\"https:\/\/cyclemadrid.com\/fr\/entidad\/asdon-multiaventura\/\">Asd\u00f3n Multiaventura<\/a>\n    <\/h3>\n<\/div>\n    <\/div>\n<\/div><\/article><article class=\"vce-posts-grid-item\"><div class=\"vce-post-description vce-post-description--full vce-post-description--animation\"><a href=\"https:\/\/cyclemadrid.com\/fr\/entidad\/central-de-reservas-sierra-de-guadarrama\/\" class=\"vce-post-description-link\" aria-label=\"Central de reservas Sierra de Guadarrama\"><\/a><div class=\"vce-post-description--background-wrapper-box\">\n    <div class=\"vce-post-description--background-wrapper\">\n        <div class=\"vce-post-description--background\" style=\"background-image: url(https:\/\/cyclemadrid.com\/wp-content\/uploads\/2020\/03\/CYCLA16.jpg);\"><\/div>\n    <\/div>\n<\/div>\n<div class=\"vce-post-description--content vce-post-description-content--has-title\">\n    <div class=\"vce-post-description--title\">\n    <h3>\n        <a href=\"https:\/\/cyclemadrid.com\/fr\/entidad\/central-de-reservas-sierra-de-guadarrama\/\">Central de reservas Sierra de Guadarrama<\/a>\n    <\/h3>\n<\/div>\n    <\/div>\n<\/div><\/article><article class=\"vce-posts-grid-item\"><div class=\"vce-post-description vce-post-description--full vce-post-description--animation\"><a href=\"https:\/\/cyclemadrid.com\/fr\/entidad\/casas-rurales-el-bulin\/\" class=\"vce-post-description-link\" aria-label=\"Casas rurales El Bul\u00edn\"><\/a><div class=\"vce-post-description--background-wrapper-box\">\n    <div class=\"vce-post-description--background-wrapper\">\n        <div class=\"vce-post-description--background\" style=\"background-image: url(https:\/\/cyclemadrid.com\/wp-content\/uploads\/2021\/03\/casa-rural-cubillo-casa-mirador_exterior_2.jpg);\"><\/div>\n    <\/div>\n<\/div>\n<div class=\"vce-post-description--content vce-post-description-content--has-title\">\n    <div class=\"vce-post-description--title\">\n    <h3>\n        <a href=\"https:\/\/cyclemadrid.com\/fr\/entidad\/casas-rurales-el-bulin\/\">Casas rurales El Bul\u00edn<\/a>\n    <\/h3>\n<\/div>\n    <\/div>\n<\/div><\/article><article class=\"vce-posts-grid-item\"><div class=\"vce-post-description vce-post-description--full vce-post-description--animation\"><a href=\"https:\/\/cyclemadrid.com\/fr\/entidad\/hotel-hacienda-la-coracera\/\" class=\"vce-post-description-link\" aria-label=\"Hotel Hacienda la Coracera\"><\/a><div class=\"vce-post-description--background-wrapper-box\">\n    <div class=\"vce-post-description--background-wrapper\">\n        <div class=\"vce-post-description--background\" style=\"background-image: url(https:\/\/cyclemadrid.com\/wp-content\/uploads\/2020\/03\/ciclistas-coracera_opt.jpg);\"><\/div>\n    <\/div>\n<\/div>\n<div class=\"vce-post-description--content vce-post-description-content--has-title\">\n    <div class=\"vce-post-description--title\">\n    <h3>\n        <a href=\"https:\/\/cyclemadrid.com\/fr\/entidad\/hotel-hacienda-la-coracera\/\">Hotel Hacienda la Coracera<\/a>\n    <\/h3>\n<\/div>\n    <\/div>\n<\/div><\/article><article class=\"vce-posts-grid-item\"><div class=\"vce-post-description vce-post-description--full vce-post-description--animation\"><a href=\"https:\/\/cyclemadrid.com\/fr\/entidad\/1248\/\" class=\"vce-post-description-link\" aria-label=\"Monte Holiday Ecoturismo\"><\/a><div class=\"vce-post-description--background-wrapper-box\">\n    <div class=\"vce-post-description--background-wrapper\">\n        <div class=\"vce-post-description--background\" style=\"background-image: url(https:\/\/cyclemadrid.com\/wp-content\/uploads\/2020\/04\/cabanas-en-arboles-5.jpg);\"><\/div>\n    <\/div>\n<\/div>\n<div class=\"vce-post-description--content vce-post-description-content--has-title\">\n    <div class=\"vce-post-description--title\">\n    <h3>\n        <a href=\"https:\/\/cyclemadrid.com\/fr\/entidad\/1248\/\">Monte Holiday Ecoturismo<\/a>\n    <\/h3>\n<\/div>\n    <\/div>\n<\/div><\/article><article class=\"vce-posts-grid-item\"><div class=\"vce-post-description vce-post-description--full vce-post-description--animation\"><a href=\"https:\/\/cyclemadrid.com\/fr\/entidad\/casa-rural-la-tinaja\/\" class=\"vce-post-description-link\" aria-label=\"Casa Rural Los Tinajones\"><\/a><div class=\"vce-post-description--background-wrapper-box\">\n    <div class=\"vce-post-description--background-wrapper\">\n        <div class=\"vce-post-description--background\" style=\"background-image: url(https:\/\/cyclemadrid.com\/wp-content\/uploads\/2020\/03\/Los-tinajones-7.jpg);\"><\/div>\n    <\/div>\n<\/div>\n<div class=\"vce-post-description--content vce-post-description-content--has-title\">\n    <div class=\"vce-post-description--title\">\n    <h3>\n        <a href=\"https:\/\/cyclemadrid.com\/fr\/entidad\/casa-rural-la-tinaja\/\">Casa Rural Los Tinajones<\/a>\n    <\/h3>\n<\/div>\n    <\/div>\n<\/div><\/article><article class=\"vce-posts-grid-item\"><div class=\"vce-post-description vce-post-description--full vce-post-description--animation\"><a href=\"https:\/\/cyclemadrid.com\/fr\/entidad\/casa-rural-vega-del-tielmes\/\" class=\"vce-post-description-link\" aria-label=\"Casa Rural Vega de Tielmes\"><\/a><div class=\"vce-post-description--background-wrapper-box\">\n    <div class=\"vce-post-description--background-wrapper\">\n        <div class=\"vce-post-description--background\" style=\"background-image: url(https:\/\/cyclemadrid.com\/wp-content\/uploads\/2020\/03\/Captura-de-pantalla-2020-03-24-a-las-11.16.55.png);\"><\/div>\n    <\/div>\n<\/div>\n<div class=\"vce-post-description--content vce-post-description-content--has-title\">\n    <div class=\"vce-post-description--title\">\n    <h3>\n        <a href=\"https:\/\/cyclemadrid.com\/fr\/entidad\/casa-rural-vega-del-tielmes\/\">Casa Rural Vega de Tielmes<\/a>\n    <\/h3>\n<\/div>\n    <\/div>\n<\/div><\/article><\/div><\/div><\/div><\/div><\/div><\/div><\/div><\/div><\/div><div class=\"vce-row-container\" data-vce-boxed-width=\"true\"><div class=\"vce-row vce-row--col-gap-30 vce-row-equal-height vce-row-content--top\" id=\"el-6f390848\" data-vce-do-apply=\"all el-6f390848\"><div class=\"vce-content-background-container\"><\/div><div class=\"vce-row-content\" data-vce-element-content=\"true\"><div class=\"vce-col vce-col--md-auto vce-col--xs-1 vce-col--xs-last vce-col--xs-first vce-col--sm-last vce-col--sm-first vce-col--md-last vce-col--lg-last vce-col--xl-last vce-col--md-first vce-col--lg-first vce-col--xl-first\" id=\"el-14e3d8ec\"><div class=\"vce-col-inner\" data-vce-do-apply=\"border margin background el-14e3d8ec\"><div class=\"vce-col-content\" data-vce-element-content=\"true\" data-vce-do-apply=\"padding el-14e3d8ec\"><div class=\"vce-google-fonts-heading vce-google-fonts-heading--align-left vce-google-fonts-heading--color-empty--45--5C00FF--FF7200 vce-google-fonts-heading--font-family-Montserrat\"><div class=\"vce-google-fonts-heading-wrapper\"><div class=\"vce-google-fonts-heading--background vce\" id=\"el-2f36b10d\" data-vce-do-apply=\"border background padding margin el-2f36b10d\"><h2 class=\"vce-google-fonts-heading-inner\" style=\"line-height: 0; font-weight: 600; font-style: normal;\">Autres itin\u00e9raires<\/h2><\/div><\/div><\/div><div class=\"vce vce-separator-container vce-separator--align-left vce-separator--style-solid\" id=\"el-e299c67c\" data-vce-do-apply=\"margin el-e299c67c\"><div class=\"vce-separator vce-separator--color-bfc0c1 vce-separator--width-100 vce-separator--thickness-1\" data-vce-do-apply=\"border padding background el-e299c67c\"><\/div><\/div><\/div><\/div><\/div><\/div><\/div><\/div><div class=\"vce-row-container\" data-vce-boxed-width=\"true\"><div class=\"vce-row vce-row--col-gap-30 vce-row-equal-height vce-row-content--top\" id=\"el-a6463aa7\" data-vce-do-apply=\"all el-a6463aa7\"><div class=\"vce-row-content\" data-vce-element-content=\"true\"><div class=\"vce-col vce-col--md-auto vce-col--xs-1 vce-col--xs-last vce-col--xs-first vce-col--sm-last vce-col--sm-first vce-col--md-last vce-col--lg-last vce-col--xl-last vce-col--md-first vce-col--lg-first vce-col--xl-first\" id=\"el-ff38b6ec\"><div class=\"vce-col-inner\" data-vce-do-apply=\"border margin background el-ff38b6ec\"><div class=\"vce-col-content\" data-vce-element-content=\"true\" data-vce-do-apply=\"padding el-ff38b6ec\"><div class=\"vce-posts-grid-container view-custom-carrousel carrusel-no-excerpt\" style=\"--gapPx:10px; --columns:6; --paginationColor:#EEE; --paginationActiveColor:#557CBF; --paginationTextColor:#3d3d3d; --paginationActiveTextColor:#FFF; --paginationHoverColor:#e2e2e2; --paginationActiveHoverColor:#5176b5;\"><div class=\"vce vce-posts-grid-wrapper\" id=\"el-dcb6c60a\" data-vce-do-apply=\"all el-dcb6c60a\"><div class=\"vce-posts-grid-list\"><article class=\"vce-posts-grid-item\"><div class=\"vce-post-description vce-post-description--full vce-post-description--animation\"><a href=\"https:\/\/cyclemadrid.com\/fr\/rutas\/via-verde-del-tajuna\/\" class=\"vce-post-description-link\" aria-label=\"Via Verde del Taju\u00f1a\"><\/a><div class=\"vce-post-description--background-wrapper-box\">\n    <div class=\"vce-post-description--background-wrapper\">\n        <div class=\"vce-post-description--background\" style=\"background-image: url(https:\/\/cyclemadrid.com\/wp-content\/uploads\/2025\/09\/Via-verde-del-tajuna-imagen-tunel.jpg);\"><\/div>\n    <\/div>\n<\/div>\n<div class=\"vce-post-description--content vce-post-description-content--has-title vce-post-description-content--has-excerpt\">\n    <div class=\"vce-post-description--title\">\n    <h3>\n        <a href=\"https:\/\/cyclemadrid.com\/fr\/rutas\/via-verde-del-tajuna\/\">Via Verde del Taju\u00f1a<\/a>\n    <\/h3>\n<\/div>\n    <div class=\"vce-post-description--excerpt\"><p>Ruta en bicicleta de la V\u00eda verde del Taju\u00f1aA Arganda del Rey puedes llegar perfectamente en Metro desde la ciudad de Madrid (l\u00ednea 9).Para abandonar el casco urbano, la V\u00eda Verde discurre por el l\u00edmite entre la zona industrial de Arganda y unas suaves laderas donde apenas quedan rastros de alg\u00fan olivo. La ruta cruza&hellip;<\/p>\n<\/div>\n<\/div>\n<\/div><\/article><article class=\"vce-posts-grid-item\"><div class=\"vce-post-description vce-post-description--full vce-post-description--animation\"><a href=\"https:\/\/cyclemadrid.com\/fr\/rutas\/veloroute-du-barrage-torrelaguna-torremocha-torremocha-el-atazar\/\" class=\"vce-post-description-link\" aria-label=\"V\u00e9loroute du barrage Torrelaguna-Torremocha-Torremocha-El Atazar\"><\/a><div class=\"vce-post-description--background-wrapper-box\">\n    <div class=\"vce-post-description--background-wrapper\">\n        <div class=\"vce-post-description--background\" style=\"background-image: url(https:\/\/cyclemadrid.com\/wp-content\/uploads\/2025\/08\/Ruta_Ponton-de-La-Oliva-2.jpg);\"><\/div>\n    <\/div>\n<\/div>\n<div class=\"vce-post-description--content vce-post-description-content--has-title\">\n    <div class=\"vce-post-description--title\">\n    <h3>\n        <a href=\"https:\/\/cyclemadrid.com\/fr\/rutas\/veloroute-du-barrage-torrelaguna-torremocha-torremocha-el-atazar\/\">V\u00e9loroute du barrage Torrelaguna-Torremocha-Torremocha-El Atazar<\/a>\n    <\/h3>\n<\/div>\n    <\/div>\n<\/div><\/article><article class=\"vce-posts-grid-item\"><div class=\"vce-post-description vce-post-description--full vce-post-description--animation\"><a href=\"https:\/\/cyclemadrid.com\/fr\/rutas\/itineraire-cycliste-de-san-martin-de-valdeiglesias-a-robledo-de-chavela\/\" class=\"vce-post-description-link\" aria-label=\"Itin\u00e9raire cycliste de San Mart\u00edn de Valdeiglesias \u00e0 Robledo de Chavela\"><\/a><div class=\"vce-post-description--background-wrapper-box\">\n    <div class=\"vce-post-description--background-wrapper\">\n        <div class=\"vce-post-description--background\" style=\"background-image: url(https:\/\/cyclemadrid.com\/wp-content\/uploads\/2023\/05\/San_Martin_Valdeiglesias-Robledo_Chavela_04.webp);\"><\/div>\n    <\/div>\n<\/div>\n<div class=\"vce-post-description--content vce-post-description-content--has-title vce-post-description-content--has-excerpt\">\n    <div class=\"vce-post-description--title\">\n    <h3>\n        <a href=\"https:\/\/cyclemadrid.com\/fr\/rutas\/itineraire-cycliste-de-san-martin-de-valdeiglesias-a-robledo-de-chavela\/\">Itin\u00e9raire cycliste de San Mart\u00edn de Valdeiglesias \u00e0 Robledo de Chavela<\/a>\n    <\/h3>\n<\/div>\n    <div class=\"vce-post-description--excerpt\"><p>V\u00e9loroute de San Mart\u00edn de Valdeiglesias \u00e0 Robledo de ChavelaDE SAN MART\u00cdN DE VALDEIGLESIAS \u00c0 ROBLEDO DE CHAVELALa communaut\u00e9 de Madrid est un endroit id\u00e9al pour les amateurs de cyclisme, et l&#8217;itin\u00e9raire de San Mart\u00edn de Valdeiglesias \u00e0 Robledo de Chavela est l&#8217;un des plus populaires de la r\u00e9gion. Avec une distance de 31,73 km,&hellip;<\/p>\n<\/div>\n<\/div>\n<\/div><\/article><article class=\"vce-posts-grid-item\"><div class=\"vce-post-description vce-post-description--full vce-post-description--animation\"><a href=\"https:\/\/cyclemadrid.com\/fr\/rutas\/veloroute-de-san-martin-de-valdeiglesias-a-aldea-del-fresno\/\" class=\"vce-post-description-link\" aria-label=\"V\u00e9loroute de San Mart\u00edn de Valdeiglesias \u00e0 Aldea del Fresno\"><\/a><div class=\"vce-post-description--background-wrapper-box\">\n    <div class=\"vce-post-description--background-wrapper\">\n        <div class=\"vce-post-description--background\" style=\"background-image: url(https:\/\/cyclemadrid.com\/wp-content\/uploads\/2023\/04\/Alcala_de_henares-Aldea_fresno_01.webp);\"><\/div>\n    <\/div>\n<\/div>\n<div class=\"vce-post-description--content vce-post-description-content--has-title vce-post-description-content--has-excerpt\">\n    <div class=\"vce-post-description--title\">\n    <h3>\n        <a href=\"https:\/\/cyclemadrid.com\/fr\/rutas\/veloroute-de-san-martin-de-valdeiglesias-a-aldea-del-fresno\/\">V\u00e9loroute de San Mart\u00edn de Valdeiglesias \u00e0 Aldea del Fresno<\/a>\n    <\/h3>\n<\/div>\n    <div class=\"vce-post-description--excerpt\"><p>V\u00e9loroute de San Mart\u00edn de Valdeiglesias \u00e0 Aldea del FresnoDE SAN MART\u00cdN DE VALDEIGLESIAS \u00c0 ALDEA DEL FRESNOTerritoire de l&#8217;aigle imp\u00e9rial ib\u00e9rique, montagnes de Garnacha et d&#8217;albillo v\u00e9ritable.25 km \u00e0 travers des for\u00eats de ch\u00eanes verts. Si vous avez de la chance, vous pourrez observer l&#8217;un des animaux les plus menac\u00e9s au monde : l&#8217;aigle&hellip;<\/p>\n<\/div>\n<\/div>\n<\/div><\/article><article class=\"vce-posts-grid-item\"><div class=\"vce-post-description vce-post-description--full vce-post-description--animation\"><a href=\"https:\/\/cyclemadrid.com\/fr\/rutas\/veloroute-du-barrage-torrelaguna-torremocha-el-atazar\/\" class=\"vce-post-description-link\" aria-label=\"V\u00e9loroute du barrage Torrelaguna - Torremocha - El Atazar\"><\/a><div class=\"vce-post-description--background-wrapper-box\">\n    <div class=\"vce-post-description--background-wrapper\">\n        <div class=\"vce-post-description--background\" style=\"background-image: url(https:\/\/cyclemadrid.com\/wp-content\/uploads\/2023\/05\/Torrelaguna-Torremocha-Presa_El_Atazar_02.webp);\"><\/div>\n    <\/div>\n<\/div>\n<div class=\"vce-post-description--content vce-post-description-content--has-title vce-post-description-content--has-excerpt\">\n    <div class=\"vce-post-description--title\">\n    <h3>\n        <a href=\"https:\/\/cyclemadrid.com\/fr\/rutas\/veloroute-du-barrage-torrelaguna-torremocha-el-atazar\/\">V\u00e9loroute du barrage Torrelaguna - Torremocha - El Atazar<\/a>\n    <\/h3>\n<\/div>\n    <div class=\"vce-post-description--excerpt\"><p>V\u00e9loroute du barrage Torrelaguna &#8211; Torremocha &#8211; El AtazarTORRELAGUNA &#8211; TORREMOCHA &#8211; M\u00c8RE DE EL ATAZARProfitez de cette exp\u00e9rience pour d\u00e9couvrir quelques-uns des charmants villages des montagnes madril\u00e8nes.Vous pouvez vous rendre \u00e0 Torrelaguna en transport public depuis la ville de Madrid, sur la ligne de bus interurbaine, ou passer la nuit pr\u00e9c\u00e9dente dans l&#8217;un des&hellip;<\/p>\n<\/div>\n<\/div>\n<\/div><\/article><article class=\"vce-posts-grid-item\"><div class=\"vce-post-description vce-post-description--full vce-post-description--animation\"><a href=\"https:\/\/cyclemadrid.com\/fr\/rutas\/veloroute-de-miraflores-de-la-sierra-a-manzanares-el-real\/\" class=\"vce-post-description-link\" aria-label=\"V\u00e9loroute de Miraflores de la Sierra \u00e0 Manzanares el Real\"><\/a><div class=\"vce-post-description--background-wrapper-box\">\n    <div class=\"vce-post-description--background-wrapper\">\n        <div class=\"vce-post-description--background\" style=\"background-image: url(https:\/\/cyclemadrid.com\/wp-content\/uploads\/2023\/04\/Manzanares_el_Real-Miraflores_de_la_Sierra_01.webp);\"><\/div>\n    <\/div>\n<\/div>\n<div class=\"vce-post-description--content vce-post-description-content--has-title vce-post-description-content--has-excerpt\">\n    <div class=\"vce-post-description--title\">\n    <h3>\n        <a href=\"https:\/\/cyclemadrid.com\/fr\/rutas\/veloroute-de-miraflores-de-la-sierra-a-manzanares-el-real\/\">V\u00e9loroute de Miraflores de la Sierra \u00e0 Manzanares el Real<\/a>\n    <\/h3>\n<\/div>\n    <div class=\"vce-post-description--excerpt\"><p>V\u00e9loroute de Miraflores de la Sierra \u00e0 Manzanares el RealDE MIRAFLORES DE LA SIERRA \u00c0 MANZANARES EL REALCh\u00e2teau de Los Mendoza Route.Descente avec vues panoramiques \u00e0 travers le parc r\u00e9gional du bassin sup\u00e9rieur de Guadarrama jusqu&#8217;au Castillo de los Mendoza.\u00c0 Manzanares, vous aurez l&#8217;occasion de visiter La Pedriza, un endroit unique dans la Sierra de&hellip;<\/p>\n<\/div>\n<\/div>\n<\/div><\/article><\/div><\/div><\/div><div class=\"vce-text-block\"><div class=\"vce-text-block-wrapper vce\" id=\"el-b6f7ddbb\" data-vce-do-apply=\"all el-b6f7ddbb\"><p><span style=\"font-size: 12pt;\">Si vous voulez voir d'autres itin\u00e9raires, visitez <a href=\"https:\/\/www.wikiloc.com\/wikiloc\/user.do?id=7459913\" target=\"_blank\" rel=\"noopener\">notre profil sur Wikiloc<\/a>.<\/span><\/p><\/div><\/div><\/div><\/div><\/div><\/div><\/div><\/div>\n","protected":false},"excerpt":{"rendered":"<p>V\u00e9loroute de Villarejo de Salvan\u00e9s \u00e0 Nuevo Bazt\u00e1nVILLAREJO DE SALVAN\u00c9S A NUEVO BAZT\u00c1NPar La Alcarria \u00e0 Madrid en direction du Palacio de Goyeneche.Si vous souhaitez d\u00e9couvrir la diversit\u00e9 des paysages de la r\u00e9gion de Madrid, cet itin\u00e9raire est fait pour vous : cultures s\u00e8ches, oliveraies, prairies fluviales et ville monumentale.Pour quitter Villarejo de Salvan\u00e9s, prendre&hellip;<\/p>\n","protected":false},"featured_media":6396,"template":"","dificutad":[132],"zonas":[127],"class_list":["post-6367","rutas","type-rutas","status-publish","has-post-thumbnail","hentry","dificutad-rutas-en-bicicleta-nivel-medio","zonas-rutas-en-bicicleta-vegas-del-tajo-y-tajuna"],"yoast_head":"<!-- This site is optimized with the Yoast SEO plugin v23.9 - https:\/\/yoast.com\/wordpress\/plugins\/seo\/ -->\n<title>V\u00e9loroute de Villarejo de Salvan\u00e9s \u00e0 Nuevo Bazt\u00e1n | CycleMadrid P\u00e1gina Oficial<\/title>\n<meta name=\"robots\" content=\"index, follow, max-snippet:-1, max-image-preview:large, max-video-preview:-1\" \/>\n<link rel=\"canonical\" href=\"https:\/\/cyclemadrid.com\/fr\/rutas\/veloroute-de-villarejo-de-salvanes-a-nuevo-baztan\/\" \/>\n<meta property=\"og:locale\" content=\"fr_FR\" \/>\n<meta property=\"og:type\" content=\"article\" \/>\n<meta property=\"og:title\" content=\"V\u00e9loroute de Villarejo de Salvan\u00e9s \u00e0 Nuevo Bazt\u00e1n | CycleMadrid P\u00e1gina Oficial\" \/>\n<meta property=\"og:description\" content=\"V\u00e9loroute de Villarejo de Salvan\u00e9s \u00e0 Nuevo Bazt\u00e1nVILLAREJO DE SALVAN\u00c9S A NUEVO BAZT\u00c1NPar La Alcarria \u00e0 Madrid en direction du Palacio de Goyeneche.Si vous souhaitez d\u00e9couvrir la diversit\u00e9 des paysages de la r\u00e9gion de Madrid, cet itin\u00e9raire est fait pour vous : cultures s\u00e8ches, oliveraies, prairies fluviales et ville monumentale.Pour quitter Villarejo de Salvan\u00e9s, prendre&hellip;\" \/>\n<meta property=\"og:url\" content=\"https:\/\/cyclemadrid.com\/fr\/rutas\/veloroute-de-villarejo-de-salvanes-a-nuevo-baztan\/\" \/>\n<meta property=\"og:site_name\" content=\"CycleMadrid P\u00e1gina Oficial\" \/>\n<meta name=\"twitter:card\" content=\"summary_large_image\" \/>\n<meta name=\"twitter:label1\" content=\"Dur\u00e9e de lecture estim\u00e9e\" \/>\n\t<meta name=\"twitter:data1\" content=\"7 minutes\" \/>\n<script type=\"application\/ld+json\" class=\"yoast-schema-graph\">{\"@context\":\"https:\/\/schema.org\",\"@graph\":[{\"@type\":\"WebPage\",\"@id\":\"https:\/\/cyclemadrid.com\/fr\/rutas\/veloroute-de-villarejo-de-salvanes-a-nuevo-baztan\/\",\"url\":\"https:\/\/cyclemadrid.com\/fr\/rutas\/veloroute-de-villarejo-de-salvanes-a-nuevo-baztan\/\",\"name\":\"V\u00e9loroute de Villarejo de Salvan\u00e9s \u00e0 Nuevo Bazt\u00e1n | CycleMadrid P\u00e1gina Oficial\",\"isPartOf\":{\"@id\":\"https:\/\/cyclemadrid.com\/fr\/#website\"},\"primaryImageOfPage\":{\"@id\":\"https:\/\/cyclemadrid.com\/fr\/rutas\/veloroute-de-villarejo-de-salvanes-a-nuevo-baztan\/#primaryimage\"},\"image\":{\"@id\":\"https:\/\/cyclemadrid.com\/fr\/rutas\/veloroute-de-villarejo-de-salvanes-a-nuevo-baztan\/#primaryimage\"},\"thumbnailUrl\":\"https:\/\/cyclemadrid.com\/wp-content\/uploads\/2023\/05\/Nuevo_Baztan-Villarejo_de_Salvanes_02.webp\",\"datePublished\":\"2023-12-18T15:46:45+00:00\",\"dateModified\":\"2023-12-18T15:46:45+00:00\",\"breadcrumb\":{\"@id\":\"https:\/\/cyclemadrid.com\/fr\/rutas\/veloroute-de-villarejo-de-salvanes-a-nuevo-baztan\/#breadcrumb\"},\"inLanguage\":\"fr-FR\",\"potentialAction\":[{\"@type\":\"ReadAction\",\"target\":[\"https:\/\/cyclemadrid.com\/fr\/rutas\/veloroute-de-villarejo-de-salvanes-a-nuevo-baztan\/\"]}]},{\"@type\":\"ImageObject\",\"inLanguage\":\"fr-FR\",\"@id\":\"https:\/\/cyclemadrid.com\/fr\/rutas\/veloroute-de-villarejo-de-salvanes-a-nuevo-baztan\/#primaryimage\",\"url\":\"https:\/\/cyclemadrid.com\/wp-content\/uploads\/2023\/05\/Nuevo_Baztan-Villarejo_de_Salvanes_02.webp\",\"contentUrl\":\"https:\/\/cyclemadrid.com\/wp-content\/uploads\/2023\/05\/Nuevo_Baztan-Villarejo_de_Salvanes_02.webp\",\"width\":1400,\"height\":786,\"caption\":\"V\u00eda Verde del Taju\u00f1a T\u00fanel\"},{\"@type\":\"BreadcrumbList\",\"@id\":\"https:\/\/cyclemadrid.com\/fr\/rutas\/veloroute-de-villarejo-de-salvanes-a-nuevo-baztan\/#breadcrumb\",\"itemListElement\":[{\"@type\":\"ListItem\",\"position\":1,\"name\":\"Portada\",\"item\":\"https:\/\/cyclemadrid.com\/fr\/\"},{\"@type\":\"ListItem\",\"position\":2,\"name\":\"V\u00e9loroute de Villarejo de Salvan\u00e9s \u00e0 Nuevo Bazt\u00e1n\"}]},{\"@type\":\"WebSite\",\"@id\":\"https:\/\/cyclemadrid.com\/fr\/#website\",\"url\":\"https:\/\/cyclemadrid.com\/fr\/\",\"name\":\"CycleMadrid P\u00e1gina Oficial\",\"description\":\"P\u00e1gina Oficial de CycleMadrid | Tus rutas de Cicloturismo en la Comunidad de Madrid\",\"publisher\":{\"@id\":\"https:\/\/cyclemadrid.com\/fr\/#organization\"},\"potentialAction\":[{\"@type\":\"SearchAction\",\"target\":{\"@type\":\"EntryPoint\",\"urlTemplate\":\"https:\/\/cyclemadrid.com\/fr\/?s={search_term_string}\"},\"query-input\":{\"@type\":\"PropertyValueSpecification\",\"valueRequired\":true,\"valueName\":\"search_term_string\"}}],\"inLanguage\":\"fr-FR\"},{\"@type\":\"Organization\",\"@id\":\"https:\/\/cyclemadrid.com\/fr\/#organization\",\"name\":\"Cyclemadrid\",\"url\":\"https:\/\/cyclemadrid.com\/fr\/\",\"logo\":{\"@type\":\"ImageObject\",\"inLanguage\":\"fr-FR\",\"@id\":\"https:\/\/cyclemadrid.com\/fr\/#\/schema\/logo\/image\/\",\"url\":\"https:\/\/cyclemadrid.com\/wp-content\/uploads\/2023\/07\/cyclemadrid.png\",\"contentUrl\":\"https:\/\/cyclemadrid.com\/wp-content\/uploads\/2023\/07\/cyclemadrid.png\",\"width\":32,\"height\":32,\"caption\":\"Cyclemadrid\"},\"image\":{\"@id\":\"https:\/\/cyclemadrid.com\/fr\/#\/schema\/logo\/image\/\"}}]}<\/script>\n<!-- \/ Yoast SEO plugin. -->","yoast_head_json":{"title":"V\u00e9loroute de Villarejo de Salvan\u00e9s \u00e0 Nuevo Bazt\u00e1n | CycleMadrid P\u00e1gina Oficial","robots":{"index":"index","follow":"follow","max-snippet":"max-snippet:-1","max-image-preview":"max-image-preview:large","max-video-preview":"max-video-preview:-1"},"canonical":"https:\/\/cyclemadrid.com\/fr\/rutas\/veloroute-de-villarejo-de-salvanes-a-nuevo-baztan\/","og_locale":"fr_FR","og_type":"article","og_title":"V\u00e9loroute de Villarejo de Salvan\u00e9s \u00e0 Nuevo Bazt\u00e1n | CycleMadrid P\u00e1gina Oficial","og_description":"V\u00e9loroute de Villarejo de Salvan\u00e9s \u00e0 Nuevo Bazt\u00e1nVILLAREJO DE SALVAN\u00c9S A NUEVO BAZT\u00c1NPar La Alcarria \u00e0 Madrid en direction du Palacio de Goyeneche.Si vous souhaitez d\u00e9couvrir la diversit\u00e9 des paysages de la r\u00e9gion de Madrid, cet itin\u00e9raire est fait pour vous : cultures s\u00e8ches, oliveraies, prairies fluviales et ville monumentale.Pour quitter Villarejo de Salvan\u00e9s, prendre&hellip;","og_url":"https:\/\/cyclemadrid.com\/fr\/rutas\/veloroute-de-villarejo-de-salvanes-a-nuevo-baztan\/","og_site_name":"CycleMadrid P\u00e1gina Oficial","twitter_card":"summary_large_image","twitter_misc":{"Dur\u00e9e de lecture estim\u00e9e":"7 minutes"},"schema":{"@context":"https:\/\/schema.org","@graph":[{"@type":"WebPage","@id":"https:\/\/cyclemadrid.com\/fr\/rutas\/veloroute-de-villarejo-de-salvanes-a-nuevo-baztan\/","url":"https:\/\/cyclemadrid.com\/fr\/rutas\/veloroute-de-villarejo-de-salvanes-a-nuevo-baztan\/","name":"V\u00e9loroute de Villarejo de Salvan\u00e9s \u00e0 Nuevo Bazt\u00e1n | CycleMadrid P\u00e1gina Oficial","isPartOf":{"@id":"https:\/\/cyclemadrid.com\/fr\/#website"},"primaryImageOfPage":{"@id":"https:\/\/cyclemadrid.com\/fr\/rutas\/veloroute-de-villarejo-de-salvanes-a-nuevo-baztan\/#primaryimage"},"image":{"@id":"https:\/\/cyclemadrid.com\/fr\/rutas\/veloroute-de-villarejo-de-salvanes-a-nuevo-baztan\/#primaryimage"},"thumbnailUrl":"https:\/\/cyclemadrid.com\/wp-content\/uploads\/2023\/05\/Nuevo_Baztan-Villarejo_de_Salvanes_02.webp","datePublished":"2023-12-18T15:46:45+00:00","dateModified":"2023-12-18T15:46:45+00:00","breadcrumb":{"@id":"https:\/\/cyclemadrid.com\/fr\/rutas\/veloroute-de-villarejo-de-salvanes-a-nuevo-baztan\/#breadcrumb"},"inLanguage":"fr-FR","potentialAction":[{"@type":"ReadAction","target":["https:\/\/cyclemadrid.com\/fr\/rutas\/veloroute-de-villarejo-de-salvanes-a-nuevo-baztan\/"]}]},{"@type":"ImageObject","inLanguage":"fr-FR","@id":"https:\/\/cyclemadrid.com\/fr\/rutas\/veloroute-de-villarejo-de-salvanes-a-nuevo-baztan\/#primaryimage","url":"https:\/\/cyclemadrid.com\/wp-content\/uploads\/2023\/05\/Nuevo_Baztan-Villarejo_de_Salvanes_02.webp","contentUrl":"https:\/\/cyclemadrid.com\/wp-content\/uploads\/2023\/05\/Nuevo_Baztan-Villarejo_de_Salvanes_02.webp","width":1400,"height":786,"caption":"V\u00eda Verde del Taju\u00f1a T\u00fanel"},{"@type":"BreadcrumbList","@id":"https:\/\/cyclemadrid.com\/fr\/rutas\/veloroute-de-villarejo-de-salvanes-a-nuevo-baztan\/#breadcrumb","itemListElement":[{"@type":"ListItem","position":1,"name":"Portada","item":"https:\/\/cyclemadrid.com\/fr\/"},{"@type":"ListItem","position":2,"name":"V\u00e9loroute de Villarejo de Salvan\u00e9s \u00e0 Nuevo Bazt\u00e1n"}]},{"@type":"WebSite","@id":"https:\/\/cyclemadrid.com\/fr\/#website","url":"https:\/\/cyclemadrid.com\/fr\/","name":"CycleMadrid P\u00e1gina Oficial","description":"P\u00e1gina Oficial de CycleMadrid | Tus rutas de Cicloturismo en la Comunidad de Madrid","publisher":{"@id":"https:\/\/cyclemadrid.com\/fr\/#organization"},"potentialAction":[{"@type":"SearchAction","target":{"@type":"EntryPoint","urlTemplate":"https:\/\/cyclemadrid.com\/fr\/?s={search_term_string}"},"query-input":{"@type":"PropertyValueSpecification","valueRequired":true,"valueName":"search_term_string"}}],"inLanguage":"fr-FR"},{"@type":"Organization","@id":"https:\/\/cyclemadrid.com\/fr\/#organization","name":"Cyclemadrid","url":"https:\/\/cyclemadrid.com\/fr\/","logo":{"@type":"ImageObject","inLanguage":"fr-FR","@id":"https:\/\/cyclemadrid.com\/fr\/#\/schema\/logo\/image\/","url":"https:\/\/cyclemadrid.com\/wp-content\/uploads\/2023\/07\/cyclemadrid.png","contentUrl":"https:\/\/cyclemadrid.com\/wp-content\/uploads\/2023\/07\/cyclemadrid.png","width":32,"height":32,"caption":"Cyclemadrid"},"image":{"@id":"https:\/\/cyclemadrid.com\/fr\/#\/schema\/logo\/image\/"}}]}},"_links":{"self":[{"href":"https:\/\/cyclemadrid.com\/fr\/wp-json\/wp\/v2\/rutas\/6367","targetHints":{"allow":["GET"]}}],"collection":[{"href":"https:\/\/cyclemadrid.com\/fr\/wp-json\/wp\/v2\/rutas"}],"about":[{"href":"https:\/\/cyclemadrid.com\/fr\/wp-json\/wp\/v2\/types\/rutas"}],"wp:featuredmedia":[{"embeddable":true,"href":"https:\/\/cyclemadrid.com\/fr\/wp-json\/wp\/v2\/media\/6396"}],"wp:attachment":[{"href":"https:\/\/cyclemadrid.com\/fr\/wp-json\/wp\/v2\/media?parent=6367"}],"wp:term":[{"taxonomy":"dificutad","embeddable":true,"href":"https:\/\/cyclemadrid.com\/fr\/wp-json\/wp\/v2\/dificutad?post=6367"},{"taxonomy":"zonas","embeddable":true,"href":"https:\/\/cyclemadrid.com\/fr\/wp-json\/wp\/v2\/zonas?post=6367"}],"curies":[{"name":"wp","href":"https:\/\/api.w.org\/{rel}","templated":true}]}}